{"id":3526,"date":"2021-05-24T15:11:07","date_gmt":"2021-05-24T18:11:07","guid":{"rendered":"http:\/\/www.posgraduacao.unimontes.br\/ppgsat\/?page_id=3526"},"modified":"2024-07-05T14:45:07","modified_gmt":"2024-07-05T17:45:07","slug":"home","status":"publish","type":"page","link":"https:\/\/www.posgraduacao.unimontes.br\/ppgsat\/","title":{"rendered":"In\u00edcio"},"content":{"rendered":"<section class=\"kc-elm kc_row\"><div class=\"kc-row-container  kc-container\"><div class=\"kc-wrap-columns\"><div class=\"kc-elm kc_column kc_col-sm-12\"><div class=\"kc-col-container\">KC WP Widget: Error data structure<\/div><\/div><\/div><\/div><\/section><section class=\"kc-elm kc_row\"><div class=\"kc-row-container  kc-container\"><div class=\"kc-wrap-columns\"><div class=\"kc-elm kc_column kc_col-sm-12\"><div class=\"kc-col-container\"><div class=\"kc-elm\" style=\"height: 20px; clear: both; width:100%;\"><\/div><\/div><\/div><\/div><\/div><\/section><section class=\"kc-elm kc_row\"><div class=\"kc-row-container  kc-container\"><div class=\"kc-wrap-columns\"><div class=\"kc-elm kc_column kc_col-sm-12\"><div class=\"kc-col-container\"><\/div><\/div><div class=\"kc-elm kc_column kc_col-sm-12\"><div class=\"kc-col-container\"><\/div><\/div><div class=\"kc-elm kc_column kc_col-sm-12\"><div class=\"kc-col-container\"><\/div><\/div><div class=\"kc-elm kc_column kc_col-sm-12\"><div class=\"kc-col-container\"><\/div><\/div><\/div><\/div><\/section><section class=\"kc-elm kc_row\"><div class=\"kc-row-container  kc-container\"><div class=\"kc-wrap-columns\"><div class=\"kc-elm kc_column kc_col-sm-12\"><div class=\"kc-col-container\"><div class=\"kc-elm kc_row kc_row_inner\"><div class=\"kc-elm kc_column_inner kc_col-sm-12\"><div class=\"kc_wrapper kc-col-inner-container\"><div class=\"kc-elm kc_text_block\"><p><strong>Avalia\u00e7\u00e3o Quadrienal CAPES (2017-2020): Nota 4<\/strong><\/p>\n<p>O objetivo do Programa de P\u00f3s-Gradua\u00e7\u00e3o Associado UFMG-Unimontes em Sociedade, Ambiente e Territ\u00f3rio (SAT) \u00e9 formar profissionais para compreender e analisar a rela\u00e7\u00e3o entre Sociedade, Ambiente e Territ\u00f3rio utilizando metodologias interdisciplinares. Visa articular a variedade de conhecimentos das diversas \u00e1reas das humanidades e ci\u00eancias sociais aplicadas para fornecer aos p\u00f3s-graduandos habilidades para analisar din\u00e2micas sociais, ambientais e espaciais nas suas interfaces com o desenvolvimento, os territ\u00f3rios, os programas p\u00fablicos, as transforma\u00e7\u00f5es demogr\u00e1ficas e as popula\u00e7\u00f5es rurais.<\/p>\n<p>As duas institui\u00e7\u00f5es \u2013 <a href=\\\"https:\/\/ufmg.br\/\\\">UFMG<\/a> e <a href=\\\"https:\/\/unimontes.br\/\\\">Unimontes<\/a> \u2013 criaram o SAT ponderando quest\u00f5es emergentes formuladas pela sociedade, pela pol\u00edtica p\u00fablica e por profissionais que atuam em movimentos sociais. Essas quest\u00f5es representam importantes desafios anal\u00edticos, que devem ser enfrentados com a interdisciplinaridade, que tem as condi\u00e7\u00f5es para criar no desaguadouro desses temas novas fronteiras para o conhecimento, o desenvolvimento e a inova\u00e7\u00e3o.<\/p>\n<\/div><\/div><\/div><\/div><\/div><\/div><\/div><\/div><\/section><section class=\"kc-elm kc_row\"><div class=\"kc-row-container  kc-container\"><div class=\"kc-wrap-columns\"><div class=\"kc-elm kc_column kc_col-sm-12\"><div class=\"kc-col-container\"><div class=\"kc-elm\" style=\"height: 20px; clear: both; width:100%;\"><\/div><div class=\"kc-elm kc_text_block\"><p><strong>Visite nossas redes sociais:<\/strong><\/p>\n<\/div><div class=\"kc-elm kc_row kc_row_inner\"><div class=\"kc-elm kc_column_inner kc_col-sm-12\"><div class=\"kc_wrapper kc-col-inner-container\"><div class=\"kc-elm kc_shortcode kc_single_image\">\n\n        <img decoding=\"async\" src=\"https:\/\/www.posgraduacao.unimontes.br\/ppgsat\/wp-content\/plugins\/kingcomposer\/assets\/images\/get_start.jpg\" class=\"kc_image_empty\" alt=\"\" \/>    <\/div>\n<\/div><\/div><div class=\"kc-elm kc_column_inner kc_col-sm-12\"><div class=\"kc_wrapper kc-col-inner-container\"><div class=\"kc-elm kc_shortcode kc_single_image\">\n\n        <img decoding=\"async\" src=\"https:\/\/www.posgraduacao.unimontes.br\/ppgsat\/wp-content\/plugins\/kingcomposer\/assets\/images\/get_start.jpg\" class=\"kc_image_empty\" alt=\"\" \/>    <\/div>\n<\/div><\/div><\/div><\/div><\/div><\/div><\/div><\/section>\n","protected":false},"excerpt":{"rendered":"","protected":false},"author":5,"featured_media":0,"parent":0,"menu_order":0,"comment_status":"closed","ping_status":"closed","template":"","meta":{"footnotes":""},"class_list":["post-3526","page","type-page","status-publish","hentry"],"yoast_head":"<!-- This site is optimized with the Yoast SEO plugin v28.0 - https:\/\/yoast.com\/product\/yoast-seo-wordpress\/ -->\n<title>In\u00edcio - Programa de P\u00f3s Gradua\u00e7\u00e3o em Sociedade, Ambiente e Territ\u00f3rio<\/title>\n<meta name=\"robots\" content=\"index, follow, max-snippet:-1, max-image-preview:large, max-video-preview:-1\" \/>\n<link rel=\"canonical\" href=\"https:\/\/www.posgraduacao.unimontes.br\/ppgsat\/\" \/>\n<meta property=\"og:locale\" content=\"pt_BR\" \/>\n<meta property=\"og:type\" content=\"article\" \/>\n<meta property=\"og:title\" content=\"In\u00edcio - Programa de P\u00f3s Gradua\u00e7\u00e3o em Sociedade, Ambiente e Territ\u00f3rio\" \/>\n<meta property=\"og:description\" content=\"KC WP Widget: Error data structure Avalia\u00e7\u00e3o Quadrienal CAPES (2017-2020): Nota 4 O objetivo do Programa de P\u00f3s-Gradua\u00e7\u00e3o Associado UFMG-Unimontes em Sociedade, Ambiente e Territ\u00f3rio (SAT) \u00e9 formar profissionais para compreender e analisar a rela\u00e7\u00e3o entre Sociedade, Ambiente e Territ\u00f3rio utilizando metodologias interdisciplinares. Visa articular a variedade de conhecimentos das diversas \u00e1reas das humanidades e [&hellip;]\" \/>\n<meta property=\"og:url\" content=\"https:\/\/www.posgraduacao.unimontes.br\/ppgsat\/\" \/>\n<meta property=\"og:site_name\" content=\"Programa de P\u00f3s Gradua\u00e7\u00e3o em Sociedade, Ambiente e Territ\u00f3rio\" \/>\n<meta property=\"article:modified_time\" content=\"2024-07-05T17:45:07+00:00\" \/>\n<meta property=\"og:image\" content=\"https:\/\/www.posgraduacao.unimontes.br\/ppgsat\/wp-content\/plugins\/kingcomposer\/assets\/images\/get_start.jpg\" \/>\n<meta name=\"twitter:card\" content=\"summary_large_image\" \/>\n<meta name=\"twitter:label1\" content=\"Est. tempo de leitura\" \/>\n\t<meta name=\"twitter:data1\" content=\"1 minuto\" \/>\n<script type=\"application\/ld+json\" class=\"yoast-schema-graph\">{\"@context\":\"https:\\\/\\\/schema.org\",\"@graph\":[{\"@type\":\"WebPage\",\"@id\":\"https:\\\/\\\/www.posgraduacao.unimontes.br\\\/ppgsat\\\/\",\"url\":\"https:\\\/\\\/www.posgraduacao.unimontes.br\\\/ppgsat\\\/\",\"name\":\"In\u00edcio - Programa de P\u00f3s Gradua\u00e7\u00e3o em Sociedade, Ambiente e Territ\u00f3rio\",\"isPartOf\":{\"@id\":\"https:\\\/\\\/www.posgraduacao.unimontes.br\\\/ppgsat\\\/#website\"},\"primaryImageOfPage\":{\"@id\":\"https:\\\/\\\/www.posgraduacao.unimontes.br\\\/ppgsat\\\/#primaryimage\"},\"image\":{\"@id\":\"https:\\\/\\\/www.posgraduacao.unimontes.br\\\/ppgsat\\\/#primaryimage\"},\"thumbnailUrl\":\"https:\\\/\\\/www.posgraduacao.unimontes.br\\\/ppgsat\\\/wp-content\\\/plugins\\\/kingcomposer\\\/assets\\\/images\\\/get_start.jpg\",\"datePublished\":\"2021-05-24T18:11:07+00:00\",\"dateModified\":\"2024-07-05T17:45:07+00:00\",\"breadcrumb\":{\"@id\":\"https:\\\/\\\/www.posgraduacao.unimontes.br\\\/ppgsat\\\/#breadcrumb\"},\"inLanguage\":\"pt-BR\",\"potentialAction\":[{\"@type\":\"ReadAction\",\"target\":[\"https:\\\/\\\/www.posgraduacao.unimontes.br\\\/ppgsat\\\/\"]}]},{\"@type\":\"ImageObject\",\"inLanguage\":\"pt-BR\",\"@id\":\"https:\\\/\\\/www.posgraduacao.unimontes.br\\\/ppgsat\\\/#primaryimage\",\"url\":\"https:\\\/\\\/www.posgraduacao.unimontes.br\\\/ppgsat\\\/wp-content\\\/plugins\\\/kingcomposer\\\/assets\\\/images\\\/get_start.jpg\",\"contentUrl\":\"https:\\\/\\\/www.posgraduacao.unimontes.br\\\/ppgsat\\\/wp-content\\\/plugins\\\/kingcomposer\\\/assets\\\/images\\\/get_start.jpg\"},{\"@type\":\"BreadcrumbList\",\"@id\":\"https:\\\/\\\/www.posgraduacao.unimontes.br\\\/ppgsat\\\/#breadcrumb\",\"itemListElement\":[{\"@type\":\"ListItem\",\"position\":1,\"name\":\"Home\",\"item\":\"https:\\\/\\\/www.posgraduacao.unimontes.br\\\/ppgsat\\\/\"},{\"@type\":\"ListItem\",\"position\":2,\"name\":\"In\u00edcio\"}]},{\"@type\":\"WebSite\",\"@id\":\"https:\\\/\\\/www.posgraduacao.unimontes.br\\\/ppgsat\\\/#website\",\"url\":\"https:\\\/\\\/www.posgraduacao.unimontes.br\\\/ppgsat\\\/\",\"name\":\"Programa de P\u00f3s Gradua\u00e7\u00e3o em Sociedade, Ambiente e Territ\u00f3rio\",\"description\":\"\",\"publisher\":{\"@id\":\"https:\\\/\\\/www.posgraduacao.unimontes.br\\\/ppgsat\\\/#organization\"},\"potentialAction\":[{\"@type\":\"SearchAction\",\"target\":{\"@type\":\"EntryPoint\",\"urlTemplate\":\"https:\\\/\\\/www.posgraduacao.unimontes.br\\\/ppgsat\\\/?s={search_term_string}\"},\"query-input\":{\"@type\":\"PropertyValueSpecification\",\"valueRequired\":true,\"valueName\":\"search_term_string\"}}],\"inLanguage\":\"pt-BR\"},{\"@type\":\"Organization\",\"@id\":\"https:\\\/\\\/www.posgraduacao.unimontes.br\\\/ppgsat\\\/#organization\",\"name\":\"Programa de P\u00f3s Gradua\u00e7\u00e3o em Sociedade, Ambiente e Territ\u00f3rio\",\"url\":\"https:\\\/\\\/www.posgraduacao.unimontes.br\\\/ppgsat\\\/\",\"logo\":{\"@type\":\"ImageObject\",\"inLanguage\":\"pt-BR\",\"@id\":\"https:\\\/\\\/www.posgraduacao.unimontes.br\\\/ppgsat\\\/#\\\/schema\\\/logo\\\/image\\\/\",\"url\":\"https:\\\/\\\/www.posgraduacao.unimontes.br\\\/ppgsat\\\/wp-content\\\/uploads\\\/sites\\\/27\\\/2023\\\/02\\\/cropped-ppgsat-Copia.png\",\"contentUrl\":\"https:\\\/\\\/www.posgraduacao.unimontes.br\\\/ppgsat\\\/wp-content\\\/uploads\\\/sites\\\/27\\\/2023\\\/02\\\/cropped-ppgsat-Copia.png\",\"width\":464,\"height\":305,\"caption\":\"Programa de P\u00f3s Gradua\u00e7\u00e3o em Sociedade, Ambiente e Territ\u00f3rio\"},\"image\":{\"@id\":\"https:\\\/\\\/www.posgraduacao.unimontes.br\\\/ppgsat\\\/#\\\/schema\\\/logo\\\/image\\\/\"}}]}<\/script>\n<!-- \/ Yoast SEO plugin. -->","yoast_head_json":{"title":"In\u00edcio - Programa de P\u00f3s Gradua\u00e7\u00e3o em Sociedade, Ambiente e Territ\u00f3rio","robots":{"index":"index","follow":"follow","max-snippet":"max-snippet:-1","max-image-preview":"max-image-preview:large","max-video-preview":"max-video-preview:-1"},"canonical":"https:\/\/www.posgraduacao.unimontes.br\/ppgsat\/","og_locale":"pt_BR","og_type":"article","og_title":"In\u00edcio - Programa de P\u00f3s Gradua\u00e7\u00e3o em Sociedade, Ambiente e Territ\u00f3rio","og_description":"KC WP Widget: Error data structure Avalia\u00e7\u00e3o Quadrienal CAPES (2017-2020): Nota 4 O objetivo do Programa de P\u00f3s-Gradua\u00e7\u00e3o Associado UFMG-Unimontes em Sociedade, Ambiente e Territ\u00f3rio (SAT) \u00e9 formar profissionais para compreender e analisar a rela\u00e7\u00e3o entre Sociedade, Ambiente e Territ\u00f3rio utilizando metodologias interdisciplinares. Visa articular a variedade de conhecimentos das diversas \u00e1reas das humanidades e [&hellip;]","og_url":"https:\/\/www.posgraduacao.unimontes.br\/ppgsat\/","og_site_name":"Programa de P\u00f3s Gradua\u00e7\u00e3o em Sociedade, Ambiente e Territ\u00f3rio","article_modified_time":"2024-07-05T17:45:07+00:00","og_image":[{"url":"https:\/\/www.posgraduacao.unimontes.br\/ppgsat\/wp-content\/plugins\/kingcomposer\/assets\/images\/get_start.jpg","type":"","width":"","height":""}],"twitter_card":"summary_large_image","twitter_misc":{"Est. tempo de leitura":"1 minuto"},"schema":{"@context":"https:\/\/schema.org","@graph":[{"@type":"WebPage","@id":"https:\/\/www.posgraduacao.unimontes.br\/ppgsat\/","url":"https:\/\/www.posgraduacao.unimontes.br\/ppgsat\/","name":"In\u00edcio - Programa de P\u00f3s Gradua\u00e7\u00e3o em Sociedade, Ambiente e Territ\u00f3rio","isPartOf":{"@id":"https:\/\/www.posgraduacao.unimontes.br\/ppgsat\/#website"},"primaryImageOfPage":{"@id":"https:\/\/www.posgraduacao.unimontes.br\/ppgsat\/#primaryimage"},"image":{"@id":"https:\/\/www.posgraduacao.unimontes.br\/ppgsat\/#primaryimage"},"thumbnailUrl":"https:\/\/www.posgraduacao.unimontes.br\/ppgsat\/wp-content\/plugins\/kingcomposer\/assets\/images\/get_start.jpg","datePublished":"2021-05-24T18:11:07+00:00","dateModified":"2024-07-05T17:45:07+00:00","breadcrumb":{"@id":"https:\/\/www.posgraduacao.unimontes.br\/ppgsat\/#breadcrumb"},"inLanguage":"pt-BR","potentialAction":[{"@type":"ReadAction","target":["https:\/\/www.posgraduacao.unimontes.br\/ppgsat\/"]}]},{"@type":"ImageObject","inLanguage":"pt-BR","@id":"https:\/\/www.posgraduacao.unimontes.br\/ppgsat\/#primaryimage","url":"https:\/\/www.posgraduacao.unimontes.br\/ppgsat\/wp-content\/plugins\/kingcomposer\/assets\/images\/get_start.jpg","contentUrl":"https:\/\/www.posgraduacao.unimontes.br\/ppgsat\/wp-content\/plugins\/kingcomposer\/assets\/images\/get_start.jpg"},{"@type":"BreadcrumbList","@id":"https:\/\/www.posgraduacao.unimontes.br\/ppgsat\/#breadcrumb","itemListElement":[{"@type":"ListItem","position":1,"name":"Home","item":"https:\/\/www.posgraduacao.unimontes.br\/ppgsat\/"},{"@type":"ListItem","position":2,"name":"In\u00edcio"}]},{"@type":"WebSite","@id":"https:\/\/www.posgraduacao.unimontes.br\/ppgsat\/#website","url":"https:\/\/www.posgraduacao.unimontes.br\/ppgsat\/","name":"Programa de P\u00f3s Gradua\u00e7\u00e3o em Sociedade, Ambiente e Territ\u00f3rio","description":"","publisher":{"@id":"https:\/\/www.posgraduacao.unimontes.br\/ppgsat\/#organization"},"potentialAction":[{"@type":"SearchAction","target":{"@type":"EntryPoint","urlTemplate":"https:\/\/www.posgraduacao.unimontes.br\/ppgsat\/?s={search_term_string}"},"query-input":{"@type":"PropertyValueSpecification","valueRequired":true,"valueName":"search_term_string"}}],"inLanguage":"pt-BR"},{"@type":"Organization","@id":"https:\/\/www.posgraduacao.unimontes.br\/ppgsat\/#organization","name":"Programa de P\u00f3s Gradua\u00e7\u00e3o em Sociedade, Ambiente e Territ\u00f3rio","url":"https:\/\/www.posgraduacao.unimontes.br\/ppgsat\/","logo":{"@type":"ImageObject","inLanguage":"pt-BR","@id":"https:\/\/www.posgraduacao.unimontes.br\/ppgsat\/#\/schema\/logo\/image\/","url":"https:\/\/www.posgraduacao.unimontes.br\/ppgsat\/wp-content\/uploads\/sites\/27\/2023\/02\/cropped-ppgsat-Copia.png","contentUrl":"https:\/\/www.posgraduacao.unimontes.br\/ppgsat\/wp-content\/uploads\/sites\/27\/2023\/02\/cropped-ppgsat-Copia.png","width":464,"height":305,"caption":"Programa de P\u00f3s Gradua\u00e7\u00e3o em Sociedade, Ambiente e Territ\u00f3rio"},"image":{"@id":"https:\/\/www.posgraduacao.unimontes.br\/ppgsat\/#\/schema\/logo\/image\/"}}]}},"_links":{"self":[{"href":"https:\/\/www.posgraduacao.unimontes.br\/ppgsat\/wp-json\/wp\/v2\/pages\/3526","targetHints":{"allow":["GET"]}}],"collection":[{"href":"https:\/\/www.posgraduacao.unimontes.br\/ppgsat\/wp-json\/wp\/v2\/pages"}],"about":[{"href":"https:\/\/www.posgraduacao.unimontes.br\/ppgsat\/wp-json\/wp\/v2\/types\/page"}],"author":[{"embeddable":true,"href":"https:\/\/www.posgraduacao.unimontes.br\/ppgsat\/wp-json\/wp\/v2\/users\/5"}],"replies":[{"embeddable":true,"href":"https:\/\/www.posgraduacao.unimontes.br\/ppgsat\/wp-json\/wp\/v2\/comments?post=3526"}],"version-history":[{"count":32,"href":"https:\/\/www.posgraduacao.unimontes.br\/ppgsat\/wp-json\/wp\/v2\/pages\/3526\/revisions"}],"predecessor-version":[{"id":5650,"href":"https:\/\/www.posgraduacao.unimontes.br\/ppgsat\/wp-json\/wp\/v2\/pages\/3526\/revisions\/5650"}],"wp:attachment":[{"href":"https:\/\/www.posgraduacao.unimontes.br\/ppgsat\/wp-json\/wp\/v2\/media?parent=3526"}],"curies":[{"name":"wp","href":"https:\/\/api.w.org\/{rel}","templated":true}]}}