{"id":2167,"date":"2022-11-22T13:25:07","date_gmt":"2022-11-22T16:25:07","guid":{"rendered":"https:\/\/www.posgraduacao.unimontes.br\/ppgh\/?page_id=2167"},"modified":"2022-11-22T13:42:48","modified_gmt":"2022-11-22T16:42:48","slug":"centro-de-memoria-do-esporte-cemesp","status":"publish","type":"page","link":"https:\/\/www.posgraduacao.unimontes.br\/ppgh\/centro-de-memoria-do-esporte-cemesp\/","title":{"rendered":"Centro de Mem\u00f3ria do Esporte (CEMESP)"},"content":{"rendered":"<section class=\"kc-elm kc-css-973259 kc_row\"><div class=\"kc-row-container  kc-container\"><div class=\"kc-wrap-columns\"><div class=\"kc-elm kc-css-290413 kc_col-sm-12 kc_column kc_col-sm-12\"><div class=\"kc-col-container\"><div class=\"kc-elm kc-css-12247\" style=\"height: 20px; clear: both; width:100%;\"><\/div><div class=\"kc-elm kc-css-105602 kc_shortcode kc_single_image\">\n\n        <a  href=\"http:\/\/www.cemesp.unimontes.br\/\" title=\"site cemesp\" target=\"_blank\">\n        <img src=\"https:\/\/www.posgraduacao.unimontes.br\/uploads\/sites\/2\/2022\/11\/Logo_SemFundo-1.png\" class=\"\" alt=\"\" \/>    <\/a>\n    <\/div>\n<div class=\"kc-elm kc-css-562544\" style=\"height: 10px; clear: both; width:100%;\"><\/div><div class=\"kc-elm kc-css-579176 kc_text_block\"><p class=\"MsoNormal\" style=\"margin: 0cm 0cm 8pt; line-height: 15.4px; font-size: 11pt; font-family: Calibri, sans-serif; color: #000000; text-align: center;\" align=\"center\"><b><span style=\"font-size: 16pt; line-height: 22.4px; color: #2f5597;\">Centro de Mem\u00f3ria do Esporte (CEMESP)<\/span><\/b><\/p>\n<\/div><div class=\"kc-elm kc-css-183796\" style=\"height: 20px; clear: both; width:100%;\"><\/div><\/div><\/div><\/div><\/div><\/section><section class=\"kc-elm kc-css-327251 kc_row\"><div class=\"kc-row-container  kc-container\"><div class=\"kc-wrap-columns\"><div class=\"kc-elm kc-css-169594 kc_col-sm-12 kc_column kc_col-sm-12\"><div class=\"kc-col-container\"><div class=\"kc-elm kc-css-351199 kc_text_block\"><p class=\"MsoNormal\" style=\"margin: 0cm 0cm 8pt; line-height: 22px; font-size: 11pt; font-family: Calibri, sans-serif; color: #000000;\"><b><span style=\"font-size: 12pt; line-height: 24px;\">Coordenadora:\u00a0<\/span><\/b><span style=\"font-size: 12pt; line-height: 24px;\">Prof<sup>a<\/sup>. Dr<sup>a<\/sup>. Ester Liberato Pereira<\/span><\/p>\n<p class=\"MsoNormal\" style=\"margin: 0cm 0cm 8pt; line-height: 22px; font-size: 11pt; font-family: Calibri, sans-serif; color: #000000; text-align: justify;\"><span style=\"font-size: 12pt; line-height: 24px;\">O\u00a0<b>Centro de Mem\u00f3ria do Esporte da Universidade Estadual de Montes Claros (CEMESP\/Unimontes)<\/b>\u00a0foi implantado, em 2019, com o objetivo de reconstituir, conservar e difundir uma mem\u00f3ria do esporte, das pr\u00e1ticas corporais, da Educa\u00e7\u00e3o F\u00edsica, do lazer e da dan\u00e7a na regi\u00e3o Norte de Minas Gerais e no Brasil. Assim, este projeto de extens\u00e3o apresenta, como escopo, a promo\u00e7\u00e3o do desenvolvimento de arquivos digitais em esporte, pr\u00e1ticas corporais, Educa\u00e7\u00e3o F\u00edsica, lazer e dan\u00e7a, que fomentem o registro, a documenta\u00e7\u00e3o, a reflex\u00e3o cr\u00edtica e a divulga\u00e7\u00e3o de obras e eventos nestas \u00e1reas. Afora atingir especialistas, \u00e9 direcionado para o p\u00fablico em geral, disponibilizando seu acervo em suporte digital\/virtual. De tal modo, procura abranger metodologias e procedimentos de arquivagem digital e as estrat\u00e9gias de disponibiliza\u00e7\u00e3o e de propaga\u00e7\u00e3o dos seus conte\u00fados.<\/span><\/p>\n<p class=\"MsoNormal\" style=\"margin: 0cm; line-height: 22px; font-size: 11pt; font-family: Calibri, sans-serif; color: #000000; text-align: justify; background-image: initial; background-position: initial; background-size: initial; background-repeat: initial; background-attachment: initial; background-origin: initial; background-clip: initial;\"><b><span style=\"font-size: 12pt; line-height: 24px;\">CONTATOS:<\/span><\/b><\/p>\n<p class=\"MsoNormal\" style=\"margin: 0cm; line-height: 22px; font-size: 11pt; font-family: Calibri, sans-serif; color: #000000; text-align: justify; background-image: initial; background-position: initial; background-size: initial; background-repeat: initial; background-attachment: initial; background-origin: initial; background-clip: initial;\"><b><span style=\"font-size: 12pt; line-height: 24px;\">\u00a0<\/span><\/b><\/p>\n<p class=\"MsoNormal\" style=\"margin: 0cm; line-height: 22px; font-size: 11pt; font-family: Calibri, sans-serif; color: #000000; text-align: justify; background-image: initial; background-position: initial; background-size: initial; background-repeat: initial; background-attachment: initial; background-origin: initial; background-clip: initial;\"><span style=\"font-size: 12pt; line-height: 24px;\">Campus Universit\u00e1rio Prof. Darcy Ribeiro, Sala do Ludens, Centro Esportivo Universit\u00e1rio (CEU) Reitor Jo\u00e3o Valle Maur\u00edcio. Universidade Estadual de Montes Claros \u2013\u00a0Unimontes.<\/span><\/p>\n<p class=\"MsoNormal\" style=\"margin: 0cm; line-height: 22px; font-size: 11pt; font-family: Calibri, sans-serif; color: #000000; text-align: justify; background-image: initial; background-position: initial; background-size: initial; background-repeat: initial; background-attachment: initial; background-origin: initial; background-clip: initial;\"><span style=\"font-size: 12pt; line-height: 24px;\">Vila\u00a0Mauric\u00e9ia, Montes Claros \u2013 MG.<\/span><\/p>\n<p class=\"MsoNormal\" style=\"margin: 0cm; line-height: 22px; font-size: 11pt; font-family: Calibri, sans-serif; color: #000000; text-align: justify; background-image: initial; background-position: initial; background-size: initial; background-repeat: initial; background-attachment: initial; background-origin: initial; background-clip: initial;\"><span style=\"font-size: 12pt; line-height: 24px; color: #050505; background-image: initial; background-position: initial; background-size: initial; background-repeat: initial; background-attachment: initial; background-origin: initial; background-clip: initial;\">(38) 3229-8087<\/span><\/p>\n<p class=\"MsoNormal\" style=\"margin: 0cm; line-height: 22px; font-size: 11pt; font-family: Calibri, sans-serif; color: #000000; text-align: justify; background-image: initial; background-position: initial; background-size: initial; background-repeat: initial; background-attachment: initial; background-origin: initial; background-clip: initial;\"><span style=\"font-size: 12pt; line-height: 24px; color: #050505; background-image: initial; background-position: initial; background-size: initial; background-repeat: initial; background-attachment: initial; background-origin: initial; background-clip: initial;\">Site:\u00a0<\/span><span style=\"font-size: 12pt; line-height: 24px;\"><a style=\"color: blue;\" href=\"http:\/\/www.cemesp.unimontes.br\/\">http:\/\/www.cemesp.unimontes.br\/<\/a><\/span><\/p>\n<p class=\"MsoNormal\" style=\"margin: 0cm; line-height: 22px; font-size: 11pt; font-family: Calibri, sans-serif; color: #000000; text-align: justify; background-image: initial; background-position: initial; background-size: initial; background-repeat: initial; background-attachment: initial; background-origin: initial; background-clip: initial;\"><span style=\"font-size: 12pt; line-height: 24px;\">E-mail:\u00a0<\/span><span style=\"font-size: 12pt; line-height: 24px;\"><a style=\"color: blue;\" href=\"mailto:cemesp@unimontes.br\"><span style=\"letter-spacing: 0.15pt; background-image: initial; background-position: initial; background-size: initial; background-repeat: initial; background-attachment: initial; background-origin: initial; background-clip: initial;\">cemesp@unimontes.br<\/span><\/a><\/span><span style=\"font-size: 12pt; line-height: 24px; color: #5f6368; letter-spacing: 0.15pt; background-image: initial; background-position: initial; background-size: initial; background-repeat: initial; background-attachment: initial; background-origin: initial; background-clip: initial;\">\u00a0<\/span><\/p>\n<p class=\"MsoNormal\" style=\"margin: 0cm; line-height: 22px; font-size: 11pt; font-family: Calibri, sans-serif; color: #000000; text-align: justify; background-image: initial; background-position: initial; background-size: initial; background-repeat: initial; background-attachment: initial; background-origin: initial; background-clip: initial;\"><span style=\"font-size: 12pt; line-height: 24px;\">Instagram:\u00a0<\/span><span style=\"font-size: 12pt; line-height: 24px;\"><a style=\"color: blue;\" href=\"https:\/\/www.instagram.com\/cemesp_unimontes\/\">https:\/\/www.instagram.com\/cemesp_unimontes\/<\/a><\/span><\/p>\n<p class=\"MsoNormal\" style=\"margin: 0cm; line-height: 22px; font-size: 11pt; font-family: Calibri, sans-serif; color: #000000; text-align: justify; background-image: initial; background-position: initial; background-size: initial; background-repeat: initial; background-attachment: initial; background-origin: initial; background-clip: initial;\"><span style=\"font-size: 12pt; line-height: 24px;\">Facebook:\u00a0<\/span><span style=\"font-size: 12pt; line-height: 24px;\"><a style=\"color: blue;\" href=\"https:\/\/www.facebook.com\/cemespunimontes\">https:\/\/www.facebook.com\/cemespunimontes<\/a><\/span><\/p>\n<\/div><\/div><\/div><\/div><\/div><\/section>\n","protected":false},"excerpt":{"rendered":"","protected":false},"author":2,"featured_media":0,"parent":0,"menu_order":0,"comment_status":"closed","ping_status":"closed","template":"","meta":[],"yoast_head":"<!-- This site is optimized with the Yoast SEO plugin v14.7 - https:\/\/yoast.com\/wordpress\/plugins\/seo\/ -->\n<title>Centro de Mem\u00f3ria do Esporte (CEMESP) - PPGH - P\u00f3s Gradua\u00e7\u00e3o em Hist\u00f3ria Unimontes<\/title>\n<meta name=\"robots\" content=\"index, follow\" \/>\n<meta name=\"googlebot\" content=\"index, follow, max-snippet:-1, max-image-preview:large, max-video-preview:-1\" \/>\n<meta name=\"bingbot\" content=\"index, follow, max-snippet:-1, max-image-preview:large, max-video-preview:-1\" \/>\n<link rel=\"canonical\" href=\"https:\/\/www.posgraduacao.unimontes.br\/ppgh\/centro-de-memoria-do-esporte-cemesp\/\" \/>\n<meta property=\"og:locale\" content=\"pt_BR\" \/>\n<meta property=\"og:type\" content=\"article\" \/>\n<meta property=\"og:title\" content=\"Centro de Mem\u00f3ria do Esporte (CEMESP) - PPGH - P\u00f3s Gradua\u00e7\u00e3o em Hist\u00f3ria Unimontes\" \/>\n<meta property=\"og:description\" content=\"Centro de Mem\u00f3ria do Esporte (CEMESP) Coordenadora:\u00a0Profa. Dra. Ester Liberato Pereira O\u00a0Centro de Mem\u00f3ria do Esporte da Universidade Estadual de Montes Claros (CEMESP\/Unimontes)\u00a0foi implantado, em 2019, com o objetivo de reconstituir, conservar e difundir uma mem\u00f3ria do esporte, das pr\u00e1ticas corporais, da Educa\u00e7\u00e3o F\u00edsica, do lazer e da dan\u00e7a na regi\u00e3o Norte de Minas Gerais [&hellip;]\" \/>\n<meta property=\"og:url\" content=\"https:\/\/www.posgraduacao.unimontes.br\/ppgh\/centro-de-memoria-do-esporte-cemesp\/\" \/>\n<meta property=\"og:site_name\" content=\"PPGH - P\u00f3s Gradua\u00e7\u00e3o em Hist\u00f3ria Unimontes\" \/>\n<meta property=\"article:modified_time\" content=\"2022-11-22T16:42:48+00:00\" \/>\n<meta property=\"og:image\" content=\"http:\/\/www.posgraduacao.unimontes.br\/uploads\/sites\/2\/2022\/11\/Logo_SemFundo-1.png\" \/>\n<meta name=\"twitter:card\" content=\"summary_large_image\" \/>\n<script type=\"application\/ld+json\" class=\"yoast-schema-graph\">{\"@context\":\"https:\/\/schema.org\",\"@graph\":[{\"@type\":\"WebSite\",\"@id\":\"https:\/\/www.posgraduacao.unimontes.br\/ppgh\/#website\",\"url\":\"https:\/\/www.posgraduacao.unimontes.br\/ppgh\/\",\"name\":\"PPGH - P\\u00f3s Gradua\\u00e7\\u00e3o em Hist\\u00f3ria Unimontes\",\"description\":\"Portal da P\\u00f3s Gradua\\u00e7\\u00e3o em Hist\\u00f3ria Unimontes\",\"potentialAction\":[{\"@type\":\"SearchAction\",\"target\":\"https:\/\/www.posgraduacao.unimontes.br\/ppgh\/?s={search_term_string}\",\"query-input\":\"required name=search_term_string\"}],\"inLanguage\":\"pt-BR\"},{\"@type\":\"ImageObject\",\"@id\":\"https:\/\/www.posgraduacao.unimontes.br\/ppgh\/centro-de-memoria-do-esporte-cemesp\/#primaryimage\",\"inLanguage\":\"pt-BR\",\"url\":\"http:\/\/www.posgraduacao.unimontes.br\/uploads\/sites\/2\/2022\/11\/Logo_SemFundo-1.png\"},{\"@type\":\"WebPage\",\"@id\":\"https:\/\/www.posgraduacao.unimontes.br\/ppgh\/centro-de-memoria-do-esporte-cemesp\/#webpage\",\"url\":\"https:\/\/www.posgraduacao.unimontes.br\/ppgh\/centro-de-memoria-do-esporte-cemesp\/\",\"name\":\"Centro de Mem\\u00f3ria do Esporte (CEMESP) - PPGH - P\\u00f3s Gradua\\u00e7\\u00e3o em Hist\\u00f3ria Unimontes\",\"isPartOf\":{\"@id\":\"https:\/\/www.posgraduacao.unimontes.br\/ppgh\/#website\"},\"primaryImageOfPage\":{\"@id\":\"https:\/\/www.posgraduacao.unimontes.br\/ppgh\/centro-de-memoria-do-esporte-cemesp\/#primaryimage\"},\"datePublished\":\"2022-11-22T16:25:07+00:00\",\"dateModified\":\"2022-11-22T16:42:48+00:00\",\"inLanguage\":\"pt-BR\",\"potentialAction\":[{\"@type\":\"ReadAction\",\"target\":[\"https:\/\/www.posgraduacao.unimontes.br\/ppgh\/centro-de-memoria-do-esporte-cemesp\/\"]}]}]}<\/script>\n<!-- \/ Yoast SEO plugin. -->","_links":{"self":[{"href":"https:\/\/www.posgraduacao.unimontes.br\/ppgh\/wp-json\/wp\/v2\/pages\/2167"}],"collection":[{"href":"https:\/\/www.posgraduacao.unimontes.br\/ppgh\/wp-json\/wp\/v2\/pages"}],"about":[{"href":"https:\/\/www.posgraduacao.unimontes.br\/ppgh\/wp-json\/wp\/v2\/types\/page"}],"author":[{"embeddable":true,"href":"https:\/\/www.posgraduacao.unimontes.br\/ppgh\/wp-json\/wp\/v2\/users\/2"}],"replies":[{"embeddable":true,"href":"https:\/\/www.posgraduacao.unimontes.br\/ppgh\/wp-json\/wp\/v2\/comments?post=2167"}],"version-history":[{"count":21,"href":"https:\/\/www.posgraduacao.unimontes.br\/ppgh\/wp-json\/wp\/v2\/pages\/2167\/revisions"}],"predecessor-version":[{"id":2169,"href":"https:\/\/www.posgraduacao.unimontes.br\/ppgh\/wp-json\/wp\/v2\/pages\/2167\/revisions\/2169"}],"wp:attachment":[{"href":"https:\/\/www.posgraduacao.unimontes.br\/ppgh\/wp-json\/wp\/v2\/media?parent=2167"}],"curies":[{"name":"wp","href":"https:\/\/api.w.org\/{rel}","templated":true}]}}