{"id":2093,"date":"2025-03-19T11:17:09","date_gmt":"2025-03-19T14:17:09","guid":{"rendered":"https:\/\/www.posgraduacao.unimontes.br\/ppgh\/?page_id=2093"},"modified":"2025-03-19T11:17:09","modified_gmt":"2025-03-19T14:17:09","slug":"xire","status":"publish","type":"page","link":"https:\/\/www.posgraduacao.unimontes.br\/ppgh\/projetos\/xire\/","title":{"rendered":"Xir\u00ea da Consci\u00eancia Negra"},"content":{"rendered":"<section class=\"kc-elm kc-css-749213 kc_row\"><div class=\"kc-row-container  kc-container\"><div class=\"kc-wrap-columns\"><div class=\"kc-elm kc-css-596582 kc_col-sm-12 kc_column kc_col-sm-12\"><div class=\"kc-col-container\"><div class=\"kc-elm kc-css-699803\" style=\"height: 30px; clear: both; width:100%;\"><\/div><div class=\"kc-elm kc-css-23531 kc_text_block\"><p><span style=\"font-size: 16pt; line-height: 22.8267px; font-family: Arial, sans-serif; color: #002060;\">Xir\u00ea da Consci\u00eancia Negra<\/span><\/p>\n<\/div><div class=\"kc-elm kc-css-748558 kc_text_block\"><p style=\"margin: 12pt 0cm 0cm; font-size: medium; font-family: 'Times New Roman', serif; color: #000000; text-align: justify; line-height: 18.4px;\"><strong><span style=\"font-family: 'Segoe UI', sans-serif; color: #444444;\">Coordena\u00e7\u00e3o: <\/span><\/strong><span style=\"font-family: 'Segoe UI', sans-serif; color: #444444;\">Profa. Dra. Leonara Lacerda Delfino<br \/>\n<\/span><\/p>\n<p style=\"margin: 12pt 0cm 0cm; font-size: medium; font-family: 'Times New Roman', serif; color: #000000; line-height: 18.4px;\"><strong><span style=\"font-family: 'Segoe UI', sans-serif; color: #444444;\">Descri\u00e7\u00e3o:<\/span><\/strong><\/p>\n<p style=\"text-align: justify; margin: 0cm; font-size: medium; font-family: 'Times New Roman', serif; color: #000000; line-height: 18.4px;\"><span style=\"font-family: 'Segoe UI', sans-serif; color: #444444;\">O projeto de extens\u00e3o Xir\u00ea da Consci\u00eancia Negra tem como sede a Unimontes\/S\u00e3o Francisco-MG, e constitui uma a\u00e7\u00e3o colaborativa entre professoras do curso de hist\u00f3ria, o corpo discente e os povos tradicionais quilombolas e comunidades de terreiro do M\u00e9dio S\u00e3o Francisco. Coordenado pela professora LEONARA DELFINO, as a\u00e7\u00f5es pedag\u00f3gicas do Xir\u00ea da Consci\u00eancia Negra, voltadas para forma\u00e7\u00e3o inicial e continuada de professores, iniciaram-se em junho de 2023, quando se prop\u00f4s uma mesa de debates e palestras sobre os 20 anos da Lei 10.639\/03. O evento contou com exposi\u00e7\u00f5es de fotografias sobre os trabalhos pedag\u00f3gicos realizados nas escolas p\u00fablicas da cidade, por meio dos projetos de interven\u00e7\u00e3o desenvolvidos atrav\u00e9s da disciplina do Est\u00e1gio-Supervisionado e culminou com a fala dos\/as mestres dos saberes (Simone Souza, presidente da Associa\u00e7\u00e3o Quilombola de Buriti do Meio e Tat\u2019etu Nidenvulo, representante do Quilombo Manzo di\u00e1 Luango) e professores\/as das comunidades escolares de S\u00e3o Francisco. Em novembro de 2023, realiza-se, numa perspectiva de hist\u00f3ria colaborativa, a primeira semana do Xir\u00ea da Consci\u00eancia Negra, um evento realizado em escolas p\u00fablicas, atrav\u00e9s das oficinas pedag\u00f3gicas em comunidades, como a oficina de comida de santo, praticada em cozinha e quintal do Quilombo Pena Branca, e no campus da universidade (oficina de performance, cinema comentado, dentre outras a\u00e7\u00f5es). Em 2024, al\u00e9m da programa\u00e7\u00e3o anual de atividades do Xir\u00ea, em novembro foi realizado a semana da Consci\u00eancia Negra com a tem\u00e1tica: \u201cEduca\u00e7\u00e3o antirracista e educa\u00e7\u00e3o quilombola: possibilidades emancipat\u00f3rias\u201d.<br \/>\n<\/span><\/p>\n<p style=\"margin: 12pt 0cm 0cm; font-size: medium; font-family: 'Times New Roman', serif; color: #000000; line-height: 18.4px;\"><strong><span style=\"font-family: 'Segoe UI', sans-serif; color: #444444;\">Instagram:<\/span><\/strong><span style=\"font-family: 'Segoe UI', sans-serif; color: #444444;\">\u00a0<a style=\"color: blue;\" href=\"https:\/\/www.instagram.com\/xiredaconsciencianegrasf\/\"><span style=\"color: #0073aa;\">@<span class=\"GramE\">xiredaconsciencianegrasf<\/span><\/span><\/a><\/span><\/p>\n<p class=\"MsoNormal\" style=\"margin: 0cm 0cm 8pt; font-size: 11pt; font-family: Calibri, sans-serif; line-height: 15.4px; color: #000000;\"><span style=\"font-size: 12pt; line-height: 16.8px;\">\u00a0<\/span><\/p>\n<\/div><\/div><\/div><\/div><\/div><\/section>\n","protected":false},"excerpt":{"rendered":"","protected":false},"author":2,"featured_media":0,"parent":2056,"menu_order":0,"comment_status":"closed","ping_status":"closed","template":"","meta":[],"yoast_head":"<!-- This site is optimized with the Yoast SEO plugin v14.7 - https:\/\/yoast.com\/wordpress\/plugins\/seo\/ -->\n<title>Xir\u00ea da Consci\u00eancia Negra - PPGH - P\u00f3s Gradua\u00e7\u00e3o em Hist\u00f3ria Unimontes<\/title>\n<meta name=\"robots\" content=\"index, follow\" \/>\n<meta name=\"googlebot\" content=\"index, follow, max-snippet:-1, max-image-preview:large, max-video-preview:-1\" \/>\n<meta name=\"bingbot\" content=\"index, follow, max-snippet:-1, max-image-preview:large, max-video-preview:-1\" \/>\n<link rel=\"canonical\" href=\"https:\/\/www.posgraduacao.unimontes.br\/ppgh\/projetos\/xire\/\" \/>\n<meta property=\"og:locale\" content=\"pt_BR\" \/>\n<meta property=\"og:type\" content=\"article\" \/>\n<meta property=\"og:title\" content=\"Xir\u00ea da Consci\u00eancia Negra - PPGH - P\u00f3s Gradua\u00e7\u00e3o em Hist\u00f3ria Unimontes\" \/>\n<meta property=\"og:description\" content=\"Xir\u00ea da Consci\u00eancia Negra Coordena\u00e7\u00e3o: Profa. Dra. Leonara Lacerda Delfino Descri\u00e7\u00e3o: O projeto de extens\u00e3o Xir\u00ea da Consci\u00eancia Negra tem como sede a Unimontes\/S\u00e3o Francisco-MG, e constitui uma a\u00e7\u00e3o colaborativa entre professoras do curso de hist\u00f3ria, o corpo discente e os povos tradicionais quilombolas e comunidades de terreiro do M\u00e9dio S\u00e3o Francisco. Coordenado pela professora [&hellip;]\" \/>\n<meta property=\"og:url\" content=\"https:\/\/www.posgraduacao.unimontes.br\/ppgh\/projetos\/xire\/\" \/>\n<meta property=\"og:site_name\" content=\"PPGH - P\u00f3s Gradua\u00e7\u00e3o em Hist\u00f3ria Unimontes\" \/>\n<meta name=\"twitter:card\" content=\"summary_large_image\" \/>\n<script type=\"application\/ld+json\" class=\"yoast-schema-graph\">{\"@context\":\"https:\/\/schema.org\",\"@graph\":[{\"@type\":\"WebSite\",\"@id\":\"https:\/\/www.posgraduacao.unimontes.br\/ppgh\/#website\",\"url\":\"https:\/\/www.posgraduacao.unimontes.br\/ppgh\/\",\"name\":\"PPGH - P\\u00f3s Gradua\\u00e7\\u00e3o em Hist\\u00f3ria Unimontes\",\"description\":\"Portal da P\\u00f3s Gradua\\u00e7\\u00e3o em Hist\\u00f3ria Unimontes\",\"potentialAction\":[{\"@type\":\"SearchAction\",\"target\":\"https:\/\/www.posgraduacao.unimontes.br\/ppgh\/?s={search_term_string}\",\"query-input\":\"required name=search_term_string\"}],\"inLanguage\":\"pt-BR\"},{\"@type\":\"WebPage\",\"@id\":\"https:\/\/www.posgraduacao.unimontes.br\/ppgh\/projetos\/xire\/#webpage\",\"url\":\"https:\/\/www.posgraduacao.unimontes.br\/ppgh\/projetos\/xire\/\",\"name\":\"Xir\\u00ea da Consci\\u00eancia Negra - PPGH - P\\u00f3s Gradua\\u00e7\\u00e3o em Hist\\u00f3ria Unimontes\",\"isPartOf\":{\"@id\":\"https:\/\/www.posgraduacao.unimontes.br\/ppgh\/#website\"},\"datePublished\":\"2025-03-19T14:17:09+00:00\",\"dateModified\":\"2025-03-19T14:17:09+00:00\",\"inLanguage\":\"pt-BR\",\"potentialAction\":[{\"@type\":\"ReadAction\",\"target\":[\"https:\/\/www.posgraduacao.unimontes.br\/ppgh\/projetos\/xire\/\"]}]}]}<\/script>\n<!-- \/ Yoast SEO plugin. -->","_links":{"self":[{"href":"https:\/\/www.posgraduacao.unimontes.br\/ppgh\/wp-json\/wp\/v2\/pages\/2093"}],"collection":[{"href":"https:\/\/www.posgraduacao.unimontes.br\/ppgh\/wp-json\/wp\/v2\/pages"}],"about":[{"href":"https:\/\/www.posgraduacao.unimontes.br\/ppgh\/wp-json\/wp\/v2\/types\/page"}],"author":[{"embeddable":true,"href":"https:\/\/www.posgraduacao.unimontes.br\/ppgh\/wp-json\/wp\/v2\/users\/2"}],"replies":[{"embeddable":true,"href":"https:\/\/www.posgraduacao.unimontes.br\/ppgh\/wp-json\/wp\/v2\/comments?post=2093"}],"version-history":[{"count":1,"href":"https:\/\/www.posgraduacao.unimontes.br\/ppgh\/wp-json\/wp\/v2\/pages\/2093\/revisions"}],"predecessor-version":[{"id":2428,"href":"https:\/\/www.posgraduacao.unimontes.br\/ppgh\/wp-json\/wp\/v2\/pages\/2093\/revisions\/2428"}],"up":[{"embeddable":true,"href":"https:\/\/www.posgraduacao.unimontes.br\/ppgh\/wp-json\/wp\/v2\/pages\/2056"}],"wp:attachment":[{"href":"https:\/\/www.posgraduacao.unimontes.br\/ppgh\/wp-json\/wp\/v2\/media?parent=2093"}],"curies":[{"name":"wp","href":"https:\/\/api.w.org\/{rel}","templated":true}]}}