{"id":2058,"date":"2022-09-18T22:39:16","date_gmt":"2022-09-19T01:39:16","guid":{"rendered":"https:\/\/www.posgraduacao.unimontes.br\/ppgh\/?page_id=2058"},"modified":"2023-03-27T12:59:04","modified_gmt":"2023-03-27T15:59:04","slug":"laboratorios","status":"publish","type":"page","link":"https:\/\/www.posgraduacao.unimontes.br\/ppgh\/laboratorios\/","title":{"rendered":"Laborat\u00f3rios"},"content":{"rendered":"<section class=\"kc-elm kc-css-529182 kc_row\"><div class=\"kc-row-container  kc-container\"><div class=\"kc-wrap-columns\"><div class=\"kc-elm kc-css-459074 kc_col-sm-12 kc_column kc_col-sm-12\"><div class=\"kc-col-container\"><div class=\"kc-elm kc-css-999125\" style=\"height: 40px; clear: both; width:100%;\"><\/div><div class=\"kc-elm kc-css-561209 kc_text_block\"><h3>Laborat\u00f3rios<\/h3>\n<\/div><div data-closeall=\"true\" class=\"kc-elm kc-css-966495 kc_accordion_wrapper\">\n<div class=\"kc-elm kc-css-35827 kc_accordion_section group \"><h3 class=\"kc_accordion_header ui-accordion-header\"><span class=\"ui-accordion-header-icon ui-icon\"><\/span><a href=\"#laboratorio-de-teoria-da-historia-e-historia-publica\" data-prevent=\"scroll\"><i class=\"et-search\"><\/i> Laborat\u00f3rio de Teoria da Hist\u00f3ria e Hist\u00f3ria P\u00fablica<\/a><\/h3><div class=\"kc_accordion_content ui-accordion-content kc_clearfix\"><div class=\"kc-panel-body\"><div class=\"kc-elm kc-css-581326 kc_text_block\"><p class=\"Default\" style=\"margin: 0cm; font-size: medium;\"><span style=\"font-family: Calibri, sans-serif;\">O projeto visa potencializar e consolidar as a\u00e7\u00f5es do PPGH e do Departamento de Hist\u00f3ria relativas \u00e0s \u00e1reas de ensino, pesquisa e inser\u00e7\u00e3o social. A justificativa se d\u00e1 no sentido de incentivar reflex\u00f5es a partir de um itiner\u00e1rio metodol\u00f3gico e te\u00f3rico das pesquisas empreendidas por seus docentes e discentes, que evidenciem aspectos inerentes \u00e0 vida em sociedade, que operam no territ\u00f3rio cultural, simb\u00f3lico, pol\u00edtico, econ\u00f4mico, institucional, trabalhista, das identidades e de g\u00eanero, das rela\u00e7\u00f5es de poder, que os sujeitos estabelecem entre si, com o outro e com as institui\u00e7\u00f5es que regem as diversas realidades sociais. Os objetivos s\u00e3o: consolidar a forma\u00e7\u00e3o de pesquisadores qualificados comprometidos com o desenvolvimento cient\u00edfico, cultural, humano e social dos territ\u00f3rios em que estar\u00e3o inseridos; qualificar profissionais para atuarem no ensino de Hist\u00f3ria, com habilidades para integrar ensino e pesquisa na pr\u00e1tica docente; consolidar o PPGH e o Departamento de Hist\u00f3ria como ambientes favor\u00e1veis \u00e0 investiga\u00e7\u00e3o cient\u00edfica e a produ\u00e7\u00e3o de conhecimentos com permanente est\u00edmulo \u00e0 interdisciplinaridade; verter os conhecimentos gerados no PPGH e no curso de Hist\u00f3ria, resultantes das pesquisas, atrav\u00e9s de eventos cient\u00edficos e debates com setores da sociedade civil; promover integra\u00e7\u00e3o da p\u00f3s-gradua\u00e7\u00e3o com a gradua\u00e7\u00e3o e com o ensino b\u00e1sico, atrav\u00e9s da realiza\u00e7\u00e3o de atividades conjuntas; fornecer subs\u00eddios t\u00e9cnicos e cient\u00edficos para a\u00e7\u00f5es que impactem positivamente a regi\u00e3o e contribuam para transformar sua realidade. Como metodologia, prop\u00f5e-se o desenvolvimento de um conjunto de reflex\u00f5es e a\u00e7\u00f5es com foco nas expectativas e nuances que regem tanto a forma\u00e7\u00e3o acad\u00eamica e profissional dos discentes, quanto a publiciza\u00e7\u00e3o das pesquisas desenvolvidas no PPGH e no Departamento, por discentes e docentes. As a\u00e7\u00f5es a serem executadas s\u00e3o, dentre outras: produ\u00e7\u00e3o e divulga\u00e7\u00e3o de minicursos e oficinas de ensino-aprendizagem, com foco no di\u00e1logo entre Hist\u00f3ria, ensino de Hist\u00f3ria e Hist\u00f3ria P\u00fablica; produ\u00e7\u00e3o de recursos did\u00e1ticos relativos ao planejamento de projetos de pesquisa; participa\u00e7\u00e3o em eventos e\/ou mesas de debates relacionados \u00e0s tem\u00e1ticas do Projeto; di\u00e1logos e aproxima\u00e7\u00f5es com a educa\u00e7\u00e3o b\u00e1sica e institui\u00e7\u00f5es de pesquisa, guarda e divulga\u00e7\u00e3o do passado hist\u00f3rico (como museus e arquivos). Os resultados esperados est\u00e3o relacionados ao campo da Hist\u00f3ria e seus diferentes n\u00edveis de atua\u00e7\u00e3o, ao estimular reflex\u00f5es sobre a pluralidade de saberes, os caminhos de conhecimento e de pr\u00e1tica de escrita de hist\u00f3ria, o processo de ensino e divulga\u00e7\u00e3o do conhecimento institucionalizado, a pr\u00e1tica colaborativa, dentre outras quest\u00f5es, que abrem caminho de reflex\u00e3o e pr\u00e1tica do fazer hist\u00f3ria capaz de colaborar para o conhecimento n\u00e3o somente da produ\u00e7\u00e3o acad\u00eamica ou de seu ensino na educa\u00e7\u00e3o b\u00e1sica, mas tamb\u00e9m em suas diferentes rela\u00e7\u00f5es com as reivindica\u00e7\u00f5es pol\u00edticas, econ\u00f4micas, culturais e sociais dos sujeitos e da coletividade.<\/span><\/p>\n<p class=\"Default\" style=\"margin: 0cm; font-size: medium;\"><span style=\"font-family: Calibri, sans-serif;\">\u00a0<\/span><\/p>\n<p class=\"MsoNormal\" style=\"margin: 0cm 0cm 8pt; line-height: 15.6933px; font-size: 11pt; font-family: Calibri, sans-serif; color: #000000; text-align: justify;\"><span style=\"font-size: 12pt; line-height: 17.12px;\">Coordenador: Prof. Dr. Rafael Dias de Castro<\/span><\/p>\n<p class=\"MsoNormal\" style=\"margin: 0cm 0cm 8pt; line-height: 15.6933px; font-size: 11pt; font-family: Calibri, sans-serif; color: #000000; text-align: justify;\"><span style=\"font-size: 12pt; line-height: 17.12px;\">Bolsista Inicia\u00e7\u00e3o Cient\u00edfica PIBIC\/FAPEMIG: Jennifer\u00a0<span class=\"SpellE\">Taisa<\/span>\u00a0Moreira Tavares Alves (3\u00ba per\u00edodo de Hist\u00f3ria \u2013 Campus S\u00e3o Francisco)<\/span><\/p>\n<p class=\"MsoNormal\" style=\"margin: 0cm 0cm 8pt; line-height: 15.6933px; font-family: Calibri, sans-serif; color: #000000; text-align: justify;\"><span style=\"font-size: 16px;\">Bolsista FAPEMIG: Maria Fernanda Pimentel (Mestranda-PPGH)<\/span><\/p>\n<p class=\"MsoNormal\" style=\"margin: 0cm 0cm 8pt; line-height: 15.6933px; text-align: justify;\"><span style=\"line-height: 17.12px;\"><a href=\"https:\/\/www.instagram.com\/ser_tao.historia\/\" target=\"_blank\" rel=\"noopener\"><span style=\"color: #000000; font-family: Calibri, sans-serif;\"><span style=\"font-size: 16px;\">https:\/\/www.instagram.com\/ser_tao.historia\/<\/span><\/span><\/a><br \/>\n<\/span><\/p>\n<\/div><\/div><\/div><\/div><div class=\"kc-elm kc-css-292489 kc_accordion_section group \"><h3 class=\"kc_accordion_header ui-accordion-header\"><span class=\"ui-accordion-header-icon ui-icon\"><\/span><a href=\"#laboratorio-de-pesquisa-de-historia-oral\" data-prevent=\"scroll\"><i class=\"et-search\"><\/i> Laborat\u00f3rio de Pesquisa de Hist\u00f3ria Oral<\/a><\/h3><div class=\"kc_accordion_content ui-accordion-content kc_clearfix\"><div class=\"kc-panel-body\"><div class=\"kc-elm kc-css-579767 kc_text_block\"><p class=\"MsoNormal\" style=\"text-align: justify;\"><b><span style=\"font-size: 12.0pt; line-height: 115%; font-family: 'Times New Roman','serif';\">Objetivo Geral:<\/span><\/b><\/p>\n<p class=\"MsoNormal\" style=\"text-align: justify;\"><span style=\"font-size: 12.0pt; line-height: 115%; font-family: 'Times New Roman','serif';\">Proporcionar a alunos e professores do Programa de P\u00f3s Gradua\u00e7\u00e3o em Hist\u00f3ria (PPGH) e demais programas de P\u00f3s-Gradua\u00e7\u00e3o, al\u00e9m de membros da comunidade acad\u00eamica da Unimontes, minicursos e palestras acerca da Hist\u00f3ria Oral. E para os alunos e professores do Mestrado em Hist\u00f3ria acesso a materiais necess\u00e1rios a realiza\u00e7\u00e3o de entrevistas.<\/span><\/p>\n<p class=\"MsoNormal\" style=\"text-align: justify;\"><b><span style=\"font-size: 12.0pt; line-height: 115%; font-family: 'Times New Roman','serif';\">Objetivos Espec\u00edficos:<\/span><\/b><\/p>\n<p class=\"MsoNormal\" style=\"text-align: justify;\"><span style=\"font-size: 12.0pt; line-height: 115%; font-family: 'Times New Roman','serif';\">Constituir um espa\u00e7o de debate e an\u00e1lise da metodologia da Hist\u00f3ria Oral;<\/span><\/p>\n<p class=\"MsoNormal\" style=\"text-align: justify;\"><span style=\"font-size: 12.0pt; line-height: 115%; font-family: 'Times New Roman','serif';\">Organizar eventos e minicursos para aos interessados em entender e discutir sobre Hist\u00f3ria Oral;<\/span><\/p>\n<p class=\"MsoNormal\" style=\"text-align: justify;\"><span style=\"font-size: 12.0pt; line-height: 115%; font-family: 'Times New Roman','serif';\">Proporcionar aos mestrandos e professores do Programa de P\u00f3s Gradua\u00e7\u00e3o em Hist\u00f3ria, um espa\u00e7o f\u00edsico de armazenamento de entrevistas produzidas e disponibiliz\u00e1-las ao p\u00fablico interessado;<\/span><\/p>\n<p class=\"MsoNormal\" style=\"text-align: justify;\"><span style=\"font-size: 12.0pt; line-height: 115%; font-family: 'Times New Roman','serif';\">Dialogar com outros programas e grupos de pesquisa sobre a metodologia da Hist\u00f3ria.<\/span><\/p>\n<p class=\"MsoNormal\" style=\"text-align: justify;\"><b><span style=\"font-size: 12.0pt; line-height: 115%; font-family: 'Times New Roman','serif';\">Coordenadora:<br \/>\n<\/span><\/b><span style=\"font-size: 12.0pt; line-height: 115%; font-family: 'Times New Roman','serif';\">Profa. Dra. Rejane Meireles Amaral Rodrigues<\/span><\/p>\n<p class=\"MsoNormal\" style=\"text-align: justify;\"><b><span style=\"font-size: 12.0pt; line-height: 115%; font-family: 'Times New Roman','serif';\">E-mail: <\/span><\/b><span style=\"font-size: 12.0pt; line-height: 115%; font-family: 'Times New Roman','serif';\">laborat\u00f3rio.historiaoral@unimontes.br<\/span><\/p>\n<\/div><\/div><\/div><\/div><\/div>\n<\/div><\/div><\/div><\/div><\/section>\n","protected":false},"excerpt":{"rendered":"","protected":false},"author":2,"featured_media":0,"parent":0,"menu_order":0,"comment_status":"closed","ping_status":"closed","template":"","meta":[],"yoast_head":"<!-- This site is optimized with the Yoast SEO plugin v14.7 - https:\/\/yoast.com\/wordpress\/plugins\/seo\/ -->\n<title>Laborat\u00f3rios - PPGH - P\u00f3s Gradua\u00e7\u00e3o em Hist\u00f3ria Unimontes<\/title>\n<meta name=\"robots\" content=\"index, follow\" \/>\n<meta name=\"googlebot\" content=\"index, follow, max-snippet:-1, max-image-preview:large, max-video-preview:-1\" \/>\n<meta name=\"bingbot\" content=\"index, follow, max-snippet:-1, max-image-preview:large, max-video-preview:-1\" \/>\n<link rel=\"canonical\" href=\"https:\/\/www.posgraduacao.unimontes.br\/ppgh\/laboratorios\/\" \/>\n<meta property=\"og:locale\" content=\"pt_BR\" \/>\n<meta property=\"og:type\" content=\"article\" \/>\n<meta property=\"og:title\" content=\"Laborat\u00f3rios - PPGH - P\u00f3s Gradua\u00e7\u00e3o em Hist\u00f3ria Unimontes\" \/>\n<meta property=\"og:description\" content=\"Laborat\u00f3rios Laborat\u00f3rio de Teoria da Hist\u00f3ria e Hist\u00f3ria P\u00fablica O projeto visa potencializar e consolidar as a\u00e7\u00f5es do PPGH e do Departamento de Hist\u00f3ria relativas \u00e0s \u00e1reas de ensino, pesquisa e inser\u00e7\u00e3o social. A justificativa se d\u00e1 no sentido de incentivar reflex\u00f5es a partir de um itiner\u00e1rio metodol\u00f3gico e te\u00f3rico das pesquisas empreendidas por seus [&hellip;]\" \/>\n<meta property=\"og:url\" content=\"https:\/\/www.posgraduacao.unimontes.br\/ppgh\/laboratorios\/\" \/>\n<meta property=\"og:site_name\" content=\"PPGH - P\u00f3s Gradua\u00e7\u00e3o em Hist\u00f3ria Unimontes\" \/>\n<meta property=\"article:modified_time\" content=\"2023-03-27T15:59:04+00:00\" \/>\n<meta name=\"twitter:card\" content=\"summary_large_image\" \/>\n<script type=\"application\/ld+json\" class=\"yoast-schema-graph\">{\"@context\":\"https:\/\/schema.org\",\"@graph\":[{\"@type\":\"WebSite\",\"@id\":\"https:\/\/www.posgraduacao.unimontes.br\/ppgh\/#website\",\"url\":\"https:\/\/www.posgraduacao.unimontes.br\/ppgh\/\",\"name\":\"PPGH - P\\u00f3s Gradua\\u00e7\\u00e3o em Hist\\u00f3ria Unimontes\",\"description\":\"Portal da P\\u00f3s Gradua\\u00e7\\u00e3o em Hist\\u00f3ria Unimontes\",\"potentialAction\":[{\"@type\":\"SearchAction\",\"target\":\"https:\/\/www.posgraduacao.unimontes.br\/ppgh\/?s={search_term_string}\",\"query-input\":\"required name=search_term_string\"}],\"inLanguage\":\"pt-BR\"},{\"@type\":\"WebPage\",\"@id\":\"https:\/\/www.posgraduacao.unimontes.br\/ppgh\/laboratorios\/#webpage\",\"url\":\"https:\/\/www.posgraduacao.unimontes.br\/ppgh\/laboratorios\/\",\"name\":\"Laborat\\u00f3rios - PPGH - P\\u00f3s Gradua\\u00e7\\u00e3o em Hist\\u00f3ria Unimontes\",\"isPartOf\":{\"@id\":\"https:\/\/www.posgraduacao.unimontes.br\/ppgh\/#website\"},\"datePublished\":\"2022-09-19T01:39:16+00:00\",\"dateModified\":\"2023-03-27T15:59:04+00:00\",\"inLanguage\":\"pt-BR\",\"potentialAction\":[{\"@type\":\"ReadAction\",\"target\":[\"https:\/\/www.posgraduacao.unimontes.br\/ppgh\/laboratorios\/\"]}]}]}<\/script>\n<!-- \/ Yoast SEO plugin. -->","_links":{"self":[{"href":"https:\/\/www.posgraduacao.unimontes.br\/ppgh\/wp-json\/wp\/v2\/pages\/2058"}],"collection":[{"href":"https:\/\/www.posgraduacao.unimontes.br\/ppgh\/wp-json\/wp\/v2\/pages"}],"about":[{"href":"https:\/\/www.posgraduacao.unimontes.br\/ppgh\/wp-json\/wp\/v2\/types\/page"}],"author":[{"embeddable":true,"href":"https:\/\/www.posgraduacao.unimontes.br\/ppgh\/wp-json\/wp\/v2\/users\/2"}],"replies":[{"embeddable":true,"href":"https:\/\/www.posgraduacao.unimontes.br\/ppgh\/wp-json\/wp\/v2\/comments?post=2058"}],"version-history":[{"count":9,"href":"https:\/\/www.posgraduacao.unimontes.br\/ppgh\/wp-json\/wp\/v2\/pages\/2058\/revisions"}],"predecessor-version":[{"id":2252,"href":"https:\/\/www.posgraduacao.unimontes.br\/ppgh\/wp-json\/wp\/v2\/pages\/2058\/revisions\/2252"}],"wp:attachment":[{"href":"https:\/\/www.posgraduacao.unimontes.br\/ppgh\/wp-json\/wp\/v2\/media?parent=2058"}],"curies":[{"name":"wp","href":"https:\/\/api.w.org\/{rel}","templated":true}]}}