{"id":1942,"date":"2022-02-02T12:28:59","date_gmt":"2022-02-02T15:28:59","guid":{"rendered":"https:\/\/www.posgraduacao.unimontes.br\/ppgh\/?page_id=1942"},"modified":"2025-09-30T16:55:27","modified_gmt":"2025-09-30T19:55:27","slug":"cursinho","status":"publish","type":"page","link":"https:\/\/www.posgraduacao.unimontes.br\/ppgh\/cursinho\/","title":{"rendered":"CERPOPULAR"},"content":{"rendered":"<section class=\"kc-elm kc-css-504986 kc_row\"><div class=\"kc-row-container  kc-container\"><div class=\"kc-wrap-columns\"><div class=\"kc-elm kc-css-839370 kc_col-sm-12 kc_column kc_col-sm-12\"><div class=\"kc-col-container\"><div class=\"kc-elm kc-css-507369\" style=\"height: 40px; clear: both; width:100%;\"><\/div><\/div><\/div><\/div><\/div><\/section><section class=\"kc-elm kc-css-887103 kc_row\"><div class=\"kc-row-container  kc-container\"><div class=\"kc-wrap-columns\"><div class=\"kc-elm kc-css-503513 kc_column kc_col-sm-12\"><div class=\"kc-col-container\"><div class=\"kc-elm kc-css-349032 kc_text_block\"><p class=\"MsoNormal\" style=\"margin: 0cm 0cm 8pt; font-size: 11pt; font-family: Calibri, sans-serif; line-height: 15.6933px; color: #000000; text-align: center;\"><span style=\"font-size: 16pt; font-family: Arial, sans-serif; color: #002060;\">CENTRO DE REFER\u00caNCIA EM EDUCA\u00c7\u00c3O POPULAR COM <\/span><\/p>\n<p class=\"MsoNormal\" style=\"margin: 0cm 0cm 8pt; font-size: 11pt; font-family: Calibri, sans-serif; line-height: 15.6933px; color: #000000; text-align: center;\"><span style=\"font-size: 16pt; font-family: Arial, sans-serif; color: #002060;\">ENFOQUE EM G\u00caNERO E RELA\u00c7\u00d5ES \u00c9TNICO-RACIAIS<\/span><\/p>\n<p class=\"MsoNormal\" style=\"margin: 0cm 0cm 8pt; font-size: 11pt; font-family: Calibri, sans-serif; line-height: 15.6933px; color: #000000; text-align: center;\"><span style=\"font-size: 16pt; font-family: Arial, sans-serif; color: #002060;\">(CERPOPULAR)<\/span><\/p>\n<\/div><\/div><\/div><\/div><\/div><\/section><section class=\"kc-elm kc-css-152456 kc_row\"><div class=\"kc-row-container  kc-container\"><div class=\"kc-wrap-columns\"><div class=\"kc-elm kc-css-587976 kc_col-sm-12 kc_column kc_col-sm-12\"><div class=\"kc-col-container\"><div class=\"kc-elm kc-css-782417\" style=\"height: 10px; clear: both; width:100%;\"><\/div><\/div><\/div><\/div><\/div><\/section><section class=\"kc-elm kc-css-575193 kc_row\"><div class=\"kc-row-container  kc-container\"><div class=\"kc-wrap-columns\"><div class=\"kc-elm kc-css-686206 kc_column kc_col-sm-12\"><div class=\"kc-col-container\"><div class=\"kc-elm kc-css-17675 kc_text_block\"><p style=\"font-weight: 400;\">O CERPOPULAR \u00e9 um projeto de pesquisa com interface extensionista e educativa, financiado pela FAPEMIG e institucionalizado na Unimontes. O objetivo do projeto de cria\u00e7\u00e3o de um Centro de Refer\u00eancia em Educa\u00e7\u00e3o Popular com enfoque em G\u00eanero e Rela\u00e7\u00f5es \u00c9tnico-Raciais \u00e9 atender a demandas de a\u00e7\u00f5es, pesquisas e estudos no territ\u00f3rio de Minas Gerais, principalmente nas regi\u00f5es Norte, Noroeste e Vale do Jequitinhonha e Mucuri. O projeto apresenta car\u00e1ter de extens\u00e3o articulado com a pesquisa e o ensino, pois realiza levantamentos, mapeando iniciativas e abrang\u00eancias da educa\u00e7\u00e3o popular, produz dados, organiza acervos de publica\u00e7\u00f5es, grupos de estudos e oferece forma\u00e7\u00e3o de professores e camponeses com enfoque em G\u00eanero e Rela\u00e7\u00f5es \u00c9tnico-Raciais. A sede f\u00edsica do Centro de Refer\u00eancia foi organizada no Campus S\u00e3o Francisco-Unimontes e possui uma sala de apoio no Campus Prof. Darcy Ribeiro, em Montes Claros, contando com computadores e livros acess\u00edveis para a comunidade. Devido \u00e0 capilaridade das a\u00e7\u00f5es desenvolvidas pelo CERPOPULAR foi necess\u00e1rio buscar alian\u00e7a com professores do Instituto Federal do Norte de Minas Gerais (IFNMG &#8211; Campus Janu\u00e1ria e Salinas), da Universidade Federal de Uberl\u00e2ndia (UFU) e da Universidade Federal de Vi\u00e7osa (UFV).<\/p>\n<p style=\"font-weight: 400;\">Para acompanhar nossas a\u00e7\u00f5es, acesse nosso perfil no Instagram <a href=\"https:\/\/www.instagram.com\/educacaopopular.minasgerais\/\">@educacaopopular.minasgerais<\/a><\/p>\n<p>Site: <a href=\"https:\/\/cerpopular.unimontes.br\/\" target=\"_blank\" rel=\"noopener\">https:\/\/cerpopular.unimontes.br\/<\/a><\/p>\n<p style=\"font-weight: 400; margin: 80pt 0cm 0cm;\"><strong>Coordenadora:<\/strong><\/p>\n<p style=\"font-weight: 400;\">B\u00e1rbara Figueiredo Souto (PPGH-Unimontes)<\/p>\n<p style=\"font-weight: 400;\"><strong>Professores:<\/strong><\/p>\n<p style=\"font-weight: 400;\">Filomena Luciene Cordeiro (PPGH-Unimontes)<\/p>\n<p style=\"font-weight: 400;\">Cl\u00e1udia de Jesus Maia (PPHG-Unimontes)<\/p>\n<p style=\"font-weight: 400;\">Daliana Cristina de Lima Antonio (Unimontes)<\/p>\n<p style=\"font-weight: 400;\">M\u00f4nica Maria Teixeira Amorim (Unimontes)<\/p>\n<p style=\"font-weight: 400;\">Heiberle H. Horacio (Unimontes)<\/p>\n<p style=\"font-weight: 400;\">Roberto Mendes Ramos Pereira (Unimontes)<\/p>\n<p style=\"font-weight: 400;\">Jo\u00e3o Ol\u00edmpio (Unimontes)<\/p>\n<p style=\"font-weight: 400;\">Luci Helena Silva Martins (Unimontes)<\/p>\n<p style=\"font-weight: 400;\">K\u00e1tia Franciele Corr\u00eaa Borges (Unimontes)<\/p>\n<p style=\"font-weight: 400;\">Rafael Baioni do Nascimento (Unimontes)<\/p>\n<p style=\"font-weight: 400;\">Rosana de Jesus dos Santos (IFNMG-Salinas)<\/p>\n<p style=\"font-weight: 400;\">Leandro de Aquino Mendes (IFNMG-Janu\u00e1ria)<\/p>\n<p style=\"font-weight: 400;\">Johnisson Xavier Silva (IFNMG-Janu\u00e1ria)<\/p>\n<p style=\"font-weight: 400;\">Ivete Batista da Silva Almeida (UFU)<\/p>\n<p style=\"font-weight: 400;\">Ana Louise de Carvalho Fi\u00faza (UFV)<\/p>\n<p><strong>Bolsistas:<\/strong><\/p>\n<p style=\"font-weight: 400;\">Rodrigo Pereira Rocha (Mestrando do PPGH-Unimontes)<\/p>\n<p style=\"font-weight: 400;\">Wellington Coimbra (Mestrando PPGE-Unimontes)<\/p>\n<p style=\"font-weight: 400;\">Isabela Soares (Graduanda Pedagogia-Unimontes)<\/p>\n<p style=\"font-weight: 400;\">Laura Damaso (Graduanda Psicologia)<\/p>\n<p style=\"font-weight: 400;\">Ryane Ara\u00fajo (Graduanda Hist\u00f3ria-UFU)<\/p>\n<p><strong>Aliados(as):<\/strong><\/p>\n<p style=\"font-weight: 400;\">Aline Lima (Egressa do PPGH)<\/p>\n<p style=\"font-weight: 400;\">Anna Fl\u00e1via Rodrigues Dias (Graduanda Hist\u00f3ria-Unimontes)<\/p>\n<p style=\"font-weight: 400;\">Alexandre Soares (Jurista Popular)<\/p>\n<p style=\"font-weight: 400;\">Gildson Queiroz (Educador do Emancipa Velho Chico)<\/p>\n<p style=\"font-weight: 400;\">Maria Alice Mendes (Professora SEE-MG)<\/p>\n<p style=\"font-weight: 400;\">Daniela Borges (MST)<\/p>\n<\/div><\/div><\/div><\/div><\/div><\/section>\n","protected":false},"excerpt":{"rendered":"","protected":false},"author":2,"featured_media":0,"parent":0,"menu_order":0,"comment_status":"closed","ping_status":"closed","template":"","meta":[],"yoast_head":"<!-- This site is optimized with the Yoast SEO plugin v14.7 - https:\/\/yoast.com\/wordpress\/plugins\/seo\/ -->\n<title>CERPOPULAR - PPGH - P\u00f3s Gradua\u00e7\u00e3o em Hist\u00f3ria Unimontes<\/title>\n<meta name=\"robots\" content=\"index, follow\" \/>\n<meta name=\"googlebot\" content=\"index, follow, max-snippet:-1, max-image-preview:large, max-video-preview:-1\" \/>\n<meta name=\"bingbot\" content=\"index, follow, max-snippet:-1, max-image-preview:large, max-video-preview:-1\" \/>\n<link rel=\"canonical\" href=\"https:\/\/www.posgraduacao.unimontes.br\/ppgh\/cursinho\/\" \/>\n<meta property=\"og:locale\" content=\"pt_BR\" \/>\n<meta property=\"og:type\" content=\"article\" \/>\n<meta property=\"og:title\" content=\"CERPOPULAR - PPGH - P\u00f3s Gradua\u00e7\u00e3o em Hist\u00f3ria Unimontes\" \/>\n<meta property=\"og:description\" content=\"CENTRO DE REFER\u00caNCIA EM EDUCA\u00c7\u00c3O POPULAR COM ENFOQUE EM G\u00caNERO E RELA\u00c7\u00d5ES \u00c9TNICO-RACIAIS (CERPOPULAR) O CERPOPULAR \u00e9 um projeto de pesquisa com interface extensionista e educativa, financiado pela FAPEMIG e institucionalizado na Unimontes. O objetivo do projeto de cria\u00e7\u00e3o de um Centro de Refer\u00eancia em Educa\u00e7\u00e3o Popular com enfoque em G\u00eanero e Rela\u00e7\u00f5es \u00c9tnico-Raciais \u00e9 [&hellip;]\" \/>\n<meta property=\"og:url\" content=\"https:\/\/www.posgraduacao.unimontes.br\/ppgh\/cursinho\/\" \/>\n<meta property=\"og:site_name\" content=\"PPGH - P\u00f3s Gradua\u00e7\u00e3o em Hist\u00f3ria Unimontes\" \/>\n<meta property=\"article:modified_time\" content=\"2025-09-30T19:55:27+00:00\" \/>\n<meta name=\"twitter:card\" content=\"summary_large_image\" \/>\n<script type=\"application\/ld+json\" class=\"yoast-schema-graph\">{\"@context\":\"https:\/\/schema.org\",\"@graph\":[{\"@type\":\"WebSite\",\"@id\":\"https:\/\/www.posgraduacao.unimontes.br\/ppgh\/#website\",\"url\":\"https:\/\/www.posgraduacao.unimontes.br\/ppgh\/\",\"name\":\"PPGH - P\\u00f3s Gradua\\u00e7\\u00e3o em Hist\\u00f3ria Unimontes\",\"description\":\"Portal da P\\u00f3s Gradua\\u00e7\\u00e3o em Hist\\u00f3ria Unimontes\",\"potentialAction\":[{\"@type\":\"SearchAction\",\"target\":\"https:\/\/www.posgraduacao.unimontes.br\/ppgh\/?s={search_term_string}\",\"query-input\":\"required name=search_term_string\"}],\"inLanguage\":\"pt-BR\"},{\"@type\":\"WebPage\",\"@id\":\"https:\/\/www.posgraduacao.unimontes.br\/ppgh\/cursinho\/#webpage\",\"url\":\"https:\/\/www.posgraduacao.unimontes.br\/ppgh\/cursinho\/\",\"name\":\"CERPOPULAR - PPGH - P\\u00f3s Gradua\\u00e7\\u00e3o em Hist\\u00f3ria Unimontes\",\"isPartOf\":{\"@id\":\"https:\/\/www.posgraduacao.unimontes.br\/ppgh\/#website\"},\"datePublished\":\"2022-02-02T15:28:59+00:00\",\"dateModified\":\"2025-09-30T19:55:27+00:00\",\"inLanguage\":\"pt-BR\",\"potentialAction\":[{\"@type\":\"ReadAction\",\"target\":[\"https:\/\/www.posgraduacao.unimontes.br\/ppgh\/cursinho\/\"]}]}]}<\/script>\n<!-- \/ Yoast SEO plugin. -->","_links":{"self":[{"href":"https:\/\/www.posgraduacao.unimontes.br\/ppgh\/wp-json\/wp\/v2\/pages\/1942"}],"collection":[{"href":"https:\/\/www.posgraduacao.unimontes.br\/ppgh\/wp-json\/wp\/v2\/pages"}],"about":[{"href":"https:\/\/www.posgraduacao.unimontes.br\/ppgh\/wp-json\/wp\/v2\/types\/page"}],"author":[{"embeddable":true,"href":"https:\/\/www.posgraduacao.unimontes.br\/ppgh\/wp-json\/wp\/v2\/users\/2"}],"replies":[{"embeddable":true,"href":"https:\/\/www.posgraduacao.unimontes.br\/ppgh\/wp-json\/wp\/v2\/comments?post=1942"}],"version-history":[{"count":12,"href":"https:\/\/www.posgraduacao.unimontes.br\/ppgh\/wp-json\/wp\/v2\/pages\/1942\/revisions"}],"predecessor-version":[{"id":1950,"href":"https:\/\/www.posgraduacao.unimontes.br\/ppgh\/wp-json\/wp\/v2\/pages\/1942\/revisions\/1950"}],"wp:attachment":[{"href":"https:\/\/www.posgraduacao.unimontes.br\/ppgh\/wp-json\/wp\/v2\/media?parent=1942"}],"curies":[{"name":"wp","href":"https:\/\/api.w.org\/{rel}","templated":true}]}}