{"id":1473,"date":"2021-08-30T15:35:53","date_gmt":"2021-08-30T18:35:53","guid":{"rendered":"https:\/\/www.posgraduacao.unimontes.br\/ppgh\/?page_id=1473"},"modified":"2023-03-27T09:01:48","modified_gmt":"2023-03-27T12:01:48","slug":"corpo-docente","status":"publish","type":"page","link":"https:\/\/www.posgraduacao.unimontes.br\/ppgh\/equipe\/corpo-docente\/","title":{"rendered":"Corpo docente"},"content":{"rendered":"<section class=\"kc-elm kc_row\"><div class=\"kc-row-container  kc-container\"><div class=\"kc-wrap-columns\"><div class=\"kc-elm kc_column kc_col-sm-12\"><div class=\"kc-col-container\"><div class=\"kc-elm\" style=\"height: 20px; clear: both; width:100%;\"><\/div><div class=\"kc-elm kc_text_block\"><p class=\\\"MsoNormal\\\" style=\\\"margin: 0cm 0cm 8pt;line-height: 15.6933px;font-size: 11pt;font-family: Calibri, sans-serif;color: #000000\\\"><span style=\\\"font-size: 16pt;line-height: 22.8267px;font-family: Arial, sans-serif;color: #002060\\\">Corpo docente<\/span><\/p>\n<\/div><div class=\"kc-elm kc_text_block\"><h1 style=\\\"margin: 12pt 0cm 0cm;line-height: 24.5333px;font-size: 16pt;, sans-serif;color: #2f5496\\\"><span style=\\\"color: #002060\\\">Professores permanentes<\/span><\/h1>\n<div><span style=\\\"color: #002060\\\">\u00a0<\/span><\/div>\n<\/div><div class=\"kc-elm kc_text_block\"><h2 style=\\\"margin: 2pt 0cm 0cm;line-height: 19.9333px;font-size: 13pt;, sans-serif;color: #2f5496;font-weight: normal\\\"><i><span style=\\\"font-size: 14pt;line-height: 21.4667px;color: #7030a0\\\">Linha de Pesquisa Cultura, rela\u00e7\u00f5es sociais e g\u00eanero<\/span><\/i><\/h2>\n<div>\n<table class=\\\"MsoNormalTable\\\" style=\\\"width: 654pt;border-collapse: collapse\\\" border=\\\"0\\\" width=\\\"872\\\" cellspacing=\\\"0\\\" cellpadding=\\\"0\\\">\n<tbody>\n<tr style=\\\"height: 62.25pt\\\">\n<td style=\\\"width: 654pt;padding: 0cm 3.5pt;height: 62.25pt\\\" nowrap=\\\"nowrap\\\" width=\\\"872\\\">\n<p class=\\\"MsoNormal\\\" style=\\\"margin: 0cm;font-size: 11pt;font-family: Calibri, sans-serif;text-align: justify\\\"><span style=\\\"font-size: 13pt;color: #002060\\\"><a style=\\\"color: #0563c1\\\" href=\\\"http:\/\/lattes.cnpq.br\/5304088300593932\\\" target=\\\"_blank\\\" rel=\\\"noopener noreferrer\\\"><span style=\\\"color: #002060\\\">1. B\u00e1rbara Figueiredo Souto<\/span><\/a><\/span><\/p>\n<p class=\\\"MsoNormal\\\" style=\\\"margin: 0cm;font-size: 11pt;font-family: Calibri, sans-serif\\\"><span style=\\\"color: black\\\">E-mail: barbara.souto@unimontes.br<br \/>Doutorado em Hist\u00f3ria pela UFMG<\/span><\/p>\n<\/td>\n<\/tr>\n<tr style=\\\"height: 15pt\\\">\n<td style=\\\"width: 654pt;padding: 0cm 3.5pt;height: 15pt\\\" valign=\\\"bottom\\\" nowrap=\\\"nowrap\\\" width=\\\"872\\\">\u00a0<\/td>\n<\/tr>\n<tr style=\\\"height: 47.25pt\\\">\n<td style=\\\"width: 654pt;padding: 0cm 3.5pt;height: 47.25pt\\\" nowrap=\\\"nowrap\\\" width=\\\"872\\\">\n<p class=\\\"MsoNormal\\\" style=\\\"margin: 0cm;font-size: 11pt;font-family: Calibri, sans-serif;text-align: justify\\\"><span style=\\\"font-size: 13pt;color: #002060\\\"><a style=\\\"color: #0563c1\\\" href=\\\"http:\/\/lattes.cnpq.br\/7643639413441117\\\" target=\\\"_blank\\\" rel=\\\"noopener noreferrer\\\"><span style=\\\"color: #002060\\\">2. Cl\u00e1udia de Jesus Maia<\/span><\/a><\/span><\/p>\n<p class=\\\"MsoNormal\\\" style=\\\"margin: 0cm;font-size: 11pt;font-family: Calibri, sans-serif\\\"><span style=\\\"color: black\\\">E-mail: claudia.maia@unimontes.br<br \/>Doutorado em Hist\u00f3ria pela UnB, com per\u00edodo sandu\u00edche na \u00c9cole\u00a0<span class=\\\"SpellE\\\">des<\/span>\u00a0<span class=\\\"SpellE\\\">Hautes<\/span>\u00a0<span class=\\\"SpellE\\\">\u00c9tudes<\/span>\u00a0<span class=\\\"SpellE\\\">en<\/span>\u00a0<span class=\\\"SpellE\\\">Sci\u00eancias<\/span>\u00a0<span class=\\\"SpellE\\\">Sociales<\/span>\u00a0EHSS\/Paris.<br \/>P\u00f3s-doutorado em Hist\u00f3ria pela Universidade Nova de Lisboa<\/span><\/p>\n<\/td>\n<\/tr>\n<tr style=\\\"height: 15pt\\\">\n<td style=\\\"width: 654pt;padding: 0cm 3.5pt;height: 15pt\\\" valign=\\\"bottom\\\" nowrap=\\\"nowrap\\\" width=\\\"872\\\">\u00a0<\/td>\n<\/tr>\n<tr style=\\\"height: 47.25pt\\\">\n<td style=\\\"width: 654pt;padding: 0cm 3.5pt;height: 47.25pt\\\" nowrap=\\\"nowrap\\\" width=\\\"872\\\">\n<p class=\\\"MsoNormal\\\" style=\\\"margin: 0cm;font-size: 11pt;font-family: Calibri, sans-serif;text-align: justify\\\"><span style=\\\"font-size: 13pt;color: #002060\\\"><a style=\\\"color: #0563c1\\\" href=\\\"http:\/\/buscatextual.cnpq.br\/buscatextual\/visualizacv.do?id=K4244013Z4&amp;tokenCaptchar=03AGdBq24qxlnuHdOUMu6jl2oLfLrdmqKYmk-7EkgIlF_uOubEfJBSX3CBB4twFjpCMRo30_SY4UR5Sw4aCzGmmH7ae8CSXGzZJpbWnUxypc1AEykuR1ZktzymXxBhX1Ch8yFb9n7i0x-7TWbTLYitTtN_qblaurMv7APT0QCG3JTOn0PtgdcpfxcnsQsJhhFlc9qbfrzz6az3QYJ8f_fTtwKblsbadH-sDgBX5OuOTnEcLQsKGE8puu4iP4mYA5_YvCsnqA9UwOnvDpbbKd42NbcRL01bY3gg_iNjGsAuqvwwVHQRVVT0jXEmtAg_agXgFMjDigw-kVtDjLXkk_SJmddlDtkStjayhtz4YeDISrhcZyBH55xoO5g8NrLjfOfZu_Zb5PFjPtt9JqvDtphHDek7PaFDwOLTey_x64nj6XYqBB_l0CXFRDz4OBejNnnPUGWDNO2PnZ3WTfdwZqK4ATcXIXnzjmPrzw\\\" target=\\\"_blank\\\" rel=\\\"noopener noreferrer\\\"><span style=\\\"color: #002060\\\">3. Ester Liberato Pereira<\/span><\/a><\/span><\/p>\n<p class=\\\"MsoNormal\\\" style=\\\"margin: 0cm;font-size: 11pt;font-family: Calibri, sans-serif\\\"><span style=\\\"color: black\\\">E-mail: ester.pereira@unimontes.br<br \/>Doutorado em Ci\u00eancia do Movimento Humano pela UFRGS<\/span><\/p>\n<\/td>\n<\/tr>\n<tr style=\\\"height: 15pt\\\">\n<td style=\\\"width: 654pt;padding: 0cm 3.5pt;height: 15pt\\\" valign=\\\"bottom\\\" nowrap=\\\"nowrap\\\" width=\\\"872\\\">\u00a0<\/td>\n<\/tr>\n<tr style=\\\"height: 47.25pt\\\">\n<td style=\\\"width: 654pt;padding: 0cm 3.5pt;height: 47.25pt\\\" nowrap=\\\"nowrap\\\" width=\\\"872\\\">\n<p class=\\\"MsoNormal\\\" style=\\\"margin: 0cm;font-size: 11pt;font-family: Calibri, sans-serif;text-align: justify\\\"><span style=\\\"font-size: 13pt;color: #002060\\\"><a style=\\\"color: #0563c1\\\" href=\\\"http:\/\/lattes.cnpq.br\/6184071456334110\\\" target=\\\"_blank\\\" rel=\\\"noopener noreferrer\\\"><span style=\\\"color: #002060\\\">4. Filomena Luciene Cordeiro Reis<\/span><\/a><\/span><\/p>\n<p class=\\\"MsoNormal\\\" style=\\\"margin: 0cm;font-size: 11pt;font-family: Calibri, sans-serif\\\"><span style=\\\"color: black\\\">E-mail: filomena.joao.reis1996@gmail.com<br \/>Doutorado em Hist\u00f3ria pela UFU.<br \/>P\u00f3s-doutorado em Hist\u00f3ria pela Uniube<\/span><\/p>\n<\/td>\n<\/tr>\n<tr style=\\\"height: 15pt\\\">\n<td style=\\\"width: 654pt;padding: 0cm 3.5pt;height: 15pt\\\" valign=\\\"bottom\\\" nowrap=\\\"nowrap\\\" width=\\\"872\\\">\u00a0<\/td>\n<\/tr>\n<tr style=\\\"height: 47.25pt\\\">\n<td style=\\\"width: 654pt;padding: 0cm 3.5pt;height: 47.25pt\\\" nowrap=\\\"nowrap\\\" width=\\\"872\\\">\n<p class=\\\"MsoNormal\\\" style=\\\"margin: 0cm;font-size: 11pt;font-family: Calibri, sans-serif;text-align: justify\\\"><span style=\\\"font-size: 13pt;color: #002060\\\"><a style=\\\"color: #0563c1\\\" href=\\\"http:\/\/lattes.cnpq.br\/1973019388669345\\\" target=\\\"_blank\\\" rel=\\\"noopener noreferrer\\\"><span style=\\\"color: #002060\\\">5. Gustavo Tentoni Dias<\/span><\/a><\/span><\/p>\n<p class=\\\"MsoNormal\\\" style=\\\"margin: 0cm;font-size: 11pt;font-family: Calibri, sans-serif\\\"><span style=\\\"color: black\\\">E-mail: tentonidias@hotmail.com<br \/>Doutorado em Sociologia (University of London)<br \/>P\u00f3s-doutorado em Ci\u00eancias Sociais (PUC-SP)<\/span><\/p>\n<\/td>\n<\/tr>\n<tr style=\\\"height: 15pt\\\">\n<td style=\\\"width: 654pt;padding: 0cm 3.5pt;height: 15pt\\\" valign=\\\"bottom\\\" nowrap=\\\"nowrap\\\" width=\\\"872\\\">\u00a0<\/td>\n<\/tr>\n<tr style=\\\"height: 47.25pt\\\">\n<td style=\\\"width: 654pt;padding: 0cm 3.5pt;height: 47.25pt\\\" nowrap=\\\"nowrap\\\" width=\\\"872\\\">\n<p class=\\\"MsoNormal\\\" style=\\\"margin: 0cm;font-size: 11pt;font-family: Calibri, sans-serif;text-align: justify\\\"><span style=\\\"font-size: 13pt;color: #002060\\\"><span style=\\\"color: #002060\\\">6. <a href=\\\"http:\/\/lattes.cnpq.br\/9354798033365944\\\" target=\\\"_blank\\\" rel=\\\"noopener noreferrer\\\"><span style=\\\"color: #002060\\\">Leonara Lacerda Delfino<\/span><\/a><\/span><\/span><\/p>\n<p class=\\\"MsoNormal\\\" style=\\\"margin: 0cm;font-size: 11pt;font-family: Calibri, sans-serif\\\"><span style=\\\"color: black\\\">E-mail: <span style=\\\"font-weight: inherit;font-style: inherit\\\">leonaralacerda@yahoo.com.br\u00a0<\/span><\/span><\/p>\n<p class=\\\"MsoNormal\\\" style=\\\"margin: 0cm;font-size: 11pt;font-family: Calibri, sans-serif\\\"><span style=\\\"font-size: 14px;font-family: inherit;font-style: inherit\\\">Doutorado em Hist\u00f3ria pela UFJF, com per\u00edodo sandu\u00edche na Universidade de Coimbra (Portugal)<\/span><\/p>\n<p class=\\\"MsoNormal\\\" style=\\\"margin: 0cm;font-size: 11pt;font-family: Calibri, sans-serif\\\"><span style=\\\"font-style: inherit;font-weight: inherit;font-size: 14px;font-family: inherit\\\">P\u00f3s-doutorado em Hist\u00f3ria pelo PPGH-Unimontes\/MG.\u00a0<\/span><\/p>\n<\/td>\n<\/tr>\n<tr style=\\\"height: 15pt\\\">\n<td style=\\\"width: 654pt;padding: 0cm 3.5pt;height: 15pt\\\" valign=\\\"bottom\\\" nowrap=\\\"nowrap\\\" width=\\\"872\\\">\u00a0<\/td>\n<\/tr>\n<tr style=\\\"height: 47.25pt\\\">\n<td style=\\\"width: 654pt;padding: 0cm 3.5pt;height: 47.25pt\\\" nowrap=\\\"nowrap\\\" width=\\\"872\\\">\n<p class=\\\"MsoNormal\\\" style=\\\"margin: 0cm;font-size: 11pt;font-family: Calibri, sans-serif;text-align: justify\\\"><span style=\\\"font-size: 13pt;color: #002060\\\"><span style=\\\"color: #002060\\\">7. <a style=\\\"color: #0563c1\\\" href=\\\"http:\/\/lattes.cnpq.br\/2017104349633265\\\" target=\\\"_blank\\\" rel=\\\"noopener noreferrer\\\"><span style=\\\"color: #002060\\\">Marta Gouveia de Oliveira Rovai<\/span><\/a><\/span><\/span><\/p>\n<p class=\\\"MsoNormal\\\" style=\\\"margin: 0cm;font-size: 11pt;font-family: Calibri, sans-serif\\\"><span style=\\\"color: black\\\">E-mail: martarovai88@gmail.com<br \/>Doutorado em Hist\u00f3ria pela USP<br \/>P\u00f3s-doutorado em Hist\u00f3ria pela UFF<br \/><\/span><\/p>\n<\/td>\n<\/tr>\n<tr style=\\\"height: 15pt\\\">\n<td style=\\\"width: 654pt;padding: 0cm 3.5pt;height: 15pt\\\" valign=\\\"bottom\\\" nowrap=\\\"nowrap\\\" width=\\\"872\\\">\u00a0<\/td>\n<\/tr>\n<tr style=\\\"height: 47.25pt\\\">\n<td style=\\\"width: 654pt;padding: 0cm 3.5pt;height: 47.25pt\\\" nowrap=\\\"nowrap\\\" width=\\\"872\\\">\n<p class=\\\"MsoNormal\\\" style=\\\"margin: 0cm;font-size: 11pt;font-family: Calibri, sans-serif;text-align: justify\\\"><span style=\\\"font-size: 13pt;color: #002060\\\"><span style=\\\"color: #002060\\\">8. <a style=\\\"color: #0563c1\\\" href=\\\"http:\/\/lattes.cnpq.br\/0378705018243200\\\" target=\\\"_blank\\\" rel=\\\"noopener noreferrer\\\"><span style=\\\"color: #002060\\\">Rafael Dias de Castro<\/span><\/a><\/span><\/span><\/p>\n<p class=\\\"MsoNormal\\\" style=\\\"margin: 0cm;font-size: 11pt;font-family: Calibri, sans-serif\\\"><span style=\\\"color: black\\\">E-mail: rafael.castro@unimontes.br<br \/>Doutorado em Hist\u00f3ria das Ci\u00eancias pela Casa de Oswaldo Cruz \u2013 FIOCRUZ<br \/><\/span><\/p>\n<\/td>\n<\/tr>\n<tr style=\\\"height: 15pt\\\">\n<td style=\\\"width: 654pt;padding: 0cm 3.5pt;height: 15pt\\\" valign=\\\"bottom\\\" nowrap=\\\"nowrap\\\" width=\\\"872\\\">\u00a0<\/td>\n<\/tr>\n<tr style=\\\"height: 47.25pt\\\">\n<td style=\\\"width: 654pt;padding: 0cm 3.5pt;height: 47.25pt\\\" nowrap=\\\"nowrap\\\" width=\\\"872\\\">\n<p class=\\\"MsoNormal\\\" style=\\\"margin: 0cm;font-size: 11pt;font-family: Calibri, sans-serif;text-align: justify\\\"><span style=\\\"font-size: 13pt;color: #002060\\\"><span style=\\\"color: #002060\\\">9. <a style=\\\"color: #0563c1\\\" href=\\\"http:\/\/lattes.cnpq.br\/1633309403730095\\\" target=\\\"_blank\\\" rel=\\\"noopener noreferrer\\\"><span style=\\\"color: #002060\\\">Robson Murilo\u00a0<span class=\\\"SpellE\\\">Grando<\/span>\u00a0Della Torre<\/span><\/a><\/span><\/span><\/p>\n<p class=\\\"MsoNormal\\\" style=\\\"margin: 0cm;font-size: 11pt;font-family: Calibri, sans-serif\\\"><span style=\\\"color: black\\\">E-mail: robson_torre@yahoo.com.br<br \/>Doutorado em Hist\u00f3ria pela Unicamp-SP, com per\u00edodo sandu\u00edche em Oxford Centre for Late\u00a0<span class=\\\"SpellE\\\">Antiquity<\/span>\u00a0\u2013 UK<br \/><\/span><\/p>\n<\/td>\n<\/tr>\n<\/tbody>\n<\/table>\n<\/div>\n<\/div><\/div><\/div><\/div><\/div><\/section><section class=\"kc-elm kc_row\"><div class=\"kc-row-container  kc-container\"><div class=\"kc-wrap-columns\"><div class=\"kc-elm kc_column kc_col-sm-12\"><div class=\"kc-col-container\"><div class=\"kc-elm kc_text_block\"><h2 style=\\\"margin: 2pt 0cm 0cm;line-height: 19.9333px;font-size: 13pt;, sans-serif;color: #2f5496;font-weight: normal\\\"><i><span style=\\\"font-size: 14pt;line-height: 21.4667px;color: #7030a0\\\">Linha de Pesquisa Poder, trabalho e identidades<\/span><\/i><\/h2>\n<p><span style=\\\"color: black\\\">\u00a0<\/span><\/p>\n<table class=\\\"MsoNormalTable\\\" style=\\\"width: 654pt;border-collapse: collapse\\\" border=\\\"0\\\" width=\\\"872\\\" cellspacing=\\\"0\\\" cellpadding=\\\"0\\\">\n<tbody>\n<tr style=\\\"height: 47.25pt\\\">\n<td style=\\\"width: 654pt;padding: 0cm 3.5pt;height: 47.25pt\\\" nowrap=\\\"nowrap\\\" width=\\\"872\\\">\n<p class=\\\"MsoNormal\\\" style=\\\"margin: 0cm;font-size: 11pt;font-family: Calibri, sans-serif;text-align: justify\\\"><span style=\\\"font-size: 13pt;color: #002060\\\"><a style=\\\"color: #0563c1\\\" href=\\\"http:\/\/lattes.cnpq.br\/4403109726294623\\\" target=\\\"_blank\\\" rel=\\\"noopener noreferrer\\\"><span style=\\\"color: #002060\\\">1. Andr\u00e9a Helena Puydinger de Fazio<\/span><\/a><\/span><\/p>\n<p class=\\\"MsoNormal\\\" style=\\\"margin: 0cm;font-size: 11pt;font-family: Calibri, sans-serif\\\"><span style=\\\"color: black\\\">E-mail: andrea.fazio@unimontes.br<br \/>Doutorado em Hist\u00f3ria pela Unesp\/Assis-SP<\/span><\/p>\n<\/td>\n<\/tr>\n<tr style=\\\"height: 15pt\\\">\n<td style=\\\"width: 654pt;padding: 0cm 3.5pt;height: 15pt\\\" valign=\\\"bottom\\\" nowrap=\\\"nowrap\\\" width=\\\"872\\\">\u00a0<\/td>\n<\/tr>\n<tr style=\\\"height: 47.25pt\\\">\n<td style=\\\"width: 654pt;padding: 0cm 3.5pt;height: 47.25pt\\\" nowrap=\\\"nowrap\\\" width=\\\"872\\\">\n<p class=\\\"MsoNormal\\\" style=\\\"margin: 0cm;font-size: 11pt;font-family: Calibri, sans-serif;text-align: justify\\\"><span style=\\\"font-size: 13pt;color: #002060\\\"><a style=\\\"color: #0563c1\\\" href=\\\"http:\/\/lattes.cnpq.br\/5291819504978006\\\" target=\\\"_blank\\\" rel=\\\"noopener noreferrer\\\"><span style=\\\"color: #002060\\\">2. C\u00e9sar Henrique de Queiroz Porto<\/span><\/a><\/span><\/p>\n<p class=\\\"MsoNormal\\\" style=\\\"margin: 0cm;font-size: 11pt;font-family: Calibri, sans-serif\\\"><span style=\\\"color: black\\\">E-mail: cesarqueirozporto@gmail.com<br \/>Doutorado em Hist\u00f3ria pela Universidade de S\u00e3o Paulo \u2013 USP<\/span><\/p>\n<\/td>\n<\/tr>\n<tr style=\\\"height: 15pt\\\">\n<td style=\\\"width: 654pt;padding: 0cm 3.5pt;height: 15pt\\\" valign=\\\"bottom\\\" nowrap=\\\"nowrap\\\" width=\\\"872\\\">\u00a0<\/td>\n<\/tr>\n<tr style=\\\"height: 47.25pt\\\">\n<td style=\\\"width: 654pt;padding: 0cm 3.5pt;height: 47.25pt\\\" nowrap=\\\"nowrap\\\" width=\\\"872\\\">\n<p class=\\\"MsoNormal\\\" style=\\\"margin: 0cm;font-size: 11pt;font-family: Calibri, sans-serif;text-align: justify\\\"><span style=\\\"font-size: 13pt;color: #002060\\\"><a style=\\\"color: #0563c1\\\" href=\\\"http:\/\/lattes.cnpq.br\/2868999332160073\\\" target=\\\"_blank\\\" rel=\\\"noopener noreferrer\\\"><span style=\\\"color: #002060\\\">3. Felipe Azevedo <span class=\\\"SpellE\\\">Cazetta<\/span><\/span><\/a><\/span><\/p>\n<p class=\\\"MsoNormal\\\" style=\\\"margin: 0cm;font-size: 11pt;font-family: Calibri, sans-serif\\\"><span style=\\\"color: black\\\">E-mail: felipecazetta@yahoo.com.br<br \/>Doutorado em Hist\u00f3ria pela UFF, com per\u00edodo sandu\u00edche no Instituto de Ci\u00eancias Sociais da Universidade de Lisboa- Portugal<\/span><\/p>\n<\/td>\n<\/tr>\n<tr style=\\\"height: 15pt\\\">\n<td style=\\\"width: 654pt;padding: 0cm 3.5pt;height: 15pt\\\" valign=\\\"bottom\\\" nowrap=\\\"nowrap\\\" width=\\\"872\\\">\u00a0<\/td>\n<\/tr>\n<tr style=\\\"height: 47.25pt\\\">\n<td style=\\\"width: 654pt;padding: 0cm 3.5pt;height: 47.25pt\\\" nowrap=\\\"nowrap\\\" width=\\\"872\\\">\n<p class=\\\"MsoNormal\\\" style=\\\"margin: 0cm;font-size: 11pt;font-family: Calibri, sans-serif;text-align: justify\\\"><span style=\\\"font-size: 13pt;color: #002060\\\"><a style=\\\"color: #0563c1\\\" href=\\\"http:\/\/lattes.cnpq.br\/3621401615186277\\\" target=\\\"_blank\\\" rel=\\\"noopener noreferrer\\\"><span style=\\\"color: #002060\\\">4. Francisco Carlos Teixeira da Silva<\/span><\/a><\/span><\/p>\n<p class=\\\"MsoNormal\\\" style=\\\"margin: 0cm;font-size: 11pt;font-family: Calibri, sans-serif\\\"><span style=\\\"color: black\\\">E-mail: chicotempo@uol.com.br<br \/>Doutorado em Hist\u00f3ria pela UFF, com per\u00edodo sandu\u00edche na Freie Universit\u00e4t Berlin<br \/>P\u00f3s-doutorado em Hist\u00f3ria pela Freie Universit\u00e4t Berlin (1998-1999 \/ 2013) e Technische Universit\u00e4t Berlin, FU BERLIN (2010-2011).<\/span><\/p>\n<\/td>\n<\/tr>\n<tr style=\\\"height: 15pt\\\">\n<td style=\\\"width: 654pt;padding: 0cm 3.5pt;height: 15pt\\\" valign=\\\"bottom\\\" nowrap=\\\"nowrap\\\" width=\\\"872\\\">\u00a0<\/td>\n<\/tr>\n<tr style=\\\"height: 47.25pt\\\">\n<td style=\\\"width: 654pt;padding: 0cm 3.5pt;height: 47.25pt\\\" nowrap=\\\"nowrap\\\" width=\\\"872\\\">\n<p class=\\\"MsoNormal\\\" style=\\\"margin: 0cm;font-size: 11pt;font-family: Calibri, sans-serif;text-align: justify\\\"><span style=\\\"font-size: 13pt;color: #002060\\\"><a style=\\\"color: #0563c1\\\" href=\\\"http:\/\/lattes.cnpq.br\/8869297993110064\\\" target=\\\"_blank\\\" rel=\\\"noopener noreferrer\\\"><span style=\\\"color: #002060\\\">5. Helena Am\u00e1lia Papa<\/span><\/a><\/span><\/p>\n<p class=\\\"MsoNormal\\\" style=\\\"margin: 0cm;font-size: 11pt;font-family: Calibri, sans-serif\\\"><span style=\\\"color: black\\\">E-mail: helenapapa@gmail.com<br \/>Doutorado em Hist\u00f3ria pela UNESP\/<span class=\\\"SpellE\\\">Franca-SP<\/span>, com per\u00edodo sandu\u00edche na \u00c9cole\u00a0<span class=\\\"SpellE\\\">des<\/span>\u00a0<span class=\\\"SpellE\\\">Hautes<\/span>\u00a0<span class=\\\"SpellE\\\">\u00c9tudes<\/span>\u00a0<span class=\\\"SpellE\\\">en<\/span>\u00a0<span class=\\\"SpellE\\\">Sci\u00eancias<\/span>\u00a0<span class=\\\"SpellE\\\">Sociales<\/span>\u00a0EHSS\/Paris<\/span><\/p>\n<\/td>\n<\/tr>\n<tr style=\\\"height: 15pt\\\">\n<td style=\\\"width: 654pt;padding: 0cm 3.5pt;height: 15pt\\\" valign=\\\"bottom\\\" nowrap=\\\"nowrap\\\" width=\\\"872\\\">\u00a0<\/td>\n<\/tr>\n<tr style=\\\"height: 47.25pt\\\">\n<td style=\\\"width: 654pt;padding: 0cm 3.5pt;height: 47.25pt\\\" nowrap=\\\"nowrap\\\" width=\\\"872\\\">\n<p class=\\\"MsoNormal\\\" style=\\\"margin: 0cm;font-size: 11pt;font-family: Calibri, sans-serif;text-align: justify\\\"><span style=\\\"font-size: 13pt;color: #002060\\\"><span style=\\\"color: #002060\\\">6. <a style=\\\"color: #0563c1\\\" href=\\\"http:\/\/lattes.cnpq.br\/8382625378465281\\\" target=\\\"_blank\\\" rel=\\\"noopener noreferrer\\\"><span style=\\\"color: #002060\\\">Keila Auxiliadora de Carvalho<\/span><\/a><\/span><\/span><\/p>\n<p class=\\\"MsoNormal\\\" style=\\\"margin: 0cm;font-size: 11pt;font-family: Calibri, sans-serif\\\"><span style=\\\"color: black\\\">E-mail: keilaacarvalho@gmail.com<br \/>Doutorado em Hist\u00f3ria pela UFF<br \/>P\u00f3s-doutorado em Hist\u00f3ria das Ci\u00eancias pela Fiocruz<br \/><\/span><\/p>\n<\/td>\n<\/tr>\n<tr style=\\\"height: 15pt\\\">\n<td style=\\\"width: 654pt;padding: 0cm 3.5pt;height: 15pt\\\" valign=\\\"bottom\\\" nowrap=\\\"nowrap\\\" width=\\\"872\\\">\u00a0<\/td>\n<\/tr>\n<tr style=\\\"height: 62.25pt\\\">\n<td style=\\\"width: 654pt;padding: 0cm 3.5pt;height: 62.25pt\\\" nowrap=\\\"nowrap\\\" width=\\\"872\\\">\n<p class=\\\"MsoNormal\\\" style=\\\"margin: 0cm;font-size: 11pt;font-family: Calibri, sans-serif;text-align: justify\\\"><span style=\\\"font-size: 13pt;color: #002060\\\"><a style=\\\"color: #0563c1\\\" href=\\\"http:\/\/lattes.cnpq.br\/0686454547632127\\\" target=\\\"_blank\\\" rel=\\\"noopener noreferrer\\\"><span style=\\\"color: #002060\\\">7. Laurindo <span class=\\\"SpellE\\\">M\u00e9kie<\/span>\u00a0Pereira<\/span><\/a><\/span><\/p>\n<p class=\\\"MsoNormal\\\" style=\\\"margin: 0cm;font-size: 11pt;font-family: Calibri, sans-serif\\\"><span style=\\\"color: black\\\">E-mail: laurindo.pereira@unimontes.br<br \/>Doutorado em Hist\u00f3ria pela Universidade de S\u00e3o Paulo \u2013 USP<br \/>P\u00f3s-doutorado em Hist\u00f3ria pela Universidade Nova de Lisboa \u2013 Portugal<\/span><\/p>\n<\/td>\n<\/tr>\n<tr style=\\\"height: 15pt\\\">\n<td style=\\\"width: 654pt;padding: 0cm 3.5pt;height: 15pt\\\" valign=\\\"bottom\\\" nowrap=\\\"nowrap\\\" width=\\\"872\\\">\u00a0<\/td>\n<\/tr>\n<tr style=\\\"height: 47.25pt\\\">\n<td style=\\\"width: 654pt;padding: 0cm 3.5pt;height: 47.25pt\\\" nowrap=\\\"nowrap\\\" width=\\\"872\\\">\n<p class=\\\"MsoNormal\\\" style=\\\"margin: 0cm;font-size: 11pt;font-family: Calibri, sans-serif;text-align: justify\\\"><span style=\\\"font-size: 13pt;color: #002060\\\"><a style=\\\"color: #0563c1\\\" href=\\\"http:\/\/lattes.cnpq.br\/5113804934831727\\\" target=\\\"_blank\\\" rel=\\\"noopener noreferrer\\\"><span style=\\\"color: #002060\\\">8. Rejane Meireles Amaral Rodrigues<\/span><\/a><\/span><\/p>\n<p class=\\\"MsoNormal\\\" style=\\\"margin: 0cm;font-size: 11pt;font-family: Calibri, sans-serif\\\"><span style=\\\"color: black\\\">E-mail: rejane.rodrigues@unimontes.br<br \/>Doutorado em Hist\u00f3ria pela Universidade Federal de Uberl\u00e2ndia \u2013 UFU<\/span><\/p>\n<\/td>\n<\/tr>\n<tr style=\\\"height: 15pt\\\">\n<td style=\\\"width: 654pt;padding: 0cm 3.5pt;height: 15pt\\\" valign=\\\"bottom\\\" nowrap=\\\"nowrap\\\" width=\\\"872\\\">\u00a0<\/td>\n<\/tr>\n<tr style=\\\"height: 47.25pt\\\">\n<td style=\\\"width: 654pt;padding: 0cm 3.5pt;height: 47.25pt\\\" nowrap=\\\"nowrap\\\" width=\\\"872\\\">\n<p class=\\\"MsoNormal\\\" style=\\\"margin: 0cm;font-size: 11pt;font-family: Calibri, sans-serif;text-align: justify\\\"><span style=\\\"font-size: 13pt;color: #002060\\\"><a style=\\\"color: #0563c1\\\" href=\\\"http:\/\/lattes.cnpq.br\/5388668465836581\\\" target=\\\"_blank\\\" rel=\\\"noopener noreferrer\\\"><span style=\\\"color: #002060\\\">9. Renato da Silva Dias<\/span><\/a><\/span><\/p>\n<p class=\\\"MsoNormal\\\" style=\\\"margin: 0cm;font-size: 11pt;font-family: Calibri, sans-serif\\\"><span style=\\\"color: black\\\">E-mail: renato.dias@unimontes.br<br \/>Doutorado em Hist\u00f3ria pela Universidade Federal de Minas Gerais \u2013 UFMG<\/span><\/p>\n<\/td>\n<\/tr>\n<\/tbody>\n<\/table>\n<\/div><div class=\"kc-elm kc_text_block\"><h1 style=\\\"margin: 12pt 0cm 0cm;line-height: 24.5333px;font-size: 16pt;, sans-serif;color: #2f5496\\\"><span style=\\\"color: #002060\\\">Professores colaboradores<\/span><\/h1>\n<div><span style=\\\"color: #002060\\\">\u00a0<\/span><\/div>\n<\/div><\/div><\/div><\/div><\/div><\/section><section class=\"kc-elm kc_row\"><div class=\"kc-row-container  kc-container\"><div class=\"kc-wrap-columns\"><div class=\"kc-elm kc_column kc_col-sm-12\"><div class=\"kc-col-container\"><div class=\"kc-elm kc_text_block\"><h2 style=\\\"margin: 2pt 0cm 0cm;line-height: 19.9333px;font-size: 13pt;sans-serif;color: #2f5496;font-weight: normal\\\"><i><span style=\\\"font-size: 14pt;line-height: 21.4667px;color: #7030a0\\\">Linha de Pesquisa Cultura, rela\u00e7\u00f5es sociais e g\u00eanero<\/span><\/i><\/h2>\n<div>\n<table class=\\\"MsoNormalTable\\\" style=\\\"width: 654pt;border-collapse: collapse\\\" border=\\\"0\\\" width=\\\"872\\\" cellspacing=\\\"0\\\" cellpadding=\\\"0\\\">\n<tbody>\n<tr style=\\\"height: 47.25pt\\\">\n<td style=\\\"width: 654pt;padding: 0cm 3.5pt;height: 47.25pt\\\" nowrap=\\\"nowrap\\\" width=\\\"872\\\">\n<p class=\\\"MsoNormal\\\" style=\\\"margin: 0cm;font-size: 11pt;font-family: Calibri, sans-serif;text-align: justify\\\"><span style=\\\"font-size: 13pt;color: #002060\\\"><a style=\\\"color: #0563c1\\\" href=\\\"http:\/\/lattes.cnpq.br\/8355142065166994\\\" target=\\\"_blank\\\" rel=\\\"noopener noreferrer\\\"><span style=\\\"color: #002060\\\">1. \u00c9rika Oliveira Amorim Tannus Cheim<\/span><\/a><\/span><\/p>\n<p class=\\\"MsoNormal\\\" style=\\\"margin: 0cm;font-size: 11pt;font-family: Calibri, sans-serif;text-align: justify\\\"><span style=\\\"color: black\\\">E-mail: erika.amorim@uemg.br<br \/>Doutorado em Hist\u00f3ria pela UFES<br \/><\/span><\/p>\n<\/td>\n<\/tr>\n<tr style=\\\"height: 47.25pt\\\">\n<td style=\\\"width: 654pt;padding: 0cm 3.5pt;height: 47.25pt\\\" nowrap=\\\"nowrap\\\" width=\\\"872\\\">\n<p class=\\\"MsoNormal\\\" style=\\\"margin: 0cm;font-size: 11pt;font-family: Calibri, sans-serif;text-align: justify\\\"><span style=\\\"font-size: 13pt;color: #002060\\\"><a style=\\\"color: #0563c1\\\" href=\\\"http:\/\/lattes.cnpq.br\/3100282240549949\\\" target=\\\"_blank\\\" rel=\\\"noopener noreferrer\\\"><span style=\\\"color: #002060\\\">2. J\u00falio D\\&#8217;Angelo Davies<\/span><\/a><\/span><\/p>\n<p class=\\\"MsoNormal\\\" style=\\\"margin: 0cm;font-size: 11pt;font-family: Calibri, sans-serif;text-align: justify\\\"><span style=\\\"color: black\\\">E-mail: julio.davies@unimontes.br<br \/>Doutor em Antropologia pela Universidade Federal Fluminense, com per\u00edodo sandu\u00edche na Universit\u00e9 de Montreal.<\/span><\/p>\n<p class=\\\"MsoNormal\\\" style=\\\"margin: 0cm;font-size: 11pt;font-family: Calibri, sans-serif;text-align: justify\\\"><span style=\\\"color: black\\\">P\u00f3s-doutorado em Sociologia, Pol\u00edtica e Estudos Internacionais pela Universidade de Bristol<br \/><\/span><\/p>\n<\/td>\n<\/tr>\n<\/tbody>\n<\/table>\n<\/div>\n<\/div><\/div><\/div><\/div><\/div><\/section><section class=\"kc-elm kc_row\"><div class=\"kc-row-container  kc-container\"><div class=\"kc-wrap-columns\"><div class=\"kc-elm kc_column kc_col-sm-12\"><div class=\"kc-col-container\"><div class=\"kc-elm kc_text_block\"><h2 style=\\\"margin: 2pt 0cm 0cm;line-height: 19.9333px;font-size: 13pt;, sans-serif;color: #2f5496;font-weight: normal\\\"><i><span style=\\\"font-size: 14pt;line-height: 21.4667px;color: #7030a0\\\">Linha de Pesquisa Poder, trabalho e identidades<\/span><\/i><\/h2>\n<div>\n<table class=\\\"MsoNormalTable\\\" style=\\\"width: 654pt;border-collapse: collapse\\\" border=\\\"0\\\" width=\\\"872\\\" cellspacing=\\\"0\\\" cellpadding=\\\"0\\\">\n<tbody>\n<tr style=\\\"height: 47.25pt\\\">\n<td style=\\\"width: 654pt;padding: 0cm 3.5pt;height: 47.25pt\\\" nowrap=\\\"nowrap\\\" width=\\\"872\\\">\n<p class=\\\"MsoNormal\\\" style=\\\"margin: 0cm;font-size: 11pt;font-family: Calibri, sans-serif;text-align: justify\\\"><span style=\\\"font-size: 13pt;color: #002060\\\"><a style=\\\"color: #0563c1\\\" href=\\\"http:\/\/lattes.cnpq.br\/8471140718706716\\\" target=\\\"_blank\\\" rel=\\\"noopener noreferrer\\\"><span style=\\\"color: #002060\\\">1. Rafael Soares Duarte de Moura<\/span><\/a><\/span><\/p>\n<p class=\\\"MsoNormal\\\" style=\\\"margin: 0cm;font-size: 11pt;font-family: Calibri, sans-serif;text-align: justify\\\"><span style=\\\"color: black\\\">E-mail: rafael.moura@unimontes.br<br \/>Doutorado em Direito pela UnB<br \/>P\u00f3s-doutorado em Direitos Humanos pela UFG<br \/><\/span><\/p>\n<\/td>\n<\/tr>\n<\/tr>\n<tr style=\\\"height: 47.25pt\\\">\n<td style=\\\"width: 654pt;padding: 0cm 3.5pt;height: 47.25pt\\\" nowrap=\\\"nowrap\\\" width=\\\"872\\\">\n<p class=\\\"MsoNormal\\\" style=\\\"margin: 0cm;font-size: 11pt;font-family: Calibri, sans-serif;text-align: justify\\\"><span style=\\\"font-size: 13pt;color: #002060\\\"><a style=\\\"color: #0563c1\\\" href=\\\"http:\/\/lattes.cnpq.br\/5818423559037598\\\" target=\\\"_blank\\\" rel=\\\"noopener noreferrer\\\"><span style=\\\"color: #002060\\\">2. Talita Gon\u00e7alves Medeiros<\/span><\/a><\/span><\/p>\n<p class=\\\"MsoNormal\\\" style=\\\"margin: 0cm;font-size: 11pt;font-family: Calibri, sans-serif\\\"><span style=\\\"color: black\\\">E-mail: tgmhistoria@gmail.com<br \/>Doutorado em Hist\u00f3ria pela UFSC.<\/span><\/p>\n<\/td>\n<\/tr>\n<\/tbody>\n<\/table>\n<\/div>\n<div><\/div>\n<\/div><\/div><\/div><\/div><\/div><\/section>\n","protected":false},"excerpt":{"rendered":"","protected":false},"author":2,"featured_media":0,"parent":1469,"menu_order":1,"comment_status":"closed","ping_status":"closed","template":"","meta":[],"yoast_head":"<!-- This site is optimized with the Yoast SEO plugin v14.7 - https:\/\/yoast.com\/wordpress\/plugins\/seo\/ -->\n<title>Corpo docente - PPGH - P\u00f3s Gradua\u00e7\u00e3o em Hist\u00f3ria Unimontes<\/title>\n<meta name=\"robots\" content=\"index, follow\" \/>\n<meta name=\"googlebot\" content=\"index, follow, max-snippet:-1, max-image-preview:large, max-video-preview:-1\" \/>\n<meta name=\"bingbot\" content=\"index, follow, max-snippet:-1, max-image-preview:large, max-video-preview:-1\" \/>\n<link rel=\"canonical\" href=\"https:\/\/www.posgraduacao.unimontes.br\/ppgh\/equipe\/corpo-docente\/\" \/>\n<meta property=\"og:locale\" content=\"pt_BR\" \/>\n<meta property=\"og:type\" content=\"article\" \/>\n<meta property=\"og:title\" content=\"Corpo docente - PPGH - P\u00f3s Gradua\u00e7\u00e3o em Hist\u00f3ria Unimontes\" \/>\n<meta property=\"og:description\" content=\"Corpo docente Professores permanentes \u00a0 Linha de Pesquisa Cultura, rela\u00e7\u00f5es sociais e g\u00eanero 1. B\u00e1rbara Figueiredo Souto E-mail: barbara.souto@unimontes.brDoutorado em Hist\u00f3ria pela UFMG \u00a0 2. Cl\u00e1udia de Jesus Maia E-mail: claudia.maia@unimontes.brDoutorado em Hist\u00f3ria pela UnB, com per\u00edodo sandu\u00edche na \u00c9cole\u00a0des\u00a0Hautes\u00a0\u00c9tudes\u00a0en\u00a0Sci\u00eancias\u00a0Sociales\u00a0EHSS\/Paris.P\u00f3s-doutorado em Hist\u00f3ria pela Universidade Nova de Lisboa \u00a0 3. Ester Liberato Pereira E-mail: ester.pereira@unimontes.brDoutorado em [&hellip;]\" \/>\n<meta property=\"og:url\" content=\"https:\/\/www.posgraduacao.unimontes.br\/ppgh\/equipe\/corpo-docente\/\" \/>\n<meta property=\"og:site_name\" content=\"PPGH - P\u00f3s Gradua\u00e7\u00e3o em Hist\u00f3ria Unimontes\" \/>\n<meta property=\"article:modified_time\" content=\"2023-03-27T12:01:48+00:00\" \/>\n<meta name=\"twitter:card\" content=\"summary_large_image\" \/>\n<script type=\"application\/ld+json\" class=\"yoast-schema-graph\">{\"@context\":\"https:\/\/schema.org\",\"@graph\":[{\"@type\":\"WebSite\",\"@id\":\"https:\/\/www.posgraduacao.unimontes.br\/ppgh\/#website\",\"url\":\"https:\/\/www.posgraduacao.unimontes.br\/ppgh\/\",\"name\":\"PPGH - P\\u00f3s Gradua\\u00e7\\u00e3o em Hist\\u00f3ria Unimontes\",\"description\":\"Portal da P\\u00f3s Gradua\\u00e7\\u00e3o em Hist\\u00f3ria Unimontes\",\"potentialAction\":[{\"@type\":\"SearchAction\",\"target\":\"https:\/\/www.posgraduacao.unimontes.br\/ppgh\/?s={search_term_string}\",\"query-input\":\"required name=search_term_string\"}],\"inLanguage\":\"pt-BR\"},{\"@type\":\"WebPage\",\"@id\":\"https:\/\/www.posgraduacao.unimontes.br\/ppgh\/equipe\/corpo-docente\/#webpage\",\"url\":\"https:\/\/www.posgraduacao.unimontes.br\/ppgh\/equipe\/corpo-docente\/\",\"name\":\"Corpo docente - PPGH - P\\u00f3s Gradua\\u00e7\\u00e3o em Hist\\u00f3ria Unimontes\",\"isPartOf\":{\"@id\":\"https:\/\/www.posgraduacao.unimontes.br\/ppgh\/#website\"},\"datePublished\":\"2021-08-30T18:35:53+00:00\",\"dateModified\":\"2023-03-27T12:01:48+00:00\",\"inLanguage\":\"pt-BR\",\"potentialAction\":[{\"@type\":\"ReadAction\",\"target\":[\"https:\/\/www.posgraduacao.unimontes.br\/ppgh\/equipe\/corpo-docente\/\"]}]}]}<\/script>\n<!-- \/ Yoast SEO plugin. -->","_links":{"self":[{"href":"https:\/\/www.posgraduacao.unimontes.br\/ppgh\/wp-json\/wp\/v2\/pages\/1473"}],"collection":[{"href":"https:\/\/www.posgraduacao.unimontes.br\/ppgh\/wp-json\/wp\/v2\/pages"}],"about":[{"href":"https:\/\/www.posgraduacao.unimontes.br\/ppgh\/wp-json\/wp\/v2\/types\/page"}],"author":[{"embeddable":true,"href":"https:\/\/www.posgraduacao.unimontes.br\/ppgh\/wp-json\/wp\/v2\/users\/2"}],"replies":[{"embeddable":true,"href":"https:\/\/www.posgraduacao.unimontes.br\/ppgh\/wp-json\/wp\/v2\/comments?post=1473"}],"version-history":[{"count":17,"href":"https:\/\/www.posgraduacao.unimontes.br\/ppgh\/wp-json\/wp\/v2\/pages\/1473\/revisions"}],"predecessor-version":[{"id":1475,"href":"https:\/\/www.posgraduacao.unimontes.br\/ppgh\/wp-json\/wp\/v2\/pages\/1473\/revisions\/1475"}],"up":[{"embeddable":true,"href":"https:\/\/www.posgraduacao.unimontes.br\/ppgh\/wp-json\/wp\/v2\/pages\/1469"}],"wp:attachment":[{"href":"https:\/\/www.posgraduacao.unimontes.br\/ppgh\/wp-json\/wp\/v2\/media?parent=1473"}],"curies":[{"name":"wp","href":"https:\/\/api.w.org\/{rel}","templated":true}]}}