{"id":1419,"date":"2021-08-23T21:42:33","date_gmt":"2021-08-24T00:42:33","guid":{"rendered":"https:\/\/www.posgraduacao.unimontes.br\/ppgh\/?page_id=1419"},"modified":"2024-09-24T06:50:21","modified_gmt":"2024-09-24T09:50:21","slug":"grupos-de-pesquisas","status":"publish","type":"page","link":"https:\/\/www.posgraduacao.unimontes.br\/ppgh\/o-programa\/grupos-de-pesquisas\/","title":{"rendered":"Grupos de Pesquisas"},"content":{"rendered":"<section class=\"kc-elm kc-css-179941 kc_row\"><div class=\"kc-row-container  kc-container\"><div class=\"kc-wrap-columns\"><div class=\"kc-elm kc-css-311048 kc_col-sm-12 kc_column kc_col-sm-12\"><div class=\"kc-col-container\"><div class=\"kc-elm kc-css-693307\" style=\"height: 40px; clear: both; width:100%;\"><\/div><\/div><\/div><\/div><\/div><\/section><section class=\"kc-elm kc-css-379185 kc_row\"><div class=\"kc-row-container  kc-container\"><div class=\"kc-wrap-columns\"><div class=\"kc-elm kc-css-243354 kc_col-sm-12 kc_column kc_col-sm-12\"><div class=\"kc-col-container\"><div class=\"kc-elm kc-css-741658 kc_text_block\"><p class=\"MsoNormal\" style=\"margin: 0cm 0cm 8pt; line-height: 15.6933px; font-size: 11pt; font-family: Calibri, sans-serif; color: #000000;\"><span style=\"font-size: 16pt; line-height: 22.8267px; font-family: Arial, sans-serif; color: #002060;\">Grupos de Pesquisa<\/span><\/p>\n<\/div><\/div><\/div><\/div><\/div><\/section><section class=\"kc-elm kc-css-175570 kc_row\"><div class=\"kc-row-container  kc-container\"><div class=\"kc-wrap-columns\"><div class=\"kc-elm kc-css-897246 kc_col-sm-12 kc_column kc_col-sm-12\"><div class=\"kc-col-container\"><div data-closeall=\"true\" class=\"kc-elm kc-css-711997 kc_accordion_wrapper\">\n<div class=\"kc-elm kc-css-877610 kc_accordion_section group \"><h3 class=\"kc_accordion_header ui-accordion-header\"><span class=\"ui-accordion-header-icon ui-icon\"><\/span><a href=\"#grupo-de-pesquisa-e-estudos-genero-e-violencia-gpeg\" data-prevent=\"scroll\"><i class=\"sl-arrow-down\"><\/i> Grupo de Pesquisa e Estudos G\u00eanero e Viol\u00eancia (GPEG)<\/a><\/h3><div class=\"kc_accordion_content ui-accordion-content kc_clearfix\"><div class=\"kc-panel-body\"><div class=\"kc-elm kc-css-880601 kc_text_block\"><p class=\"MsoNormal\" style=\"margin: 0cm 0cm 10pt; line-height: 22px; font-size: 11pt; font-family: Calibri, sans-serif; color: #000000;\"><a href=\"http:\/\/www.posgraduacao.unimontes.br\/uploads\/sites\/2\/2024\/09\/Edital-Emenda-parlamentar-2024.pdf\" target=\"_blank\" rel=\"noopener\"><span style=\"line-height: 28px; font-size: 14pt;\">EDITAL N\u00ba 01\/2024<\/span><\/a><\/p>\n<p class=\"MsoNormal\" style=\"margin: 0cm 0cm 10pt; line-height: 22px; font-size: 11pt; font-family: Calibri, sans-serif; color: #000000;\"><b style=\"font-size: 11pt; font-style: inherit;\"><span style=\"font-size: 14pt; line-height: 28px;\">L\u00edderes<\/span><\/b><span style=\"font-style: inherit; font-size: 14pt; line-height: 28px;\">: Profa. Dra. Cl\u00e1udia Maia<\/span><\/p>\n<p class=\"MsoNormal\" style=\"margin: 0cm; line-height: 22px; font-size: 11pt; font-family: Calibri, sans-serif; color: #000000;\"><span style=\"font-size: 14pt; line-height: 28px;\">\u00a0\u00a0\u00a0\u00a0\u00a0\u00a0\u00a0\u00a0\u00a0\u00a0\u00a0\u00a0\u00a0\u00a0\u00a0Profa. Dra. B\u00e1rbara Figueiredo Souto<\/span><\/p>\n<p class=\"MsoNormal\" style=\"margin: 6pt 0cm 10pt; line-height: 22px; font-size: 11pt; font-family: Calibri, sans-serif; color: #000000; text-align: justify;\"><span style=\"font-size: 14pt; line-height: 28px;\">Criado em 2006 por meio da resolu\u00e7\u00e3o 174 CEPEX\/2006 e cadastrado nesse mesmo ano no Diret\u00f3rio de Grupos de Pesquisa do CNPq, o Grupo de Pesquisa G\u00eanero e Viol\u00eancia, est\u00e1 vinculado ao Programa de P\u00f3s-gradua\u00e7\u00e3o em Hist\u00f3ria da Universidade Estadual de Montes Claros. Tem por\u00a0<b>objetivo\u00a0<\/b>a cria\u00e7\u00e3o de espa\u00e7o institucional para fomentar o debate acad\u00eamico e incentivar pesquisas\u00a0<\/span><span style=\"font-size: 14pt; line-height: 28px;\">sobre g\u00eanero, hist\u00f3ria das mulheres, feminismos e especialmente viol\u00eancia de g\u00eanero<\/span><span style=\"font-size: 14pt; line-height: 28px;\">, oferecendo instrumentos te\u00f3rico-metodol\u00f3gicos para as\/os alunas\/os da gradua\u00e7\u00e3o e da p\u00f3s-gradua\u00e7\u00e3o desenvolverem seus trabalhos e, ao mesmo tempo, agrupar pesquisadores\/as para o desenvolvimento de projetos coletivos. O GPEG tamb\u00e9m\u00a0<\/span><span style=\"font-size: 14pt; line-height: 28px;\">tem sido refer\u00eancia para apoio e consultorias no Norte de Minas em projetos e pol\u00edticas p\u00fablicas que envolvem mulheres e viol\u00eancia de g\u00eanero.<\/span><\/p>\n<p class=\"MsoNormal\" style=\"margin: 0cm; line-height: 22px; font-size: 11pt; font-family: Calibri, sans-serif; color: #000000; text-align: justify;\"><b><span style=\"font-size: 14pt; line-height: 28px;\">CONTATOS:<\/span><\/b><\/p>\n<p class=\"MsoNormal\" style=\"margin: 0cm; line-height: 22px; font-size: 11pt; font-family: Calibri, sans-serif; color: #000000; text-align: justify;\"><span style=\"font-size: 14pt; line-height: 28px;\">Campus Universit\u00e1rio Prof. Darcy Ribeiro, Sala 69, pr\u00e9dio 2, Centro de Ci\u00eancias Humanas. Universidade Estadual de Montes Claros \u2013\u00a0<span class=\"SpellE\">Unimontes<\/span>.<\/span><\/p>\n<p class=\"MsoNormal\" style=\"margin: 0cm; line-height: 22px; font-size: 11pt; font-family: Calibri, sans-serif; color: #000000; text-align: justify;\"><span style=\"font-size: 14pt; line-height: 28px;\">Vila\u00a0<span class=\"SpellE\">Mauric\u00e9ia<\/span>, Montes Claros \u2013 MG.<\/span><\/p>\n<p class=\"MsoNormal\" style=\"margin: 0cm; line-height: 22px; font-size: 11pt; font-family: Calibri, sans-serif; color: #000000; text-align: justify;\"><span style=\"font-size: 14pt; line-height: 28px;\">(38) 3229-8060\u00a0<\/span><\/p>\n<p class=\"MsoNormal\" style=\"margin: 0cm; line-height: 22px; font-size: 11pt; font-family: Calibri, sans-serif; color: #000000; text-align: justify;\"><span style=\"font-size: 14pt; line-height: 28px;\">E-mail:\u00a0<\/span><span style=\"font-size: 14pt; line-height: 28px;\"><a style=\"color: #0563c1;\" href=\"mailto:gvmulheres@gmail.com\">gvmulheres@gmail.com<\/a><\/span><\/p>\n<p class=\"MsoNormal\" style=\"margin: 0cm; line-height: 22px; font-size: 11pt; font-family: Calibri, sans-serif; color: #000000; text-align: justify;\"><span style=\"font-size: 14pt; line-height: 28px;\">\u00a0<\/span><\/p>\n<p class=\"MsoNormal\" style=\"margin: 0cm; line-height: 22px; font-size: 11pt; font-family: Calibri, sans-serif; color: #000000; text-align: justify;\"><b><span style=\"font-size: 14pt; line-height: 28px;\">P\u00c1GINA CNPQ<\/span><\/b><\/p>\n<p class=\"MsoNormal\" style=\"margin: 0cm; line-height: 22px; font-size: 11pt; font-family: Calibri, sans-serif; color: #000000; text-align: justify;\"><span style=\"font-size: 14pt; line-height: 28px;\"><a style=\"color: #0563c1;\" href=\"http:\/\/dgp.cnpq.br\/dgp\/espelhogrupo\/2065212964270257\">http:\/\/dgp.cnpq.br\/dgp\/espelhogrupo\/2065212964270257<\/a><\/span><\/p>\n<p class=\"MsoNormal\" style=\"margin: 0cm; line-height: 22px; font-size: 11pt; font-family: Calibri, sans-serif; color: #000000; text-align: justify;\"><span style=\"font-size: 14pt; line-height: 28px;\">Instagram:\u00a0<\/span><span style=\"font-size: 14pt; line-height: 28px;\"><a style=\"color: #0563c1;\" href=\"https:\/\/www.instagram.com\/gpegunimontes\/\">https:\/\/www.instagram.com\/gpegunimontes\/<\/a><\/span><\/p>\n<p class=\"MsoNormal\" style=\"margin: 0cm; line-height: 22px; font-size: 11pt; font-family: Calibri, sans-serif; color: #000000;\"><span style=\"font-size: 14pt; line-height: 28px;\">\u00a0<\/span><\/p>\n<\/div><div class=\"kc-elm kc-css-423148 kc-icon-wrapper\">\n\t\t<a href=\"http:\/\/www.posgraduacao.unimontes.br\/uploads\/sites\/2\/2021\/08\/GPEG.pdf\" target=\"_self\" title=\"Saiba mais\">\n\t\t<i class=\"et-document\"><\/i>\n\t\t<\/a>\n\t<\/div>\n<div class=\"kc-elm kc-css-828980 kc_text_block\"><p>\nSaiba mais<\/p>\n<p class=\"MsoNormal\" style=\"margin: 0cm; line-height: 22px; font-size: 11pt; font-family: Calibri, sans-serif; color: #000000;\">\n<\/div><\/div><\/div><\/div><div class=\"kc-elm kc-css-383406 kc_accordion_section group \"><h3 class=\"kc_accordion_header ui-accordion-header\"><span class=\"ui-accordion-header-icon ui-icon\"><\/span><a href=\"#grupo-de-pesquisa-e-estudos-do-pensamento-autoritario\" data-prevent=\"scroll\"><i class=\"sl-arrow-down\"><\/i> Grupo de Pesquisa e Estudos do pensamento autorit\u00e1rio<\/a><\/h3><div class=\"kc_accordion_content ui-accordion-content kc_clearfix\"><div class=\"kc-panel-body\"><div class=\"kc-elm kc-css-127304 kc_text_block\"><p class=\"MsoNormal\" style=\"margin: 0cm 0cm 10pt; line-height: 22px; font-size: 11pt; font-family: Calibri, sans-serif; color: #000000;\"><b style=\"font-size: 11pt; font-style: inherit;\"><span style=\"font-size: 14pt; line-height: 28px;\">\u00a0<\/span><\/b><\/p>\n<p class=\"MsoNormal\" style=\"margin: 0cm 0cm 10pt; line-height: 22px; font-size: 11pt; font-family: Calibri, sans-serif; color: #000000;\"><b style=\"font-size: 11pt; font-style: inherit;\"><span style=\"font-size: 14pt; line-height: 28px;\">L\u00edder<\/span><\/b><span style=\"font-style: inherit; font-size: 14pt; line-height: 28px;\">:\u00a0<\/span><span style=\", serif;font-size: 16px; text-align: justify; color: #444444; font-style: inherit;\">Prof. Dr. Felipe Azevedo Cazetta<\/span><\/p>\n<p class=\"MsoNormal\" style=\"text-align: justify;\"><span style=\"font-size: 12.0pt; line-height: 107%;\">Atrav\u00e9s de pesquisas acerca da diversidade dos pensamentos pol\u00edticos autorit\u00e1rios, se permite perceber a manifesta\u00e7\u00e3o de aspectos consonantes em discursos e pr\u00e1ticas contempor\u00e2neas; a\u00e7\u00f5es que caracterizam o repert\u00f3rio e performance t\u00edpicas de determinados grupos ou simpatizantes de dada concep\u00e7\u00e3o autorit\u00e1ria; bem como tornar saliente e vis\u00edvel a presen\u00e7a de concep\u00e7\u00f5es autorit\u00e1rias de diferentes linhagens e fam\u00edlias pol\u00edticas, atuando na contemporaneidade. Portanto, o grupo de pesquisa tem como proposta assumir recorte temporal diacr\u00f4nico e bastante dilatado no intuito de contemplar investiga\u00e7\u00f5es de fen\u00f4menos compreendidos entre meados do s\u00e9culo XIX, quando explodiram as vagas nacionalistas \u2013 que alimentaram concep\u00e7\u00f5es extremistas -, at\u00e9 os anos vinte do s\u00e9culo XXI, que deram vaz\u00e3o a posturas de exclus\u00e3o \u00e9tnica, marginaliza\u00e7\u00e3o de grupos sociais, e manifesta\u00e7\u00f5es institucionais ou n\u00e3o de protecionismo e xenofobia em diferentes partes do globo. Tais enfoques se vincularam aos mecanismos de disputa de poder em sentido ampliado, portando, n\u00e3o fazendo qualquer sentido organiza-lo em institucional ou extra-institucional. Em outras palavras, as pesquisas se concentraram nas formas de atua\u00e7\u00e3o de grupos extremistas em seus discurso, por projetos pol\u00edticos, modelos de Estado, propostas de forma\u00e7\u00e3o moral e social, atrav\u00e9s de plataformas de ensino, por exemplo; formas de infiltra\u00e7\u00e3o em discursos religiosos, e estrat\u00e9gias de proje\u00e7\u00e3o destes discurso religiosos e fundamentalistas como formas de ampliarem percentual de seguidores, militantes e, por fim, eleitores; maneiras de proje\u00e7\u00e3o e organiza\u00e7\u00e3o do extremismo ideol\u00f3gico e do autoritarismo pol\u00edtico no ciberespa\u00e7o.<\/span><\/p>\n<p class=\"MsoNormal\" style=\"text-align: justify;\">CONTATO:<\/p>\n<p class=\"MsoNormal\" style=\"text-align: justify;\">E-mail:\u00a0felipecazetta@yahoo.com.br<\/p>\n<p class=\"MsoNormal\" style=\"text-align: justify;\">P\u00c1GINA CNPq:<\/p>\n<p class=\"MsoNormal\" style=\"text-align: justify;\"><a href=\"http:\/\/dgp.cnpq.br\/dgp\/espelhogrupo\/2065904993744150\" target=\"_blank\" rel=\"noopener noreferrer\">dgp.cnpq.br\/dgp\/espelhogrupo\/2065904993744150<\/a><\/p>\n<p class=\"MsoNormal\" style=\"text-align: justify;\">\n<\/div><\/div><\/div><\/div><div class=\"kc-elm kc-css-288787 kc_accordion_section group \"><h3 class=\"kc_accordion_header ui-accordion-header\"><span class=\"ui-accordion-header-icon ui-icon\"><\/span><a href=\"#grupo-de-estudos-em-historia-do-esporte-e-da-educacao-fisica-gehef\" data-prevent=\"scroll\"><i class=\"sl-arrow-down\"><\/i> Grupo de Estudos em Hist\u00f3ria do Esporte e da Educa\u00e7\u00e3o F\u00edsica (GEHEF)<\/a><\/h3><div class=\"kc_accordion_content ui-accordion-content kc_clearfix\"><div class=\"kc-panel-body\"><div class=\"kc-elm kc-css-522792 kc_text_block\"><p class=\"MsoNormal\" style=\"margin-bottom: 10.0pt; line-height: 16.5pt; background: white;\"><b><span style=\"font-size: 14.0pt; color: black;\">L\u00edder<\/span><\/b><span style=\"font-size: 14.0pt; color: black;\">: Profa. Dra. Ester Liberato Pereira<\/span><\/p>\n<p class=\"MsoNormal\" style=\"text-align: justify; line-height: 16.5pt; background: white; margin: 6.0pt 0cm 10.0pt 0cm;\"><span style=\"font-size: 14.0pt; ,sans-serif;color: black;\">Cunhado em 2018, institucionalizado por meio da Resolu\u00e7\u00e3o CEPEx\/Unimontes N\u00ba. 084, 16 de setembro de 2020, e cadastrado nesse mesmo ano no Diret\u00f3rio de Grupos de Pesquisa do CNPq, o Grupo de Estudos em Hist\u00f3ria do Esporte e da Educa\u00e7\u00e3o F\u00edsica (GEHEF) encontra-se vinculado ao <\/span><span style=\"font-size: 14.0pt; ,sans-serif;color: black;\">Programa de P\u00f3s-gradua\u00e7\u00e3o em Hist\u00f3ria (PPGH) da Universidade Estadual de Montes Claros (Unimontes). Apresenta, por\u00a0<b>objetivo<\/b><\/span><span style=\"font-size: 14.0pt; ,sans-serif;color: black;\">, produzir e publicar pesquisas, afora realizar atividades de ensino e de extens\u00e3o (exposi\u00e7\u00f5es, palestras, dentre outros) a respeito de uma hist\u00f3ria do esporte, das pr\u00e1ticas corporais e da Educa\u00e7\u00e3o F\u00edsica na regi\u00e3o Norte do estado de Minas Gerais.<\/span> <span style=\"font-size: 14.0pt; ,sans-serif;color: black; border: none windowtext 1.0pt; padding: 0cm;\">A perspectiva te\u00f3rico-metodol\u00f3gica das pesquisas est\u00e1 ancorada na Hist\u00f3ria, nas Ci\u00eancias Sociais e nas suas interconex\u00f5es com a Educa\u00e7\u00e3o F\u00edsica e as Ci\u00eancias do Esporte<\/span><span style=\"font-size: 14.0pt; ,sans-serif;color: black;\">, fazendo-se avistar os acenados objetos de estudo enquanto composi\u00e7\u00f5es hist\u00f3ricas e culturais.<\/span><span style=\",sans-serif;color: black;\">\u00a0<\/span><\/p>\n<p class=\"MsoNormal\" style=\"margin-bottom: 0cm; text-align: justify; line-height: 16.5pt; background: white;\"><b><span style=\"font-size: 14.0pt; ,sans-serif;color: black;\">CONTATOS:<\/span><\/b><\/p>\n<p class=\"MsoNormal\" style=\"margin-bottom: 0cm; text-align: justify; line-height: 16.5pt; background: white;\"><b><span style=\"font-size: 14.0pt; ,sans-serif;color: black;\">\u00a0<\/span><\/b><\/p>\n<p class=\"MsoNormal\" style=\"margin-bottom: 0cm; text-align: justify; line-height: 16.5pt; background: white;\"><span style=\"font-size: 14.0pt; ,sans-serif;color: black;\">Campus Universit\u00e1rio Prof. Darcy Ribeiro, Sala do Ludens, Centro Esportivo Universit\u00e1rio (CEU) Reitor Jo\u00e3o Valle Maur\u00edcio. Universidade Estadual de Montes Claros \u2013\u00a0Unimontes.<\/span><\/p>\n<p class=\"MsoNormal\" style=\"margin-bottom: 0cm; text-align: justify; line-height: 16.5pt; background: white;\"><span style=\"font-size: 14.0pt; ,sans-serif;color: black;\">Vila\u00a0Mauric\u00e9ia, Montes Claros \u2013 MG.<\/span><\/p>\n<p class=\"MsoNormal\" style=\"margin-bottom: 0cm; text-align: justify; line-height: 16.5pt; background: white;\"><span style=\"font-size: 14.0pt; ,sans-serif;color: #050505; background: white;\">(38) 3229-8087<\/span><\/p>\n<p class=\"MsoNormal\" style=\"margin-bottom: 0cm; text-align: justify; line-height: 16.5pt; background: white;\"><span style=\"font-size: 14.0pt; ,sans-serif;color: #050505; background: white;\">Site: <\/span><span style=\"color: black;\"><a href=\"https:\/\/www.gehefunimontes.com\/\"><span style=\"font-size: 14.0pt; ,sans-serif;background: white;\">https:\/\/www.gehefunimontes.com\/<\/span><\/a><\/span><\/p>\n<p class=\"MsoNormal\" style=\"margin-bottom: 0cm; text-align: justify; line-height: 16.5pt; background: white;\"><span style=\"font-size: 14.0pt; ,sans-serif;color: black;\">E-mail: <\/span><span style=\"color: black;\"><a href=\"mailto:gehef@unimontes.br\"><span style=\"font-size: 14.0pt;\">gehef@unimontes.br<\/span><\/a><\/span><\/p>\n<p class=\"MsoNormal\" style=\"margin-bottom: 0cm; text-align: justify; line-height: 16.5pt; background: white;\"><span style=\"font-size: 14.0pt; ,sans-serif;color: black;\">\u00a0<\/span><\/p>\n<p class=\"MsoNormal\" style=\"margin-bottom: 0cm; text-align: justify; line-height: 16.5pt; background: white;\"><b><span style=\"font-size: 14.0pt; ,sans-serif;color: black;\">P\u00c1GINA CNPQ:\u00a0<\/span><\/b><a style=\"font-style: inherit;\" href=\"http:\/\/dgp.cnpq.br\/dgp\/espelhogrupo\/663127\"><span style=\"font-size: 14.0pt;\">http:\/\/dgp.cnpq.br\/dgp\/espelhogrupo\/663127<\/span><\/a><\/p>\n<p class=\"MsoNormal\" style=\"margin-bottom: 0cm; text-align: justify; line-height: 16.5pt; background: white;\"><span style=\"font-size: 14.0pt; ,sans-serif;color: black;\"> Instagram:\u00a0<\/span><span style=\"color: black;\"><a href=\"https:\/\/www.instagram.com\/gehefunimontes\/\"><span style=\"font-size: 14.0pt;\">https:\/\/www.instagram.com\/gehefunimontes\/<\/span><\/a><\/span><\/p>\n<p class=\"MsoNormal\" style=\"margin-bottom: 0cm; text-align: justify; line-height: 16.5pt; background: white;\"><span style=\"font-size: 14.0pt; color: black;\">Facebook: <\/span><span style=\"color: black;\"><a href=\"https:\/\/www.facebook.com\/historiaesporteefi\"><span style=\"font-size: 14.0pt;\">https:\/\/www.facebook.com\/historiaesporteefi<\/span><\/a><\/span><\/p>\n<p class=\"MsoNormal\" style=\"text-align: justify;\">\n<\/div><\/div><\/div><\/div><div class=\"kc-elm kc-css-124746 kc_accordion_section group \"><h3 class=\"kc_accordion_header ui-accordion-header\"><span class=\"ui-accordion-header-icon ui-icon\"><\/span><a href=\"#odisseia-nucleo-de-pesquisa-abdelmalek-sayad\" data-prevent=\"scroll\"><i class=\"sl-arrow-down\"><\/i> Odisseia: N\u00facleo de Pesquisa Abdelmalek Sayad<\/a><\/h3><div class=\"kc_accordion_content ui-accordion-content kc_clearfix\"><div class=\"kc-panel-body\"><div class=\"kc-elm kc-css-428002 kc_text_block\"><p class=\"MsoNormal\" style=\"margin-bottom: 10.0pt; line-height: 16.5pt; background: white;\"><b><span style=\"font-size: 14.0pt; color: black;\">Coordenador<\/span><\/b><span style=\"font-size: 14.0pt; color: black;\">: Prof. Dr. Gustavo Dias<\/span><\/p>\n<p class=\"MsoNormal\" style=\"text-align: justify; line-height: 16.5pt; background: white; margin: 6.0pt 0cm 10.0pt 0cm;\"><span style=\"font-size: 14.0pt; font-family: &#039;Calibri Light&#039;,sans-serif; color: black;\">Odisseia: N\u00facleo de Pesquisa Abdelmalek Sayad \u00e9 cadastrado no Conselho Nacional de Desenvolvimento Cient\u00edfico e Tecnol\u00f3gico (CNPq). Dedica-se a pesquisar a genealogia do pensamento de Abdelmalek Sayad (1933-1998), compreender a constru\u00e7\u00e3o de sua obra, bem como os conceitos-chave no campo dos estudos migrat\u00f3rios ao longo de sua trajet\u00f3ria pessoal e de pesquisador. Os temas de investiga\u00e7\u00e3o giram em torno de seus escritos desenvolvidos a partir de pesquisas conduzidas na Arg\u00e9lia e na Fran\u00e7a, bem como do debate intelectual estabelecido com acad\u00eamicos, ativistas, literatos e, sobretudo, com migrantes e n\u00e3o-migrantes nos dois pa\u00edses. <\/span><\/p>\n<p class=\"MsoNormal\" style=\"margin-bottom: 0cm; text-align: justify; line-height: 16.5pt; background: white;\"><span style=\"font-size: 14.0pt; font-family: &#039;Calibri Light&#039;,sans-serif; color: black;\">\u00a0<\/span><\/p>\n<p class=\"MsoNormal\" style=\"margin-bottom: 0cm; text-align: justify; line-height: 16.5pt; background: white;\"><b><span style=\"font-size: 14.0pt; font-family: &#039;Calibri Light&#039;,sans-serif; color: black;\">Site:\u00a0<\/span><\/b><a style=\"font-style: inherit;\" href=\"https:\/\/www.odisseia-sayad.org\/\"><span style=\"font-size: 14.0pt; font-family: &#039;Calibri Light&#039;,sans-serif;\">https:\/\/www.odisseia-sayad.org\/<\/span><\/a><\/p>\n<p class=\"MsoNormal\" style=\"margin-bottom: 0cm; text-align: justify; line-height: 16.5pt; background: white;\"><span style=\"font-size: 14.0pt; font-family: &#039;Calibri Light&#039;,sans-serif; color: black;\"><strong> Instagram:<\/strong>\u00a0<\/span><span style=\"color: black;\"><a href=\"https:\/\/www.instagram.com\/odisseiasayad\/\"><span style=\"font-size: 14.0pt; font-family: &#039;Calibri Light&#039;,sans-serif;\">https:\/\/www.instagram.com\/odisseiasayad\/<\/span><\/a><\/span><\/p>\n<p class=\"MsoNormal\" style=\"text-align: justify;\">\n<\/div><\/div><\/div><\/div><\/div>\n<\/div><\/div><\/div><\/div><\/section><section class=\"kc-elm kc-css-597695 kc_row\"><div class=\"kc-row-container  kc-container\"><div class=\"kc-wrap-columns\"><div class=\"kc-elm kc-css-716552 kc_col-sm-12 kc_column kc_col-sm-12\"><div class=\"kc-col-container\"><\/div><\/div><\/div><\/div><\/section><section class=\"kc-elm kc-css-153702 kc_row\"><div class=\"kc-row-container  kc-container\"><div class=\"kc-wrap-columns\"><div class=\"kc-elm kc-css-892769 kc_col-sm-12 kc_column kc_col-sm-12\"><div class=\"kc-col-container\"><div class=\"kc-elm kc-css-249747 kc_text_block\"><p class=\"MsoNormal\" style=\"margin: 0cm; line-height: 22px; font-size: 11pt; font-family: Calibri, sans-serif; color: #000000;\">\n<\/div><\/div><\/div><\/div><\/div><\/section><section class=\"kc-elm kc-css-987927 kc_row\"><div class=\"kc-row-container  kc-container\"><div class=\"kc-wrap-columns\"><div class=\"kc-elm kc-css-534725 kc_col-sm-12 kc_column kc_col-sm-12\"><div class=\"kc-col-container\"><div class=\"kc-elm kc-css-651419 kc_text_block\"><p class=\"MsoNormal\" style=\"text-align: justify;\">\n<\/div><\/div><\/div><\/div><\/div><\/section><section class=\"kc-elm kc_row\"><div class=\"kc-row-container  kc-container\"><div class=\"kc-wrap-columns\"><div class=\"kc-elm kc-css-300119 kc_col-sm-12 kc_column kc_col-sm-12\"><div class=\"kc-col-container\"><div class=\"kc-elm kc_text_block\"><\/div><\/div><\/div><\/div><\/div><\/section>\n","protected":false},"excerpt":{"rendered":"","protected":false},"author":2,"featured_media":0,"parent":1361,"menu_order":0,"comment_status":"closed","ping_status":"closed","template":"","meta":[],"yoast_head":"<!-- This site is optimized with the Yoast SEO plugin v14.7 - https:\/\/yoast.com\/wordpress\/plugins\/seo\/ -->\n<title>Grupos de Pesquisas - PPGH - P\u00f3s Gradua\u00e7\u00e3o em Hist\u00f3ria Unimontes<\/title>\n<meta name=\"robots\" content=\"index, follow\" \/>\n<meta name=\"googlebot\" content=\"index, follow, max-snippet:-1, max-image-preview:large, max-video-preview:-1\" \/>\n<meta name=\"bingbot\" content=\"index, follow, max-snippet:-1, max-image-preview:large, max-video-preview:-1\" \/>\n<link rel=\"canonical\" href=\"https:\/\/www.posgraduacao.unimontes.br\/ppgh\/o-programa\/grupos-de-pesquisas\/\" \/>\n<meta property=\"og:locale\" content=\"pt_BR\" \/>\n<meta property=\"og:type\" content=\"article\" \/>\n<meta property=\"og:title\" content=\"Grupos de Pesquisas - PPGH - P\u00f3s Gradua\u00e7\u00e3o em Hist\u00f3ria Unimontes\" \/>\n<meta property=\"og:description\" content=\"Grupos de Pesquisa Grupo de Pesquisa e Estudos G\u00eanero e Viol\u00eancia (GPEG) EDITAL N\u00ba 01\/2024 L\u00edderes: Profa. Dra. Cl\u00e1udia Maia \u00a0\u00a0\u00a0\u00a0\u00a0\u00a0\u00a0\u00a0\u00a0\u00a0\u00a0\u00a0\u00a0\u00a0\u00a0Profa. Dra. B\u00e1rbara Figueiredo Souto Criado em 2006 por meio da resolu\u00e7\u00e3o 174 CEPEX\/2006 e cadastrado nesse mesmo ano no Diret\u00f3rio de Grupos de Pesquisa do CNPq, o Grupo de Pesquisa G\u00eanero e Viol\u00eancia, est\u00e1 [&hellip;]\" \/>\n<meta property=\"og:url\" content=\"https:\/\/www.posgraduacao.unimontes.br\/ppgh\/o-programa\/grupos-de-pesquisas\/\" \/>\n<meta property=\"og:site_name\" content=\"PPGH - P\u00f3s Gradua\u00e7\u00e3o em Hist\u00f3ria Unimontes\" \/>\n<meta property=\"article:modified_time\" content=\"2024-09-24T09:50:21+00:00\" \/>\n<meta name=\"twitter:card\" content=\"summary_large_image\" \/>\n<script type=\"application\/ld+json\" class=\"yoast-schema-graph\">{\"@context\":\"https:\/\/schema.org\",\"@graph\":[{\"@type\":\"WebSite\",\"@id\":\"https:\/\/www.posgraduacao.unimontes.br\/ppgh\/#website\",\"url\":\"https:\/\/www.posgraduacao.unimontes.br\/ppgh\/\",\"name\":\"PPGH - P\\u00f3s Gradua\\u00e7\\u00e3o em Hist\\u00f3ria Unimontes\",\"description\":\"Portal da P\\u00f3s Gradua\\u00e7\\u00e3o em Hist\\u00f3ria Unimontes\",\"potentialAction\":[{\"@type\":\"SearchAction\",\"target\":\"https:\/\/www.posgraduacao.unimontes.br\/ppgh\/?s={search_term_string}\",\"query-input\":\"required name=search_term_string\"}],\"inLanguage\":\"pt-BR\"},{\"@type\":\"WebPage\",\"@id\":\"https:\/\/www.posgraduacao.unimontes.br\/ppgh\/o-programa\/grupos-de-pesquisas\/#webpage\",\"url\":\"https:\/\/www.posgraduacao.unimontes.br\/ppgh\/o-programa\/grupos-de-pesquisas\/\",\"name\":\"Grupos de Pesquisas - PPGH - P\\u00f3s Gradua\\u00e7\\u00e3o em Hist\\u00f3ria Unimontes\",\"isPartOf\":{\"@id\":\"https:\/\/www.posgraduacao.unimontes.br\/ppgh\/#website\"},\"datePublished\":\"2021-08-24T00:42:33+00:00\",\"dateModified\":\"2024-09-24T09:50:21+00:00\",\"inLanguage\":\"pt-BR\",\"potentialAction\":[{\"@type\":\"ReadAction\",\"target\":[\"https:\/\/www.posgraduacao.unimontes.br\/ppgh\/o-programa\/grupos-de-pesquisas\/\"]}]}]}<\/script>\n<!-- \/ Yoast SEO plugin. -->","_links":{"self":[{"href":"https:\/\/www.posgraduacao.unimontes.br\/ppgh\/wp-json\/wp\/v2\/pages\/1419"}],"collection":[{"href":"https:\/\/www.posgraduacao.unimontes.br\/ppgh\/wp-json\/wp\/v2\/pages"}],"about":[{"href":"https:\/\/www.posgraduacao.unimontes.br\/ppgh\/wp-json\/wp\/v2\/types\/page"}],"author":[{"embeddable":true,"href":"https:\/\/www.posgraduacao.unimontes.br\/ppgh\/wp-json\/wp\/v2\/users\/2"}],"replies":[{"embeddable":true,"href":"https:\/\/www.posgraduacao.unimontes.br\/ppgh\/wp-json\/wp\/v2\/comments?post=1419"}],"version-history":[{"count":19,"href":"https:\/\/www.posgraduacao.unimontes.br\/ppgh\/wp-json\/wp\/v2\/pages\/1419\/revisions"}],"predecessor-version":[{"id":1444,"href":"https:\/\/www.posgraduacao.unimontes.br\/ppgh\/wp-json\/wp\/v2\/pages\/1419\/revisions\/1444"}],"up":[{"embeddable":true,"href":"https:\/\/www.posgraduacao.unimontes.br\/ppgh\/wp-json\/wp\/v2\/pages\/1361"}],"wp:attachment":[{"href":"https:\/\/www.posgraduacao.unimontes.br\/ppgh\/wp-json\/wp\/v2\/media?parent=1419"}],"curies":[{"name":"wp","href":"https:\/\/api.w.org\/{rel}","templated":true}]}}