{"id":1381,"date":"2021-08-21T00:06:47","date_gmt":"2021-08-21T03:06:47","guid":{"rendered":"https:\/\/www.posgraduacao.unimontes.br\/ppgh\/?page_id=1381"},"modified":"2022-09-20T21:28:04","modified_gmt":"2022-09-21T00:28:04","slug":"area-de-concentracao","status":"publish","type":"page","link":"https:\/\/www.posgraduacao.unimontes.br\/ppgh\/o-programa\/area-de-concentracao\/","title":{"rendered":"\u00c1rea de concentra\u00e7\u00e3o"},"content":{"rendered":"<section class=\"kc-elm kc-css-725877 kc_row\"><div class=\"kc-row-container  kc-container\"><div class=\"kc-wrap-columns\"><div class=\"kc-elm kc-css-227547 kc_column kc_col-sm-12\"><div class=\"kc-col-container\"><div class=\"kc-elm kc-css-95029\" style=\"height: 40px; clear: both; width:100%;\"><\/div><\/div><\/div><\/div><\/div><\/section><section class=\"kc-elm kc-css-166398 kc_row\"><div class=\"kc-row-container  kc-container\"><div class=\"kc-wrap-columns\"><div class=\"kc-elm kc-css-210306 kc_column kc_col-sm-12\"><div class=\"kc-col-container\"><div class=\"kc-elm kc-css-10029 kc_text_block\"><p class=\"MsoNormal\" style=\"margin: 0cm 0cm 8pt; line-height: 15.6933px; font-size: 11pt; font-family: Calibri, sans-serif; color: #000000;\"><span style=\"font-size: 16pt; line-height: 22.8267px; font-family: Arial, sans-serif; color: #002060;\">\u00c1rea de concentra\u00e7\u00e3o<\/span><\/p>\n<\/div><\/div><\/div><\/div><\/div><\/section><section class=\"kc-elm kc-css-182028 kc_row\"><div class=\"kc-row-container  kc-container\"><div class=\"kc-wrap-columns\"><div class=\"kc-elm kc-css-148301 kc_col-sm-12 kc_column kc_col-sm-12\"><div class=\"kc-col-container\"><div class=\"kc-elm kc-css-209119 kc_text_block\"><p class=\"MsoNormal\" style=\"margin: 0cm; line-height: 22px; font-size: 11pt; font-family: Calibri, sans-serif; color: #000000; text-align: justify;\"><span style=\"font-size: 14pt; font-style: inherit;\">O Programa de P\u00f3s-Gradua\u00e7\u00e3o em Hist\u00f3ria da Universidade Estadual de Montes Claros (PPGH-Unimontes) iniciou suas atividades no primeiro semestre de 2011. Tendo a\u00a0<\/span><b style=\"font-size: 14pt; font-style: inherit;\">HIST\u00d3RIA SOCIAL<\/b><span style=\"font-size: 14pt; font-style: inherit;\">\u00a0por \u00e1rea de concentra\u00e7\u00e3o, servimo-nos do legado dos movimentos que se constitu\u00edram em oposi\u00e7\u00e3o \u00e0s abordagens da hist\u00f3ria factual. As novas propostas colocaram em evid\u00eancia a percep\u00e7\u00e3o do social e a contribui\u00e7\u00e3o de diferentes \u00e1reas na pr\u00e1tica epistemol\u00f3gica, propiciando, assim, um campo f\u00e9rtil para a emerg\u00eancia da Hist\u00f3ria Social. Sem desconsiderar as cr\u00edticas iniciais a sua concep\u00e7\u00e3o generalizante e sua perspectiva de s\u00edntese, a express\u00e3o \u00e9 aqui entendida em sentido mais restrito em decorr\u00eancia dos recortes necess\u00e1rios aos novos problemas propostos e, consequentemente, \u00e0s novas metodologias. Assim, do ponto de vista do campo historiogr\u00e1fico, a \u00e1rea de concentra\u00e7\u00e3o em Hist\u00f3ria Social nos permite colocar em evid\u00eancia tanto as no\u00e7\u00f5es de experi\u00eancia, como ponto de partida para as an\u00e1lises, quanto \u00e0s no\u00e7\u00f5es de discurso, como linguagens da viv\u00eancia dos atores sociais em diferentes contextos hist\u00f3ricos, tanto do ponto de vista individual quanto coletivos. Da mesma forma, tal campo permite que evidenciemos o movimento dos sujeitos hist\u00f3ricos pelo caminho de uma hist\u00f3ria \u201cdos de cima ou dos de baixo\u201d, de uma \u201chist\u00f3ria consciente ou inconsciente\u201d, trazendo \u00e0 tona uma realidade din\u00e2mica e que n\u00e3o se encaixa em modelos pr\u00e9-determinados. Ao pensarmos as experi\u00eancias sociais a partir de tal perspectiva, reconhecemos a import\u00e2ncia de todos os aspectos que norteiam a vida em sociedade, seja do ponto de an\u00e1lise da cultura (manifesta\u00e7\u00f5es simb\u00f3licas, valores, h\u00e1bitos, etc.), da economia (formas e rela\u00e7\u00f5es de produ\u00e7\u00e3o, apropria\u00e7\u00e3o do trabalho, rela\u00e7\u00f5es econ\u00f4micas, etc.) e da pol\u00edtica (as rela\u00e7\u00f5es com o Estado, institui\u00e7\u00f5es, atores e pensamentos pol\u00edticos, etc.). Considerando-se, portanto, o conjunto destas implica\u00e7\u00f5es, o itiner\u00e1rio metodol\u00f3gico e te\u00f3rico das pesquisas empreendidas pelos que se filiam a essa proposta, n\u00e3o pressup\u00f5e apenas a busca da racionalidade ou da estabilidade humana, mas a trajet\u00f3ria das mudan\u00e7as, das rupturas e das perman\u00eancias que se operam tanto nos modos de sentir quanto nas formas de a\u00e7\u00e3o dos grupos sociais. Os eixos tem\u00e1ticos que interessam \u00e0 \u00e1rea s\u00e3o aqueles que evidenciam aspectos inerentes \u00e0 vida em sociedade, que operam no territ\u00f3rio cultural, simb\u00f3lico, pol\u00edtico, econ\u00f4mico, institucional, trabalhista, das identidades e de g\u00eanero, das rela\u00e7\u00f5es de poder, que os sujeitos estabelecem entre si, com o outro e com as institui\u00e7\u00f5es que regem as diversas realidades sociais. Neste sentido, os objetos de pesquisa tendem a enfocar espa\u00e7os onde s\u00e3o travados os embates pelo poder, alicer\u00e7adas nas diversas formas de coer\u00e7\u00e3o e conflitos e seu contraponto de negocia\u00e7\u00f5es, resist\u00eancias, media\u00e7\u00f5es e acomoda\u00e7\u00f5es, operando nos modos de sentir e nas formas de a\u00e7\u00e3o dos grupos sociais atrav\u00e9s de dimens\u00f5es reais, simb\u00f3licas e\/ou imagin\u00e1rias, veiculadas, apropriadas e ressignificadas, constituindo diferentes formas de identidades sociais, pol\u00edticas e culturais. Destarte, a \u00e1rea de concentra\u00e7\u00e3o em Hist\u00f3ria Social contempla a multiplicidade geogr\u00e1fica e cronol\u00f3gica de objetos de pesquisas, m\u00faltiplas tem\u00e1ticas e variadas possibilidades de investiga\u00e7\u00e3o de fontes hist\u00f3ricas que visam \u00e0 apreens\u00e3o das manifesta\u00e7\u00f5es da interven\u00e7\u00e3o humana engendradas na din\u00e2mica dos fen\u00f4menos hist\u00f3ricos. A diversidade de enfoques te\u00f3ricos passa pela \u00eanfase nas culturas pol\u00edticas e culturas hist\u00f3ricas, subjetividades e os estudos de g\u00eanero, atravessando os estudos sobre\u00a0<\/span><span style=\"font-size: 14pt; background-image: initial; background-position: initial; background-size: initial; background-repeat: initial; background-attachment: initial; background-origin: initial; background-clip: initial; font-style: inherit;\">mem\u00f3ria e cultura regional, os mundos do trabalho, experi\u00eancia e cotidiano dos trabalhadores, abordando ainda as<\/span><span style=\"font-size: 14pt; font-style: inherit;\">\u00a0quest\u00f5es implicadas pelos estudos p\u00f3s-coloniais e a diversidade epist\u00eamica do campo hist\u00f3rico.\u00a0<\/span><\/p>\n<p class=\"MsoNormal\" style=\"margin: 0cm; line-height: 22px; font-size: 11pt; font-family: Calibri, sans-serif; color: #000000; text-align: justify;\"><b><span style=\"font-size: 14pt; line-height: 28px;\">\u00a0<\/span><\/b><\/p>\n<p class=\"MsoNormal\" style=\"margin: 0cm; line-height: 22px; font-size: 11pt; font-family: Calibri, sans-serif; color: #000000; text-align: justify;\"><span style=\"font-size: 14pt; line-height: 28px;\">Alguns temas de pesquisa que interessam \u00e0 nossa \u00e1rea de concentra\u00e7\u00e3o em Hist\u00f3ria Social s\u00e3o: dispositivos e processos hist\u00f3ricos de produ\u00e7\u00e3o de subjetividades: g\u00eanero, corpos, identidades sexuais e sexualidade; representa\u00e7\u00f5es do feminino e do masculino; exerc\u00edcio do poder nas suas diversas formas: no Estado, na fam\u00edlia, no trabalho, nas rela\u00e7\u00f5es de g\u00eanero, nas tens\u00f5es cotidianas, nas institui\u00e7\u00f5es sociais e normativas; rela\u00e7\u00f5es de trabalho; organiza\u00e7\u00f5es; disciplina e controle social, formas de trabalho compuls\u00f3rio, divis\u00e3o territorial do trabalho; movimentos e conflitos sociais;\u00a0<span style=\"background-image: initial; background-position: initial; background-size: initial; background-repeat: initial; background-attachment: initial; background-origin: initial; background-clip: initial;\">comportamentos, h\u00e1bitos, mem\u00f3rias individuais e\/ou coletivas e representa\u00e7\u00f5es sociais sobre aspectos da viv\u00eancia cotidiana, socializa\u00e7\u00e3o e formas de simboliza\u00e7\u00e3o; l<\/span>inguagens pol\u00edticas, s\u00edmbolos, ritos, imagin\u00e1rios e liturgias pol\u00edticas nas culturas pol\u00edticas;<span style=\"background-image: initial; background-position: initial; background-size: initial; background-repeat: initial; background-attachment: initial; background-origin: initial; background-clip: initial;\">\u00a0representa\u00e7\u00f5es liter\u00e1rias; ideias, discursos e representa\u00e7\u00f5es em diferentes campos cient\u00edficos, como o educacional e o m\u00e9dico;<\/span>\u00a0educa\u00e7\u00e3o, did\u00e1tica da hist\u00f3ria e hist\u00f3ria p\u00fablica em suas problematiza\u00e7\u00f5es sobre o conhecimento hist\u00f3rico, historiogr\u00e1fico e a atua\u00e7\u00e3o docente;<span style=\"background-image: initial; background-position: initial; background-size: initial; background-repeat: initial; background-attachment: initial; background-origin: initial; background-clip: initial;\">\u00a0pr\u00e1ticas discursivas, discursos de poder e imagin\u00e1rio nas rela\u00e7\u00f5es entre a imprensa e a sociedade; pesquisas sobre m\u00eddias, em an\u00e1lises sobre o modo como\u00a0<\/span>imagens, discursos e sons se articulam em diferentes pr\u00e1ticas e representa\u00e7\u00f5es;<span style=\"background-image: initial; background-position: initial; background-size: initial; background-repeat: initial; background-attachment: initial; background-origin: initial; background-clip: initial;\">\u00a0sociabilidades e viv\u00eancias culturais presentes em festas e rituais religiosos, suas simboliza\u00e7\u00f5es e sua representatividade para as identidades dos grupos locais. A \u00e1rea concentra duas linhas de pesquisa.<\/span><\/span><\/p>\n<p class=\"MsoNormal\" style=\"margin: 0cm 0cm 10pt; line-height: 22px; font-size: 11pt; font-family: Calibri, sans-serif; color: #000000;\"><span style=\"font-size: 14pt; line-height: 28px;\">\u00a0<\/span><\/p>\n<\/div><\/div><\/div><\/div><\/div><\/section>\n","protected":false},"excerpt":{"rendered":"","protected":false},"author":2,"featured_media":0,"parent":1361,"menu_order":0,"comment_status":"closed","ping_status":"closed","template":"","meta":[],"yoast_head":"<!-- This site is optimized with the Yoast SEO plugin v14.7 - https:\/\/yoast.com\/wordpress\/plugins\/seo\/ -->\n<title>\u00c1rea de concentra\u00e7\u00e3o - PPGH - P\u00f3s Gradua\u00e7\u00e3o em Hist\u00f3ria Unimontes<\/title>\n<meta name=\"robots\" content=\"index, follow\" \/>\n<meta name=\"googlebot\" content=\"index, follow, max-snippet:-1, max-image-preview:large, max-video-preview:-1\" \/>\n<meta name=\"bingbot\" content=\"index, follow, max-snippet:-1, max-image-preview:large, max-video-preview:-1\" \/>\n<link rel=\"canonical\" href=\"https:\/\/www.posgraduacao.unimontes.br\/ppgh\/o-programa\/area-de-concentracao\/\" \/>\n<meta property=\"og:locale\" content=\"pt_BR\" \/>\n<meta property=\"og:type\" content=\"article\" \/>\n<meta property=\"og:title\" content=\"\u00c1rea de concentra\u00e7\u00e3o - PPGH - P\u00f3s Gradua\u00e7\u00e3o em Hist\u00f3ria Unimontes\" \/>\n<meta property=\"og:description\" content=\"\u00c1rea de concentra\u00e7\u00e3o O Programa de P\u00f3s-Gradua\u00e7\u00e3o em Hist\u00f3ria da Universidade Estadual de Montes Claros (PPGH-Unimontes) iniciou suas atividades no primeiro semestre de 2011. Tendo a\u00a0HIST\u00d3RIA SOCIAL\u00a0por \u00e1rea de concentra\u00e7\u00e3o, servimo-nos do legado dos movimentos que se constitu\u00edram em oposi\u00e7\u00e3o \u00e0s abordagens da hist\u00f3ria factual. As novas propostas colocaram em evid\u00eancia a percep\u00e7\u00e3o do social [&hellip;]\" \/>\n<meta property=\"og:url\" content=\"https:\/\/www.posgraduacao.unimontes.br\/ppgh\/o-programa\/area-de-concentracao\/\" \/>\n<meta property=\"og:site_name\" content=\"PPGH - P\u00f3s Gradua\u00e7\u00e3o em Hist\u00f3ria Unimontes\" \/>\n<meta property=\"article:modified_time\" content=\"2022-09-21T00:28:04+00:00\" \/>\n<meta name=\"twitter:card\" content=\"summary_large_image\" \/>\n<script type=\"application\/ld+json\" class=\"yoast-schema-graph\">{\"@context\":\"https:\/\/schema.org\",\"@graph\":[{\"@type\":\"WebSite\",\"@id\":\"https:\/\/www.posgraduacao.unimontes.br\/ppgh\/#website\",\"url\":\"https:\/\/www.posgraduacao.unimontes.br\/ppgh\/\",\"name\":\"PPGH - P\\u00f3s Gradua\\u00e7\\u00e3o em Hist\\u00f3ria Unimontes\",\"description\":\"Portal da P\\u00f3s Gradua\\u00e7\\u00e3o em Hist\\u00f3ria Unimontes\",\"potentialAction\":[{\"@type\":\"SearchAction\",\"target\":\"https:\/\/www.posgraduacao.unimontes.br\/ppgh\/?s={search_term_string}\",\"query-input\":\"required name=search_term_string\"}],\"inLanguage\":\"pt-BR\"},{\"@type\":\"WebPage\",\"@id\":\"https:\/\/www.posgraduacao.unimontes.br\/ppgh\/o-programa\/area-de-concentracao\/#webpage\",\"url\":\"https:\/\/www.posgraduacao.unimontes.br\/ppgh\/o-programa\/area-de-concentracao\/\",\"name\":\"\\u00c1rea de concentra\\u00e7\\u00e3o - PPGH - P\\u00f3s Gradua\\u00e7\\u00e3o em Hist\\u00f3ria Unimontes\",\"isPartOf\":{\"@id\":\"https:\/\/www.posgraduacao.unimontes.br\/ppgh\/#website\"},\"datePublished\":\"2021-08-21T03:06:47+00:00\",\"dateModified\":\"2022-09-21T00:28:04+00:00\",\"inLanguage\":\"pt-BR\",\"potentialAction\":[{\"@type\":\"ReadAction\",\"target\":[\"https:\/\/www.posgraduacao.unimontes.br\/ppgh\/o-programa\/area-de-concentracao\/\"]}]}]}<\/script>\n<!-- \/ Yoast SEO plugin. -->","_links":{"self":[{"href":"https:\/\/www.posgraduacao.unimontes.br\/ppgh\/wp-json\/wp\/v2\/pages\/1381"}],"collection":[{"href":"https:\/\/www.posgraduacao.unimontes.br\/ppgh\/wp-json\/wp\/v2\/pages"}],"about":[{"href":"https:\/\/www.posgraduacao.unimontes.br\/ppgh\/wp-json\/wp\/v2\/types\/page"}],"author":[{"embeddable":true,"href":"https:\/\/www.posgraduacao.unimontes.br\/ppgh\/wp-json\/wp\/v2\/users\/2"}],"replies":[{"embeddable":true,"href":"https:\/\/www.posgraduacao.unimontes.br\/ppgh\/wp-json\/wp\/v2\/comments?post=1381"}],"version-history":[{"count":6,"href":"https:\/\/www.posgraduacao.unimontes.br\/ppgh\/wp-json\/wp\/v2\/pages\/1381\/revisions"}],"predecessor-version":[{"id":2097,"href":"https:\/\/www.posgraduacao.unimontes.br\/ppgh\/wp-json\/wp\/v2\/pages\/1381\/revisions\/2097"}],"up":[{"embeddable":true,"href":"https:\/\/www.posgraduacao.unimontes.br\/ppgh\/wp-json\/wp\/v2\/pages\/1361"}],"wp:attachment":[{"href":"https:\/\/www.posgraduacao.unimontes.br\/ppgh\/wp-json\/wp\/v2\/media?parent=1381"}],"curies":[{"name":"wp","href":"https:\/\/api.w.org\/{rel}","templated":true}]}}