{"id":1322,"date":"2021-06-18T14:59:56","date_gmt":"2021-06-18T17:59:56","guid":{"rendered":"https:\/\/www.posgraduacao.unimontes.br\/ppgh\/?page_id=1322"},"modified":"2023-04-11T10:48:21","modified_gmt":"2023-04-11T13:48:21","slug":"dissertacoes-poder-trabalho-e-identidades","status":"publish","type":"page","link":"https:\/\/www.posgraduacao.unimontes.br\/ppgh\/dissertacoes\/dissertacoes-poder-trabalho-e-identidades\/","title":{"rendered":"Disserta\u00e7\u00f5es Poder, Trabalho e Identidades"},"content":{"rendered":"<section class=\"kc-elm kc_row\"><div class=\"kc-row-container  kc-container\"><div class=\"kc-wrap-columns\"><div class=\"kc-elm kc_column kc_col-sm-12\"><div class=\"kc-col-container\"><div class=\"kc-elm kc_text_block\"><p class=\\\"MsoNormal\\\" style=\\\"margin: 12pt 0cm\\\"><b style=\\\"font-style: inherit\\\"><span style=\\\"font-size: 22.0pt;,sans-serif;color: #2F5597\\\">\u00a0<\/span><\/b><\/p>\n<p class=\\\"MsoNormal\\\" style=\\\"margin: 12pt 0cm\\\"><a href=\\\"https:\/\/www.posgraduacao.unimontes.br\/ppgh\/dissertacoes\/\\\"><b style=\\\"font-style: inherit\\\"><span style=\\\"font-size: 22.0pt;,sans-serif;color: #2F5597\\\">Disserta\u00e7\u00f5es<\/span><\/b><\/a><\/p>\n<\/div><\/div><\/div><\/div><\/div><\/section><section class=\"kc-elm kc_row\"><div class=\"kc-row-container  kc-container\"><div class=\"kc-wrap-columns\"><div class=\"kc-elm kc_column kc_col-sm-12\"><div class=\"kc-col-container\"><div class=\"kc-elm kc_text_block\"><h4 style=\\\"margin: 15.95pt 0cm 15.95pt 0cm\\\"><em><span style=\\\"font-size: 16.0pt;line-height: 107%;,sans-serif;color: #7030a0\\\">Linha de Pesquisa Poder, Trabalho e identidades\u00a0<\/span><\/em><\/h4>\n<\/div><\/div><\/div><\/div><\/div><\/section><section class=\"kc-elm kc_row\"><div class=\"kc-row-container  kc-container\"><div class=\"kc-wrap-columns\"><div class=\"kc-elm kc_column kc_col-sm-12\"><div class=\"kc-col-container\"><div class=\"kc-elm kc_text_block\"><\/div><\/div><\/div><\/div><\/div><\/section><section class=\"kc-elm kc_row\"><div class=\"kc-row-container  kc-container\"><div class=\"kc-wrap-columns\"><div class=\"kc-elm kc_column kc_col-sm-12\"><div class=\"kc-col-container\"><div class=\"kc-elm kc_text_block\"><\/div><\/div><\/div><\/div><\/div><\/section><section class=\"kc-elm kc_row\"><div class=\"kc-row-container  kc-container\"><div class=\"kc-wrap-columns\"><div class=\"kc-elm kc_column kc_col-sm-12\"><div class=\"kc-col-container\"><div class=\"kc-elm kc_text_block\"><table class=\\\"MsoTableGrid\\\" style=\\\"width: 956.5pt;border-collapse: collapse;border: none\\\" border=\\\"0\\\" width=\\\"1275\\\" cellspacing=\\\"0\\\" cellpadding=\\\"0\\\">\n<tbody>\n<tr style=\\\"height: 45.85pt\\\">\n<td style=\\\"width: 956.5pt;padding: 0cm 5.4pt;height: 45.85pt\\\" valign=\\\"top\\\" nowrap=\\\"nowrap\\\" width=\\\"1275\\\">\n<p class=\\\"MsoNormal\\\" style=\\\"margin: 0cm;font-size: 11pt;font-family: Calibri, sans-serif\\\"><span style=\\\"font-weight: 600\\\"><a href=\\\"https:\/\/drive.google.com\/file\/d\/1ZVgCalmIHoTv9B8gFaptSiek7gPI7j1-\/view?usp=drive_link\\\" target=\\\"_blank\\\" rel=\\\"noopener noreferrer\\\">PODER EM DISPUTA: O PROCESSO DE EMANCIPA\u00c7\u00c3O DOS MUNIC\u00cdPIOS NORTE MINEIROS NA D\u00c9CADA DE 1990<\/a><\/span><\/p>\n<p class=\\\"MsoNormal\\\" style=\\\"margin: 0cm;font-size: 11pt;font-family: Calibri, sans-serif\\\"><span style=\\\"color: windowtext\\\"><a href=\\\"http:\/\/buscatextual.cnpq.br\/buscatextual\/visualizacv.do?id=K4280969H3&amp;tokenCaptchar=03AGdBq25p456MJjXoi9YcRd1qI7D5o6VRj2NqUfWi_AN0NOvZLIwuWCeRKuMFTy-JrVPV2c-WJZzZVj5mCsC-1lTsCeErs9sQJgW9N0YEwJjv-lTqiRbqJtSObMLH2Fiz0m_8aEjc1Tcs4M5k5tDvqda87h55dMGc9x7V-ImlOJYGDDiLYLv0m2mNlLC6VuyaqJWh1fv-Q7frEcwWYXL_ZbLz8h0HllGiBEdosbGtP5cLRFpRdmZiR1ADE2A-NqC7MGLHvYb4vgclq-Y0b_Tt9OvIGci76CBAUuGucpIDQePIIcFha_Kdm7o9xpm0rrewxJ_eA0tQ-e6tMdieCrbcIOeSjHdcHbOdxeS_aDG6eg98trAEu3Ptnkp9P8wwCNA2LyhmoabtZzRXISe4KIKGiIupjQH2p1bkNiUS7xaMHEavTdaiYOfg6p_FAyKsT_XMI3RFHIbpfOrp1vlftFvCGRu6GBtrPOwBRA\\\" target=\\\"_blank\\\" rel=\\\"noopener noreferrer\\\">Anna Isabel de Carvalho<\/a>, 2013.<\/span><\/p>\n<\/td>\n<\/tr>\n<tr style=\\\"height: 45.85pt\\\">\n<td style=\\\"width: 956.5pt;padding: 0cm 5.4pt;height: 45.85pt\\\" valign=\\\"top\\\" nowrap=\\\"nowrap\\\" width=\\\"1275\\\">\n<p class=\\\"MsoNormal\\\" style=\\\"margin: 0cm;font-size: 11pt;font-family: Calibri, sans-serif\\\"><span style=\\\"font-weight: 600\\\"><a href=\\\"https:\/\/drive.google.com\/file\/d\/1LeEB9Y0vTE8tVSfhGYXgZ1tab_8YoK9Y\/view?usp=drive_link\\\" target=\\\"_blank\\\" rel=\\\"noopener noreferrer\\\">LINGUAGENS IMPRESSAS: JORNAIS E PROJETOS PARA O FUTURO DO NORTE DE MINAS ATRAV\u00c9S DE QUALIFICA\u00c7\u00d5ES\/NOMEA\u00c7\u00d5ES DO ESPA\u00c7O-TERRIT\u00d3RIO 1884 &#8211; 1894<\/a><\/span><\/p>\n<p class=\\\"MsoNormal\\\" style=\\\"margin: 0cm;font-size: 11pt;font-family: Calibri, sans-serif\\\"><a href=\\\"http:\/\/buscatextual.cnpq.br\/buscatextual\/visualizacv.do?id=K4275897Z4&amp;tokenCaptchar=03AGdBq24fr_v77NDKMAhSSOjTbJvk0_M1WYaJU6vTmWsu1VWFXnVsjNuYQhOx9yzfRfBo3pvhdVyJRDOc25vvy-VXFXf9od3pgt2wjvYi7G9gnaS4cApDGrB1fJcQ6D1iei65wl6q_QDqDzPzwLTn7nwkJEVGEl0A55wRhgpC0GBj157HL-bl81x5ST3I2rDOzqJlNA_HbbeeilgYsLdlbh4Owl06iSrd3zYQ3EfyDXf47q0cOIOQuqAQdpyjWl9dKTIKjqFnGdAzVhmbZLc6i9gsMbYI5ZGO5sqFi60jg_wgfv35nPQZy6EKoEW3c25Sq2KOHIIqNHfNm7Sa6jhAagGswOX7Zh1I1WE5dsZ8DL8-dUJpljvz20N3cUNOKA3JKIgiiEpR3_5BuYWV4lt3EsB8Lyj2QZMGHi5mXjXKWYbRMtz5dE8ccQ3JVFnOMM-OS7WsDhcDnGDQbxR4ZNyDuU0qCWrJAtAIww\\\" target=\\\"_blank\\\" rel=\\\"noopener noreferrer\\\">Fabiano Cordeiro C\u00e9sar<\/a>, 2013<\/p>\n<\/td>\n<\/tr>\n<tr style=\\\"height: 45.85pt\\\">\n<td style=\\\"width: 956.5pt;padding: 0cm 5.4pt;height: 45.85pt\\\" valign=\\\"top\\\" nowrap=\\\"nowrap\\\" width=\\\"1275\\\">\n<p class=\\\"MsoNormal\\\" style=\\\"margin: 0cm;font-size: 11pt;font-family: Calibri, sans-serif\\\"><span style=\\\"font-weight: 600\\\"><a href=\\\"https:\/\/drive.google.com\/file\/d\/1-YrLfZHM7DciwQ0YW2CcgpDpGkSClRe1\/view?usp=drive_link\\\" target=\\\"_blank\\\" rel=\\\"noopener noreferrer\\\">\u00c0 MARGEM DA \u201cPALAVRA OFICIAL\u201d: DISSIMULA\u00c7\u00c3O E BOATOS NO MOTIM DE VILA RICA<\/a><\/span><\/p>\n<p class=\\\"MsoNormal\\\" style=\\\"margin: 0cm;font-size: 11pt;font-family: Calibri, sans-serif\\\"><a href=\\\"http:\/\/buscatextual.cnpq.br\/buscatextual\/visualizacv.do?id=K4328947Z9&amp;tokenCaptchar=03AGdBq25DBegUI9Wofyf3JCot7XGHYC2yScUiMAThlhnMZwkY2G5KtAvnKMONhjgX8wDA4GIWO7rGNoZvcOIyQKTZV-qt2p4dS6HiYDJeFkDyQYDe0cR1wrwHzpFFTzNaYLuvngFRIHgcVI9asBlymA7G476q_IFSsTelPjF-9iaZXm7f1QddcuTQSKQs9Hkybli4jGsZzFgAxECMbB0TdzONxADIxb5RS3zxmzBd2u7dfobaKS2syq_sBK-sq3TF-z4cgdbW1isjggUbxpm-Yka7oCqTnzozus2Fes8YW74A6wifFvErdx2I4LvFDkovoUsXB5IsM3GLklPTgysvMxArK0Xe245T3cYwZt_fvreDOMWrjJy1MBAKYcv1Kxy7p_s-fyv_U56qn7RxMW28Y-fp0FplUZLKb9EbQUFGLqGTxlCsZ3VAd25e1pIKlIiMwxuMPgRhDP1xJ0IebZwxeSyjORDM5Irtvg\\\" target=\\\"_blank\\\" rel=\\\"noopener noreferrer\\\">Jonathan Martins Ferreira<\/a>, 2013<\/p>\n<\/td>\n<\/tr>\n<tr style=\\\"height: 45.85pt\\\">\n<td style=\\\"width: 956.5pt;padding: 0cm 5.4pt;height: 45.85pt\\\" valign=\\\"top\\\" nowrap=\\\"nowrap\\\" width=\\\"1275\\\">\n<p class=\\\"MsoNormal\\\" style=\\\"margin: 0cm;font-size: 11pt;font-family: Calibri, sans-serif\\\"><span style=\\\"font-weight: 600\\\"><a href=\\\"https:\/\/drive.google.com\/file\/d\/1tc2XOX07QhrJfUOFNV1zNW1e8j6gRe9I\/view?usp=drive_link\\\" target=\\\"_blank\\\" rel=\\\"noopener noreferrer\\\">A IMPRENSA COMO AGENTE HIST\u00d3RICO: A COBERTURA JORNAL\u00cdSTICA DOS ACONTECIMENTOS POL\u00cdTICOS NAS P\u00c1GINAS DA REVISTA VEJA (2002-2006)<\/a><\/span><\/p>\n<p class=\\\"MsoNormal\\\" style=\\\"margin: 0cm;font-size: 11pt;font-family: Calibri, sans-serif\\\"><a href=\\\"http:\/\/buscatextual.cnpq.br\/buscatextual\/visualizacv.do?id=K4458206Y7&amp;tokenCaptchar=03AGdBq25OoOcEsbDzJ5xGYKfjZpRKydkgYk8BHWFW95KkfVoV48_BvntRgcE_PC9QTt9EOn7cyU8-YF3RsrP2_IMj0U5wiQ_D3ucYdV_mxsoNPG82299pxyPlQMgz4-q0OlJRVK6s4J6owZvZRO3b1seIdeJccPWc2nhsUF2ZYAVAhk02qhmxaYzddFKwiVvfTzdsZ4cEKjcvqLtfVA0CRfGcVTMK-1rZRACIQTMPdIpSyBr6k_a5ijuVM3vBesdVilFWpoqc2d37mb9PdvZBjzT1v72GpBVJlMwSVydeyNdTM3Vwns7qXRWKQaBzu9H8fsEQED7HE6BktzYb7wmrq3D_zg_14BFmkuieeUIW1Qxwja6yLrSBjtPA4OV-1UgBCu58LcstpvT9YzBpNibmrTvqzHeSa4YU3b3rtCosWP-7d65QJV1YHBQ6IXf3-G_Zs9i1tXpYMuU4LaxqAFJS8XZ_e6FN1PS1fQ\\\" target=\\\"_blank\\\" rel=\\\"noopener noreferrer\\\">Karine Rodrigues Dias<\/a>, 2013<\/p>\n<\/td>\n<\/tr>\n<tr style=\\\"height: 45.85pt\\\">\n<td style=\\\"width: 956.5pt;padding: 0cm 5.4pt;height: 45.85pt\\\" valign=\\\"top\\\" nowrap=\\\"nowrap\\\" width=\\\"1275\\\">\n<p class=\\\"MsoNormal\\\" style=\\\"margin: 0cm;font-size: 11pt;font-family: Calibri, sans-serif\\\"><span style=\\\"font-weight: 600\\\"><a href=\\\"https:\/\/drive.google.com\/file\/d\/1MUZULrS3hUikbvsSG2m5rX7W-vUL0zB8\/view?usp=drive_link\\\" target=\\\"_blank\\\" rel=\\\"noopener noreferrer\\\">QUEM MANDA AQUI SOU EU: MANDONISMO, CLIENTELISMO E TRADI\u00c7\u00c3O FAMILIAR NA POL\u00cdTICA DE BRAS\u00cdLIA DE MINAS &#8211; 1958 A D\u00c9CADA DE 1980<\/a><\/span><\/p>\n<p class=\\\"MsoNormal\\\" style=\\\"margin: 0cm;font-size: 11pt;font-family: Calibri, sans-serif\\\"><a href=\\\"http:\/\/buscatextual.cnpq.br\/buscatextual\/visualizacv.do?id=K4489179A1&amp;tokenCaptchar=03AGdBq26CMC7pBcr4nrigKNZegTvRCZHLMwjA-lVregvFLnQ1gdp8QsXJq7_4tlFpRIC2IokWYTmh8vwYjIiDmb4hfqxo8ROg-yYbNukD-eXOO2bl7pIlMqfOdr7lMdmhlYCypNTKItuaxPKWMW7GduMSpqp1zSDbtcRh0j0xaQv-ZrJ17gW7gI35dfX3GbjFxEol31sVgG2JwRb1ou0w0RdtEOvSADEiJkRDsOUHmk2CWGU9bhrmhDM6f0RBVfWG3T5tv4HZ8-668Y5cfHlYitqaufEm3qehxHjbfdmP4lxSFkR2hIgDwB1c6zGaMD0bmfdLw45plAqD-pC3KCS_gB7WWMXP4dIpVHfMQiDBLf0dL835W_83xiJ3inCT8lfQnlWv4ZackYBzffte552SniAbfdtx69f9eTEafJWRhx5Xybi3KAWNAvHuQb-JsCOUavIBqB0QWSteapUwMCCtkrWzKLRU5gWrCw\\\" target=\\\"_blank\\\" rel=\\\"noopener noreferrer\\\">Leila Cordeiro de Aquino<\/a>, 2013<\/p>\n<\/td>\n<\/tr>\n<tr style=\\\"height: 45.85pt\\\">\n<td style=\\\"width: 956.5pt;padding: 0cm 5.4pt;height: 45.85pt\\\" valign=\\\"top\\\" nowrap=\\\"nowrap\\\" width=\\\"1275\\\">\n<p class=\\\"MsoNormal\\\" style=\\\"margin: 0cm;font-size: 11pt;font-family: Calibri, sans-serif\\\"><span style=\\\"font-weight: 600\\\"><a href=\\\"https:\/\/drive.google.com\/file\/d\/1PgrSKWORPf3Jnr9jJnpvtzaw4CMp8la9\/view?usp=drive_link\\\" target=\\\"_blank\\\" rel=\\\"noopener noreferrer\\\">O MANDONISMO M\u00c1GICO DO SERT\u00c3O: CORPO FECHADO E VIOL\u00caNCIA POL\u00cdTICA NOS SERT\u00d5ES DA BAHIA E DE MINAS GERAIS<\/a><\/span><\/p>\n<p class=\\\"MsoNormal\\\" style=\\\"margin: 0cm;font-size: 11pt;font-family: Calibri, sans-serif\\\"><a href=\\\"http:\/\/buscatextual.cnpq.br\/buscatextual\/visualizacv.do?id=K4210649T8&amp;tokenCaptchar=03AGdBq26pegj0fpGR2z-S1c6t2OBbsc-AqwDIChiUn-FPveBRq6rd64iJ3ezppsxXT-v6754KH0bsNhC42M3nPD7gez6ra8a_sxz1xx6WUQgRqp8vwIxHg7VeNa2TdZzDPViGDFcgumZh6VlwC_Bt-uK_KSjYSj9AvYBlliqJknMv1k3cRXTMlt0oWHyyfbb1hudqwCWQ3RQln-HflHCnHMiBJYTQNnyJsBU9L3u-z28JTKM3UjlWMDDyzWjVIDlTmfc0dwIWVLEQgKR_GRP0zijw4yn_4NSsAC0gYMKClu4Vv4dtMnmpnp-4Vi1wxl2OGh-F1QbdB0wbmaUydwjuJABTYgmtMRU4l-RjPNDZUEGHhPMQ3W8OKd0ZfhC7yw7N6G-5Kbuhr7eVOzHGGhzIA6T-YESp1Hv2KD5MigXq08Wqn773N_MR8xl6LAhgRhS_bFM9V33-gtO99PCQeo3gM_Ojfvl3YsoPMw\\\" target=\\\"_blank\\\" rel=\\\"noopener noreferrer\\\">Lu\u00eds Carlos Mendes Santiago<\/a>, 2013<\/p>\n<\/td>\n<\/tr>\n<tr style=\\\"height: 45.85pt\\\">\n<td style=\\\"width: 956.5pt;padding: 0cm 5.4pt;height: 45.85pt\\\" valign=\\\"top\\\" nowrap=\\\"nowrap\\\" width=\\\"1275\\\">\n<p class=\\\"MsoNormal\\\" style=\\\"margin: 0cm;font-size: 11pt;font-family: Calibri, sans-serif\\\"><span style=\\\"font-weight: 600\\\"><a href=\\\"https:\/\/drive.google.com\/file\/d\/1C4VW6UxbJ9CUY6dkFHSTMCaNNz4TUdqb\/view?usp=drive_link\\\" target=\\\"_blank\\\" rel=\\\"noopener noreferrer\\\">CORRENTE E ALN: MEM\u00d3RIA DA RESIST\u00caNCIA ARMADA \u00c0 DITADURA EM MINAS GERAIS (1967-1971)<\/a><\/span><\/p>\n<p class=\\\"MsoNormal\\\" style=\\\"margin: 0cm;font-size: 11pt;font-family: Calibri, sans-serif\\\"><a href=\\\"http:\/\/buscatextual.cnpq.br\/buscatextual\/visualizacv.do?id=K4485276Z1&amp;tokenCaptchar=03AGdBq26Lcz2SiR_MiRAWB9BrU21GZ1UZkAk5k6audonTsrCK2K5GhXLcs9Z17k3G7-Fs5-_kcNdlGJTpAWsMBTTe3NwfbwytJimdk8aalXstrtOaSAJb5dzL_xn-8R8fpAfjmOP2FEDoJEcm4NLLLbFVyAMCaOk9eKnk7Uc-SP1XD3cCMu4WpmJW2BH1frgzhxBbPp53P5rlQYg7xmwYtfVpbXTcMQuN0rHqChUNITBY6WPHz9L2F5OTyuDk7OBH20j8A8jyUa_vGREL5i-zR__n61A30plW_QVhxzvpNWLUWIavArLuwsNflBtzfbZdIEAXutk73tCTREuPq_ePFK4gZCqDyMo-PR3MHwCvWzngOIKXZWRJQi5PXdlru_7wtbJPQFqYn4hPOVgkYeFcj0zqqyTtS4ui0f7Bwrqkl67hBoev3B30dMKdxhNUlWDeC8VCgRra4IJmyDLIERQf03YLFdBSNIDWMA\\\" target=\\\"_blank\\\" rel=\\\"noopener noreferrer\\\">Luiz Fernando Figueiredo Ramos<\/a>, 2013<\/p>\n<\/td>\n<\/tr>\n<tr style=\\\"height: 45.85pt\\\">\n<td style=\\\"width: 956.5pt;padding: 0cm 5.4pt;height: 45.85pt\\\" valign=\\\"top\\\" nowrap=\\\"nowrap\\\" width=\\\"1275\\\">\n<p class=\\\"MsoNormal\\\" style=\\\"margin: 0cm;font-size: 11pt;font-family: Calibri, sans-serif\\\"><span style=\\\"font-weight: 600\\\"><a href=\\\"https:\/\/drive.google.com\/file\/d\/1SR00IKkEUB0uTSeZKeS8eXc1m9CghdoH\/view?usp=drive_link\\\" target=\\\"_blank\\\" rel=\\\"noopener noreferrer\\\">DE REMEIRO \u00c0 VAPOZEIRO: MEM\u00d3RIA E TRABALHO NAS MARGENS DO S\u00c3O FRANCISCO (1940 \u2013 1981)<\/a><\/span><\/p>\n<p class=\\\"MsoNormal\\\" style=\\\"margin: 0cm;font-size: 11pt;font-family: Calibri, sans-serif\\\"><a href=\\\"http:\/\/buscatextual.cnpq.br\/buscatextual\/visualizacv.do?id=K4321474T2&amp;tokenCaptchar=03AGdBq25KGL95Fh5wr165IwBbDgUBi_8mPyYnxwU8yT4d2Ml4AY8Nm3N7m0uo4BO_wgYKX0zqWj_PlIk3HjS7zdc_4EeLBk2SU-MaItaX-mlfyZgo19jJljBnE6Vyme701yvA6yeGbKSjuMxJT02JUQAISAUetodHv5bry3MgPR1OkiqwUBVemdOaI-_eHoGMe9lNQ8Rk48jxKweL6clVYidxaXL3XzwozkyzvwQlUdOaSE555CsrKoUakmMTPKWNWokOMRaZQDM-Wt4hbtkAjp_dFosO5rw4V4CoV07cOjZsty_OCEK-h3u68AsG0pIYpFiZvDk1kiQ5d4qZoKDrm1qxQJJ6XeqUHjAIXzfl39ATcHkJpIQNL5BU3CItu6tzDBbLELuhXGt2CjWUhU8LNd-940KAqH6rqEZtYs15PZRjAd6VBb2csaV9nG-BDNI54Vkq7unmfnsfJX2Am2YjzguH1jj74cSWWQ\\\" target=\\\"_blank\\\" rel=\\\"noopener noreferrer\\\">Cristiane Aparecida Nunes Oliveira<\/a>, 2014<\/p>\n<\/td>\n<\/tr>\n<tr style=\\\"height: 45.85pt\\\">\n<td style=\\\"width: 956.5pt;padding: 0cm 5.4pt;height: 45.85pt\\\" valign=\\\"top\\\" nowrap=\\\"nowrap\\\" width=\\\"1275\\\">\n<p class=\\\"MsoNormal\\\" style=\\\"margin: 0cm;font-size: 11pt;font-family: Calibri, sans-serif\\\"><span style=\\\"font-weight: 600\\\"><a href=\\\"https:\/\/drive.google.com\/file\/d\/12y96WPrxVI6Hi6_A0HSWtKEbk09QLWNU\/view?usp=drive_link\\\" target=\\\"_blank\\\" rel=\\\"noopener noreferrer\\\">TRANSFORMA\u00c7\u00d5ES POL\u00cdTICAS E AS CAMADAS POPULARES: UMA AN\u00c1LISE DAS ELEI\u00c7\u00d5ES MUNICIPAIS DE MONTES CLAROS DA D\u00c9CADA DE 1980<\/a><\/span><\/p>\n<p class=\\\"MsoNormal\\\" style=\\\"margin: 0cm;font-size: 11pt;font-family: Calibri, sans-serif\\\"><a style=\\\"font-size: 16px\\\" href=\\\"http:\/\/buscatextual.cnpq.br\/buscatextual\/visualizacv.do?id=K4320860D3&amp;tokenCaptchar=03AGdBq2599ZJlt6IWsR5PfQqoj_mnxYCnuX6WnslKGtr1129NJINvd5J7iDKrtWKeZF1FXa85Du4XjQImhfIBzAbhdTDf6X6lQZsWvATMDalINAn_XL80fjQAkBX6oGPtIcfVFwaeWFqDhNextGEIGyy_HAUMa4PlkJOlcVwreJp9i-QnPR_s1VYJZQxqgV2nFjwWmiSakqCnEZrn-qKinucaCRen8zq0ZDt4-D0rTpj_0s-WfDzEG7mHnsUA9T2mLumvDvfNHKESZI3eqE26OsRt6UrYSNxWQNrcq6tPFITFskHpUjyYBduE0u8WdgLLZZ_xFqx24KsiteWEA-3-7NPfYzXL_3arS-uwD_HgY3oWnDoAdQg7MbH5afbLuzUt8j6x7pXZokw91RHeRV0It1V7OSYbKRvJ2TPRENRZu2nelkZMQ4o0ubEVDh6l9wgm9BUuOQs_fnjIYA7aHUqtxH5HXotimHAbzA\\\" target=\\\"_blank\\\" rel=\\\"noopener noreferrer\\\">Danniel\u00a0Ferreira Coelho<\/a>, 2014<\/p>\n<\/td>\n<\/tr>\n<tr style=\\\"height: 45.85pt\\\">\n<td style=\\\"width: 956.5pt;padding: 0cm 5.4pt;height: 45.85pt\\\" valign=\\\"top\\\" nowrap=\\\"nowrap\\\" width=\\\"1275\\\">\n<p class=\\\"MsoNormal\\\" style=\\\"margin: 0cm;font-size: 11pt;font-family: Calibri, sans-serif\\\"><span style=\\\"font-weight: 600\\\"><a href=\\\"https:\/\/drive.google.com\/file\/d\/1NBzKFC0a_xEafY0qGOI71e_7xI5QskTj\/view?usp=drive_link\\\" target=\\\"_blank\\\" rel=\\\"noopener noreferrer\\\">DENTRO E FORA DA F\u00c1BRICA: UMA AN\u00c1LISE SOBRE AS \u201cEXPERI\u00caNCIAS\u201d E \u201cVIV\u00caNCIAS\u201d DOS TRABALHADORES DA COMPANHIA DE MATERIAIS SULFUROSOS S.A. &#8211; MATSULFUR DE MONTES CLAROS \u2013 MG (1969-1994)<\/a><\/span><\/p>\n<p class=\\\"MsoNormal\\\" style=\\\"margin: 0cm;font-size: 11pt;font-family: Calibri, sans-serif\\\"><a href=\\\"http:\/\/lattes.cnpq.br\/8025115896334223\\\" target=\\\"_blank\\\" rel=\\\"noopener noreferrer\\\">Irineu Ribeiro Lopes<\/a>, 2014<\/p>\n<\/td>\n<\/tr>\n<tr style=\\\"height: 45.85pt\\\">\n<td style=\\\"width: 956.5pt;padding: 0cm 5.4pt;height: 45.85pt\\\" valign=\\\"top\\\" nowrap=\\\"nowrap\\\" width=\\\"1275\\\">\n<p class=\\\"MsoNormal\\\" style=\\\"margin: 0cm;font-size: 11pt;font-family: Calibri, sans-serif\\\"><span style=\\\"font-weight: 600\\\"><a href=\\\"https:\/\/drive.google.com\/file\/d\/1YDbD4iLjJHP5OZnXpo2zgLuEcMD1AxmL\/view?usp=drive_link\\\" target=\\\"_blank\\\" rel=\\\"noopener noreferrer\\\">CIDADE PENSADA: OS SONHOS, AS IDEIAS E OS PROJETOS DE PLANIFICA\u00c7\u00c3O URBANA EM MONTES CLAROS\/MG NA SEGUNDA METADE DO S\u00c9CULO XX<\/a><\/span><\/p>\n<p class=\\\"MsoNormal\\\" style=\\\"margin: 0cm;font-size: 11pt;font-family: Calibri, sans-serif\\\"><a style=\\\"font-size: 16px\\\" href=\\\"http:\/\/buscatextual.cnpq.br\/buscatextual\/visualizacv.do?id=K4268817A7&amp;tokenCaptchar=03AGdBq26UpuPV8iSaHEpnrjRM0-1pYhZp6dXC4S_6InEBbM6mgkG0AR5pChOeZVyd3NBdFS1Q1X3a1px3UI5yofQQzvw4y7CyIvTv8DoCa_VPddZLSUtb23jOBnXJn6FGUnGBShGNT61aKgw37kMK-jYBm2jsFuQnSE3xlzwnFuXyoE6UTZVi0Pyh4fcEutaEn2uRZBy6TDDgkeankYxnXFQQHlx_Y0BkTnvWr_sStRW4duU06XGHGEZem0HaOXNP2mFo3tEfOW9nAipzRnSb-1hUaFYESJYVPADU5RZrizYeXft9gtm30vTy-peOo3Dgs9NbjOID1zaEdhXlc1gB4xkmW-YEgIumOTEn3C17WbiKe5NssTdoXucw3FB4SPMlzM-fkYsTIbaIoe5aSUAkFkO5RozHuNepwylu1XcHdXRBPLrSe8o3IIiH2U4ZcvP3tVIANaZxTvu8Y-n3mx2fNLcnISzCIxWG4Q\\\" target=\\\"_blank\\\" rel=\\\"noopener noreferrer\\\">Lucyonara de F. Carvalho Para\u00edso<\/a>, 2014<\/p>\n<\/td>\n<\/tr>\n<tr style=\\\"height: 45.85pt\\\">\n<td style=\\\"width: 956.5pt;padding: 0cm 5.4pt;height: 45.85pt\\\" valign=\\\"top\\\" nowrap=\\\"nowrap\\\" width=\\\"1275\\\">\n<p class=\\\"MsoNormal\\\" style=\\\"margin: 0cm;font-size: 11pt;font-family: Calibri, sans-serif\\\"><span style=\\\"font-weight: 600\\\"><a href=\\\"https:\/\/drive.google.com\/file\/d\/1vYdMAqbh8jz4UdDMEPVm0Xg-7ih5Offb\/view?usp=drive_link\\\" target=\\\"_blank\\\" rel=\\\"noopener noreferrer\\\">A TERRITORIALIZA\u00c7\u00c3O DO BAIRRO MORRINHOS EM MONTES CLAROS: O OLHAR E A VOZ DOS MORADORES SOBRE SUA HIST\u00d3RIA, MEM\u00d3RIA E ESTIGMA<\/a><\/span><\/p>\n<p class=\\\"MsoNormal\\\" style=\\\"margin: 0cm;font-size: 11pt;font-family: Calibri, sans-serif\\\"><a style=\\\"font-size: 16px\\\" href=\\\"http:\/\/buscatextual.cnpq.br\/buscatextual\/visualizacv.do?id=K4274119Z5&amp;tokenCaptchar=03AGdBq24Bq5cI2Pjcsb2z23ygJN5tRAHUIm1xLfO4b5BJbFiG5W3g-2G2XdPC9RrYiWLl6SmVkr1OBUj9i0czt1fTvXOLv3LYhcdbgb6Z6XERnUT5NShp8jwCu1iJKkOlYXrNQF7Mp8S0D_-S3r4YyPvNY0eEy1FsHN93hxbcn-UfpvsdSJkEiDUD2-MUY5ujUbY_erd1EJ61mY2IdAxCf0Ot3Gi7DMc9Xi33Rm6LjVSP3zO-_i05h4kg14KvAltzPh8mJ8vijuTRr0ei3Eepq8Y8CpX8uTAI7nj3ZFYPwyFDTkMut0AvM1k0a4rj3IW64Cq-ljaNpVV8YmMcTH8x5xjML0Elp8WV3zIH9iIQYDBd7_rnHBGkzJowxKNidOrTcNLH9io59BhZ6pDiO7kOO5SOjzANTaTML2spbjalOm9ymUOCyJr2ZsmRe-DNbeS0qoBfZV3Cq96GHvAp4JsGkHWNPTELmo4F9A\\\" target=\\\"_blank\\\" rel=\\\"noopener noreferrer\\\">Rozalina\u00a0C\u00e1ssia de Andrade Ruas Costa<\/a>, 2014<\/p>\n<\/td>\n<\/tr>\n<tr style=\\\"height: 45.85pt\\\">\n<td style=\\\"width: 956.5pt;padding: 0cm 5.4pt;height: 45.85pt\\\" valign=\\\"top\\\" nowrap=\\\"nowrap\\\" width=\\\"1275\\\">\n<p class=\\\"MsoNormal\\\" style=\\\"margin: 0cm;font-size: 11pt;font-family: Calibri, sans-serif\\\"><span style=\\\"font-weight: 600\\\"><a href=\\\"https:\/\/drive.google.com\/file\/d\/1LeKJ5_OcJUPfsseuCYF08ff9CtVcKN-c\/view?usp=drive_link\\\" target=\\\"_blank\\\" rel=\\\"noopener noreferrer\\\">HIST\u00d3RIA E ARQUEOLOGIA NO BRASIL: DO S\u00c9CULO XIX AO XX<\/a><\/span><\/p>\n<p class=\\\"MsoNormal\\\" style=\\\"margin: 0cm;font-size: 11pt;font-family: Calibri, sans-serif\\\"><a href=\\\"http:\/\/lattes.cnpq.br\/6164046478769383\\\" target=\\\"_blank\\\" rel=\\\"noopener noreferrer\\\">Thiago Pereira<\/a>, 2014<\/p>\n<\/td>\n<\/tr>\n<tr style=\\\"height: 45.85pt\\\">\n<td style=\\\"width: 956.5pt;padding: 0cm 5.4pt;height: 45.85pt\\\" valign=\\\"top\\\" nowrap=\\\"nowrap\\\" width=\\\"1275\\\">\n<p class=\\\"MsoNormal\\\" style=\\\"margin: 0cm;font-size: 11pt;font-family: Calibri, sans-serif\\\"><span style=\\\"font-weight: 600\\\"><a href=\\\"https:\/\/drive.google.com\/file\/d\/1hbLRZdP-pl2mfZaNVoRm4lfP2kzoufNa\/view?usp=drive_link\\\" target=\\\"_blank\\\" rel=\\\"noopener noreferrer\\\">\u201cEU N\u00c3O FALO, EU FA\u00c7O!\u201d: UM ESTUDO SOBRE AS PR\u00c1TICAS POL\u00cdTICAS DO CAPIT\u00c3O EN\u00c9AS MINEIRO DE SOUZA NO NORTE DE MINAS GERAIS<\/a><\/span><\/p>\n<p class=\\\"MsoNormal\\\" style=\\\"margin: 0cm;font-size: 11pt;font-family: Calibri, sans-serif\\\"><a href=\\\"http:\/\/buscatextual.cnpq.br\/buscatextual\/visualizacv.do?id=K4336295P3&amp;tokenCaptchar=03AGdBq27ZSDwqFDAIHf-U9USmMdjfQe9UjkD9NPcmalZNprvNV-U9RcXQW2VpcJ7iSkvl7YgXqWndE4AjgyBdEuf1BDRLoI4qkYh-f3cQoD_nnc9Pg_k24MxUoJ-bDBWzGWHyVABANTkuDuB2AE4B8IncYMqzGNOpHjPbRO8B3J_-PTxWZonHM98QN_3DcSVpMli7kXWZkpgMsNRoIZHxgDQ8CvSrUs9dHTn9ZJnm8--ylz_7ckNS6uFFxH67kTfGmMojYxoX2UFUQBBO5Lk4EV6q25a9UXMRWVD-6fcCcXwC9oaNRPQGmEuaNIp5M-hVxgT0tJNX5X35dWOdxzaTjAyU_ACAXVQFGSDEj3R8l-TRM5xRemvzzu9_f25r4C0mjVhgjjYEsZykYAu8KRVjn2MFgouEHLc-deTJrxwIsLpNW4zBsfDby6qLwF5JzWMdRTRi9imBOAAoS-9CRkaWzpfUhS8sis-kxQ\\\" target=\\\"_blank\\\" rel=\\\"noopener noreferrer\\\">Wesley Gon\u00e7alves Soares<\/a>, 2014<\/p>\n<\/td>\n<\/tr>\n<tr style=\\\"height: 45.85pt\\\">\n<td style=\\\"width: 956.5pt;padding: 0cm 5.4pt;height: 45.85pt\\\" valign=\\\"top\\\" nowrap=\\\"nowrap\\\" width=\\\"1275\\\">\n<p class=\\\"MsoNormal\\\" style=\\\"margin: 0cm;font-size: 11pt;font-family: Calibri, sans-serif\\\"><span style=\\\"font-weight: 600\\\"><a href=\\\"https:\/\/drive.google.com\/file\/d\/15mZPuSgqG0KaK0n8PG3R4vZNUF9kxR5G\/view?usp=drive_link\\\" target=\\\"_blank\\\" rel=\\\"noopener noreferrer\\\">SOBRE HIST\u00d3RIA POL\u00cdTICA E M\u00cdDIA: A \u201cREPRESENTA\u00c7\u00c3O\u201d DO CHAVISMO ATRAV\u00c9S DA REVISTA VEJA (1999-2013)<\/a><\/span><\/p>\n<p class=\\\"MsoNormal\\\" style=\\\"margin: 0cm;font-size: 11pt;font-family: Calibri, sans-serif\\\"><a href=\\\"http:\/\/buscatextual.cnpq.br\/buscatextual\/visualizacv.do?id=K4468132U6&amp;tokenCaptchar=03AGdBq261-_eFJsUXq5rAXiJ52LB_y3wBxw-Tc-bcyHKZzSk8QOc4MbGtkj3ZI27MdXdtcB6ZBRWmaqlPR8ylIbEBU5UrH5ta6qKUn3fc-iulKj1K3wlxGThpE7dbYz1zsRPsd2sU4QM8t-pGu27b-TpVTSFVDd6Oq2W-jw5UhjnBPZKU5I4fP1dqI-wiGknujkicwa0WK6-1zvJwJXL6_Ab9O6iKZavVdGFSCjXgWFUG-AMcLw0UNs5m5EA9GAaSrtPOyRW7pgpMC8DQ0FSX4YUnIo45pNnGHVQK9eqfxi7t4Ug02L5Su80BmJC-eLq21snzneiWQRbcnIdub2qmyeRl5sAR9u8ImAA-gQggyRWSgMdP_vglY9rPok6UkLStmtjuHo2LAna76QKN09wUDEn7sle87lRA_6kn24MsKvCvTMcw9LAh37EDqrTj2lzoUNh1uGOQUEfQ7jRpruMKFt8Q1NK_V16qiA\\\" target=\\\"_blank\\\" rel=\\\"noopener noreferrer\\\">David Souza Fernandes<\/a>, 2015<\/p>\n<\/td>\n<\/tr>\n<tr style=\\\"height: 45.85pt\\\">\n<td style=\\\"width: 956.5pt;padding: 0cm 5.4pt;height: 45.85pt\\\" valign=\\\"top\\\" nowrap=\\\"nowrap\\\" width=\\\"1275\\\">\n<p class=\\\"MsoNormal\\\" style=\\\"margin: 0cm;font-size: 11pt;font-family: Calibri, sans-serif\\\"><span style=\\\"font-weight: 600\\\"><a href=\\\"https:\/\/drive.google.com\/file\/d\/11l5XuKCpCbpm1X32o0VuMkzua_4o0Z-J\/view?usp=drive_link\\\" target=\\\"_blank\\\" rel=\\\"noopener noreferrer\\\">O SONHO VIGIADO: COMUNISTAS DE MONTES CLAROS E A VIGIL\u00c2NCIA-REPRESS\u00c3O \u00c0S SUAS ATIVIDADES<\/a><\/span><\/p>\n<p class=\\\"MsoNormal\\\" style=\\\"margin: 0cm;font-size: 11pt;font-family: Calibri, sans-serif\\\"><a href=\\\"http:\/\/buscatextual.cnpq.br\/buscatextual\/visualizacv.do?id=K4325022H0&amp;tokenCaptchar=03AGdBq27CklWxDinIIV9v_E4x0MvH3ClQy5f2SOXdpSVtQnZuIbiwHnfjqe_DyfrNxO1g5YsvbLT2jY7O_E33z2lgwalpdccKHmk0UTQwkwAi1zjljuywHkpUjoTs12Pg7wki1f8MhK_t7v8J4DqhqQA1bunsg_Nu2reIdg4M6xJMBeF-rUuWF4fM4XquBNeGzbkeU600erOfwUs9g29OyYw8RZVZc3LhcTeHM-DB6yr7GMNrgGIhttzbKLr0k4QQ2XoAJNKpvOiNDOwXMQew21ta954V8zCFnfGUWH1vvkCsYrc40ks-rNAEntUrrvdPviYVEqebxAov5iW4aziTvDhn1s8F4Qo6GiUYo84YXK50WiDojgcMz3MS3HwFqDWykHTebJhDDfFS3_i3pYmaucRouBllLd0LKcO5UNhI32n_Iy78D3qQROU9I76nbq2xWSojhA-oyrArvfYT7It_pMFpUpe75CV7zw\\\" target=\\\"_blank\\\" rel=\\\"noopener noreferrer\\\">Guilherme Costa Pimentel<\/a>, 2015<\/p>\n<\/td>\n<\/tr>\n<tr style=\\\"height: 45.85pt\\\">\n<td style=\\\"width: 956.5pt;padding: 0cm 5.4pt;height: 45.85pt\\\" valign=\\\"top\\\" nowrap=\\\"nowrap\\\" width=\\\"1275\\\">\n<p class=\\\"MsoNormal\\\" style=\\\"margin: 0cm;font-size: 11pt;font-family: Calibri, sans-serif\\\"><span style=\\\"font-weight: 600\\\"><a href=\\\"https:\/\/drive.google.com\/file\/d\/1idcibs0FqBF81WctePOlj1irS22nSuw2\/view?usp=drive_link\\\" target=\\\"_blank\\\" rel=\\\"noopener noreferrer\\\">O CINEMA DE OLIVER STONE E O PROJETO NACIONALISTA DA \u201cERA REAGAN\u201d<\/a><\/span><\/p>\n<p class=\\\"MsoNormal\\\" style=\\\"margin: 0cm;font-size: 11pt;font-family: Calibri, sans-serif\\\"><a style=\\\"font-size: 16px\\\" href=\\\"http:\/\/buscatextual.cnpq.br\/buscatextual\/visualizacv.do?id=K4436867E7&amp;tokenCaptchar=03AGdBq2604aEfi6E0thKiDnA3JlPxpyw8BuDqL-AX8p5aQF9dKH5EPvnDJbq1-E2wxlHU6mAWSP1FUHI7tgUHFMVMgmdSjaXojXopHwLLji_YkV8G0nN5IJRAUJ53UN2DN_yCAFxIP4DAU_aZp862fA9nJS60SiTD9DcYy7Xp7Zc7HMyC0tj2rErfHO6YgIo6cEjyQIdFXVCkAYUgER2OaiPEVEMk2PT6XRo37ikaN8kpDAOygqSQpkEbR-FyIcMkq_BbNO_boPQh8-gO1hMrTmr7Fs-BeuY8SH9UijnAF5X5GVByzT9E42ZsWV5qbTJb3sCn69cXHKFbWFM-A56GaTUSDPEbn3zzrQsbCIZP0Kdg2qXfRZBXT_LtOGzSbcQlKRy1c7awghMMwKkuwbU3_zV4mACi7MSkBYFSfUjjzO4HHsg5cn5ZVcrMJyJ9XDDx69INvoAxRxGuCIRYXhnkKf6Ww1jqMMQwKA\\\" target=\\\"_blank\\\" rel=\\\"noopener noreferrer\\\">Heverton\u00a0Thiago Ferraz da Silva<\/a>, 2015<\/p>\n<\/td>\n<\/tr>\n<tr style=\\\"height: 45.85pt\\\">\n<td style=\\\"width: 956.5pt;padding: 0cm 5.4pt;height: 45.85pt\\\" valign=\\\"top\\\" nowrap=\\\"nowrap\\\" width=\\\"1275\\\">\n<p class=\\\"MsoNormal\\\" style=\\\"margin: 0cm;font-size: 11pt;font-family: Calibri, sans-serif\\\"><span style=\\\"font-weight: 600\\\"><a href=\\\"https:\/\/drive.google.com\/file\/d\/1NVIoSOi66UIvYCWTo8T0xdDzx-rI5ixc\/view?usp=drive_link\\\" target=\\\"_blank\\\" rel=\\\"noopener noreferrer\\\">O PENSAMENTO DE TANCREDO NEVES: E A CULTURA POL\u00cdTICA DA MINEIRIDADE<\/a><\/span><\/p>\n<p class=\\\"MsoNormal\\\" style=\\\"margin: 0cm;font-size: 11pt;font-family: Calibri, sans-serif\\\"><a href=\\\"http:\/\/buscatextual.cnpq.br\/buscatextual\/visualizacv.do?id=K4250654H6&amp;tokenCaptchar=03AGdBq26E20ZUprsyiCFx7vJJ0kAcaARMYmV8dONwX8aqaq4yU4ICBFmyp4BM3olAbkyVRIexMYUfwiussxe35rdGqgfKoAhoRpCv3hD9CpnHQQXtS02YPV3CnyP23QrjUIg5sfoalMYxxfremjm72odb1YmbhuGIZK0i8AzMbdLL7ke9X8zyHe2P7_6NRU1PaSQKUTc-Q13IozrfRsKl0XjdpEFUrUkRWkrp2mP6XDHV5VwSqza8h5VHr44r66J_Xi8RIQHnbDFPQAw6l__8e8D6gWSzBjPqa-5hw4pzLzDxxehEokLnrFwHH0mh1LMU2eXlChghUnT0cVc3ioTGrqRzSu2SxtHhmB5RDZiE_4suA0TugEO-1Nt5sSm1n3LbTAXQsIyqpg65zy28gTS-FDeX-S3fF-5chv8Z7g0HeaEtvZp-08K_3e607ls63x3UAXtiMaG2O9OD_AQjyRYfg6NehjF8TF8cWg\\\" target=\\\"_blank\\\" rel=\\\"noopener noreferrer\\\">Igor Oliveira Faria<\/a>, 2015<\/p>\n<\/td>\n<\/tr>\n<tr style=\\\"height: 45.85pt\\\">\n<td style=\\\"width: 956.5pt;padding: 0cm 5.4pt;height: 45.85pt\\\" valign=\\\"top\\\" nowrap=\\\"nowrap\\\" width=\\\"1275\\\">\n<p class=\\\"MsoNormal\\\" style=\\\"margin: 0cm;font-size: 11pt;font-family: Calibri, sans-serif\\\"><span style=\\\"font-weight: 600\\\"><a href=\\\"https:\/\/drive.google.com\/file\/d\/1nxMe6nqa6fmdX_MNKnMtM66F8EtCJGFS\/view?usp=drive_link\\\" target=\\\"_blank\\\" rel=\\\"noopener noreferrer\\\">BATMAN BEGINS E A IDENTIDADE CONTEMPOR\u00c2NEA<\/a><\/span><\/p>\n<p class=\\\"MsoNormal\\\" style=\\\"margin: 0cm;font-size: 11pt;font-family: Calibri, sans-serif\\\"><a href=\\\"http:\/\/buscatextual.cnpq.br\/buscatextual\/visualizacv.do?id=K4464859J8&amp;tokenCaptchar=03AGdBq25T_IDIAZDxC_pWRZ67DYfrQl9Le8IZW2GyxgyO-V1xhkg84NVz5O7IMaJgJj7xp7r3msSUdY92yFQP16X7nmGIEQD7l7ph_WZY1V0kZaKID0OEeuAiRiKjy7hww_-QlZmg53PynN0hBUpDdxoQZee4fLw4b3Z-IQtkndntfo26ACQd4zrz8DfqtV2iRc4lHzre7t8yEETnSECjHuLLuWbBUYmtKEag-m1Le2OiAAyS3WYwfmG9LseiUvQD7v_0Mw-vFAlAKTFFM93skBF12a_54-_DkUv97kqwpwnNpLGe6WutKlz3hKZye36GDERL2X5ibQF8sAlKM8MeK1FBd0sX7BKqvgUDOlSWnCt-SCetpMSmJ4YI3Pf2OOTXUF8j4KZWHVGxNg4UKa2MAOlfIDrYUxCYbf6KRlIxTVzCAmborvqszQvJvgqKDmKwy1dMsAqfxQ8LrziNiwvcJa7sSD6pkIZCug\\\" target=\\\"_blank\\\" rel=\\\"noopener noreferrer\\\">Matheus Felipe Barbosa e Alves<\/a>, 2015<\/p>\n<\/td>\n<\/tr>\n<tr style=\\\"height: 45.85pt\\\">\n<td style=\\\"width: 956.5pt;padding: 0cm 5.4pt;height: 45.85pt\\\" valign=\\\"top\\\" nowrap=\\\"nowrap\\\" width=\\\"1275\\\">\n<p class=\\\"MsoNormal\\\" style=\\\"margin: 0cm;font-size: 11pt;font-family: Calibri, sans-serif\\\"><span style=\\\"font-weight: 600\\\"><a href=\\\"https:\/\/drive.google.com\/file\/d\/1W2NLBYPibLSB9gTMdienREbI_PZIMNzp\/view?usp=drive_link\\\" target=\\\"_blank\\\" rel=\\\"noopener noreferrer\\\">O ROCK BRASILEIRO COMO M\u00daSICA DE PROTESTO: CR\u00cdTICA SOCIAL E PROTESTO POL\u00cdTICO NAS BANDAS ENGENHEIROS DO HAWAII, LEGI\u00c3O URBANA E TIT\u00c3S (1985-1992).<\/a><\/span><\/p>\n<p class=\\\"MsoNormal\\\" style=\\\"margin: 0cm;font-size: 11pt;font-family: Calibri, sans-serif\\\"><a href=\\\"http:\/\/buscatextual.cnpq.br\/buscatextual\/visualizacv.do?id=K4201456Y7&amp;tokenCaptchar=03AGdBq25CakA92bhxlOPNqaLdHJUblIN6O2dEgtbIZ0CNm9Q_GQdBe7joRoT2sok_pp8ANDulCuC81xYr0rN-kEPHh-ZG1Yu-1xl10RTllrFSertvu34i5NQFuwzqecUdqMDsqouC-D9E50Oe-SmaDOlpXBZ4IYlep4IXSnXa79GF7LrcSCkhUQPBesl8Gxesh9uOpmO0sfVDtAuVtmValV4-aZuRQBGsPhppqPK5CXLi4Qik5XJq3m2sgrdIgUniswDH6xsFmHdU4RcIjYfdflKnWU6pR_vDtL5H41FxvDIxHW3xqooo2lLcWLIS3HDRbKupQOuJR8YNpcC-VJLmTd0urbcnasvCloGvmCRm-WbA8X0s7DKNUTXsP6wdh3uUm3I8F7w_G-1EhR4dnvpME7hKvhzb-6GZjbU7zk-_dDOQoZErNnqaR1gDmLo3nJ9llQQFlwJfN3xcxfBKZCDqLGw-lzD5OrZHhg\\\" target=\\\"_blank\\\" rel=\\\"noopener noreferrer\\\">Nelson Souza Soares5<\/a>, 201<\/p>\n<\/td>\n<\/tr>\n<tr style=\\\"height: 45.85pt\\\">\n<td style=\\\"width: 956.5pt;padding: 0cm 5.4pt;height: 45.85pt\\\" valign=\\\"top\\\" nowrap=\\\"nowrap\\\" width=\\\"1275\\\">\n<p class=\\\"MsoNormal\\\" style=\\\"margin: 0cm;font-size: 11pt;font-family: Calibri, sans-serif\\\"><span style=\\\"font-weight: 600\\\"><a href=\\\"https:\/\/drive.google.com\/file\/d\/1ZqTNanO5gW2f5YDkrdhdWz-J-VwsJs98\/view?usp=drive_link\\\" target=\\\"_blank\\\" rel=\\\"noopener noreferrer\\\">PT: FORMA\u00c7\u00c3O E CRISE DE UMA NOVA CULTURA POL\u00cdTICA<\/a><\/span><\/p>\n<p class=\\\"MsoNormal\\\" style=\\\"margin: 0cm;font-size: 11pt;font-family: Calibri, sans-serif\\\"><a href=\\\"http:\/\/buscatextual.cnpq.br\/buscatextual\/visualizacv.do?id=K4347123P3&amp;tokenCaptchar=03AGdBq24pYPcUN5yPLhu1jmrSjmy_j0_8Z1zhM15JfQDbktmuKDk--KuRjBaLd54nKdbHPL6gekZbwBu5vLl3OOexmUsoPrKOyOtG8J0CExfJPAHtNWEsQE2UFQYIN6Z76jWTm0SZNKkrAeooxdVtuSAb35OmD56fBHZllVbUezBf3IL-wndyQ4LJcOFDyJ_6PYVWlvzv33_BRyaSVDgtohOJfQzUxKDDjF9TtdbUicT-6WI-I7OBJT1HA3oi3vtnGe7In2GZq2NPGP8L6gIQB2WwgTPHIEvxXFQ0XlRHJSPy4D3jnqLhQllhuiMRa7qY6LOKXJBYICbuuiqD32gUzU4aWo9Mgl807fspqN0SF7blJtwHHggRGh-dhk1Wmfd_meYTBdwFBNfoDz3TBlCK2koC1Lf7BnB0c1IQMbOtJltiC5eVZY8OQwPtUV7uxq2A1YF_gty8t9e_urz6CoWqRu-4pcUV-hJVGQ\\\" target=\\\"_blank\\\" rel=\\\"noopener noreferrer\\\">Thiago Ferreira de Souza<\/a>, 2015<\/p>\n<\/td>\n<\/tr>\n<tr style=\\\"height: 45.85pt\\\">\n<td style=\\\"width: 956.5pt;padding: 0cm 5.4pt;height: 45.85pt\\\" valign=\\\"top\\\" nowrap=\\\"nowrap\\\" width=\\\"1275\\\">\n<p class=\\\"MsoNormal\\\" style=\\\"margin: 0cm;font-size: 11pt;font-family: Calibri, sans-serif\\\"><span style=\\\"font-weight: 600\\\"><a href=\\\"https:\/\/drive.google.com\/file\/d\/1DZzTR5lmlJ6706mpSz7H_xawEGeZaxHf\/view?usp=drive_link\\\" target=\\\"_blank\\\" rel=\\\"noopener noreferrer\\\">COTIDIANO REVELADO: O TRABALHO DO MOTOTAXISTA NA CIDADE DE MONTES CLAROS\/MG \u2013 1996 A 2016<\/a><\/span><\/p>\n<p class=\\\"MsoNormal\\\" style=\\\"margin: 0cm;font-size: 11pt;font-family: Calibri, sans-serif\\\"><span style=\\\"color: windowtext\\\"><a href=\\\"http:\/\/lattes.cnpq.br\/8898827592374653\\\" target=\\\"_blank\\\" rel=\\\"noopener noreferrer\\\">Cristiano Barbosa<\/a>, 2016.<\/span><\/p>\n<\/td>\n<\/tr>\n<tr style=\\\"height: 45.85pt\\\">\n<td style=\\\"width: 956.5pt;padding: 0cm 5.4pt;height: 45.85pt\\\" valign=\\\"top\\\" nowrap=\\\"nowrap\\\" width=\\\"1275\\\">\n<p class=\\\"MsoNormal\\\" style=\\\"margin: 0cm;font-size: 11pt;font-family: Calibri, sans-serif\\\"><span style=\\\"font-weight: 600\\\"><a href=\\\"https:\/\/drive.google.com\/file\/d\/101SlqxIxlVGlw6pO9JbhR0-byc_j_PH7\/view?usp=drive_link\\\" target=\\\"_blank\\\" rel=\\\"noopener noreferrer\\\">HIST\u00d3RIA E TELENOVELAS: UMA AN\u00c1LISE DA VIOL\u00caNCIA DOM\u00c9STICA EM FINA ESTAMPA<\/a><\/span><\/p>\n<p class=\\\"MsoNormal\\\" style=\\\"margin: 0cm;font-size: 11pt;font-family: Calibri, sans-serif\\\"><a style=\\\"font-size: 16px\\\" href=\\\"http:\/\/buscatextual.cnpq.br\/buscatextual\/visualizacv.do?id=K4025899P6&amp;tokenCaptchar=03AGdBq25mD-r1VxI6FvXs6bxBm-Dkwlr_bcX-MJI7GBF5LdJBrNxbraKx3e2_Bv4FdmfQ1jyBj3wv3HXGgaSCViDFzkZfrnGNhL_jeMoABwxEp9MoYqpq83ODx3iqm0KGHrVO8YWsCjzYPmuuR9IPU0qO3lxJ5ILosYSLMI7-qahEwhuRAw-Fik9RU0i7UyisKL4znkpbUr-4frLIezD7IVKwtXSstKoM3doANRdUaQpiYjDrhHbM_Q6aylTILZyi7WaDnL1bTVnBADKGcZI-fgthAOBVSB5zYffK5fC51w0lmMZd8l2d_7fXZB1xvMRUyH4QIKn2YSh88b8ic7UafV-v2cG7NnJPUpwyvTNylCOEBJMSoBus5fV3jXRgLptYmrAWZcyfwdzbaPboX05DbRsHIGCzQHWRvCsSCq3VW-6COFkxnVg48ENkPD750w1zAU0U6rw5C-1KbqnsoTXC8Heodl35iajDvA\\\" target=\\\"_blank\\\" rel=\\\"noopener noreferrer\\\">Dalene\u00a0Maciel Gon\u00e7alves<\/a>, 2016<\/p>\n<\/td>\n<\/tr>\n<tr style=\\\"height: 45.85pt\\\">\n<td style=\\\"width: 956.5pt;padding: 0cm 5.4pt;height: 45.85pt\\\" valign=\\\"top\\\" nowrap=\\\"nowrap\\\" width=\\\"1275\\\">\n<p class=\\\"MsoNormal\\\" style=\\\"margin: 0cm;font-size: 11pt;font-family: Calibri, sans-serif\\\"><span style=\\\"font-weight: 600\\\"><a href=\\\"https:\/\/drive.google.com\/file\/d\/1yAfUFYLGbWizqippHsmBw9hanZulGhzt\/view?usp=drive_link\\\" target=\\\"_blank\\\" rel=\\\"noopener noreferrer\\\">DIANTE DO TRIBUNAL: TRABALHADORES DO BRASIL E A JUSTI\u00c7A DO TRABALHO (1941 A 1946)<\/a><\/span><\/p>\n<p class=\\\"MsoNormal\\\" style=\\\"margin: 0cm;font-size: 11pt;font-family: Calibri, sans-serif\\\"><a style=\\\"font-size: 16px\\\" href=\\\"http:\/\/buscatextual.cnpq.br\/buscatextual\/visualizacv.do?id=K4670691T5&amp;tokenCaptchar=03AGdBq27bynfyzrM25AL4JBIfYG-_dzfvy5SSTI1yVgviwTGVX0VMydA9zV4JcyOIJ7UPuCtHDzbftc7Cc5x-2fTwidE-F5_v5nec3LGe_s37ZtuCXw8hYeC6GP-DywKKt3ldjf2Fo4GWMjjedTNQsUkSdHFun618UGvjM3bGpXfyCBwJqp-FImAxREo6pQlzvio73ekZKARk-0-XRbrPIgt0xG9dHGz_HN85oYnWlFGk9QclRbfUR4p7Dwewsk1eRBvv5Jutu7y1pQCkSDdORGiAuSsEX460Ci8EJZnHLllZLZ8QB8dS_5aof7gGgr6oBgvnoD2oht9KDylKsCtSttfkERiOnb9Bbe3HvwmTTL4M_hZywQUMjfOkNsTUYRe2ePrup5NxnIcmmA9f8VGP3-xM6kthiGyithQ38zSyr97CIFYB0Cic2PBrIedF7HiUBdTTMD4tCMSlmgZzsbu3B09qDj6svDrb5A\\\" target=\\\"_blank\\\" rel=\\\"noopener noreferrer\\\">J\u00f4se\u00a0Augusta Barbosa Dos Santos<\/a>, 2016<\/p>\n<\/td>\n<\/tr>\n<tr style=\\\"height: 45.85pt\\\">\n<td style=\\\"width: 956.5pt;padding: 0cm 5.4pt;height: 45.85pt\\\" valign=\\\"top\\\" nowrap=\\\"nowrap\\\" width=\\\"1275\\\">\n<p class=\\\"MsoNormal\\\" style=\\\"margin: 0cm;font-size: 11pt;font-family: Calibri, sans-serif\\\"><span style=\\\"font-weight: 600\\\"><a href=\\\"https:\/\/drive.google.com\/file\/d\/1eqWzOs4GsTnq58CACi9i2_2rxv2jsRyh\/view?usp=drive_link\\\" target=\\\"_blank\\\" rel=\\\"noopener noreferrer\\\">COMUNIDADE BREJO DOS CRIOULOS: CONSTRU\u00c7\u00c3O SOCIAL DA IDENTIDADE DOS REMANESCENTES QUILOMBOLAS DE S\u00c3O JO\u00c3O DA PONTE-MG<\/a><\/span><\/p>\n<p class=\\\"MsoNormal\\\" style=\\\"margin: 0cm;font-size: 11pt;font-family: Calibri, sans-serif\\\"><a href=\\\"http:\/\/buscatextual.cnpq.br\/buscatextual\/visualizacv.do?id=K4339089J5&amp;tokenCaptchar=03AGdBq24ufNXvhFSIqqf9cB4C1DaVOA1EQrazd3WUsykCZ2T086ZDIuhkR35MAinyuUq8X-KqJZMpS0GBU2flEOmcjtGrh_zVz3OodROZpdE8PRoZWwQnQxsOPvsZMZSdn-w1Ksew2GBmb9bB0S-xDPoHOgd0dbSZK1qYWyBo95VKWR-uZTuDp6k7IuC2IvdI9hi6C9wuAF6hz1khTf_w8ei3rhrYGUnO3HFUyJYXCjwiX8w6tiyV4TdeZvl0CTqYqqqMme8F5ev89tYZuyPksAfL9fpd3P5C4Su-OP5ZjZN4l2yiFwAJGWkyxpFhd-fLqT90Q-mMQ84KEavaIa35hlstRcy9AmKPF_1sTt84pRdXGwRwK2RgYJhPCz00EJhIq2hVB3Z8kfjcvjgRVil1tvLSHTJ14WcpgB0WPaiTzfdzqWu6BHkFRlt3s_LKVj1ZXAzgu6dYxpSO78qKCinKs3oqFD0pUm19PQ\\\" target=\\\"_blank\\\" rel=\\\"noopener noreferrer\\\">Laura Aparecida Gomes Oliveira<\/a>, 2016<\/p>\n<\/td>\n<\/tr>\n<tr style=\\\"height: 45.85pt\\\">\n<td style=\\\"width: 956.5pt;padding: 0cm 5.4pt;height: 45.85pt\\\" valign=\\\"top\\\" nowrap=\\\"nowrap\\\" width=\\\"1275\\\">\n<p class=\\\"MsoNormal\\\" style=\\\"margin: 0cm;font-size: 11pt;font-family: Calibri, sans-serif\\\"><span style=\\\"font-weight: 600\\\"><a href=\\\"https:\/\/drive.google.com\/file\/d\/1V2BNFwAM8XU4eOWLtlizf755wv5qsNVV\/view?usp=drive_link\\\" target=\\\"_blank\\\" rel=\\\"noopener noreferrer\\\">AS V\u00c1RIAS FACES DE UM MITO: D. MARIA DA CRUZ ENTRE HIST\u00d3RIAS, MEM\u00d3RIAS E NARRATIVAS.<\/a><\/span><\/p>\n<p class=\\\"MsoNormal\\\" style=\\\"margin: 0cm;font-size: 11pt;font-family: Calibri, sans-serif\\\"><a href=\\\"http:\/\/buscatextual.cnpq.br\/buscatextual\/visualizacv.do?id=K4357168A4&amp;tokenCaptchar=03AGdBq25NGFTIqNCK9tyViIFzB0cu5eUqCbPAPIobLG8ruPF8rPak3Ltlg87T4nbomVO0TliwjgjQni5az0l86ZqtU73JSaE2Yi6j9nIsTHDhduc1wKK4_KqSddZjbPZonQoC5hPsBI2_L5WMVkpYf5pMJ2C1MRMtOOOjYS4hWBMuozLvg2Gy7Z7PwZpdrHYap40VzRMKu8ayWhAcU5BLDbeVcOsV9b0LYwMpABMNS25CasM4DwhQMasAbg2DxFnPHSsxxvokOSggH0-XZejuwMqn_JsSVyVT1H-flO1Ou8-bABamPlSzP-jXJfrjhOi93cAMvkDEe_QjkB8ysQFfKKfOSVumydzwctTbERvsFzo8_Mnuk5mDSMHhnUXLK_OKzL6V6Bgj6DvShjB7PX4Zu46oGtT8lAWadDHYQE4AVLQVfzzC4x67tm44B24zxHljfBLkyrsXSOFS3UOKOwmvdMEO6vHORs-Csw\\\" target=\\\"_blank\\\" rel=\\\"noopener noreferrer\\\">L\u00edvia Rodrigues Canabrava<\/a>, 2016<\/p>\n<\/td>\n<\/tr>\n<tr style=\\\"height: 45.85pt\\\">\n<td style=\\\"width: 956.5pt;padding: 0cm 5.4pt;height: 45.85pt\\\" valign=\\\"top\\\" nowrap=\\\"nowrap\\\" width=\\\"1275\\\">\n<p class=\\\"MsoNormal\\\" style=\\\"margin: 0cm;font-size: 11pt;font-family: Calibri, sans-serif\\\"><span style=\\\"font-weight: 600\\\"><a href=\\\"https:\/\/drive.google.com\/file\/d\/1jUYCybmho2umD9qpH4UMt5ZOpIk10egM\/view?usp=drive_link\\\" target=\\\"_blank\\\" rel=\\\"noopener noreferrer\\\">A LEI DE TERRAS E OS REGISTROS ECLESI\u00c1STICOS DE IM\u00d3VEIS: LEGITIMA\u00c7\u00d5ES DE POSSES E MERCANTILIZA\u00c7\u00c3O DA TERRA EM MONTES CLAROS &#8211; MG<\/a><\/span><\/p>\n<p class=\\\"MsoNormal\\\" style=\\\"margin: 0cm;font-size: 11pt;font-family: Calibri, sans-serif\\\"><a href=\\\"http:\/\/buscatextual.cnpq.br\/buscatextual\/visualizacv.do?id=K8752414P7&amp;tokenCaptchar=03AGdBq24fUGKekb3vnLh-deqWxESUiDBkzdW9lGq7Ll2e6KaUJBRfNsLEeNqS-SMj_eFEA7AAAjhu4i5wY5-BEBZTJYDmlFxGav-irGaLCM6_J_TnehKrTXGxDuPy21Cp4DHK7SUr_R30kgIXdr97HKp7T4KAdtOYdtF5Y5kM06s5J54kKhIHWVB12wc3D-wYrlaGQWiOAFHPab2eOcMXcv_Jxlhke9dVVodv21X1uI5n8vrLibabi9NIO_2Q6OYRmpGsBIOD27sqxAWnUMR_9oRk_cUfqtXkR_vwyza4IBfJkG42jJt4GFv8QoAYiBh00uYKVwOEEIxu2bYEwfoF6Gmgb8PiTZ96Q6VDNEPTVZlac_kTrkn7__KMxAZ_jToHBv9mr5kMPOo1TgIKhW68P53lMYfydAtQsY2EWIZ16L_g7M1yZu4DyyLm1LNkb9QoqvJcv-YVQM3ZnpQL2660f4wdv9whwzAI5A\\\" target=\\\"_blank\\\" rel=\\\"noopener noreferrer\\\">Adriana Duarte Borges Aquino<\/a>, 2017<\/p>\n<\/td>\n<\/tr>\n<tr style=\\\"height: 45.85pt\\\">\n<td style=\\\"width: 956.5pt;padding: 0cm 5.4pt;height: 45.85pt\\\" valign=\\\"top\\\" nowrap=\\\"nowrap\\\" width=\\\"1275\\\">\n<p class=\\\"MsoNormal\\\" style=\\\"margin: 0cm;font-size: 11pt;font-family: Calibri, sans-serif\\\"><span style=\\\"font-weight: 600\\\"><a href=\\\"https:\/\/drive.google.com\/file\/d\/1H0a0IbDtB3q3ACdyMpKxC-x8hGIgti8m\/view?usp=drive_link\\\" target=\\\"_blank\\\" rel=\\\"noopener noreferrer\\\">REPRESENTA\u00c7\u00d5ES DAS ELEI\u00c7\u00d5ES DE 1989 E CULTURA POL\u00cdTICA NA TELENOVELA \u201cO SALVADOR DA P\u00c1TRIA\u201d<\/a><\/span><\/p>\n<p class=\\\"MsoNormal\\\" style=\\\"margin: 0cm;font-size: 11pt;font-family: Calibri, sans-serif\\\"><a href=\\\"http:\/\/buscatextual.cnpq.br\/buscatextual\/visualizacv.do?id=K4272229U5&amp;tokenCaptchar=03AGdBq25DDv-Gqrrg5KGERRpWS5mFSutmg7GTOPpGzYOQIgDZKh12ikO5oC16zQj-75xu7Hfa0umALgZm_jXnl62A1gp-59GoM7IN6qLCxw0KMSO_iJyFT126ofLYsrM-OkoCxBqDlv1YWCHfDpQaRcMw2YH8m6x9KNlwVK3B3EBPlgSKp1CC1xci4aWicWndOOEcMfbwgOodw15PGt_0pAMLI5Ti_HOlnE6qHTfB9mZQcM5RrHwInSCaDgdKDQnA3g7KzC7kbFUzijFXvidC-pmEHcAHzEOGDh7l07enyhm6tWz2eaoEOQzBdXOzOCSovWTRPB12kkjA5_Ee0EUo5g9SH9tbskKXugIhFfSXw3whb03iCTK2baQxC6eMGk0nMp6xk__BK98v6EZdetfIaNPeLzAxFTsUL1kTxx1QhTpCNxUxQBMbwjgtY_qjNmyio6ofbVyTg_8tjjxThgq8osxU43VPXJwDXg\\\" target=\\\"_blank\\\" rel=\\\"noopener noreferrer\\\">Bruna Dias\u00a0<span class=\\\"SpellE\\\">Cangussu<\/span><\/a>, 2017<\/p>\n<\/td>\n<\/tr>\n<tr style=\\\"height: 45.85pt\\\">\n<td style=\\\"width: 956.5pt;padding: 0cm 5.4pt;height: 45.85pt\\\" valign=\\\"top\\\" nowrap=\\\"nowrap\\\" width=\\\"1275\\\">\n<p class=\\\"MsoNormal\\\" style=\\\"margin: 0cm;font-size: 11pt;font-family: Calibri, sans-serif\\\"><span style=\\\"font-weight: 600\\\"><a href=\\\"https:\/\/drive.google.com\/file\/d\/1b6FJnAP2VLvSW8sjEVX-gmTmjEzjjbVM\/view?usp=drive_link\\\" target=\\\"_blank\\\" rel=\\\"noopener noreferrer\\\">PODER E CORONELISMO NA CIDADE DE SALINAS: A TRAJET\u00d3RIA POL\u00cdTICA DO CORONEL IDALINO RIBEIRO NAS D\u00c9CADAS DE 1920 A 1950<\/a><\/span><\/p>\n<p class=\\\"MsoNormal\\\" style=\\\"margin: 0cm;font-size: 11pt;font-family: Calibri, sans-serif\\\"><a href=\\\"http:\/\/buscatextual.cnpq.br\/buscatextual\/visualizacv.do?id=K4772308T0&amp;tokenCaptchar=03AGdBq26DXG7F-Qh57zU78Q0tMv6CZWU72vOqpMzWMQRzP2a4opKW0FaFA6B7LvRAHL5ieI45mi48PN7X6pq78HAe2Tu2Q7CXFdM8HmsPdTXoy3atG5pRE1wfkb0Ohhmm3hAwTKKNZQXWBkqcTen9atY1-f1JRdLhN4OdPONy_IwZ1ypxK-dqAHiTlc1aDkV14wHyWyWn3tbnB7wIEi3W2LpwOwq_mbDuK1NAt0GCnkMHyWWnEcu0aG4q_h0VWCmIwOFh-9psI6zXYKzKZnJ1-ClTdgt--kfBmXQrzFfpDgzY85YXn9yjVbRIQTwB3bklaV7MfRVAYOD0ROW3ZHyP5GrXq1h6IzoLs99J1zDjcpIyCn9ZXKS-sbODYr16pFQWhL3IPWdrBN34B_LFg6mflUBYAeG0lWKT22ihvSdWMCdVgIIgDAceeaj0kWelvQl_q2erOgXsOL_tKNHDB1iEZcHFPfk45U6DAA\\\" target=\\\"_blank\\\" rel=\\\"noopener noreferrer\\\">Cristiane Rodrigues Brito<\/a>, 2017<\/p>\n<\/td>\n<\/tr>\n<tr style=\\\"height: 45.85pt\\\">\n<td style=\\\"width: 956.5pt;padding: 0cm 5.4pt;height: 45.85pt\\\" valign=\\\"top\\\" nowrap=\\\"nowrap\\\" width=\\\"1275\\\">\n<p class=\\\"MsoNormal\\\" style=\\\"margin: 0cm;font-size: 11pt;font-family: Calibri, sans-serif\\\"><span style=\\\"font-weight: 600\\\"><a href=\\\"https:\/\/drive.google.com\/file\/d\/1I7hG6TI80cw0tiFI9dncwu-1opieSpIS\/view?usp=drive_link\\\" target=\\\"_blank\\\" rel=\\\"noopener noreferrer\\\">A CAPTURA DE OSAMA BIN LADEN: AS REPRESENTA\u00c7\u00d5ES SOBRE O ISL\u00c3 E O OCIDENTE NA FOLHA E VEJA.<\/a><\/span><\/p>\n<p class=\\\"MsoNormal\\\" style=\\\"margin: 0cm;font-size: 11pt;font-family: Calibri, sans-serif\\\"><a href=\\\"http:\/\/buscatextual.cnpq.br\/buscatextual\/visualizacv.do?id=K4299878H1&amp;tokenCaptchar=03AGdBq24XniV2ZaJ1u7zqz7oh8p7ACeQyC_m2j99eLvcmqv-aC5VMj7fYtS8UI4752Rdrg83OSvnJTrgaA74nCRPBAgCNefieRYyozeNw_CkjS8TlgkrBVMkjc4mrqAz7G40EEMfieEIipZJ3O3OZdmpAaT9_AXT-KWo_CxscLs61CZTKZuXejzhOEFRUU_mC1oLAjJNIX6fARk-8KPwFv9j48s3iWhNui5yMo7S3cAOMcQTJdlXfLqVvdURaSzTVx-mUT0m6yYQDqHP7uuLKUwkjC7VQkYg7I0xLUErTpL6Aup1wsGjmOyNWVoC9W2EHcaMmeEAjmnYVRFEA_pirxyynF0KoDXLlmNzEx09IqVJHJdIvoNuI_N7C7_Zlhqa2HmroX_lR_1f0Qilx5qUFSa90DDELz0zvYUVJJ516EO87bocCnxtUW4YvMOfbWv6z0rPiXmYVsVOK3d9Hf2AcftTk9m50CmM3bw\\\" target=\\\"_blank\\\" rel=\\\"noopener noreferrer\\\">Jos\u00e9 Eust\u00e1quio Chaves Filho<\/a>, 2017<\/p>\n<\/td>\n<\/tr>\n<tr style=\\\"height: 45.85pt\\\">\n<td style=\\\"width: 956.5pt;padding: 0cm 5.4pt;height: 45.85pt\\\" valign=\\\"top\\\" nowrap=\\\"nowrap\\\" width=\\\"1275\\\">\n<p class=\\\"MsoNormal\\\" style=\\\"margin: 0cm;font-size: 11pt;font-family: Calibri, sans-serif\\\"><span style=\\\"font-weight: 600\\\"><a href=\\\"https:\/\/drive.google.com\/file\/d\/10iUEB8MDGifzoMFcMy_pupVsqB_w2PAq\/view?usp=drive_link\\\" target=\\\"_blank\\\" rel=\\\"noopener noreferrer\\\">O PT E AS PRIVATIZA\u00c7\u00d5ES \u2013 DA CRITICA \u00c0 ADES\u00c3O<\/a><\/span><\/p>\n<p class=\\\"MsoNormal\\\" style=\\\"margin: 0cm;font-size: 11pt;font-family: Calibri, sans-serif\\\"><a href=\\\"http:\/\/buscatextual.cnpq.br\/buscatextual\/visualizacv.do?id=K8102357U9&amp;tokenCaptchar=03AGdBq26uCCfPbtFmVcUW7ClR-3k9Ihl9TWfFCPzCnwZsPNuNVJTWPGEXfL5KhvYIEjEV24gj3GudQIIhNKXwSkEDvH7Uauf9MKZMhfoYwpqppcopzyZoqCDZyYqfHmHlGBaVEaO86wB11QumHgClDov-B_9nBD6f82Khs3KVkxep_7RDNFXkyDkXfdPvLBs-kPmpm5bDJPIcyOKadNI6dQxEilImf8JstOvqWDzIZSCGPMlR2rPy_0rZXtUXKGJX2LCcfny_PEOYub_yl_qQ56vbjEJrPMywrxbfiOQnmD41JSC8HkbIhxUFHQH74FY-sCXOr0HAfEfNjxQOgsaZAEUcd8YewzL-Ul5ta0YLyPrlt75vNPNaHPwzQnvlRABwuPuDcrk35d2OGXV3zvWaWPuTliT0RMNxkCINQxdWTHLDlBisD0hLoSwRlSBWtF5A_wry2fF06bnSZKJtXuZKQ_G05UshzjaTDg\\\" target=\\\"_blank\\\" rel=\\\"noopener noreferrer\\\">Kelly Silva Vieira<\/a>, 2017<\/p>\n<\/td>\n<\/tr>\n<tr style=\\\"height: 45.85pt\\\">\n<td style=\\\"width: 956.5pt;padding: 0cm 5.4pt;height: 45.85pt\\\" valign=\\\"top\\\" nowrap=\\\"nowrap\\\" width=\\\"1275\\\">\n<p class=\\\"MsoNormal\\\" style=\\\"margin: 0cm;font-size: 11pt;font-family: Calibri, sans-serif\\\"><span style=\\\"font-weight: 600\\\"><a href=\\\"https:\/\/drive.google.com\/file\/d\/1l--8WyGLzwMO7gBGfimD8-AzeEIb63jk\/view?usp=drive_link\\\" target=\\\"_blank\\\" rel=\\\"noopener noreferrer\\\">UMA AN\u00c1LISE DAS RELA\u00c7\u00d5ES DE PODER: TERMOS E EXPRESS\u00d5ES DO GAZETA DO NORTE &#8211; MONTES CLAROS\/MG (1918 \u2013 1919)<\/a><\/span><\/p>\n<p class=\\\"MsoNormal\\\" style=\\\"margin: 0cm;font-size: 11pt;font-family: Calibri, sans-serif\\\"><a href=\\\"http:\/\/buscatextual.cnpq.br\/buscatextual\/visualizacv.do?id=K4518913P1&amp;tokenCaptchar=03AGdBq27GWCWjMUd2IRn0IL1TpsWpRv_lbsp6gcyQLlhUv-q4SFaPjAyATi7cMvqxNi0qdR0bzfWEd4rP3i8Pl9kQIEyxig2Fh_dcrm5B7J0k2HycYxu1mV-TpG-WhaeKLVeKnl8j5bCIyvZG5hqjx_3iaujdcT-59mcstE0FT-nLuXDxySFO48D-00c6zoM47cfln1HJxytFseuqNg4gUZYTDWGh4E968hXW17dMVpqJjkVXf2VXOx0bykigFN57ix1Mmto9bNZGi80ozPHkk7thTlSi2yPsiiLCrY8v-vyQRSj2ifXFHHfjdS_Y_UEJHVOdN8O9PgGZhWQDlYet08pybsiHD_Fn-1hy_dwPPNjY3oescbasR0csL-y97CxA21v0KQM-6w9Jh3iucjeQ6WPkvlnBbARk707QwZgzgFDQnO3Dca7yXTABDNLRiBOqjQeoekCEvcpzLg-HY3z6Jnrvd50G8Jn8jw\\\" target=\\\"_blank\\\" rel=\\\"noopener noreferrer\\\">M\u00e1rcia Val\u00e9ria Soares Dos Reis<\/a>, 2017<\/p>\n<\/td>\n<\/tr>\n<tr style=\\\"height: 45.85pt\\\">\n<td style=\\\"width: 956.5pt;padding: 0cm 5.4pt;height: 45.85pt\\\" valign=\\\"top\\\" nowrap=\\\"nowrap\\\" width=\\\"1275\\\">\n<p class=\\\"MsoNormal\\\" style=\\\"margin: 0cm;font-size: 11pt;font-family: Calibri, sans-serif\\\"><span style=\\\"font-weight: 600\\\"><a href=\\\"https:\/\/drive.google.com\/file\/d\/1yOcH68nAwt_IxItRj4L7rIKszVX5fg5i\/view?usp=drive_link\\\" target=\\\"_blank\\\" rel=\\\"noopener noreferrer\\\">A CONSTRU\u00c7\u00c3O DO ESTADO TOTALIT\u00c1RIO EM HANNAH ARENDT E GEORGE ORWELL<\/a><\/span><\/p>\n<p class=\\\"MsoNormal\\\" style=\\\"margin: 0cm;font-size: 11pt;font-family: Calibri, sans-serif\\\"><a href=\\\"http:\/\/buscatextual.cnpq.br\/buscatextual\/visualizacv.do?id=K4377943H2&amp;tokenCaptchar=03AGdBq25eaU9hnF65R7MUvYgvruxp3rm3cwG1JIgCGqpOGUc8yBUXHRkZ8O4I7oyU2ahE7mnOZ8mqZxjw-T6MoehskVgim3zLBeqTgwSYw4Pq6X0-wGoJkRDMcQTApx_pl3Q21iyfLd-KW2MWTCI11_Uad8eXuyp1SdivFeLGpE0V3pWJYLNSbn-FozAJlRtROZa1BQ3vXGlULHpqE3WzHqv4Kc0noBNxeCTyhmZ2sJYiMzqO5LNy_cXBROauGFz-PSN0b2VfhcTKhSS5TGY7Or2BZUrjpIv4WQ0GWKbzbOeOSRGA3BYkE4XsFQ4-GXnKRu0ygPvWRaBAAaQqySQ-CuML8AhkuI-ZG5GzIKXagVfJvB3kshvTT8qX4K6Toyjkm8rHqHA8vfAd_MQVt-sJcUkAJmZi7WXhmrfFljAr7lFaNUx7KoJo5E_79wB-XvTppAVWExVXU1vW3i67CgxXWrS15Np5XMifTw\\\" target=\\\"_blank\\\" rel=\\\"noopener noreferrer\\\">Pedro Ribeiro Nogueira<\/a>, 2017<\/p>\n<\/td>\n<\/tr>\n<tr style=\\\"height: 45.85pt\\\">\n<td style=\\\"width: 956.5pt;padding: 0cm 5.4pt;height: 45.85pt\\\" valign=\\\"top\\\" nowrap=\\\"nowrap\\\" width=\\\"1275\\\">\n<p class=\\\"MsoNormal\\\" style=\\\"margin: 0cm;font-size: 11pt;font-family: Calibri, sans-serif\\\"><span style=\\\"font-weight: 600\\\"><a href=\\\"https:\/\/drive.google.com\/file\/d\/1cQi3Ar4nmcyqctcFBFXl1nRuzHB-QXnH\/view?usp=drive_link\\\" target=\\\"_blank\\\" rel=\\\"noopener noreferrer\\\">O SINDMETALMOC: UM ESTUDO DO MOVIMENTO SINDICAL DOS TRABALHADORES METAL\u00daRGICOS DE MONTES CLAROS \u2013 MG (1979 &#8211; 2012)<\/a><\/span><\/p>\n<p class=\\\"MsoNormal\\\" style=\\\"margin: 0cm;font-size: 11pt;font-family: Calibri, sans-serif\\\"><a href=\\\"http:\/\/buscatextual.cnpq.br\/buscatextual\/visualizacv.do?id=K4403523Y1&amp;tokenCaptchar=03AGdBq24e4f-ac7KG5vbH3FdeyziT-hMGq9yqQXV9_t7JcEnNZSCAfWuMMbMfXAR0kysr9vyjEjJ3oPE50WOxTA07snoyUEbHbu5PLCDOvTZ3d-LwNnjwNTQD9J-vKM1aaZ8yLaIBej7byko4uvY_nRAwbwuFidehwkJpm8kTBXy7SAdo3HQhjV5fiYYmkPyxm60QjC3cCMFW9QNhcofau9jcrJJJ2MOYSsWNY1YkcsukZQFEbYXxOmI-6OwNau5WwoQVfzbDcGuczbufJSyHgaIcUL1lg0fsmmvQqwJkuiO5tQRN2HloxnL8TudPwZDcJjf5LZRvb4k2WsBAmmCjjbqDY62Bl5sHD0bSg78DW4Ea2ZWfQWgZEx32cVxm3C357O4OhJJ38muaWtnMpO9rBcRKQTq-ZJnU_RmOauPOrOH6kD9ZMgKZFPG96k5jjijs55vN8TcxjJECO9fYhLkj755pgcI80VI0pQ\\\" target=\\\"_blank\\\" rel=\\\"noopener noreferrer\\\">Priscila Caroline Mendes Teixeira<\/a>, 2017<\/p>\n<\/td>\n<\/tr>\n<tr style=\\\"height: 45.85pt\\\">\n<td style=\\\"width: 956.5pt;padding: 0cm 5.4pt;height: 45.85pt\\\" valign=\\\"top\\\" nowrap=\\\"nowrap\\\" width=\\\"1275\\\">\n<p class=\\\"MsoNormal\\\" style=\\\"margin: 0cm;font-size: 11pt;font-family: Calibri, sans-serif\\\"><span style=\\\"font-weight: 600\\\"><a href=\\\"https:\/\/drive.google.com\/file\/d\/1Q8ucqU6iXBYBwFzvMdiThpHWrS0aSmYC\/view?usp=drive_link\\\" target=\\\"_blank\\\" rel=\\\"noopener noreferrer\\\">A ASCENS\u00c3O DO PODER POL\u00cdTICO DE SEVERINO GON\u00c7ALVES DA SILVA &#8211; S\u00c3O FRANCISCO\/MG<\/a><\/span><\/p>\n<p class=\\\"MsoNormal\\\" style=\\\"margin: 0cm;font-size: 11pt;font-family: Calibri, sans-serif\\\"><a href=\\\"http:\/\/buscatextual.cnpq.br\/buscatextual\/visualizacv.do?id=K4948929U7&amp;tokenCaptchar=03AGdBq27TN4kqZ5qw8zxa8JlRJolyFtVwGEwFhGeis_Xrrb_HPbQ6mRBuj1xd9WI97h09uO9rDy0cirBIjMqKwp7UuUmesZgaRcuE3nCrEsWCww6IcfkQI8UM99DgNmiE5pHdSLKd1kUz3N-s-R1SshTY4x0Cs5M8Mytiisa_h2KTMa4Lf_wOYW81jg2s9q4tfKAhOu8AJpcZutEP212etWVGyDt3-rEK55PvTj38oa-wsHHoVQoMLHWEyU7qgNj6V7uboRMoCNtIAgiZAf11TA3y0rAY2eSa9gBYUDYtC87t6nlgod8jVUxUtzR60Wzc2k_8aQ1xGDI7couXz6J9Bemw1GHUBgAAjBs0Azd46MQ7qXiKgVT13CAiKwA3kqV8GPeXUDnJlC_7h-JkELvA6TYy-rQ35l990eyk-l7SRpeppaHZ9kqZ6NGpO4e0Z9zdo2Mm6IAy61Ule9-IlLe6qn3t7SvsaV33ig\\\" target=\\\"_blank\\\" rel=\\\"noopener noreferrer\\\">Almir Ferreira Soares<\/a>, 2018<\/p>\n<\/td>\n<\/tr>\n<tr style=\\\"height: 45.85pt\\\">\n<td style=\\\"width: 956.5pt;padding: 0cm 5.4pt;height: 45.85pt\\\" valign=\\\"top\\\" nowrap=\\\"nowrap\\\" width=\\\"1275\\\">\n<p class=\\\"MsoNormal\\\" style=\\\"margin: 0cm;font-size: 11pt;font-family: Calibri, sans-serif\\\"><span style=\\\"font-weight: 600\\\"><a href=\\\"https:\/\/drive.google.com\/file\/d\/1Pexl9R9q8mf8TKFirJfR0C4QWXzfZEzv\/view?usp=drive_link\\\" target=\\\"_blank\\\" rel=\\\"noopener noreferrer\\\">\\\"COMO AGE UM VERDADEIRO DEPUTADO DO POVO E DO PROLETARIADO?\\&#8217;\\&#8217;: A CULTURA POL\u00cdTICA COMUNISTA EXPRESSADA POR MEIO DA TRAJET\u00d3RIA PARLAMENTAR DE CARLOS MARIGHELLA (1945-1948)<\/a><\/span><\/p>\n<p class=\\\"MsoNormal\\\" style=\\\"margin: 0cm;font-size: 11pt;font-family: Calibri, sans-serif\\\"><a style=\\\"font-size: 16px\\\" href=\\\"http:\/\/buscatextual.cnpq.br\/buscatextual\/visualizacv.do?id=K4316516U6&amp;tokenCaptchar=03AGdBq263kshdPilXhw6kblAUYRiK8s7qSEzG8Fanj604AJGWZFXadfnQlYRLtChGjJw0CFV81v1jxiM5_LMvl0U0hgc0ygcX6VEGv9Ap6nfAmIcLnYt2GBkLmnsoIK3SabDgC26zrdOlB0v8R7-VuLPCOEMdr08iBRh5QiaZ012RfxZkgivjazpvVU_WRscZrJnO-UVVqzyRPNDKDmg74qE2oIGSCRbvjPWfI5w1WRKvXzZ9HAA1F4NUU3vvie8ZjzKjlFu-fzkG3-Ortd09d9H68cB8rJckLZdYa0GJgaVOXp9RUYHtRfnLnPXJL231nJe-1EXqXd9qweLDJHHuZZFOJIpnWe-GY-VxYxgmYZC7Ge_ObwfVzys5Mrk8xUkmysVFFP97-3gpykbCg0XBza1Hj1W6lCdlHLfY83Wl-8gtoKE7t_wpd42oXCJ_5PYHUhwuj10TsAQEPql6Kgnpe-pn33lvw__PpA\\\" target=\\\"_blank\\\" rel=\\\"noopener noreferrer\\\">Danyele Nayara Santos Dias<\/a>, 2018<\/p>\n<\/td>\n<\/tr>\n<tr style=\\\"height: 45.85pt\\\">\n<td style=\\\"width: 956.5pt;padding: 0cm 5.4pt;height: 45.85pt\\\" valign=\\\"top\\\" nowrap=\\\"nowrap\\\" width=\\\"1275\\\">\n<p class=\\\"MsoNormal\\\" style=\\\"margin: 0cm;font-size: 11pt;font-family: Calibri, sans-serif\\\"><span style=\\\"font-weight: 600\\\"><a href=\\\"https:\/\/drive.google.com\/file\/d\/1KhX01EMvdf_gsPGMlB7bh7raPuL-3eDy\/view?usp=drive_link\\\" target=\\\"_blank\\\" rel=\\\"noopener noreferrer\\\">COTIDIANO E PODER: A TRAJET\u00d3RIA DA FAM\u00cdLIA SP\u00cdNOLA TEIXEIRA EM CAETIT\u00c9 \u2013 BAHIA (1894 A 1944)<\/a><\/span><\/p>\n<p class=\\\"MsoNormal\\\" style=\\\"margin: 0cm;font-size: 11pt;font-family: Calibri, sans-serif\\\"><a style=\\\"font-size: 16px\\\" href=\\\"http:\/\/buscatextual.cnpq.br\/buscatextual\/visualizacv.do?id=K4279040Z7&amp;tokenCaptchar=03AGdBq24sFidO3ZhtuG9m3rWevvtNdw9F-jdxMk_My4mHl9zke7rwYtho1RqVTDyi39fOdhBhgtWGo3jrC6ygvAyteEsErnc_gpmls82PDIl3LKABb426bhWAFGelyVHkRu9zoeR0tWI8s13RDxT0XEnZQ3ntejmRm-UFQv7awuW5LDRn9ieEk5zGwJOR-VEfqM-SJ7heHm8xV0fHdPR5sNdPLC9-ajSww7AQTzsWTul-4KGKV_AMpxaaz6Ioy6px5Lt8WZCQIK96auLMb_cX65sNUXxeqYBrX-8OmdKqcbew2h6lHGgzu-OT87ouZ_ie9hLxx_nqr4xky0sQkpf_eOe-GujPxVGl1pHrLhvASXft3bimbDjZfncdZVnQ9F6ecOl_06he9BJfyn7_y5j1rOqsGDtbLpAGZlfyZVpT9ZCjHcguwEW9Jvsa7RPR73vV4VtF_wxDYSBLguNcCD269GkAkWjz0HXmYg\\\" target=\\\"_blank\\\" rel=\\\"noopener noreferrer\\\">Jumara\u00a0Carla Azevedo Ramos Carvalho<\/a>, 2018<\/p>\n<\/td>\n<\/tr>\n<tr style=\\\"height: 45.85pt\\\">\n<td style=\\\"width: 956.5pt;padding: 0cm 5.4pt;height: 45.85pt\\\" valign=\\\"top\\\" nowrap=\\\"nowrap\\\" width=\\\"1275\\\">\n<p class=\\\"MsoNormal\\\" style=\\\"margin: 0cm;font-size: 11pt;font-family: Calibri, sans-serif\\\"><span style=\\\"font-weight: 600\\\"><a href=\\\"https:\/\/drive.google.com\/file\/d\/1jjxwHOHjIugPYxuSr9NzIJFbfOfsIPyR\/view?usp=drive_link\\\" target=\\\"_blank\\\" rel=\\\"noopener noreferrer\\\">ASSASSIN\u2019S CREED E O IMAGIN\u00c1RIO OCIDENTAL ACERCA DO HOMEM MU\u00c7ULMANO<\/a><\/span><\/p>\n<p class=\\\"MsoNormal\\\" style=\\\"margin: 0cm;font-size: 11pt;font-family: Calibri, sans-serif\\\"><a href=\\\"http:\/\/buscatextual.cnpq.br\/buscatextual\/visualizacv.do?id=K4476700D1&amp;tokenCaptchar=03AGdBq27QbgNSvccQNnO1tHqZ_sT-QUCSHBFdcnD7A-qDDyme-Y6Tr4X58jPz1YJCVBGjz_wxOO_M6-a8utnT1Cs-gxBXCAoNXGU15EIWxoLzoDi1DwCc1rNqWsR0yHLv0IQ8gjrC3G63WtJtlATBdq_MkkreMHi85jTgtLe140uji6lbT8GPGlQvBBUQ0H9lU7D5WUIWHRJzrWONEYACcZAMjmEbyyBuzWsKEtZnSdO6n94QiCWpE9eLgWlLJn7GEs-wsSmcdw0s2xtChlPdAomddRxjZubQNKT3cI6UGoQ4LqmadJ63lWMpeaXeWYJTtPcgtcsj9NhYucUFxQk8hgsPIhO1Lw_1ruRdukCTSV6f5bd8v53zOyePGcb4pKgaHYHCoT6dkjtaqS4HLB7Mu654QbvK4HFJvLoxznMj7rGDWbnmUbkknfbNBqIZmy3BZ4mIRF5hIdOrNBuFACG7FSwolkkHFs6k_g\\\" target=\\\"_blank\\\" rel=\\\"noopener noreferrer\\\">Luiz Gustavo Soares Silva<\/a>, 2018<\/p>\n<\/td>\n<\/tr>\n<tr style=\\\"height: 45.85pt\\\">\n<td style=\\\"width: 956.5pt;padding: 0cm 5.4pt;height: 45.85pt\\\" valign=\\\"top\\\" nowrap=\\\"nowrap\\\" width=\\\"1275\\\">\n<p class=\\\"MsoNormal\\\" style=\\\"margin: 0cm;font-size: 11pt;font-family: Calibri, sans-serif\\\"><span style=\\\"font-weight: 600\\\"><a href=\\\"https:\/\/drive.google.com\/file\/d\/1cdQdx_spUzRyBbszQp4ntl-oxwHWWzlR\/view?usp=drive_link\\\" target=\\\"_blank\\\" rel=\\\"noopener noreferrer\\\">TRABALHO E RESIST\u00caNCIA: O COTIDIANO DOS TRABALHADORES CARROCEIROS EM MONTES CLAROS\/MG, 1970\u2013 2018<\/a><\/span><\/p>\n<p class=\\\"MsoNormal\\\" style=\\\"margin: 0cm;font-size: 11pt;font-family: Calibri, sans-serif\\\"><a href=\\\"http:\/\/buscatextual.cnpq.br\/buscatextual\/visualizacv.do?id=K8145609H5&amp;tokenCaptchar=03AGdBq26EE5GpyDdkWfHofV08gZ3BSro08mpOgvPrU7SKPs8Z6_sctZp2bpq5PBiahRyujp4DGRQ5J2FC75QIdQkxr5nF-RMxDc7DqN4CUuUrRZw4S68jlrio2J2hMz9EteY1svCL3KQJT_W9PGvQkS2c-01njsbR7SkzwSjFlhi6IdnYoZLPJZEAkfbyKgXLVNbGg-6D2rKI6rgo92tAnvLkthwGDZMiZq2mNvbyEDuGTIlsa0XoEz74mTiQCN78yTuXhIUWRTar84Nio7cvZxn__l8Y0L96T-E6eOdar9VguCYOSODpe_h281IUiBOlzjOJ4vP5dkzuYfLGX97CrlpnEJAIshbsiD3SCfB9etZK3hy-SMSHYejQO-M9sCLSp9opk25RGjwRA-liIZSkBHX6OQ5CWUnznD52kBJb7ogQ3tx-r8jXhJM49T4Kp_s4tEUJWImm82ojGUFjI2ICvow0nmcmaYrKFQ\\\" target=\\\"_blank\\\" rel=\\\"noopener noreferrer\\\">Pedro Jardel Fonseca Pereira<\/a>, 2018<\/p>\n<\/td>\n<\/tr>\n<tr style=\\\"height: 45.85pt\\\">\n<td style=\\\"width: 956.5pt;padding: 0cm 5.4pt;height: 45.85pt\\\" valign=\\\"top\\\" nowrap=\\\"nowrap\\\" width=\\\"1275\\\">\n<p class=\\\"MsoNormal\\\" style=\\\"margin: 0cm;font-size: 11pt;font-family: Calibri, sans-serif\\\"><span style=\\\"font-weight: 600\\\"><a href=\\\"https:\/\/drive.google.com\/file\/d\/149Pm5435C6zx8EW5yfgBmwWePh9nYjQr\/view?usp=drive_link\\\" target=\\\"_blank\\\" rel=\\\"noopener noreferrer\\\">PELA JANELA DO CARRO: O IDEAL EM TORNO DO AUTOM\u00d3VEL NA REVISTA QUATRO RODAS 1969-1979<\/a><\/span><\/p>\n<p class=\\\"MsoNormal\\\" style=\\\"margin: 0cm;font-size: 11pt;font-family: Calibri, sans-serif\\\"><a href=\\\"http:\/\/buscatextual.cnpq.br\/buscatextual\/visualizacv.do?id=K4293505H6&amp;tokenCaptchar=03AGdBq27mdb9tbZijxb2kToJb78fjV0Fgm_Ai22Fv8op5adTjKLr01yjdcbeFVRi3XJgOmq-6ZWVvn_Ma6VZZfLHLh5EB7l7SubHavcgWqBPd1MFD7tQ0Bp40XWjvdtr1REt101Ic-3Nws8VR4UQpNamijoMtz9Mu71D1PN08A5JDatNKrONj6FRb8WR4yTqsXlE8VsFBCN_yhHjUkqRRxILHtf1skllxsDLdKwJpFxqxbC-PLF9RC1JFvN66lV2G1Ni70938HLum7wBAvoaJkMu0KRC5h9JTCe5qI49pre4Zf5Bhg0DiPqob2A864Sk7iLJPTKms3NFg5_sFZrBoRVMMhG--trGnWYaSDaQU4XWsMGG4itnYADAnmhnX7aZ_eo28Ckc57tWmOVzpQNhWV4hIor5OcU6U8cMiMwu2io4TxBEZnhhKE1iq16F-KLhi1byo-ke5a8thmpj5gtSsPmnBIEVFXp12tw\\\" target=\\\"_blank\\\" rel=\\\"noopener noreferrer\\\">R\u00f4mulo Ferreira da Silva<\/a>, 2018<\/p>\n<\/td>\n<\/tr>\n<tr style=\\\"height: 45.85pt\\\">\n<td style=\\\"width: 956.5pt;padding: 0cm 5.4pt;height: 45.85pt\\\" valign=\\\"top\\\" nowrap=\\\"nowrap\\\" width=\\\"1275\\\">\n<p class=\\\"MsoNormal\\\" style=\\\"margin: 0cm;font-size: 11pt;font-family: Calibri, sans-serif\\\"><span style=\\\"font-weight: 600\\\"><a href=\\\"https:\/\/drive.google.com\/file\/d\/1Abf41oxYGaju0Of-cp2lGniXxWXFHlbw\/view?usp=drive_link\\\" target=\\\"_blank\\\" rel=\\\"noopener noreferrer\\\">COOPERA\u00c7\u00c3O E CONFRONTO: UM ESTUDO SOBRE A CULTURA POL\u00cdTICA TRABALHISTA EM MONTES CLAROS\/MG (1945-1964)<\/a><\/span><\/p>\n<p class=\\\"MsoNormal\\\" style=\\\"margin: 0cm;font-size: 11pt;font-family: Calibri, sans-serif\\\"><a style=\\\"font-size: 16px\\\" href=\\\"http:\/\/buscatextual.cnpq.br\/buscatextual\/visualizacv.do?id=K4499910E6&amp;tokenCaptchar=03AGdBq25HX-40mIne1axJOm1n-Z3jLfzZqvfotq9rPbje4a661-QWLZWdSjJ7cTwiTcKBDuiRYiun3dq64Y_ih7fe7V7oVge8uMTpkbQPiI0ereATEb1BYwUEny8wL6_LxjIyXg6TpGex9NOTsiGJVpz5-70HIrHoXMfTlnzAvH5SuuIHWFdbDuEr4RYzaiaJqdaYcjTeR086iGyIejJRKbBSUzFvImLVNQj3ZaQ4fE4XDs_zIh2594IxEA7z_5e9og3eZK7_-1P1SdslVRmSDVrNL2vfU4KBRqEbj4Mg3BcFOOclKEaxBQeVVchDzIglhZqqVU77ZOptovSULOjEmTgEf577eLmBa6Ksz80thtqYLRtdTrBBVLDcDTXm9iFl9QdHdAOZY7gwa1buei17k_LymgCNfch8ga8LMd1iMXa2BbZr3mf2_mWIb2aeQrO5_IKzWivkLIBE8F0wnG9g2_fhPrXtXrywyg\\\" target=\\\"_blank\\\" rel=\\\"noopener noreferrer\\\">Elisdael\u00a0Oliveira Santos<\/a>, 2019<\/p>\n<\/td>\n<\/tr>\n<tr style=\\\"height: 45.85pt\\\">\n<td style=\\\"width: 956.5pt;padding: 0cm 5.4pt;height: 45.85pt\\\" valign=\\\"top\\\" nowrap=\\\"nowrap\\\" width=\\\"1275\\\">\n<p class=\\\"MsoNormal\\\" style=\\\"margin: 0cm;font-size: 11pt;font-family: Calibri, sans-serif\\\"><span style=\\\"font-weight: 600\\\"><a href=\\\"https:\/\/drive.google.com\/file\/d\/1NRXz0HSvnOmY076eQK2GZvtPXDZ-6RTy\/view?usp=drive_link\\\" target=\\\"_blank\\\" rel=\\\"noopener noreferrer\\\">A BELEZA VAI \u00c0 GUERRA: IMERS\u00c3O NAS MEM\u00d3RIAS DAS MULHERES DA PRIMEIRA TURMA DAS POLICIAIS MILITARES FEMININAS DO D\u00c9CIMO BATALH\u00c3O DE MONTES CLAROS\/MG<\/a><\/span><\/p>\n<p class=\\\"MsoNormal\\\" style=\\\"margin: 0cm;font-size: 11pt;font-family: Calibri, sans-serif\\\"><a style=\\\"font-size: 16px\\\" href=\\\"http:\/\/buscatextual.cnpq.br\/buscatextual\/visualizacv.do?id=K8068107J6&amp;tokenCaptchar=03AGdBq27FikYZNgRNpPQ9RJPMaTGFKEoKZ6cYSIlWNRJcTuDrQgGa8hkvjRtkFH0mbaohJG9hl__62d4tAUCFbtQR6_za0kR_nyrKllZ3zeXnQIxePuctnnBwVzCO66RZQGCX-uJKTkaA9hSfytfr-54_SBAMmJQAOnjm6fx1HRtBf-pb8urDZDNL-WFAZCgLUkd44byEPPPvkSrinZ8HBhsGr77DDLD5Sy9zc9Z_S-u7C-8JMxDx9w5n8ruthJ_tSF1_vG6KzT3osongXplvHHxqPl_LZofUoQuOChuRZ8yZWL-1sZX3Ogj8TiqOCjgVNsfoUtabfw59L5znp-JVqTnq0ZsZRc_fd_Wz3l_zucWyzT9o2uo_cWJiioL7H7ioxcotz_G24CIlqBREHwM23r1yN2aFCT4j8_UYcwljlW37SxZ7pgqTABFUkw4LqkegKnGn_fiK3uMw9_3661pw52XGFg0xTUc8WA\\\" target=\\\"_blank\\\" rel=\\\"noopener noreferrer\\\">Ertz\u00a0Ramon Teixeira Campos<\/a>, 2019<\/p>\n<\/td>\n<\/tr>\n<tr style=\\\"height: 45.85pt\\\">\n<td style=\\\"width: 956.5pt;padding: 0cm 5.4pt;height: 45.85pt\\\" valign=\\\"top\\\" nowrap=\\\"nowrap\\\" width=\\\"1275\\\">\n<p class=\\\"MsoNormal\\\" style=\\\"margin: 0cm;font-size: 11pt;font-family: Calibri, sans-serif\\\"><span style=\\\"font-weight: 600\\\"><a href=\\\"https:\/\/drive.google.com\/file\/d\/1ecrRKbk1i6V2ZE5c32A0QLgaRcbA9QjB\/view?usp=drive_link\\\" target=\\\"_blank\\\" rel=\\\"noopener noreferrer\\\">MIDIA E IMAGIN\u00c1RIO POL\u00cdTICO EM TORNO DOS PROTESTOS DE RUA E O PROJETO MEM\u00d3RIA GLOBO (1984-2013)<\/a><\/span><\/p>\n<p class=\\\"MsoNormal\\\" style=\\\"margin: 0cm;font-size: 11pt;font-family: Calibri, sans-serif\\\"><a style=\\\"font-size: 16px\\\" href=\\\"http:\/\/buscatextual.cnpq.br\/buscatextual\/visualizacv.do?id=K8141183Y7&amp;tokenCaptchar=03AGdBq27-NMeNzbvZziy2OdnhbSdGy-85Ew6yCMhF5csFiXK4VuwTrYZGne-BZxUCjhsVbgccfvm3GqwryPw2nL74gCTd1S7OOIvp0c_JUTrzTKLuLiqsA1zxHjUgJE4MC-JpWMxJqU-mqjvpGTuaZ7Ys24w2cHoBzUpVXZzYB8CkSgAHjgDhee_-iC91yCl6OGvaOwf5_HgLQlCA04T86KwaXI8cf-pch4ONSIDlnwFhqA64oK-OA6-GlT1a5XIfGqWwxaAZJRqmwMzFBEoCnuzHj3gPDPo7HHpkpnW10-JXPkkMd8L5uNKwm-loM64qWWc10d6ByYIEjOKxBGAet0SV-dn_COIHTjNE6T8sSp0HnXT0PbKurAfaVi7gXWD4qHtQn87bebbMhUn5evZKF6Xpi9R7lT4KiGPltnspkU0rfHyonRAB5pDJmzeq42o691QVpRv_GwYAU5s4MMP6lp_Jw5T8Yov3ow\\\" target=\\\"_blank\\\" rel=\\\"noopener noreferrer\\\">Jaudson\u00a0Lopes Aguiar<\/a>, 2019<\/p>\n<\/td>\n<\/tr>\n<tr style=\\\"height: 45.85pt\\\">\n<td style=\\\"width: 956.5pt;padding: 0cm 5.4pt;height: 45.85pt\\\" valign=\\\"top\\\" nowrap=\\\"nowrap\\\" width=\\\"1275\\\">\n<p class=\\\"MsoNormal\\\" style=\\\"margin: 0cm;font-size: 11pt;font-family: Calibri, sans-serif\\\"><span style=\\\"font-weight: 600\\\"><a href=\\\"https:\/\/drive.google.com\/file\/d\/1NUJpV8um8kaZFDu18GnKgT7FjCYaoWiE\/view?usp=drive_link\\\" target=\\\"_blank\\\" rel=\\\"noopener noreferrer\\\">HIBRIDISMO NO UNDERGROUND BRASILEIRO: SEPULTURA ENTRE REPRESENTA\u00c7\u00d5ES E JOGOS DE PODER (1991-1996)<\/a><\/span><\/p>\n<p class=\\\"MsoNormal\\\" style=\\\"margin: 0cm;font-size: 11pt;font-family: Calibri, sans-serif\\\"><a href=\\\"http:\/\/buscatextual.cnpq.br\/buscatextual\/visualizacv.do?id=K8470376D8&amp;tokenCaptchar=03AGdBq266Vy4GjWmAcJwqYA5xCp_bDhKKD7vos3tyrwdO6pGOSDSRu3ADUUpqPl3Gm_NY16yo3eTC3wB2H-FoOA8lgGeMrvTnp4XNZlMPQz5etZG2wvfcOSB2GHekCLeH0swuJvLiEMRekz1HDUvKvTMgQuFwGxVZYEmxHiAU1KhtZQa2J3wwppl2E34M_pAKH04rCxPTdbEg8Q09T0UxXquUgSTrqfnAJ7a6G44tOKXvKZ__xrm69Ru7I07LSmkUd9pCCokmMbrcK-JNMmLRTtUUqoEQOxhY_bu9oLsPC18C7mUINDzzkOqX69Z54boGpq8yg1lqFTRXPRGgdFlb86se9gUkNJ_9O9FGjaNZCbUvDY9W45HwgXJMjCopEmMQziV630px3CxyYZ2M-gWw7J1_09R7OZF2L5eVq6NH2NVY3Jijeha41n13DAfeD8yq5jXXzoO4xfwLJbssF-bo1mNhSVC6A8JGtw\\\" target=\\\"_blank\\\" rel=\\\"noopener noreferrer\\\">Rubens de Brito Ferreira Teixeira<\/a>, 2019<\/p>\n<\/td>\n<\/tr>\n<tr style=\\\"height: 45.85pt\\\">\n<td style=\\\"width: 956.5pt;padding: 0cm 5.4pt;height: 45.85pt\\\" valign=\\\"top\\\" nowrap=\\\"nowrap\\\" width=\\\"1275\\\">\n<p class=\\\"MsoNormal\\\" style=\\\"margin: 0cm;font-size: 11pt;font-family: Calibri, sans-serif\\\"><span style=\\\"font-weight: 600\\\"><a href=\\\"https:\/\/drive.google.com\/file\/d\/1ONGK7OM1rwJfIBJY4P64EY_O73k7xN4j\/view?usp=drive_link\\\" target=\\\"_blank\\\" rel=\\\"noopener noreferrer\\\">\u201cN\u00d3S VIVIA NOS TEMPO DO CATIV\u00caRO\u201d: VIV\u00caNCIAS E TRAJET\u00d3RIAS DE TRABALHADORES RURAIS BRASILMINENSES (1970\/90).<\/a><\/span><\/p>\n<p class=\\\"MsoNormal\\\" style=\\\"margin: 0cm;font-size: 11pt;font-family: Calibri, sans-serif\\\"><a href=\\\"http:\/\/buscatextual.cnpq.br\/buscatextual\/visualizacv.do?id=K4952359Y2&amp;tokenCaptchar=03AGdBq24wM3NAKmp7soMSdyGWMyFCG309Awc_34PGZwRQMaFZlOMC7zgNzW5DywM2c-BCeJ8OB4Mb0SjdtlTHcKKb2nzMRfoLoyvs3al9AGW2ttHRPDdyOJF5gWvurXIS6aj0nYppihoSW2D-2KJctiCVt4gKXLLWRb0xl8orgWtXjv0J1YhbZoKukzj3xWWpqGjy1X1dA_npTslurplwXiGVWzjiO5dUwrAeabXCtRyBydQ8F-5rV1DhAQR79I9FcIPdwDbvVIDWxbZ-fA3cnpzH_7Arme097EqZe_62uWPj8gsD8EHpalhx9EZXQ_j-GZxVWaI0VLZhBKLx4Y2ndm8li2BbzbU-TdbVJHaT_GXBluIYbACxnzjbemC_LXWvuxk8xuQnyquW1jXjV0O3IgGpfg2IByMEZsTEI1UvTmXO9eKDDSOyG7uu1oNvLyU8a-azQoRZTEHChIPPFMi8ywIV2VotRXJpBg\\\" target=\\\"_blank\\\" rel=\\\"noopener noreferrer\\\">Silvana Ferreira Mendes<\/a>, 2019<\/p>\n<\/td>\n<\/tr>\n<tr style=\\\"height: 45.85pt\\\">\n<td style=\\\"width: 956.5pt;padding: 0cm 5.4pt;height: 45.85pt\\\" valign=\\\"top\\\" nowrap=\\\"nowrap\\\" width=\\\"1275\\\">\n<p class=\\\"MsoNormal\\\" style=\\\"margin: 0cm;font-size: 11pt;font-family: Calibri, sans-serif\\\"><span style=\\\"font-weight: 600\\\"><a href=\\\"https:\/\/drive.google.com\/file\/d\/1hDcZjWiEnmdeTGOPY_nJFHRSvzfOeuTq\/view?usp=drive_link\\\" target=\\\"_blank\\\" rel=\\\"noopener noreferrer\\\">DO BACHARELISMO AO ATIVISMO JUDICIAL: CONTINUIDADES E RUPTURAS AP\u00d3S A ASSEMBLEIA NACIONAL CONSTITUINTE DE 1987\/1988<\/a><\/span><\/p>\n<p class=\\\"MsoNormal\\\" style=\\\"margin: 0cm;font-size: 11pt;font-family: Calibri, sans-serif\\\"><a style=\\\"font-size: 16px\\\" href=\\\"http:\/\/buscatextual.cnpq.br\/buscatextual\/visualizacv.do?id=K4369809D7&amp;tokenCaptchar=03AGdBq27bdVqrRmkxU0qIH8FwmSNZBoIHPT8AbckV9n2fCrR_jxk1utSTP-55ACuUUw9Dmar_6yYXyJiWZQd8JErIpaeAyEKh8m9Fwf7ZorVj_ooEzv7WNVaS9Ddx54m9w1_cZ6YViFRCKHSKk37G0qLhDaPs6QCKpSK7sEuCqLWg1RUlWhB-k44pwwwz80MnPxj3ok7ezRDGI9bRKUffqnE5JxZ0_q8O8FWD8amM1G0lX8BeyvCY5K9MGwUmu5_oJG1NlMn7nldaOiFvnTAza6guc0R11rG13lW2U1WELf_Im4dOYTBM5UhZh00L5zJofi6TRO3uc52nl84kPE1YyC9xnNKqSrOzBFsu90NoDLVNioZWdVkrz2X1IvEKuy-ScrFpTBLIBuKuKcfcxD1jyfL4QsbeMYQX9iHgCtheH0911UzZzPRoTquU6H6VLNOA-imQswfdVV1BGHRy_ij_4xbDZHPjCIrqlA\\\" target=\\\"_blank\\\" rel=\\\"noopener noreferrer\\\">Yury\u00a0Vieira Tupynamb\u00e1\u00a0de\u00a0<span class=\\\"SpellE\\\">L\u00e9lis<\/span>\u00a0Mendes<\/a>, 2019<\/p>\n<\/td>\n<\/tr>\n<tr style=\\\"height: 45.85pt\\\">\n<td style=\\\"width: 956.5pt;padding: 0cm 5.4pt;height: 45.85pt\\\" valign=\\\"top\\\" nowrap=\\\"nowrap\\\" width=\\\"1275\\\">\n<p class=\\\"MsoNormal\\\" style=\\\"margin: 0cm;font-size: 11pt;font-family: Calibri, sans-serif\\\"><span style=\\\"font-weight: 600\\\"><a href=\\\"https:\/\/drive.google.com\/file\/d\/1lRejNvHkGAUAPDtZposWO0so2GoixiRy\/view?usp=drive_link\\\" target=\\\"_blank\\\" rel=\\\"noopener noreferrer\\\">RAGE AGAINST THE MACHINE: F\u00daRIA CONTRA A MANIPULA\u00c7\u00c3O NOS EUA (1992-1999)<\/a><\/span><\/p>\n<p class=\\\"MsoNormal\\\" style=\\\"margin: 0cm;font-size: 11pt;font-family: Calibri, sans-serif\\\"><a href=\\\"http:\/\/buscatextual.cnpq.br\/buscatextual\/visualizacv.do?id=K8715803E6&amp;tokenCaptchar=03AGdBq24RhAT5xW_drOABKFPThyLn2I_qjzHw4_hS7SzNLSCgblr0DVi9FHjkX5PuIipeyYfRX9FnwzBdCNbXAap2DBAq_WNLSNRX8f1zJ-VvVJB-O_puX_3vq14Ja-MrVxh_UWBCN1AMbX8SxTB7UF8GNJicgneSQ_rVG8Yobh7ykJ3uIIC_wwLTiAm8o434AIRgTO0TebDQcRsBYzKYC6clU1br4aAjgXknnPwOh87wpqFySB9q-ZtM97ehobnL3eihCDvKCORMAJl1Hz73sNXKtffbedLTcsfPfPf0aFUyKNtHrxEGLa1CzW7BGS51HceFvum_pvcovjiwe9monUR1PHjqBnRR7fhJNUaidbbSNDbfhWQc04N0av6c5H-m20jaKhEmdGSFF3Fknd9QkNaa6oWMIg6TtZPYtrEFG4JWiXKDJDhSIJFbQy3znCMoy0gd2jxDzhpcpVjtPxu8fpLQrm9DAz2DBA\\\" target=\\\"_blank\\\" rel=\\\"noopener noreferrer\\\">C\u00e9lio Barbosa de Freitas<\/a>, 2020<\/p>\n<\/td>\n<\/tr>\n<tr style=\\\"height: 45.85pt\\\">\n<td style=\\\"width: 956.5pt;padding: 0cm 5.4pt;height: 45.85pt\\\" valign=\\\"top\\\" nowrap=\\\"nowrap\\\" width=\\\"1275\\\">\n<p class=\\\"MsoNormal\\\" style=\\\"margin: 0cm;font-size: 11pt;font-family: Calibri, sans-serif\\\"><span style=\\\"font-weight: 600\\\"><a href=\\\"https:\/\/drive.google.com\/file\/d\/1JvZFZn4mDluouaQU4ddpvOJPP4CEftRh\/view?usp=drive_link\\\" target=\\\"_blank\\\" rel=\\\"noopener noreferrer\\\">CASSIANO RICARDO E JORGE AMADO: PROJETOS IDENTIT\u00c1RIOS NA LITERATURA E NA IMPRENSA 1940-1943.<\/a><\/span><\/p>\n<p class=\\\"MsoNormal\\\" style=\\\"margin: 0cm;font-size: 11pt;font-family: Calibri, sans-serif\\\"><a href=\\\"http:\/\/buscatextual.cnpq.br\/buscatextual\/visualizacv.do?id=K4272959T0&amp;tokenCaptchar=03AGdBq24rCoAlmrB4TLOZt3Dx1lzyEyEmZSVdYe5e-YVGANLh0xsycA4XKiDqteIt5CXHqu3oYAi1eVsStfl658dHdhKDdiGeoztX_2Wf_xpw4ouPqE6z8OYyaRMyzLsSp2KCpxCo-V4EZqKFUJ1Vs65TTsZhZdcqSBp8fNj01GVahPuCvF-DjzcQ2NuvMD_-JYdtGS9px-9kok3ljl8hszwUAbePcT2SCMjidWlZIEvlH7w-KxGjii_B4EywG8E6wcwXH0zW7G-3Bp43fI4kYIg5HldK0ZI-1FgAx17NTS7OQq_qYzHIlQBp4pWo7ZwA34ZtBou3lC4XyUlL2iyPGMqcGV2BQBholYhYGxf3kDumeBnz6PNP27l6cz0HudzNksxixzWkria8PaOFiIzVEPTPgv2L1LOdEIkuHPQdZHX5p4vzQh_bAI0AC16KJ9TK-7v2SjDO417yPS47gKPvmTacqu34BtyoGg\\\" target=\\\"_blank\\\" rel=\\\"noopener noreferrer\\\">Cristina Dias\u00a0<span class=\\\"SpellE\\\">Malveira<\/span><\/a>, 2020<\/p>\n<\/td>\n<\/tr>\n<tr style=\\\"height: 45.85pt\\\">\n<td style=\\\"width: 956.5pt;padding: 0cm 5.4pt;height: 45.85pt\\\" valign=\\\"top\\\" nowrap=\\\"nowrap\\\" width=\\\"1275\\\">\n<p class=\\\"MsoNormal\\\" style=\\\"margin: 0cm;font-size: 11pt;font-family: Calibri, sans-serif\\\"><span style=\\\"font-weight: 600\\\"><a href=\\\"https:\/\/drive.google.com\/file\/d\/1rgeQbwqLW4UZQmidlvd0dZ1-QMFgNTeH\/view?usp=drive_link\\\" target=\\\"_blank\\\" rel=\\\"noopener noreferrer\\\">A ORGANIZA\u00c7\u00c3O POL\u00cdTICA DOS MORADORES DO BAIRRO SANTOS REIS (MONTES CLAROS\/MG): PODER, TRABALHO, IDENTIDADES E DESENVOLVIMENTO URBANO (1965-1989)<\/a><\/span><\/p>\n<p class=\\\"MsoNormal\\\" style=\\\"margin: 0cm;font-size: 11pt;font-family: Calibri, sans-serif\\\"><a href=\\\"http:\/\/buscatextual.cnpq.br\/buscatextual\/visualizacv.do?id=K4404752A5&amp;tokenCaptchar=03AGdBq24A1au81IEYRlh3uw-i6Iw-JSeXCp1NRZyxvLKKfGd74P5UbkrV4J5_C7CqJaWii6jRJ__rqcV9nAMSLz8AewAIOB_PSkhEx45r8M3t8B_6Od8untPWLqyAphNlRUJunzPRjx7FfxWbkt76OswKC3KWGeFZBwU4PKeUWkj7-S5BzKOsMNX1Al8RcmvSY55sjP_46dL1V3nRsuZvp1jogoeXU6nh0fZ0aAvaiEtiSe4M5aDxf3f-8A0epeMcs3J3xf2YzGFhqDDYVLtQuH7trT4wLyEMqOP6OCkD-zmcE5UjkJ0kBZQ6H2-Ly6kIhpCAO_NrY_YtkTZLs0rIympJMg584if_hmjK6IdQYR-bnKr_ZAD6ZGS-1YKlOWcWxEg_DLPjnw7-X6eLbPv8vrtdwYRbi3Fwm_phHGPfxddYQV2WB4z1xCe-1Fyv03yXb4JD8qRKKufKyOBQD5N2tdQEU7AHnguUpA\\\" target=\\\"_blank\\\" rel=\\\"noopener noreferrer\\\">Daniel Ruas de Andrade<\/a>, 2020<\/p>\n<\/td>\n<\/tr>\n<tr style=\\\"height: 45.85pt\\\">\n<td style=\\\"width: 956.5pt;padding: 0cm 5.4pt;height: 45.85pt\\\" valign=\\\"top\\\" nowrap=\\\"nowrap\\\" width=\\\"1275\\\">\n<p class=\\\"MsoNormal\\\" style=\\\"margin: 0cm;font-size: 11pt;font-family: Calibri, sans-serif\\\"><span style=\\\"font-weight: 600\\\"><a href=\\\"https:\/\/drive.google.com\/file\/d\/10ZcRRyau-F0afkEIpeUmSBdYMus5tDJF\/view?usp=drive_link\\\" target=\\\"_blank\\\" rel=\\\"noopener noreferrer\\\">FAM\u00cdLIA E RELIGI\u00c3O EM TORNO DO PLC 122\/2006: DEBATES DA PROPOSTA DA CRIMINALIZA\u00c7\u00c3O DA HOMOFOBIA NO CEN\u00c1RIO POL\u00cdTICO-CULTURAL BRASILEIRO (2001-2014)<\/a><\/span><\/p>\n<p class=\\\"MsoNormal\\\" style=\\\"margin: 0cm;font-size: 11pt;font-family: Calibri, sans-serif\\\"><a href=\\\"http:\/\/buscatextual.cnpq.br\/buscatextual\/visualizacv.do?id=K8984496Y9&amp;tokenCaptchar=03AGdBq24G9Vm3gRElWbxs07m33aheuNru3LMFsra2dgRWfmNImflyd3JaF_AAaBx54uUsTgHaIBPYqDYEibIMUEiQysJ19REnayckGwE9GxAOE7H7_NqTC4q9sfk_1GIiDtWcwZLXM2vaBCmA7GjmBAKTDU8zjGG_phNh0-fug47BRroRAgyEm0i6KljbsSZJ70mup0g_3VEtuL8gLq4vuTuxCP2Wvxm-0YGB8w2e5H6uma874udNsdAtpyinlGGbHacjKO7d09xd1pm3RJ-3ys6wpIiaf2_OwUWqClWL8f0hJx3gXkhK_Dl6uweYuQmPEuTTN9C0KajaI1HNRL2OQ2Erm7n3-6Uc2jHc02RDKSa7-sdYAXQCDoca3IhQqLCl__EzY07A6Ma073hxXoSEBCMBhtsmCIRD0XPwMnCYyamFXk5IUyPwhNSlofKflBHJvp2nwJMSlP2daLaUSQCFxPD6mQKWs0V6DQ\\\" target=\\\"_blank\\\" rel=\\\"noopener noreferrer\\\">Filipe de Jesus Sampaio<\/a>, 2020<\/p>\n<\/td>\n<\/tr>\n<tr style=\\\"height: 45.85pt\\\">\n<td style=\\\"width: 956.5pt;padding: 0cm 5.4pt;height: 45.85pt\\\" valign=\\\"top\\\" nowrap=\\\"nowrap\\\" width=\\\"1275\\\">\n<p class=\\\"MsoNormal\\\" style=\\\"margin: 0cm;font-size: 11pt;font-family: Calibri, sans-serif\\\"><span style=\\\"font-weight: 600\\\"><a href=\\\"https:\/\/drive.google.com\/file\/d\/1LxLpIS3Pnh7gUyoeFwTslAdDWKBtUgfm\/view?usp=drive_link\\\" target=\\\"_blank\\\" rel=\\\"noopener noreferrer\\\">INDUSTRIAL MALVINA, IMAGENS E ORALIDADE: AS VIV\u00caNCIAS DOS TRABALHADORES DO DISTRITO DE ENGENHEIRO DOLABELA \u2013 MG \u2013 1960 \u2013 1980<\/a><\/span><\/p>\n<p class=\\\"MsoNormal\\\" style=\\\"margin: 0cm;font-size: 11pt;font-family: Calibri, sans-serif\\\"><a href=\\\"http:\/\/buscatextual.cnpq.br\/buscatextual\/visualizacv.do?id=K8077220T5&amp;tokenCaptchar=03AGdBq26Nzd_pDsUBuZtz-jh3NB-v84bRkFlYkxqsgOzIzjlFyD0W5n38yaEdPVCjdliptYAnB-IXQT325jcupukmSJAjmEusiXXRCY9USpTXajbskB-tZZbCySfHWdJ994ZgC8gi2WfCITRi1vQQtAl9SDt4hV1Rpce4AewRoX6EmN3XJSVVdrp8AU3bq9zdRusJh8S_QGBrD9eEPqmoeTF0OERwIIEz2pp72jdLr1ZI1vzKmpR7GPYwedzpty4QQ8UPXvUVwPQUzEjrj3nWc-Av3HGvrY5Ls7YIvu3fvm-s0AKWQ9x1U4PyGYyAfNWotAbDSelHmR-SjKWuccY5wBbBvaDMhr_dsGs2amCN9CWIv_LPg0Dw5vf_vNWC2keTNPrVJAtw8tweoi66xgZM4lqgwCMVDA1XkXiz8BPkvDlftSdQT2cHzR9bFOnab5VWfkYHa6r_wN-Gue7C-fUJQzlzJVx1s3YYSQ\\\" target=\\\"_blank\\\" rel=\\\"noopener noreferrer\\\">Jos\u00e9 Reinaldo Pereira<\/a>, 2020<\/p>\n<\/td>\n<\/tr>\n<tr style=\\\"height: 45.85pt\\\">\n<td style=\\\"width: 956.5pt;padding: 0cm 5.4pt;height: 45.85pt\\\" valign=\\\"top\\\" nowrap=\\\"nowrap\\\" width=\\\"1275\\\">\n<p class=\\\"MsoNormal\\\" style=\\\"margin: 0cm;font-size: 11pt;font-family: Calibri, sans-serif\\\"><span style=\\\"font-weight: 600\\\"><a href=\\\"https:\/\/drive.google.com\/file\/d\/1XFOYY3OtY10ZtgAvg0pIgmeyXotKEewe\/view?usp=drive_link\\\" target=\\\"_blank\\\" rel=\\\"noopener noreferrer\\\">R.R. SOARES LEU KENNETH HAGIN: ELEMENTOS DA IDENTIDADE RELIGIOSA NORTE-AMERICANA NA TEOLOGIA DA CONFISS\u00c3O POSITIVA NO BRASIL (1980-2010)<\/a><\/span><\/p>\n<p class=\\\"MsoNormal\\\" style=\\\"margin: 0cm;font-size: 11pt;font-family: Calibri, sans-serif\\\"><a href=\\\"http:\/\/buscatextual.cnpq.br\/buscatextual\/visualizacv.do?id=K8568633Z5&amp;tokenCaptchar=03AGdBq24fZ45Di4u_xW87vSAnKX-0ywBokp8Twiqu3e1x5etZ0R9rBMzZyMgRBeptLtT6dva2-E1QoMGCgVoEprIQgUcsI2_dIkkGLXkjbAAbBVYRKVmcyfNsTt6CJ3werJG5KXDTpcNqZegGRC1mcirsyoOrFwBlS6xBx60tgoXc3lfr0Y1APLGX2TLPFixqDmg_vU2PT_Hl5PLyoAS11JzD3vHDkKV1915s9AzO1SvHD9rOKZsqJIu8CT51BQuKvE8YLdLzxj-5Ahai85tH2R2PRfioCTJoFKVI0LEv6H9vbX3WHN5QT_sl_hI9Hw1mOEE3Shcr4pEKDazbNaFUlLphAYiJSa6KIu-uPBrLAXuwSLEuJ5K3wtcyxuuwgcLHWvVjnZbiPznjsJotDHdpLvOZXt-HqbPhgbWdCFtf2n5oCHJWwNrBHD07JrbaiQsYp4nJPzWVZPGyb3m9zLf50F01nssPwgHFzA\\\" target=\\\"_blank\\\" rel=\\\"noopener noreferrer\\\">Marlon Andrey Nunes da Silva<\/a>, 2020<\/p>\n<\/td>\n<\/tr>\n<tr style=\\\"height: 45.85pt\\\">\n<td style=\\\"width: 956.5pt;padding: 0cm 5.4pt;height: 45.85pt\\\" valign=\\\"top\\\" nowrap=\\\"nowrap\\\" width=\\\"1275\\\">\n<p class=\\\"MsoNormal\\\" style=\\\"margin: 0cm;font-size: 11pt;font-family: Calibri, sans-serif\\\"><span style=\\\"font-weight: 600\\\"><a href=\\\"https:\/\/drive.google.com\/file\/d\/1Dqkk9FUzobh6LJIl8r3S8OfXtyN2DUA0\/view?usp=drive_link\\\" target=\\\"_blank\\\" rel=\\\"noopener noreferrer\\\">\u201cAVANTE PORTEIRINHENSES PELA GL\u00d3RIA DE DEUS!\u201d: ESPA\u00c7O DE SOCIABILIDADE E RELIGIOSIDADE NA PORTEIRINHA DOS ANOS 1938 A 1959<\/a><\/span><\/p>\n<p class=\\\"MsoNormal\\\" style=\\\"margin: 0cm;font-size: 11pt;font-family: Calibri, sans-serif\\\"><a href=\\\"http:\/\/buscatextual.cnpq.br\/buscatextual\/visualizacv.do?id=K8450800U2&amp;tokenCaptchar=03AGdBq25aXLuDtKJuiNsIPWMz9TU_M2s5nCasYaW1iwRm8vhBEKFyeuIxXVX8tcxJ5WyGeRNOKS5oUsLCqG0l9mj2I5m7xRu_w7coR7FXiGy1i1SkSu-mg7amKA2p5NJ97PcMRFOp6LmZETQ5ncmD5_dT7s220CtOTp2ZtPItRP9N__OPjh4KyMdCmebaGzFT9ANOd8Q_rOIOMFbL4LYnRC_yOtYhgd8fUL4ph6Dcz0HuOzPT-YkPqBGDMsa3NEZu1kZlFkkuL4xK9ZDQMxs6yux74P5ja6-9r7qiqbvP2imFqU2drt3pmR88zrCzY_-4t3vzbgrx-F2AhTcZat9VxyvzSLIpBJGdWmPy_Mr6osvuGj0D3l3QG8VmxTc1NEIqzGACmp9wRi3HzRQsdZRKtWFN1KSaUbbjezJiazgLTnWlOWve0IyNGXC-oQstn-LX1bq3ON8vAth7F8HzbrKDYAgZ8FowOqdlHA\\\" target=\\\"_blank\\\" rel=\\\"noopener noreferrer\\\">N\u00fabia Bruno da Silva<\/a>, 2020<\/p>\n<\/td>\n<\/tr>\n<tr style=\\\"height: 45.85pt\\\">\n<td style=\\\"width: 956.5pt;padding: 0cm 5.4pt;height: 45.85pt\\\" valign=\\\"top\\\" nowrap=\\\"nowrap\\\" width=\\\"1275\\\">\n<p class=\\\"MsoNormal\\\" style=\\\"margin: 0cm;font-size: 11pt;font-family: Calibri, sans-serif\\\"><span style=\\\"font-weight: 600\\\"><a href=\\\"https:\/\/drive.google.com\/file\/d\/1E5NFgHO2lxLAMl6VGgg8Wfx19XFdlWZ5\/view?usp=drive_link\\\" target=\\\"_blank\\\" rel=\\\"noopener noreferrer\\\">\\\"LATAS D\\&#8217;\u00c1GUA NA CABE\u00c7A, L\u00c1 VAI MARIA\\\": A IMPLANTA\u00c7\u00c3O DO SISTEMA DE ABASTECIMENTO DE \u00c1GUA EM S\u00c3O FRANCISCO-MG (1960-1990)<\/a><\/span><\/p>\n<p class=\\\"MsoNormal\\\" style=\\\"margin: 0cm;font-size: 11pt;font-family: Calibri, sans-serif\\\"><span style=\\\"color: windowtext\\\"><a href=\\\"http:\/\/lattes.cnpq.br\/5777544169038011\\\" target=\\\"_blank\\\" rel=\\\"noopener noreferrer\\\">Ariely Antunes<\/a>, 2021<\/span><\/p>\n<\/td>\n<\/tr>\n<tr style=\\\"height: 45.85pt\\\">\n<td style=\\\"width: 956.5pt;padding: 0cm 5.4pt;height: 45.85pt\\\" valign=\\\"top\\\" nowrap=\\\"nowrap\\\" width=\\\"1275\\\">\n<p class=\\\"MsoNormal\\\" style=\\\"margin: 0cm;font-size: 11pt;font-family: Calibri, sans-serif\\\"><span style=\\\"font-weight: 600\\\"><a href=\\\"https:\/\/drive.google.com\/file\/d\/1z4jy26bPEIk76GUWU-rPaq_DWTke_wuI\/view?usp=drive_link\\\" target=\\\"_blank\\\" rel=\\\"noopener noreferrer\\\">A LIGA DOS CAMPONESES POBRES E A LUTA PELA TERRA NO NORTE DE MINAS: 1995-2017<\/a><\/span><\/p>\n<p class=\\\"MsoNormal\\\" style=\\\"margin: 0cm;font-size: 11pt;font-family: Calibri, sans-serif\\\"><span style=\\\"color: windowtext\\\"><a href=\\\"http:\/\/lattes.cnpq.br\/8780929056654430\\\" target=\\\"_blank\\\" rel=\\\"noopener noreferrer\\\">David Batista Batella<\/a>, 2021<br \/>\n<\/span><\/p>\n<\/td>\n<\/tr>\n<tr style=\\\"height: 45.85pt\\\">\n<td style=\\\"width: 956.5pt;padding: 0cm 5.4pt;height: 45.85pt\\\" valign=\\\"top\\\" nowrap=\\\"nowrap\\\" width=\\\"1275\\\">\n<p class=\\\"MsoNormal\\\" style=\\\"margin: 0cm;font-size: 11pt;font-family: Calibri, sans-serif\\\"><span style=\\\"font-weight: 600\\\"><a href=\\\"https:\/\/drive.google.com\/file\/d\/1zA48oi5VfQ4GAhyLZG2ohWu9yXgIMDvk\/view?usp=drive_link\\\" target=\\\"_blank\\\" rel=\\\"noopener noreferrer\\\">A DIPLOM\u00c1TICA ARTE DE GOVERNAR: ALEXANDRE III COMO MODELO DE GOVERNANTE PARA ROMA POR MEIO DA AN\u00c1LISE DA OBRA VIDA DE ALEXANDRE DE PLUTARCO (S\u00c9C. 1 d.C)<\/a><\/span><\/p>\n<p class=\\\"MsoNormal\\\" style=\\\"margin: 0cm;font-size: 11pt;font-family: Calibri, sans-serif\\\"><span style=\\\"color: windowtext\\\"><a href=\\\"http:\/\/lattes.cnpq.br\/0188720660977555\\\" target=\\\"_blank\\\" rel=\\\"noopener noreferrer\\\">Francisco Rocha Silva<\/a>, 2021<\/span><\/p>\n<\/td>\n<\/tr>\n<tr style=\\\"height: 45.85pt\\\">\n<td style=\\\"width: 956.5pt;padding: 0cm 5.4pt;height: 45.85pt\\\" valign=\\\"top\\\" nowrap=\\\"nowrap\\\" width=\\\"1275\\\">\n<p class=\\\"MsoNormal\\\" style=\\\"margin: 0cm;font-size: 11pt;font-family: Calibri, sans-serif\\\"><span style=\\\"font-weight: 600\\\"><a href=\\\"https:\/\/drive.google.com\/file\/d\/1B5qZT5tluS1-xdDPponOkjZ7PMKX3XVd\/view?usp=drive_link\\\" target=\\\"_blank\\\" rel=\\\"noopener noreferrer\\\">\\\"A POL\u00cdTICA DO TOMA L\u00c1, D\u00c1 C\u00c1\\\": UM ESTUDO DA CULTURA POL\u00cdTICA A PARTIR DAS DISPUTAS ENTRE TIMB\u00d3S E FARISEUS EM JANA\u00daBA\/MG (1960-1980)<\/a><\/span><\/p>\n<p class=\\\"MsoNormal\\\" style=\\\"margin: 0cm;font-size: 11pt;font-family: Calibri, sans-serif\\\"><span style=\\\"color: windowtext\\\"><a href=\\\"http:\/\/lattes.cnpq.br\/3775858042122567\\\" target=\\\"_blank\\\" rel=\\\"noopener noreferrer\\\">Genilda Rosana da Silva<\/a>, 2021<\/span><\/p>\n<\/td>\n<\/tr>\n<tr style=\\\"height: 45.85pt\\\">\n<td style=\\\"width: 956.5pt;padding: 0cm 5.4pt;height: 45.85pt\\\" valign=\\\"top\\\" nowrap=\\\"nowrap\\\" width=\\\"1275\\\">\n<p class=\\\"MsoNormal\\\" style=\\\"margin: 0cm;font-size: 11pt;font-family: Calibri, sans-serif\\\"><span style=\\\"font-weight: 600\\\"><a href=\\\"https:\/\/drive.google.com\/file\/d\/1AR_cTMm_U67I_4N52p93WCSFKsgesGY3\/view?usp=drive_link\\\" target=\\\"_blank\\\" rel=\\\"noopener noreferrer\\\">AS REPRESENTA\u00c7\u00d5ES DA DAN\u00c7A DO VENTRE NA CULTURA DA M\u00cdDIA BRASILEIRA (1990-2002)<\/a><\/span><\/p>\n<p class=\\\"MsoNormal\\\" style=\\\"margin: 0cm;font-size: 11pt;font-family: Calibri, sans-serif\\\"><a href=\\\"http:\/\/lattes.cnpq.br\/5057382126837214\\\" target=\\\"_blank\\\" rel=\\\"noopener noreferrer\\\">Lorena Danielle Santos<\/a>, 2021<\/p>\n<\/td>\n<\/tr>\n<tr style=\\\"height: 45.85pt\\\">\n<td style=\\\"width: 956.5pt;padding: 0cm 5.4pt;height: 45.85pt\\\" valign=\\\"top\\\" nowrap=\\\"nowrap\\\" width=\\\"1275\\\">\n<p class=\\\"MsoNormal\\\" style=\\\"margin: 0cm;font-size: 11pt;font-family: Calibri, sans-serif\\\"><span style=\\\"font-weight: 600\\\"><a href=\\\"https:\/\/drive.google.com\/file\/d\/1OyLWzpMbEBRznz7EJ5CXmViEKHUv6uZy\/view?usp=drive_link\\\" target=\\\"_blank\\\" rel=\\\"noopener noreferrer\\\">\\\"QUALQUER SEMELHAN\u00c7A COM FATOS OU PERSONAGENS DA VIDA REAL \u00c9 SIMPLES COINCID\u00caNCIA\\\": HIST\u00d3RIA E CULTURA POL\u00cdTICA BRASILEIRA EM \\\"BRAS\u00cdLIO\\\" (1968), DE OSCAR DIAS CORR\u00caA<\/a><\/span><\/p>\n<p class=\\\"MsoNormal\\\" style=\\\"margin: 0cm;font-size: 11pt;font-family: Calibri, sans-serif\\\"><span style=\\\"color: windowtext\\\"><a href=\\\"http:\/\/lattes.cnpq.br\/4402851849285590\\\" target=\\\"_blank\\\" rel=\\\"noopener noreferrer\\\">Renat Nureyev Mendes<\/a>, 2021<\/span><\/p>\n<\/td>\n<\/tr>\n<tr style=\\\"height: 45.85pt\\\">\n<td style=\\\"width: 956.5pt;padding: 0cm 5.4pt;height: 45.85pt\\\" valign=\\\"top\\\" nowrap=\\\"nowrap\\\" width=\\\"1275\\\">\n<p class=\\\"MsoNormal\\\" style=\\\"margin: 0cm;font-size: 11pt;font-family: Calibri, sans-serif\\\"><span style=\\\"font-weight: 600\\\"><a href=\\\"https:\/\/drive.google.com\/file\/d\/1Tc91ab-LMvkPeRRm1AV0FUV-zxBWV20f\/view?usp=drive_link\\\" target=\\\"_blank\\\" rel=\\\"noopener noreferrer\\\">FAM\u00cdLIA E PODER: O FEN\u00d4MENO CAMPOS NO MUNIC\u00cdPIO DE S\u00c3O JO\u00c3O DA PONTE \u2013 MG (1900-1970)<\/a><\/span><\/p>\n<p class=\\\"MsoNormal\\\" style=\\\"margin: 0cm;font-size: 11pt;font-family: Calibri, sans-serif\\\"><span style=\\\"color: windowtext\\\"><a href=\\\"http:\/\/lattes.cnpq.br\/0804380384374798\\\" target=\\\"_blank\\\" rel=\\\"noopener noreferrer\\\">Clelma Rodrigues Martins Mendes<\/a>, 2022.<br \/>\n<\/span><\/p>\n<\/td>\n<\/tr>\n<tr style=\\\"height: 45.85pt\\\">\n<td style=\\\"width: 956.5pt;padding: 0cm 5.4pt;height: 45.85pt\\\" valign=\\\"top\\\" nowrap=\\\"nowrap\\\" width=\\\"1275\\\">\n<p class=\\\"MsoNormal\\\" style=\\\"margin: 0cm;font-size: 11pt;font-family: Calibri, sans-serif\\\"><span style=\\\"font-weight: 600\\\"><a href=\\\"https:\/\/drive.google.com\/file\/d\/12UXVtiOLyzS2lz-MWBL9zL9l1WtwAj0F\/view?usp=drive_link\\\" target=\\\"_blank\\\" rel=\\\"noopener noreferrer\\\">LATINOFOBIA: DO DISCURSO POL\u00cdTICO VENCEDOR PARA AS TELAS DE CINEMA \u2013 UMA LEITURA DECOLONIAL A PARTIR DE RAMBO LAST BLOOD (2019)<\/a><\/span><\/p>\n<p class=\\\"MsoNormal\\\" style=\\\"margin: 0cm;font-size: 11pt;font-family: Calibri, sans-serif\\\"><span style=\\\"color: windowtext\\\"><a href=\\\"https:\/\/www.escavador.com\/sobre\/724571522\/daniel-matheus-de-souza-pereira\\\" target=\\\"_blank\\\" rel=\\\"noopener noreferrer\\\">Daniel Matheus de Souza Pereira<\/a>, 2022.<\/span><\/p>\n<\/td>\n<\/tr>\n<tr style=\\\"height: 45.85pt\\\">\n<td style=\\\"width: 956.5pt;padding: 0cm 5.4pt;height: 45.85pt\\\" valign=\\\"top\\\" nowrap=\\\"nowrap\\\" width=\\\"1275\\\">\n<p class=\\\"MsoNormal\\\" style=\\\"margin: 0cm;font-size: 11pt;font-family: Calibri, sans-serif\\\"><span style=\\\"font-weight: 600\\\"><a href=\\\"https:\/\/drive.google.com\/file\/d\/1LBMIchCn1jy54TcrXRh684gpOsoAa8Qu\/view?usp=drive_link\\\" target=\\\"_blank\\\" rel=\\\"noopener noreferrer\\\">A PRODU\u00c7\u00c3O DE DISCURSOS SOBRE O IR\u00c3 (1979): O PRIMEIRO IMPACTO DA CRISE DOS REF\u00c9NS SOB A \u00d3TICA DA FOLHA DE S\u00c3O PAULO E DO THE NEW YORK TIMES<\/a><\/span><\/p>\n<p class=\\\"MsoNormal\\\" style=\\\"margin: 0cm;font-size: 11pt;font-family: Calibri, sans-serif\\\"><span style=\\\"color: windowtext\\\"><a href=\\\"http:\/\/lattes.cnpq.br\/1668043413547866\\\" target=\\\"_blank\\\" rel=\\\"noopener noreferrer\\\">Tayna Soares dos Santos<\/a>, 2022.<\/span><\/p>\n<\/td>\n<\/tr>\n<tr style=\\\"height: 45.85pt\\\">\n<td style=\\\"width: 956.5pt;padding: 0cm 5.4pt;height: 45.85pt\\\" valign=\\\"top\\\" nowrap=\\\"nowrap\\\" width=\\\"1275\\\">\n<p class=\\\"MsoNormal\\\" style=\\\"margin: 0cm;font-size: 11pt;font-family: Calibri, sans-serif\\\"><span style=\\\"font-weight: 600\\\"><a href=\\\"https:\/\/drive.google.com\/file\/d\/1zCC_0rmFsgTsNsWelEoJD8pvXyGLG5oo\/view?usp=drive_link\\\" target=\\\"_blank\\\" rel=\\\"noopener noreferrer\\\">THOMAS HOBBES E A INSTRUMENTALIZA\u00c7\u00c3O POL\u00cdTICA DE ARIST\u00d3TELES NA IDADE MODERNA: A TEORIA DO ESTADO HOBBESIANO EM MEIO A GUERRA CIVIL INGLESA DA D\u00c9CADA DE 1640<\/a><\/span><\/p>\n<p class=\\\"MsoNormal\\\" style=\\\"margin: 0cm;font-size: 11pt;font-family: Calibri, sans-serif\\\"><span style=\\\"color: windowtext\\\"><a href=\\\"http:\/\/lattes.cnpq.br\/3275429821702239\\\" target=\\\"_blank\\\" rel=\\\"noopener noreferrer\\\">David Emerson Silva Rodrigues<\/a>, 2023.<\/span><\/p>\n<\/td>\n<\/tr>\n<tr style=\\\"height: 45.85pt\\\">\n<td style=\\\"width: 956.5pt;padding: 0cm 5.4pt;height: 45.85pt\\\" valign=\\\"top\\\" nowrap=\\\"nowrap\\\" width=\\\"1275\\\">\n<p class=\\\"MsoNormal\\\" style=\\\"margin: 0cm;font-size: 11pt;font-family: Calibri, sans-serif\\\"><span style=\\\"font-weight: 600\\\"><a href=\\\"https:\/\/drive.google.com\/file\/d\/1NdckGyYdi1rd1fLv4GDpQOGGfPKZwwDQ\/view?usp=drive_link\\\" target=\\\"_blank\\\" rel=\\\"noopener noreferrer\\\">A EXTREMA DIREITA BRASILEIRA E SUAS REPRESENTA\u00c7\u00d5ES NO CIBERESPA\u00c7O (2013-2018)<\/a><\/span><\/p>\n<p class=\\\"MsoNormal\\\" style=\\\"margin: 0cm;font-size: 11pt;font-family: Calibri, sans-serif\\\"><span style=\\\"color: windowtext\\\"><a href=\\\"http:\/\/lattes.cnpq.br\/2629555482307022\\\" target=\\\"_blank\\\" rel=\\\"noopener noreferrer\\\">Geovana Alves Pinto<\/a>, 2023.<\/span><\/p>\n<\/td>\n<\/tr>\n<tr style=\\\"height: 45.85pt\\\">\n<td style=\\\"width: 956.5pt;padding: 0cm 5.4pt;height: 45.85pt\\\" valign=\\\"top\\\" nowrap=\\\"nowrap\\\" width=\\\"1275\\\">\n<p class=\\\"MsoNormal\\\" style=\\\"margin: 0cm;font-size: 11pt;font-family: Calibri, sans-serif\\\"><span style=\\\"font-weight: 600\\\"><a href=\\\"https:\/\/drive.google.com\/file\/d\/1KiY2ld0KOJh88Bbce8gzyCgttL4HfEof\/view?usp=drive_link\\\" target=\\\"_blank\\\" rel=\\\"noopener noreferrer\\\">SERT\u00c3O GORUTUBANO: MEM\u00d3RIAS DA DESAPROPRIA\u00c7\u00c3O DAS TERRAS PARA A CONSTRU\u00c7\u00c3O DA BARRAGEM DO BICO DA PEDRA, NO DISTRITO DE S\u00c3O JOS\u00c9 DO GORUTUBA (1970-1980)<\/a><\/span><\/p>\n<p class=\\\"MsoNormal\\\" style=\\\"margin: 0cm;font-size: 11pt;font-family: Calibri, sans-serif\\\"><span style=\\\"color: windowtext\\\"><a href=\\\"http:\/\/lattes.cnpq.br\/9988573966076027\\\" target=\\\"_blank\\\" rel=\\\"noopener noreferrer\\\">Gilsa Florisbela Alc\u00e2ntara<\/a>, 2023.<\/span><\/p>\n<\/td>\n<\/tr>\n<tr style=\\\"height: 45.85pt\\\">\n<td style=\\\"width: 956.5pt;padding: 0cm 5.4pt;height: 45.85pt\\\" valign=\\\"top\\\" nowrap=\\\"nowrap\\\" width=\\\"1275\\\">\n<p class=\\\"MsoNormal\\\" style=\\\"margin: 0cm;font-size: 11pt;font-family: Calibri, sans-serif\\\"><span style=\\\"font-weight: 600\\\"><a href=\\\"https:\/\/drive.google.com\/file\/d\/1P5AuSWb_rrD6Lrl1C5wAP9oDgPnCC0LE\/view?usp=drive_link\\\" target=\\\"_blank\\\" rel=\\\"noopener noreferrer\\\">O DISCURSO ANTICOMUNISTA NAS ENC\u00cdCLICAS PAPAIS DURANTE A GUERRA FRIA \u2013 1945 A 1991<\/a><\/span><\/p>\n<p class=\\\"MsoNormal\\\" style=\\\"margin: 0cm;font-size: 11pt;font-family: Calibri, sans-serif\\\"><span style=\\\"color: windowtext\\\"><a href=\\\"http:\/\/lattes.cnpq.br\/3199672808173770\\\" target=\\\"_blank\\\" rel=\\\"noopener noreferrer\\\">George Frederico Antunes Catapreta<\/a>, 2023.<\/span><\/p>\n<\/td>\n<\/tr>\n<tr style=\\\"height: 45.85pt\\\">\n<td style=\\\"width: 956.5pt;padding: 0cm 5.4pt;height: 45.85pt\\\" valign=\\\"top\\\" nowrap=\\\"nowrap\\\" width=\\\"1275\\\">\n<p class=\\\"MsoNormal\\\" style=\\\"margin: 0cm;font-size: 11pt;font-family: Calibri, sans-serif\\\"><span style=\\\"font-weight: 600\\\"><a href=\\\"https:\/\/drive.google.com\/file\/d\/1gh_za6urAKdjv_n4gNDWf7Ij9MqfZ-QL\/view?usp=drive_link\\\" target=\\\"_blank\\\" rel=\\\"noopener noreferrer\\\">O PROJETO NEOLIBERAL: IMPLICA\u00c7\u00d5ES NA PERCEP\u00c7\u00c3O DO CAPITAL HUMANO E SEU IMPACTO NA EDUCA\u00c7\u00c3O BRASILEIRA AP\u00d3S A REDEMOCRATIZA\u00c7\u00c3O DO PA\u00cdS<\/a><\/span><\/p>\n<p class=\\\"MsoNormal\\\" style=\\\"margin: 0cm;font-size: 11pt;font-family: Calibri, sans-serif\\\"><span style=\\\"color: windowtext\\\"><a href=\\\"http:\/\/lattes.cnpq.br\/3356279134590344\\\" target=\\\"_blank\\\" rel=\\\"noopener noreferrer\\\">Jos\u00e9 Adalberto Cardoso<\/a>, 2023.<\/span><\/p>\n<\/td>\n<\/tr>\n<tr style=\\\"height: 45.85pt\\\">\n<td style=\\\"width: 956.5pt;padding: 0cm 5.4pt;height: 45.85pt\\\" valign=\\\"top\\\" nowrap=\\\"nowrap\\\" width=\\\"1275\\\">\n<p class=\\\"MsoNormal\\\" style=\\\"margin: 0cm;font-size: 11pt;font-family: Calibri, sans-serif\\\"><span style=\\\"font-weight: 600\\\"><a href=\\\"https:\/\/drive.google.com\/file\/d\/1brKYKY9D2Aka20ZITUtKmHOARHBP6opi\/view?usp=drive_link\\\" target=\\\"_blank\\\" rel=\\\"noopener noreferrer\\\">TERNOS DE MARUJADAS: TRADI\u00c7\u00c3O, IDENTIDADE E RELIGIOSIDADE POPULAR EM MONTES CLAROS-MG (2002-2022)<\/a><\/span><\/p>\n<p class=\\\"MsoNormal\\\" style=\\\"margin: 0cm;font-size: 11pt;font-family: Calibri, sans-serif\\\"><span style=\\\"color: windowtext\\\"><a href=\\\"http:\/\/lattes.cnpq.br\/3005456323456950\\\" target=\\\"_blank\\\" rel=\\\"noopener noreferrer\\\">Rosemary da Concei\u00e7\u00e3o Rodrigues<\/a>, 2023.<\/span><\/p>\n<\/td>\n<\/tr>\n<tr style=\\\"height: 45.85pt\\\">\n<td style=\\\"width: 956.5pt;padding: 0cm 5.4pt;height: 45.85pt\\\" valign=\\\"top\\\" nowrap=\\\"nowrap\\\" width=\\\"1275\\\">\n<p class=\\\"MsoNormal\\\" style=\\\"margin: 0cm;font-size: 11pt;font-family: Calibri, sans-serif\\\"><span style=\\\"font-weight: 600\\\"><a href=\\\"https:\/\/drive.google.com\/file\/d\/1jR-TY3kxN8A8vKTyRfHOz7yTLjGvLHG_\/view?usp=drive_link\\\" target=\\\"_blank\\\" rel=\\\"noopener noreferrer\\\">O CONSERVADORISMO E OS EVANG\u00c9LICOS NAS ELEI\u00c7\u00d5ES BRASILEIRAS(2011-2018)<\/a><\/span><\/p>\n<p class=\\\"MsoNormal\\\" style=\\\"margin: 0cm;font-size: 11pt;font-family: Calibri, sans-serif\\\"><span style=\\\"color: windowtext\\\"><a href=\\\"http:\/\/lattes.cnpq.br\/5739460656376629\\\" target=\\\"_blank\\\" rel=\\\"noopener noreferrer\\\">Claudiane Soares Queiroz<\/a>, 2024.<\/span><\/p>\n<\/td>\n<\/tr>\n<tr style=\\\"height: 45.85pt\\\">\n<td style=\\\"width: 956.5pt;padding: 0cm 5.4pt;height: 45.85pt\\\" valign=\\\"top\\\" nowrap=\\\"nowrap\\\" width=\\\"1275\\\">\n<p class=\\\"MsoNormal\\\" style=\\\"margin: 0cm;font-size: 11pt;font-family: Calibri, sans-serif\\\"><span style=\\\"font-weight: 600\\\"><a href=\\\"https:\/\/drive.google.com\/file\/d\/1LrrKW4X5NgeWYrC57rg7mGLYJvJvsDKZ\/view?usp=drive_link\\\" target=\\\"_blank\\\" rel=\\\"noopener noreferrer\\\">NAS LINHAS DA IMPRENSA, O PODER DA DESIGUALDADE N\u00c3O SE ESCREVE: A SECA NOS IMPRESSOS CEARENSE (1877-80)<\/a><\/span><\/p>\n<p class=\\\"MsoNormal\\\" style=\\\"margin: 0cm;font-size: 11pt;font-family: Calibri, sans-serif\\\"><span style=\\\"color: windowtext\\\"><a href=\\\"http:\/\/lattes.cnpq.br\/4415427875363638\\\" target=\\\"_blank\\\" rel=\\\"noopener noreferrer\\\">Ester Alves de Lacerda<\/a>, 2024.<\/span><\/p>\n<\/td>\n<\/tr>\n<tr style=\\\"height: 45.85pt\\\">\n<td style=\\\"width: 956.5pt;padding: 0cm 5.4pt;height: 45.85pt\\\" valign=\\\"top\\\" nowrap=\\\"nowrap\\\" width=\\\"1275\\\">\n<p class=\\\"MsoNormal\\\" style=\\\"margin: 0cm;font-size: 11pt;font-family: Calibri, sans-serif\\\"><span style=\\\"font-weight: 600\\\"><a href=\\\"https:\/\/drive.google.com\/file\/d\/1yKGHL_vEE2pErxYsmxvb_Luymi3XFP7o\/view?usp=drive_link\\\" target=\\\"_blank\\\" rel=\\\"noopener noreferrer\\\">A EDUCA\u00c7\u00c3O QUILOMBOLA FORA DOS TERRIT\u00d3RIOS TRADICIONAIS: UMA AN\u00c1LISE DAS ESTRUTURAS SOCIAIS SIMB\u00d3LICAS E SUAS RESSIGNIFICA\u00c7\u00d5ES EM S\u00c3O JO\u00c3O DA LAGOA\/MG (2012-2024)<\/a><\/span><\/p>\n<p class=\\\"MsoNormal\\\" style=\\\"margin: 0cm;font-size: 11pt;font-family: Calibri, sans-serif\\\"><span style=\\\"color: windowtext\\\"><a href=\\\"http:\/\/lattes.cnpq.br\/4616216853507310\\\" target=\\\"_blank\\\" rel=\\\"noopener noreferrer\\\">Isabela Maria Andrade Guimar\u00e3es Prates<\/a>, 2024.<\/span><\/p>\n<\/td>\n<\/tr>\n<tr style=\\\"height: 45.85pt\\\">\n<td style=\\\"width: 956.5pt;padding: 0cm 5.4pt;height: 45.85pt\\\" valign=\\\"top\\\" nowrap=\\\"nowrap\\\" width=\\\"1275\\\">\n<p class=\\\"MsoNormal\\\" style=\\\"margin: 0cm;font-size: 11pt;font-family: Calibri, sans-serif\\\"><span style=\\\"font-weight: 600\\\"><a href=\\\"https:\/\/drive.google.com\/file\/d\/1WFLypGwMA9PROvSjmBamevpEx46IS2x0\/view?usp=drive_link\\\" target=\\\"_blank\\\" rel=\\\"noopener noreferrer\\\">VIVENDO EM CONTENDAS: VIOL\u00caNCIA, CRIMINALIDADE E COTIDIANO EM BRAS\u00cdLIA DE MINAS (1832-1930)<\/a><\/span><\/p>\n<p class=\\\"MsoNormal\\\" style=\\\"margin: 0cm;font-size: 11pt;font-family: Calibri, sans-serif\\\"><span style=\\\"color: windowtext\\\"><a href=\\\"http:\/\/lattes.cnpq.br\/3666203833934417\\\" target=\\\"_blank\\\" rel=\\\"noopener noreferrer\\\">J\u00e2nio Fernandes de Ara\u00fajo<\/a>, 2024.<\/span><\/p>\n<\/td>\n<\/tr>\n<tr style=\\\"height: 45.85pt\\\">\n<td style=\\\"width: 956.5pt;padding: 0cm 5.4pt;height: 45.85pt\\\" valign=\\\"top\\\" nowrap=\\\"nowrap\\\" width=\\\"1275\\\">\n<p class=\\\"MsoNormal\\\" style=\\\"margin: 0cm;font-size: 11pt;font-family: Calibri, sans-serif\\\"><span style=\\\"font-weight: 600\\\"><a href=\\\"https:\/\/drive.google.com\/file\/d\/1CwUO_JMOtZMKAQ8Ze3SUT9U5eD7-wagO\/view?usp=drive_link\\\" target=\\\"_blank\\\" rel=\\\"noopener noreferrer\\\">FUTEBOL COMO FERRAMENTA DE CONTESTA\u00c7\u00c3O POL\u00cdTICA: UM ESTUDO SOBRE OS CONFLITOS ENTRE OS TORCEDORES DO LIVERPOOL FC E A PREMI\u00ca MARGARET THATCHER (1979-1990)<\/a><\/span><\/p>\n<p class=\\\"MsoNormal\\\" style=\\\"margin: 0cm;font-size: 11pt;font-family: Calibri, sans-serif\\\"><span style=\\\"color: windowtext\\\"><a href=\\\"http:\/\/lattes.cnpq.br\/6129769144954780\\\" target=\\\"_blank\\\" rel=\\\"noopener noreferrer\\\">Jo\u00e3o Pedro Mota Salgado<\/a>, 2024.<\/span><\/p>\n<\/td>\n<\/tr>\n<tr style=\\\"height: 45.85pt\\\">\n<td style=\\\"width: 956.5pt;padding: 0cm 5.4pt;height: 45.85pt\\\" valign=\\\"top\\\" nowrap=\\\"nowrap\\\" width=\\\"1275\\\">\n<p class=\\\"MsoNormal\\\" style=\\\"margin: 0cm;font-size: 11pt;font-family: Calibri, sans-serif\\\"><span style=\\\"font-weight: 600\\\"><a href=\\\"https:\/\/drive.google.com\/file\/d\/1lsgmT_jSurljbn_47FFBRitj9hbBlZ4R\/view?usp=drive_link\\\" target=\\\"_blank\\\" rel=\\\"noopener noreferrer\\\">ATUA\u00c7\u00c3O POL\u00cdTICO-RELIGIOSA DA SOCIEDADE BRASILEIRA TRADI\u00c7\u00c3O, FAM\u00cdLIA E PROPRIEDADE (TFP) NO GOVERNO DE JO\u00c3O GOULART (1961-1964)?<\/a><\/span><\/p>\n<p class=\\\"MsoNormal\\\" style=\\\"margin: 0cm;font-size: 11pt;font-family: Calibri, sans-serif\\\"><span style=\\\"color: windowtext\\\"><a href=\\\"http:\/\/lattes.cnpq.br\/8971455497444823\\\" target=\\\"_blank\\\" rel=\\\"noopener noreferrer\\\">Jordane Pereira da Silva<\/a>, 2024.<\/span><\/p>\n<\/td>\n<\/tr>\n<tr style=\\\"height: 45.85pt\\\">\n<td style=\\\"width: 956.5pt;padding: 0cm 5.4pt;height: 45.85pt\\\" valign=\\\"top\\\" nowrap=\\\"nowrap\\\" width=\\\"1275\\\">\n<p class=\\\"MsoNormal\\\" style=\\\"margin: 0cm;font-size: 11pt;font-family: Calibri, sans-serif\\\"><span style=\\\"font-weight: 600\\\"><a href=\\\"https:\/\/drive.google.com\/file\/d\/1KMSJxDCzFd35msIOd0PtiKXTiLAjs4eh\/view?usp=drive_link\\\" target=\\\"_blank\\\" rel=\\\"noopener noreferrer\\\">A F\u00c9 E A TOGA: A ATUA\u00c7\u00c3O DA ASSOCIA\u00c7\u00c3O NACIONAL DE JURISTAS EVANG\u00c9LICOS (ANAJURE) NO SUPREMO TRIBUNAL FEDERAL (STF) &#8211; 2012 A 2020<\/a><\/span><\/p>\n<p class=\\\"MsoNormal\\\" style=\\\"margin: 0cm;font-size: 11pt;font-family: Calibri, sans-serif\\\"><span style=\\\"color: windowtext\\\"><a href=\\\"http:\/\/lattes.cnpq.br\/2752663370471827\\\" target=\\\"_blank\\\" rel=\\\"noopener noreferrer\\\">Ma\u00edlson Santana Mesquita<\/a>, 2024.<\/span><\/p>\n<\/td>\n<\/tr>\n<tr style=\\\"height: 45.85pt\\\">\n<td style=\\\"width: 956.5pt;padding: 0cm 5.4pt;height: 45.85pt\\\" valign=\\\"top\\\" nowrap=\\\"nowrap\\\" width=\\\"1275\\\">\n<p class=\\\"MsoNormal\\\" style=\\\"margin: 0cm;font-size: 11pt;font-family: Calibri, sans-serif\\\"><span style=\\\"font-weight: 600\\\"><a href=\\\"https:\/\/drive.google.com\/file\/d\/1XCzS4-Ku_TZYFwdAOWMUo6uY-6gkzmnl\/view?usp=drive_link\\\" target=\\\"_blank\\\" rel=\\\"noopener noreferrer\\\">AL\u00c9M DOS MUROS E CHECKPOINTS: O PINKWASHING ISRAELENSE E A RESIST\u00caNCIA QUEER PALESTINA<\/a><\/span><\/p>\n<p class=\\\"MsoNormal\\\" style=\\\"margin: 0cm;font-size: 11pt;font-family: Calibri, sans-serif\\\"><span style=\\\"color: windowtext\\\"><a href=\\\"http:\/\/lattes.cnpq.br\/0237526647439833\\\" target=\\\"_blank\\\" rel=\\\"noopener noreferrer\\\">George Daniel Rodrigues Fonseca<\/a>, 2025.<\/span><\/p>\n<\/td>\n<\/tr>\n<tr style=\\\"height: 45.85pt\\\">\n<td style=\\\"width: 956.5pt;padding: 0cm 5.4pt;height: 45.85pt\\\" valign=\\\"top\\\" nowrap=\\\"nowrap\\\" width=\\\"1275\\\">\n<p class=\\\"MsoNormal\\\" style=\\\"margin: 0cm;font-size: 11pt;font-family: Calibri, sans-serif\\\"><span style=\\\"font-weight: 600\\\"><a href=\\\"https:\/\/drive.google.com\/file\/d\/113rggqJzE4A6URoAcc2mjCt02gqNix7p\/view?usp=drive_link\\\" target=\\\"_blank\\\" rel=\\\"noopener noreferrer\\\">IMPERIALISMO E SEUS INSTRUMENTOS: SALAZARISMO E LUSOTROPICALISMO, E A INSURREI\u00c7\u00c3O DE AM\u00cdLCAR CABRAL (1954-1961)<\/a><\/span><\/p>\n<p class=\\\"MsoNormal\\\" style=\\\"margin: 0cm;font-size: 11pt;font-family: Calibri, sans-serif\\\"><span style=\\\"color: windowtext\\\"><a href=\\\"http:\/\/lattes.cnpq.br\/3393553651197738\\\" target=\\\"_blank\\\" rel=\\\"noopener noreferrer\\\">Marcos Iago Siqueira Pereira<\/a>, 2025.<\/span><\/p>\n<\/td>\n<\/tr>\n<tr style=\\\"height: 45.85pt\\\">\n<td style=\\\"width: 956.5pt;padding: 0cm 5.4pt;height: 45.85pt\\\" valign=\\\"top\\\" nowrap=\\\"nowrap\\\" width=\\\"1275\\\">\n<p class=\\\"MsoNormal\\\" style=\\\"margin: 0cm;font-size: 11pt;font-family: Calibri, sans-serif\\\"><span style=\\\"font-weight: 600\\\"><a href=\\\"https:\/\/drive.google.com\/file\/d\/1o6d5GZMY3hyhdkci3WjIuSNZB2jzFSnc\/view?usp=drive_link\\\" target=\\\"_blank\\\" rel=\\\"noopener noreferrer\\\">TRADI\u00c7\u00c3O E MODERNIDADE: MEM\u00d3RIAS EM CONFLITO NA IDENTIDADE NACIONAL DO JAP\u00c3O \u2013 UMA AN\u00c1LISE F\u00cdLMICA A PARTIR DE AKIRA (1988)<\/a><\/span><\/p>\n<p class=\\\"MsoNormal\\\" style=\\\"margin: 0cm;font-size: 11pt;font-family: Calibri, sans-serif\\\"><span style=\\\"color: windowtext\\\"><a href=\\\"http:\/\/lattes.cnpq.br\/0985524346564924\\\" target=\\\"_blank\\\" rel=\\\"noopener noreferrer\\\">Rafael Victor Soares Amaral<\/a>, 2025.<\/span><\/p>\n<\/td>\n<\/tr>\n<tr style=\\\"height: 45.85pt\\\">\n<td style=\\\"width: 956.5pt;padding: 0cm 5.4pt;height: 45.85pt\\\" valign=\\\"top\\\" nowrap=\\\"nowrap\\\" width=\\\"1275\\\">\n<p class=\\\"MsoNormal\\\" style=\\\"margin: 0cm;font-size: 11pt;font-family: Calibri, sans-serif\\\"><span style=\\\"font-weight: 600\\\"><a href=\\\"https:\/\/drive.google.com\/file\/d\/1ZAy4lVAhbAYpC6AHBkk7LmzfFEsjYWUi\/view?usp=drive_link\\\" target=\\\"_blank\\\" rel=\\\"noopener noreferrer\\\">O CASO SALUZINHO DITADURA, DISCURSO E MEM\u00d3RIA NO NORTE DE MINAS GERAIS (1967-2025)<\/a><\/span><\/p>\n<p class=\\\"MsoNormal\\\" style=\\\"margin: 0cm;font-size: 11pt;font-family: Calibri, sans-serif\\\"><span style=\\\"color: windowtext\\\"><a href=\\\"http:\/\/lattes.cnpq.br\/3819241675073154\\\" target=\\\"_blank\\\" rel=\\\"noopener noreferrer\\\">Sady Sim\u00f5es Ribeiro<\/a>, 2025.<\/span><\/p>\n<\/td>\n<\/tr>\n<tr style=\\\"height: 45.85pt\\\">\n<td style=\\\"width: 956.5pt;padding: 0cm 5.4pt;height: 45.85pt\\\" valign=\\\"top\\\" nowrap=\\\"nowrap\\\" width=\\\"1275\\\">\n<p class=\\\"MsoNormal\\\" style=\\\"margin: 0cm;font-size: 11pt;font-family: Calibri, sans-serif\\\"><span style=\\\"font-weight: 600\\\"><a href=\\\"https:\/\/drive.google.com\/file\/d\/1OWdnptvHMXhNhxGsQimfnUZWXdsedTWk\/view?usp=drive_link\\\" target=\\\"_blank\\\" rel=\\\"noopener noreferrer\\\">DO CORA\u00c7\u00c3O DA COMUNIDADE \u00c0S P\u00c1GINAS DA HIST\u00d3RIA: PEDRO BRAGA E SUA CONTRIBUI\u00c7\u00c3O \u00c0 MEM\u00d3RIA SOCIAL E \u00c0S TRADI\u00c7\u00d4ES DO POVOADO DO VAU (DIAMANTINA, MG, 1988-2024)<\/a><\/span><\/p>\n<p class=\\\"MsoNormal\\\" style=\\\"margin: 0cm;font-size: 11pt;font-family: Calibri, sans-serif\\\"><span style=\\\"color: windowtext\\\"><a href=\\\"http:\/\/lattes.cnpq.br\/7863807367845424\\\" target=\\\"_blank\\\" rel=\\\"noopener noreferrer\\\">Valdir Macedo Neto<\/a>, 2025.<\/span><\/p>\n<\/td>\n<\/tr>\n<tr style=\\\"height: 45.85pt\\\">\n<td style=\\\"width: 956.5pt;padding: 0cm 5.4pt;height: 45.85pt\\\" valign=\\\"top\\\" nowrap=\\\"nowrap\\\" width=\\\"1275\\\">\n<p class=\\\"MsoNormal\\\" style=\\\"margin: 0cm;font-size: 11pt;font-family: Calibri, sans-serif\\\"><span style=\\\"font-weight: 600\\\"><a href=\\\"https:\/\/drive.google.com\/file\/d\/1k1R8E2doiep0GJ3pJf6hK2wKK4slYd25\/view?usp=drive_link\\\" target=\\\"_blank\\\" rel=\\\"noopener noreferrer\\\">FUTURO IDEALIZADO OU PRESENTE ALTERNATIVO? CONSIDERA\u00c7\u00d5ES ACERCA DAS TEMPORALIDADES HIST\u00d3RICAS NA OBRA UT\u00d3PICA WALDEN II (1945-1948)<\/a><\/span><\/p>\n<p class=\\\"MsoNormal\\\" style=\\\"margin: 0cm;font-size: 11pt;font-family: Calibri, sans-serif\\\"><span style=\\\"color: windowtext\\\"><a href=\\\"http:\/\/lattes.cnpq.br\/1513309948948594\\\" target=\\\"_blank\\\" rel=\\\"noopener noreferrer\\\">Victor Silva Mota<\/a>, 2025.<\/span><\/p>\n<\/td>\n<\/tr>\n<\/tbody>\n<\/table>\n<\/div><\/div><\/div><\/div><\/div><\/section>\n","protected":false},"excerpt":{"rendered":"","protected":false},"author":2,"featured_media":0,"parent":1328,"menu_order":0,"comment_status":"closed","ping_status":"closed","template":"","meta":[],"yoast_head":"<!-- This site is optimized with the Yoast SEO plugin v14.7 - https:\/\/yoast.com\/wordpress\/plugins\/seo\/ -->\n<title>Disserta\u00e7\u00f5es Poder, Trabalho e Identidades - PPGH - P\u00f3s Gradua\u00e7\u00e3o em Hist\u00f3ria Unimontes<\/title>\n<meta name=\"robots\" content=\"index, follow\" \/>\n<meta name=\"googlebot\" content=\"index, follow, max-snippet:-1, max-image-preview:large, max-video-preview:-1\" \/>\n<meta name=\"bingbot\" content=\"index, follow, max-snippet:-1, max-image-preview:large, max-video-preview:-1\" \/>\n<link rel=\"canonical\" href=\"https:\/\/www.posgraduacao.unimontes.br\/ppgh\/dissertacoes\/dissertacoes-poder-trabalho-e-identidades\/\" \/>\n<meta property=\"og:locale\" content=\"pt_BR\" \/>\n<meta property=\"og:type\" content=\"article\" \/>\n<meta property=\"og:title\" content=\"Disserta\u00e7\u00f5es Poder, Trabalho e Identidades - PPGH - P\u00f3s Gradua\u00e7\u00e3o em Hist\u00f3ria Unimontes\" \/>\n<meta property=\"og:description\" content=\"\u00a0 Disserta\u00e7\u00f5es Linha de Pesquisa Poder, Trabalho e identidades\u00a0 PODER EM DISPUTA: O PROCESSO DE EMANCIPA\u00c7\u00c3O DOS MUNIC\u00cdPIOS NORTE MINEIROS NA D\u00c9CADA DE 1990 Anna Isabel de Carvalho, 2013. LINGUAGENS IMPRESSAS: JORNAIS E PROJETOS PARA O FUTURO DO NORTE DE MINAS ATRAV\u00c9S DE QUALIFICA\u00c7\u00d5ES\/NOMEA\u00c7\u00d5ES DO ESPA\u00c7O-TERRIT\u00d3RIO 1884 &#8211; 1894 Fabiano Cordeiro C\u00e9sar, 2013 \u00c0 MARGEM [&hellip;]\" \/>\n<meta property=\"og:url\" content=\"https:\/\/www.posgraduacao.unimontes.br\/ppgh\/dissertacoes\/dissertacoes-poder-trabalho-e-identidades\/\" \/>\n<meta property=\"og:site_name\" content=\"PPGH - P\u00f3s Gradua\u00e7\u00e3o em Hist\u00f3ria Unimontes\" \/>\n<meta property=\"article:modified_time\" content=\"2023-04-11T13:48:21+00:00\" \/>\n<meta name=\"twitter:card\" content=\"summary_large_image\" \/>\n<script type=\"application\/ld+json\" class=\"yoast-schema-graph\">{\"@context\":\"https:\/\/schema.org\",\"@graph\":[{\"@type\":\"WebSite\",\"@id\":\"https:\/\/www.posgraduacao.unimontes.br\/ppgh\/#website\",\"url\":\"https:\/\/www.posgraduacao.unimontes.br\/ppgh\/\",\"name\":\"PPGH - P\\u00f3s Gradua\\u00e7\\u00e3o em Hist\\u00f3ria Unimontes\",\"description\":\"Portal da P\\u00f3s Gradua\\u00e7\\u00e3o em Hist\\u00f3ria Unimontes\",\"potentialAction\":[{\"@type\":\"SearchAction\",\"target\":\"https:\/\/www.posgraduacao.unimontes.br\/ppgh\/?s={search_term_string}\",\"query-input\":\"required name=search_term_string\"}],\"inLanguage\":\"pt-BR\"},{\"@type\":\"WebPage\",\"@id\":\"https:\/\/www.posgraduacao.unimontes.br\/ppgh\/dissertacoes\/dissertacoes-poder-trabalho-e-identidades\/#webpage\",\"url\":\"https:\/\/www.posgraduacao.unimontes.br\/ppgh\/dissertacoes\/dissertacoes-poder-trabalho-e-identidades\/\",\"name\":\"Disserta\\u00e7\\u00f5es Poder, Trabalho e Identidades - PPGH - P\\u00f3s Gradua\\u00e7\\u00e3o em Hist\\u00f3ria Unimontes\",\"isPartOf\":{\"@id\":\"https:\/\/www.posgraduacao.unimontes.br\/ppgh\/#website\"},\"datePublished\":\"2021-06-18T17:59:56+00:00\",\"dateModified\":\"2023-04-11T13:48:21+00:00\",\"inLanguage\":\"pt-BR\",\"potentialAction\":[{\"@type\":\"ReadAction\",\"target\":[\"https:\/\/www.posgraduacao.unimontes.br\/ppgh\/dissertacoes\/dissertacoes-poder-trabalho-e-identidades\/\"]}]}]}<\/script>\n<!-- \/ Yoast SEO plugin. -->","_links":{"self":[{"href":"https:\/\/www.posgraduacao.unimontes.br\/ppgh\/wp-json\/wp\/v2\/pages\/1322"}],"collection":[{"href":"https:\/\/www.posgraduacao.unimontes.br\/ppgh\/wp-json\/wp\/v2\/pages"}],"about":[{"href":"https:\/\/www.posgraduacao.unimontes.br\/ppgh\/wp-json\/wp\/v2\/types\/page"}],"author":[{"embeddable":true,"href":"https:\/\/www.posgraduacao.unimontes.br\/ppgh\/wp-json\/wp\/v2\/users\/2"}],"replies":[{"embeddable":true,"href":"https:\/\/www.posgraduacao.unimontes.br\/ppgh\/wp-json\/wp\/v2\/comments?post=1322"}],"version-history":[{"count":16,"href":"https:\/\/www.posgraduacao.unimontes.br\/ppgh\/wp-json\/wp\/v2\/pages\/1322\/revisions"}],"predecessor-version":[{"id":1341,"href":"https:\/\/www.posgraduacao.unimontes.br\/ppgh\/wp-json\/wp\/v2\/pages\/1322\/revisions\/1341"}],"up":[{"embeddable":true,"href":"https:\/\/www.posgraduacao.unimontes.br\/ppgh\/wp-json\/wp\/v2\/pages\/1328"}],"wp:attachment":[{"href":"https:\/\/www.posgraduacao.unimontes.br\/ppgh\/wp-json\/wp\/v2\/media?parent=1322"}],"curies":[{"name":"wp","href":"https:\/\/api.w.org\/{rel}","templated":true}]}}