{"id":1291,"date":"2021-06-17T22:01:59","date_gmt":"2021-06-18T01:01:59","guid":{"rendered":"https:\/\/www.posgraduacao.unimontes.br\/ppgh\/?page_id=1291"},"modified":"2023-05-04T09:06:25","modified_gmt":"2023-05-04T12:06:25","slug":"rascuno","status":"publish","type":"page","link":"https:\/\/www.posgraduacao.unimontes.br\/ppgh\/dissertacoes\/rascuno\/","title":{"rendered":"Disserta\u00e7\u00f5es Cultura, rela\u00e7\u00f5es sociais e g\u00eanero"},"content":{"rendered":"<section class=\"kc-elm kc_row\"><div class=\"kc-row-container  kc-container\"><div class=\"kc-wrap-columns\"><div class=\"kc-elm kc_column kc_col-sm-12\"><div class=\"kc-col-container\"><div class=\"kc-elm kc_text_block\"><h2><a href=\\\"https:\/\/www.posgraduacao.unimontes.br\/ppgh\/dissertacoes\/\\\"><b style=\\\"font-style: inherit\\\"><span style=\\\"font-size: 24.0pt;,sans-serif;color: #2F5597\\\">Disserta\u00e7\u00f5es<\/span><\/b><\/a><\/h2>\n<\/div><section class=\"kc-elm kc_row\"><div class=\"kc-row-container  kc-container\"><div class=\"kc-wrap-columns\"><\/div><\/div><\/section><\/div><\/div><\/div><\/div><\/section><section class=\"kc-elm kc_row\"><div class=\"kc-row-container  kc-container\"><div class=\"kc-wrap-columns\"><div class=\"kc-elm kc_column kc_col-sm-12\"><div class=\"kc-col-container\"><div class=\"kc-elm kc_text_block\"><h4 style=\\\"margin: 15.95pt 0cm 15.95pt 0cm\\\"><em><span style=\\\"font-size: 18.0pt;line-height: 107%;,sans-serif;color: #7030a0\\\">Linha de Pesquisa Cultura, rela\u00e7\u00f5es sociais e g\u00eanero<\/span><\/em><\/h4>\n<\/div><\/div><\/div><\/div><\/div><\/section><section class=\"kc-elm kc_row\"><div class=\"kc-row-container  kc-container\"><div class=\"kc-wrap-columns\"><div class=\"kc-elm kc_column kc_col-sm-12\"><div class=\"kc-col-container\"><div class=\"kc-elm kc_text_block\"><p class=\\\"MsoNormal\\\" style=\\\"margin: 0cm;font-size: 11pt;font-family: Calibri, sans-serif\\\"><b>\u00a0<\/b><\/p>\n<p class=\\\"MsoNormal\\\" style=\\\"margin: 0cm;font-size: 11pt;font-family: Calibri, sans-serif\\\"><b>\u00a0<\/b><\/p>\n<p class=\\\"MsoNormal\\\" style=\\\"margin: 0cm;font-size: 11pt;font-family: Calibri, sans-serif\\\"><b>Disserta\u00e7\u00f5es por linha de Pesquisa<\/b><\/p>\n<p class=\\\"MsoNormal\\\" style=\\\"margin: 0cm;font-size: 11pt;font-family: Calibri, sans-serif\\\"><b>\u00a0<\/b><\/p>\n<p class=\\\"MsoNormal\\\" style=\\\"margin: 15.95pt 0cm;line-height: 15.6933px;font-size: 11pt;font-family: Calibri, sans-serif\\\"><i>Linha de Pesquisa Cultura, rela\u00e7\u00f5es sociais e g\u00eanero<\/i><b style=\\\"font-size: 11pt;font-style: inherit\\\">\u00a0<\/b><\/p>\n<p class=\\\"MsoListParagraphCxSpFirst\\\" style=\\\"margin: 12pt 0cm 0cm 36pt;font-size: 11pt;font-family: Calibri, sans-serif;text-indent: -18pt\\\"><span style=\\\"font-family: Symbol\\\">\u00b7\u00a0\u00a0\u00a0\u00a0\u00a0\u00a0\u00a0\u00a0\u00a0<\/span><b><a style=\\\"color: blue\\\" href=\\\"https:\/\/drive.google.com\/file\/d\/163Ije1gpQcQDdHSAwconFuPlV063QInz\/view\\\">RUPTURAS E PERMAN\u00caNCIAS HIST\u00d3RICAS DA ASSIST\u00caNCIA \u00c0 SA\u00daDE AO LOUCO EM MONTES CLAROS\/MG<\/a><\/b>\u00a0&#8211;\u00a0<span class=\\\"SpellE\\\"><a style=\\\"color: blue\\\" href=\\\"http:\/\/buscatextual.cnpq.br\/buscatextual\/visualizacv.do?id=K4269637A9&amp;tokenCaptchar=03AGdBq27ndf3fQyrx-ph8BFTwIbT2Um6pOK59qgiyQdvmrcYBdh1KnNBgRwqWYI9K_x-5-uV_ro3sCFH38ru9WfE_4xUyFDO_MhqrI1ov4p1cZesQCKron6dCyIjFlqZVmZrgLDiO0yaODu7gZLTJdK-NJ1REbBmua0c95BXeIyZFcZVDdSz-Tv8OZrh26JNZVFZIYn0FngQE1egx2dWp0_dlr065Ajt9D2X6-SFxT9rKZ5gwMYGAWHBwWYC84LUuKlqI9btrdGEbbUMzyTwpnP4z5I2OYN4ccKsTjIrlWt-GZ6lyFy2OffffNL2626yxpviP4R10BdLHQe0H_M_Dl4lxxqqjZEoDW5bF3jTH03QPaoDJs2AB8gtBy5rcoqFH5NN8Eh1UdORZ-J3fN2FbA-1ds6wSD1Aa6KFPSAdxQW8ZtPVgMCFp6uNOHPOoO5eaBvI0gmUXXDnunwJ7GzTYafmyRgaJKlsRWQ\\\"><span style=\\\"color: windowtext\\\">Cynara<\/span><span style=\\\"color: windowtext\\\">\u00a0Rodrigues Soares Silva<\/span><\/a><\/span>, 2012<\/p>\n<p class=\\\"MsoListParagraphCxSpMiddle\\\" style=\\\"margin: 12pt 0cm 0cm 36pt;font-size: 11pt;font-family: Calibri, sans-serif;text-indent: -18pt\\\"><span style=\\\"font-family: Symbol\\\">\u00b7\u00a0\u00a0\u00a0\u00a0\u00a0\u00a0\u00a0\u00a0\u00a0<\/span><b>CHRISTUS VINCIT, CHRISTUS REGNAT, CHRISTUS IMPERAT: REPRESENTA\u00c7\u00d5ES DE IGREJA E IMP\u00c9RIO, LEGITIMA\u00c7\u00c3O EM UM S\u00d3 DEUS (S\u00c9CULOS XI E XII)<\/b>\u00a0&#8211; Magda Rita Ribeiro de Almeida Duarte, 2012<\/p>\n<p class=\\\"MsoListParagraphCxSpMiddle\\\" style=\\\"margin: 12pt 0cm 0cm 36pt;font-size: 11pt;font-family: Calibri, sans-serif;text-indent: -18pt\\\"><span style=\\\"font-family: Symbol\\\">\u00b7\u00a0\u00a0\u00a0\u00a0\u00a0\u00a0\u00a0\u00a0\u00a0<\/span><b>A RENOVA\u00c7\u00c3O CONSERVADORA DO CATOLICISMO BRASILEIRO E A HOMOSSEXUALIDADE -1990\/2010<\/b>\u00a0&#8211; Frederico Alves Mota, 2013<\/p>\n<p class=\\\"MsoListParagraphCxSpMiddle\\\" style=\\\"margin: 12pt 0cm 0cm 36pt;font-size: 11pt;font-family: Calibri, sans-serif;text-indent: -18pt\\\"><span style=\\\"font-family: Symbol\\\">\u00b7\u00a0\u00a0\u00a0\u00a0\u00a0\u00a0\u00a0\u00a0\u00a0<\/span><b>FOUCAULT REVOLUCIONA A HIST\u00d3RIA?<\/b>\u00a0&#8211; Get\u00falio Dias\u00a0<span class=\\\"SpellE\\\">Malveira<\/span>, 2013<\/p>\n<p class=\\\"MsoListParagraphCxSpMiddle\\\" style=\\\"margin: 12pt 0cm 0cm 36pt;font-size: 11pt;font-family: Calibri, sans-serif;text-indent: -18pt\\\"><span style=\\\"font-family: Symbol\\\">\u00b7\u00a0\u00a0\u00a0\u00a0\u00a0\u00a0\u00a0\u00a0\u00a0<\/span><b>EM BUSCA DA RELIGIOSIDADE SERTANEJA: F\u00c9 E CULTURA NO SERT\u00c3O DAS GERAIS\u00a0<\/b><b>&#8211;\u00a0<\/b>J\u00e2nio Marques Dias, 2013<\/p>\n<p class=\\\"MsoListParagraphCxSpMiddle\\\" style=\\\"margin: 12pt 0cm 0cm 36pt;font-size: 11pt;font-family: Calibri, sans-serif;text-indent: -18pt\\\"><span style=\\\"font-family: Symbol\\\">\u00b7\u00a0\u00a0\u00a0\u00a0\u00a0\u00a0\u00a0\u00a0\u00a0<\/span><b>E A REVOLU\u00c7\u00c3O \u201cENGOLIU\u201d SUAS IRM\u00c3S: G\u00caNERO E RESIST\u00caNCIAS FEMININAS NO IR\u00c3 TEOCR\u00c1TICO<\/b>\u00a0&#8211; Luana Balieiro Cosme, 2013<\/p>\n<p class=\\\"MsoListParagraphCxSpMiddle\\\" style=\\\"margin: 12pt 0cm 0cm 36pt;font-size: 11pt;font-family: Calibri, sans-serif;text-indent: -18pt\\\"><span style=\\\"font-family: Symbol\\\">\u00b7\u00a0\u00a0\u00a0\u00a0\u00a0\u00a0\u00a0\u00a0\u00a0<\/span><b>DO FEMINISMO A AUTOAJUDA: UMA AN\u00c1LISE A PARTIR DOS ESTUDOS DE G\u00caNERO<\/b>\u00a0&#8211;\u00a0<span class=\\\"SpellE\\\">Railde<\/span>\u00a0da Gl\u00f3ria Fernandes, 2013<\/p>\n<p class=\\\"MsoListParagraphCxSpMiddle\\\" style=\\\"margin: 12pt 0cm 0cm 36pt;font-size: 11pt;font-family: Calibri, sans-serif;text-indent: -18pt\\\"><span style=\\\"font-family: Symbol\\\">\u00b7\u00a0\u00a0\u00a0\u00a0\u00a0\u00a0\u00a0\u00a0\u00a0<\/span><b>\\\"A GENTE N\u00c3O TINHA NENHUM DIREITO A NADA\\\": REPRESENTA\u00c7\u00d5ES SOBRE QUILOMBOS E REMANESCENTES DE QUILOMBOLAS<\/b>\u00a0&#8211;\u00a0<span class=\\\"SpellE\\\">Susi<\/span>\u00a0Karla Almeida Santos, 2013<\/p>\n<p class=\\\"MsoListParagraphCxSpMiddle\\\" style=\\\"margin: 12pt 0cm 0cm 36pt;font-size: 11pt;font-family: Calibri, sans-serif;text-indent: -18pt\\\"><span style=\\\"font-family: Symbol\\\">\u00b7\u00a0\u00a0\u00a0\u00a0\u00a0\u00a0\u00a0\u00a0\u00a0<\/span><b>A HIST\u00d3RIA DE SEMPRE VIVA: VIOL\u00caNCIA E RESIST\u00caNCIA NAS PR\u00c1TICAS ASSISTENCIAIS \u00c0 CRIAN\u00c7A ABANDONADA NO BRASIL<\/b>\u00a0&#8211; Carlos Andr\u00e9 Moreira da Silva, 2014<\/p>\n<p class=\\\"MsoListParagraphCxSpMiddle\\\" style=\\\"margin: 12pt 0cm 0cm 36pt;font-size: 11pt;font-family: Calibri, sans-serif;text-indent: -18pt\\\"><span style=\\\"font-family: Symbol\\\">\u00b7\u00a0\u00a0\u00a0\u00a0\u00a0\u00a0\u00a0\u00a0\u00a0<\/span><b>IRM\u00c3S DE F\u00c9, MULHERES INVIS\u00cdVEIS: A PARTICIPA\u00c7\u00c3O FEMININA NA IMPLANTA\u00c7\u00c3O E EXPANS\u00c3O DE IGREJAS EVANG\u00c9LICAS PENTECOSTAIS, EM MONTES CLAROS NA D\u00c9CADA DE 1970.\u00a0<\/b>&#8211; Jo\u00e3o Augusto Gon\u00e7alves Dos Santos, 2014<\/p>\n<p class=\\\"MsoListParagraphCxSpMiddle\\\" style=\\\"margin: 12pt 0cm 0cm 36pt;font-size: 11pt;font-family: Calibri, sans-serif;text-indent: -18pt\\\"><span style=\\\"font-family: Symbol\\\">\u00b7\u00a0\u00a0\u00a0\u00a0\u00a0\u00a0\u00a0\u00a0\u00a0<\/span><b>OS LUGARES DO PATRIM\u00d4NIO UMA LEITURA DA CIDADE A PARTIR DO PROCESSO DE<\/b>\u00a0<b>REVITALIZA\u00c7\u00c3O DO PATRIM\u00d4NIO EDIFICADO EM MONTES CLAROS<\/b>\u00a0&#8211; Juliano Gon\u00e7alves de Aquino, 2014<\/p>\n<p class=\\\"MsoListParagraphCxSpMiddle\\\" style=\\\"margin: 12pt 0cm 0cm 36pt;font-size: 11pt;font-family: Calibri, sans-serif;text-indent: -18pt\\\"><span style=\\\"font-family: Symbol\\\">\u00b7\u00a0\u00a0\u00a0\u00a0\u00a0\u00a0\u00a0\u00a0\u00a0<\/span><b>RECEBI UM DIPLOMA, REALIZEI UM SONHO&#8230;\u201d: A PRESEN\u00c7A FEMININA NA EDUCA\u00c7\u00c3O DE ADULTOS EM JANU\u00c1RIA (MINAS GERAIS &#8211; 1970-1990)<\/b>\u00a0&#8211; Leila de Souza Almeida, 2014<\/p>\n<p class=\\\"MsoListParagraphCxSpMiddle\\\" style=\\\"margin: 12pt 0cm 0cm 36pt;font-size: 11pt;font-family: Calibri, sans-serif;text-indent: -18pt\\\"><span style=\\\"font-family: Symbol\\\">\u00b7\u00a0\u00a0\u00a0\u00a0\u00a0\u00a0\u00a0\u00a0\u00a0<\/span><b>A INVEN\u00c7\u00c3O DE SI COMO SUJEITO DE LINGUAGEM: ESCRITA DE SI, FEMINISMOS E SUBJETIVIDADES<\/b>\u00a0&#8211; Patr\u00edcia\u00a0<span class=\\\"SpellE\\\">Giselia<\/span>\u00a0Batista, 2014<\/p>\n<p class=\\\"MsoListParagraphCxSpMiddle\\\" style=\\\"margin: 12pt 0cm 0cm 36pt;font-size: 11pt;font-family: Calibri, sans-serif;text-indent: -18pt\\\"><span style=\\\"font-family: Symbol\\\">\u00b7\u00a0\u00a0\u00a0\u00a0\u00a0\u00a0\u00a0\u00a0\u00a0<\/span><b>CARRANCAS DO S\u00c3O FRANCISCO: O MIST\u00c9RIO DAS FIGURAS DE PROA<\/b>\u00a0&#8211; Rafael de Oliveira Costa, 2014<\/p>\n<p class=\\\"MsoListParagraphCxSpMiddle\\\" style=\\\"margin: 12pt 0cm 0cm 36pt;font-size: 11pt;font-family: Calibri, sans-serif;text-indent: -18pt\\\"><span style=\\\"font-family: Symbol\\\">\u00b7\u00a0\u00a0\u00a0\u00a0\u00a0\u00a0\u00a0\u00a0\u00a0<\/span><b>CEMIT\u00c9RIOS: ENTRE TUMBAS E ESQUECIMENTO UM PATRIM\u00d4NIO \u00c0 SOMBRA DA MEM\u00d3RIA<\/b>\u00a0&#8211; Renata Mirian Alves, 2014<\/p>\n<p class=\\\"MsoListParagraphCxSpMiddle\\\" style=\\\"margin: 12pt 0cm 0cm 36pt;font-size: 11pt;font-family: Calibri, sans-serif;text-indent: -18pt\\\"><span style=\\\"font-family: Symbol\\\">\u00b7\u00a0\u00a0\u00a0\u00a0\u00a0\u00a0\u00a0\u00a0\u00a0<\/span><b>A DIVERSIDADE E A PAR\u00d3DIA DO G\u00caNERO NOS FILMES SHREK: 2001 A 2010<\/b>\u00a0&#8211; Renata Santos Maia, 2014<\/p>\n<p class=\\\"MsoListParagraphCxSpMiddle\\\" style=\\\"margin: 12pt 0cm 0cm 36pt;font-size: 11pt;font-family: Calibri, sans-serif;text-indent: -18pt\\\"><span style=\\\"font-family: Symbol\\\">\u00b7\u00a0\u00a0\u00a0\u00a0\u00a0\u00a0\u00a0\u00a0\u00a0<\/span><b>\u201cESPELHO, ESPELHO MEU\u201d: BELEZA, CORPO, G\u00caNERO E CONSUMO EM PRODU\u00c7\u00d5ES INFANTOJUVENIS (2001-2010)<\/b>\u00a0&#8211; Aline\u00a0<span class=\\\"SpellE\\\">Marielle<\/span>\u00a0Silva, 2015<\/p>\n<p class=\\\"MsoListParagraphCxSpMiddle\\\" style=\\\"margin: 12pt 0cm 0cm 36pt;font-size: 11pt;font-family: Calibri, sans-serif;text-indent: -18pt\\\"><span style=\\\"font-family: Symbol\\\">\u00b7\u00a0\u00a0\u00a0\u00a0\u00a0\u00a0\u00a0\u00a0\u00a0<\/span><b>O CINEMA TENN DE JOHN HUGHES E A ADOLESC\u00caNCIA AMERICANA DOS ANOS 1980<\/b>\u00a0&#8211; Diego Braga Almeida, 2015<\/p>\n<p class=\\\"MsoListParagraphCxSpMiddle\\\" style=\\\"margin: 12pt 0cm 0cm 36pt;font-size: 11pt;font-family: Calibri, sans-serif;text-indent: -18pt\\\"><span style=\\\"font-family: Symbol\\\">\u00b7\u00a0\u00a0\u00a0\u00a0\u00a0\u00a0\u00a0\u00a0\u00a0<\/span><b>HIST\u00d3RIA E MEM\u00d3RIA NO FINAL DO S\u00c9CULO XIX: AN\u00c1LISE DAS OBRAS \u201cSE N\u00c3O ME FALHA A MEM\u00d3RIA\u201d E \u201cMINHA VIDA DE MENINA\u201d<\/b>\u00a0&#8211; Luciana Pinheiro Fonseca Brand\u00e3o, 2015<\/p>\n<p class=\\\"MsoListParagraphCxSpMiddle\\\" style=\\\"margin: 12pt 0cm 0cm 36pt;font-size: 11pt;font-family: Calibri, sans-serif;text-indent: -18pt\\\"><span style=\\\"font-family: Symbol\\\">\u00b7\u00a0\u00a0\u00a0\u00a0\u00a0\u00a0\u00a0\u00a0\u00a0<\/span><b>A COR E A F\u00daRIA: UMA AN\u00c1LISE DO DISCURSO RACIAL DOS RACIONAIS MC\u2019S<\/b>\u00a0&#8211;\u00a0<span class=\\\"SpellE\\\">Maik<\/span>\u00a0Antunes Rodrigues, 2015<\/p>\n<p class=\\\"MsoListParagraphCxSpMiddle\\\" style=\\\"margin: 12pt 0cm 0cm 36pt;font-size: 11pt;font-family: Calibri, sans-serif;text-indent: -18pt\\\"><span style=\\\"font-family: Symbol\\\">\u00b7\u00a0\u00a0\u00a0\u00a0\u00a0\u00a0\u00a0\u00a0\u00a0<\/span><b>O DESENCANTO DA ERA COLLOR SOB O OLHAR DA BANDA LEGI\u00c3O URBANA (1989 \u2013 1992)<\/b>\u00a0&#8211; Vanessa Dur\u00e3es Prud\u00eancio, 2015<\/p>\n<p class=\\\"MsoListParagraphCxSpMiddle\\\" style=\\\"margin: 12pt 0cm 0cm 36pt;font-size: 11pt;font-family: Calibri, sans-serif;text-indent: -18pt\\\"><span style=\\\"font-family: Symbol\\\">\u00b7\u00a0\u00a0\u00a0\u00a0\u00a0\u00a0\u00a0\u00a0\u00a0<\/span><b>CHICA\/XICA DA SILVA CALEIDOSC\u00d3PICA: INTERCURSO ENTRE HIST\u00d3RIA E LITERATURA NAS REPRESENTA\u00c7\u00d5ES DO MITO EM ROMANCES DE AGRIPA VASCONCELOS E JO\u00c3O FEL\u00cdCIO DOS SANTOS<\/b>\u00a0&#8211; Vin\u00edcius Amarante Nascimento, 2015<\/p>\n<p class=\\\"MsoListParagraphCxSpMiddle\\\" style=\\\"margin: 12pt 0cm 0cm 36pt;font-size: 11pt;font-family: Calibri, sans-serif;text-indent: -18pt\\\"><span style=\\\"font-family: Symbol\\\">\u00b7\u00a0\u00a0\u00a0\u00a0\u00a0\u00a0\u00a0\u00a0\u00a0<\/span><b>REPRESENTA\u00c7\u00d5ES DE SEXUALIDADE FEMININA E DE G\u00caNERO NAS D\u00c9CADAS DE 1950 E 1970: DI\u00c1LOGO ENTRE HIST\u00d3RIA E A LITERATURA EM ROMANCES DE LYGIA FAGUNDES TELLES<\/b>\u00a0&#8211; Viviane Caminhas Santana, 2015<\/p>\n<p class=\\\"MsoListParagraphCxSpMiddle\\\" style=\\\"margin: 12pt 0cm 0cm 36pt;font-size: 11pt;font-family: Calibri, sans-serif;text-indent: -18pt\\\"><span style=\\\"font-family: Symbol\\\">\u00b7\u00a0\u00a0\u00a0\u00a0\u00a0\u00a0\u00a0\u00a0\u00a0<\/span><b>\u201cO MELHOR CARNAVAL DO INTERIOR DE MINAS\u201d: CONSTRU\u00c7\u00c3O DO CARNAVAL DE RUA E DOS CLUBES DE GOVERNADOR VALADARES<\/b>\u00a0&#8211; Ana Luiza Ferreira Coelho, 2016<\/p>\n<p class=\\\"MsoListParagraphCxSpMiddle\\\" style=\\\"margin: 12pt 0cm 0cm 36pt;font-size: 11pt;font-family: Calibri, sans-serif;text-indent: -18pt\\\"><span style=\\\"font-family: Symbol\\\">\u00b7\u00a0\u00a0\u00a0\u00a0\u00a0\u00a0\u00a0\u00a0\u00a0<\/span><b>CORPOS QUE PERTURBAM: A REPRESENTA\u00c7\u00c3O DO CORPO NA CONTEMPORANEIDADE A PARTIR DE M\u00c1 EDUCA\u00c7\u00c3O E A PELE QUE HABITO<\/b>\u00a0&#8211; Ana Paula Jardim Martins Afonso, 2016<\/p>\n<p class=\\\"MsoListParagraphCxSpMiddle\\\" style=\\\"margin: 12pt 0cm 0cm 36pt;font-size: 11pt;font-family: Calibri, sans-serif;text-indent: -18pt\\\"><span style=\\\"font-family: Symbol\\\">\u00b7\u00a0\u00a0\u00a0\u00a0\u00a0\u00a0\u00a0\u00a0\u00a0<\/span><b>\u201cMENINA-MENINO\u201d: AS SEXUALIDADES DESVIANTES E A PRODU\u00c7\u00c3O DO ANORMAL CONTEMPOR\u00c2NEO<\/b>\u00a0&#8211; Joanna Ribeiro Nogueira, 2016\\\"<\/p>\n<p class=\\\"MsoListParagraphCxSpMiddle\\\" style=\\\"margin: 12pt 0cm 0cm 36pt;font-size: 11pt;font-family: Calibri, sans-serif;text-indent: -18pt\\\"><span style=\\\"font-family: Symbol\\\">\u00b7\u00a0\u00a0\u00a0\u00a0\u00a0\u00a0\u00a0\u00a0\u00a0<\/span><b>O NORTE DE MINAS \u201cNA ORDEM E NO PROGRESSO\u201d: UMA AN\u00c1LISE DOS PROCESSOS CRIMINAIS E DA ADMINISTRA\u00c7\u00c3O DA JUSTI\u00c7A (1889-1930)<\/b>\u00a0&#8211; Keila das Dores Alves, 2016<\/p>\n<p class=\\\"MsoListParagraphCxSpMiddle\\\" style=\\\"margin: 12pt 0cm 0cm 36pt;font-size: 11pt;font-family: Calibri, sans-serif;text-indent: -18pt\\\"><span style=\\\"font-family: Symbol\\\">\u00b7\u00a0\u00a0\u00a0\u00a0\u00a0\u00a0\u00a0\u00a0\u00a0<\/span><b>\\\"A REINVEN\u00c7\u00c3O DO MITO MARIANO: A \u201cENVAGINA\u00c7\u00c3O\u201d DOS FILMES DE CRISTO NO CINEMA E O IMAGIN\u00c1RIO FEMININO<\/b>\u00a0&#8211; Rodolpho Alexandre Santos Melo Bastos, 2016\\\"<\/p>\n<p class=\\\"MsoListParagraphCxSpMiddle\\\" style=\\\"margin: 12pt 0cm 0cm 36pt;font-size: 11pt;font-family: Calibri, sans-serif;text-indent: -18pt\\\"><span style=\\\"font-family: Symbol\\\">\u00b7\u00a0\u00a0\u00a0\u00a0\u00a0\u00a0\u00a0\u00a0\u00a0<\/span><b>CAMINHOS ENTRECRUZADOS: HIST\u00d3RIA, ESCRAVID\u00c3O E LITERATURA EM \u00daRSULA (1859) E AS V\u00cdTIMAS ALGOZES: QUADROS DA ESCRAVID\u00c3O (1869)<\/b>\u00a0&#8211;\u00a0<span class=\\\"SpellE\\\">Ros\u00e2ngeli<\/span>\u00a0de F\u00e1tima\u00a0<span class=\\\"SpellE\\\">Batigniani<\/span>, 2016\\\"<\/p>\n<p class=\\\"MsoListParagraphCxSpMiddle\\\" style=\\\"margin: 12pt 0cm 0cm 36pt;font-size: 11pt;font-family: Calibri, sans-serif;text-indent: -18pt\\\"><span style=\\\"font-family: Symbol\\\">\u00b7\u00a0\u00a0\u00a0\u00a0\u00a0\u00a0\u00a0\u00a0\u00a0<\/span><b>MEM\u00d3RIAS GUARDADAS: UMA AN\u00c1LISE DAS OBRAS RARAS DA BIBLIOTECA CENTRAL DA UNIMONTES E DA BIBLIOTECA NACIONAL &#8211; 1962 A 2015<\/b>\u00a0&#8211; Roseli Aparecida Damaso Messias Garcia, 2016\\\"<\/p>\n<p class=\\\"MsoListParagraphCxSpMiddle\\\" style=\\\"margin: 12pt 0cm 0cm 36pt;font-size: 11pt;font-family: Calibri, sans-serif;text-indent: -18pt\\\"><span style=\\\"font-family: Symbol\\\">\u00b7\u00a0\u00a0\u00a0\u00a0\u00a0\u00a0\u00a0\u00a0\u00a0<\/span><b>CI\u00caNCIA, ORDEM E PROGRESSO: A A\u00c7\u00c3O M\u00c9DICO-ESTATAL SOB OS CORPOS SERTANEJOS (1916-1928)<\/b>\u00a0&#8211; B\u00e1rbara Rafaela\u00a0<span class=\\\"SpellE\\\">Pessanha<\/span>\u00a0Guedes Prates, 2017<\/p>\n<p class=\\\"MsoListParagraphCxSpMiddle\\\" style=\\\"margin: 12pt 0cm 0cm 36pt;font-size: 11pt;font-family: Calibri, sans-serif;text-indent: -18pt\\\"><span style=\\\"font-family: Symbol\\\">\u00b7\u00a0\u00a0\u00a0\u00a0\u00a0\u00a0\u00a0\u00a0\u00a0<\/span><b>DA VIOLA AO VIOLEIRO: A REPRESENTA\u00c7\u00c3O DO CRIME PASSIONAL NAS MODAS DE VIOLA ENTRE 1930 A 1970<\/b>\u00a0&#8211; Carlos C\u00e9sar Pereira de Almeida Filho, 2017<\/p>\n<p class=\\\"MsoListParagraphCxSpMiddle\\\" style=\\\"margin: 12pt 0cm 0cm 36pt;font-size: 11pt;font-family: Calibri, sans-serif;text-indent: -18pt\\\"><span style=\\\"font-family: Symbol\\\">\u00b7\u00a0\u00a0\u00a0\u00a0\u00a0\u00a0\u00a0\u00a0\u00a0<\/span><b>A FALTA E O EXCESSO: G\u00caNERO E SEXUALIDADE EM FILMES BRASILEIROS PRODUZIDOS NA D\u00c9CADA DE 1970<\/b>\u00a0&#8211; Fabiana Oliveira Leite, 2017<\/p>\n<p class=\\\"MsoListParagraphCxSpMiddle\\\" style=\\\"margin: 12pt 0cm 0cm 36pt;font-size: 11pt;font-family: Calibri, sans-serif;text-indent: -18pt\\\"><span style=\\\"font-family: Symbol\\\">\u00b7\u00a0\u00a0\u00a0\u00a0\u00a0\u00a0\u00a0\u00a0\u00a0<\/span><b>SUBVERTENDO A MORALIDADE: CINEMA MARGINAL E CONTRACULTURA NO BRASIL (1969-1970)<\/b>\u00a0&#8211; F\u00e1bio Santiago Santos, 2017<\/p>\n<p class=\\\"MsoListParagraphCxSpMiddle\\\" style=\\\"margin: 12pt 0cm 0cm 36pt;font-size: 11pt;font-family: Calibri, sans-serif;text-indent: -18pt\\\"><span style=\\\"font-family: Symbol\\\">\u00b7\u00a0\u00a0\u00a0\u00a0\u00a0\u00a0\u00a0\u00a0\u00a0<\/span><b>MUITO AL\u00c9M DE VIL\u00c3S E MOCINHAS: A CONSTRU\u00c7\u00c3O DE G\u00caNERO E DE REPRESENTA\u00c7\u00d5ES FEMININAS NA NOVELA ROQUE SANTEIRO (1985)<\/b>\u00a0&#8211; Gabriela Miranda de Oliveira, 2017<\/p>\n<p class=\\\"MsoListParagraphCxSpMiddle\\\" style=\\\"margin: 12pt 0cm 0cm 36pt;font-size: 11pt;font-family: Calibri, sans-serif;text-indent: -18pt\\\"><span style=\\\"font-family: Symbol\\\">\u00b7\u00a0\u00a0\u00a0\u00a0\u00a0\u00a0\u00a0\u00a0\u00a0<\/span><b>CONGREGA\u00c7\u00c3O CRIST\u00c3 NO BRASIL: ORIGEM E SEUS DESDOBRAMENTOS NA SOCIEDADE NORTE-MINEIRA<\/b>\u00a0&#8211; George Gomes de Oliveira, 2017<\/p>\n<p class=\\\"MsoListParagraphCxSpMiddle\\\" style=\\\"margin: 12pt 0cm 0cm 36pt;font-size: 11pt;font-family: Calibri, sans-serif;text-indent: -18pt\\\"><span style=\\\"font-family: Symbol\\\">\u00b7\u00a0\u00a0\u00a0\u00a0\u00a0\u00a0\u00a0\u00a0\u00a0<\/span><b>DO OUTRO LADO DA LINHA: HIST\u00d3RIA E MEM\u00d3RIA NA CONSTITUI\u00c7\u00c3O DO BAIRRO S\u00c3O JUDAS TADEU &#8211; MONTES CLAROS\/MG<\/b>\u00a0&#8211; Kamila Freire Fonseca, 2017<\/p>\n<p class=\\\"MsoListParagraphCxSpMiddle\\\" style=\\\"margin: 12pt 0cm 0cm 36pt;font-size: 11pt;font-family: Calibri, sans-serif;text-indent: -18pt\\\"><span style=\\\"font-family: Symbol\\\">\u00b7\u00a0\u00a0\u00a0\u00a0\u00a0\u00a0\u00a0\u00a0\u00a0<\/span><b>PRAZERES REVELADOS: PRODU\u00c7\u00c3O DE SENTIDOS DE CONSUMO E SUBJETIVIDADE NA REVISTA G MAGAZINE.<\/b>\u00a0&#8211;\u00a0<span class=\\\"SpellE\\\">Gerferson<\/span>\u00a0Damasceno Costa, 2018<\/p>\n<p class=\\\"MsoListParagraphCxSpMiddle\\\" style=\\\"margin: 12pt 0cm 0cm 36pt;font-size: 11pt;font-family: Calibri, sans-serif;text-indent: -18pt\\\"><span style=\\\"font-family: Symbol\\\">\u00b7\u00a0\u00a0\u00a0\u00a0\u00a0\u00a0\u00a0\u00a0\u00a0<\/span><b>A PRODU\u00c7\u00c3O DA FALHA: PR\u00c1TICAS DE SABER-PRAZER ALTERNATIVAS E DERIVAS DA SUBJETIVIDADE NOS ANOS 1980 E 1990<\/b>\u00a0&#8211; Gustavo Henrique Ramos Silva, 2018<\/p>\n<p class=\\\"MsoListParagraphCxSpMiddle\\\" style=\\\"margin: 12pt 0cm 0cm 36pt;font-size: 11pt;font-family: Calibri, sans-serif;text-indent: -18pt\\\"><span style=\\\"font-family: Symbol\\\">\u00b7\u00a0\u00a0\u00a0\u00a0\u00a0\u00a0\u00a0\u00a0\u00a0<\/span><b>REINALDO ARENAS: REVOLU\u00c7\u00c3O, NA\u00c7\u00c3O E HOMOEROTISMO EM CUBA (1959-1980)<\/b>\u00a0&#8211; Jorge Luiz Teixeira Ribas, 2018\\\"<\/p>\n<p class=\\\"MsoListParagraphCxSpMiddle\\\" style=\\\"margin: 12pt 0cm 0cm 36pt;font-size: 11pt;font-family: Calibri, sans-serif;text-indent: -18pt\\\"><span style=\\\"font-family: Symbol\\\">\u00b7\u00a0\u00a0\u00a0\u00a0\u00a0\u00a0\u00a0\u00a0\u00a0<\/span><b>FEMINIC\u00cdDIOS NO NORTE DE MINAS (1970 \u2013 2015)<\/b>\u00a0&#8211; Lara\u00a0<span class=\\\"SpellE\\\">Lanusa<\/span>\u00a0Santos Nascimento, 2018<\/p>\n<p class=\\\"MsoListParagraphCxSpMiddle\\\" style=\\\"margin: 12pt 0cm 0cm 36pt;font-size: 11pt;font-family: Calibri, sans-serif;text-indent: -18pt\\\"><span style=\\\"font-family: Symbol\\\">\u00b7\u00a0\u00a0\u00a0\u00a0\u00a0\u00a0\u00a0\u00a0\u00a0<\/span><b>RACISMO E SEXISMO: MULHERES NA DOC\u00caNCIA DO ENSINO SUPERIOR EM MONTES CLAROS (1998 \u2013 2015)<\/b>\u00a0&#8211;\u00a0<span class=\\\"SpellE\\\">Patricia<\/span>\u00a0Fernanda\u00a0<span class=\\\"SpellE\\\">Heliodoro<\/span>\u00a0Dos Santos, 2018<\/p>\n<p class=\\\"MsoListParagraphCxSpMiddle\\\" style=\\\"margin: 12pt 0cm 0cm 36pt;font-size: 11pt;font-family: Calibri, sans-serif;text-indent: -18pt\\\"><span style=\\\"font-family: Symbol\\\">\u00b7\u00a0\u00a0\u00a0\u00a0\u00a0\u00a0\u00a0\u00a0\u00a0<\/span><b>\u201cDE ONDE VEM ESSE PODER?\u201d: PROTAGONISMO FEMININO EM NOVA PORTEIRINHA\/MG A PARTIR DOS ANOS 1970<\/b>\u00a0&#8211;\u00a0<span class=\\\"SpellE\\\">Rhaenny<\/span>\u00a0Ma\u00edsa Freitas, 2018<\/p>\n<p class=\\\"MsoListParagraphCxSpMiddle\\\" style=\\\"margin: 12pt 0cm 0cm 36pt;font-size: 11pt;font-family: Calibri, sans-serif;text-indent: -18pt\\\"><span style=\\\"font-family: Symbol\\\">\u00b7\u00a0\u00a0\u00a0\u00a0\u00a0\u00a0\u00a0\u00a0\u00a0<\/span><b>CULTURA, PATRIM\u00d4NIO E IDENTIDADE: PR\u00c1TICAS FESTIVAS NO MUNIC\u00cdPIO DE CORA\u00c7\u00c3O DE JESUS\/MG<\/b>\u00a0&#8211; T\u00e2nia Caroline Ruas Silva, 201<\/p>\n<p class=\\\"MsoListParagraphCxSpMiddle\\\" style=\\\"margin: 12pt 0cm 0cm 36pt;font-size: 11pt;font-family: Calibri, sans-serif;text-indent: -18pt\\\"><span style=\\\"font-family: Symbol\\\">\u00b7\u00a0\u00a0\u00a0\u00a0\u00a0\u00a0\u00a0\u00a0\u00a0<\/span><b>A VOZ QUE QUER SER OUVIDA E PRECISA SER ESCRITA: MEM\u00d3RIAS AFETIVAS DE MULHERES NEGRAS \u201cSOZINHAS\u2019\u2019 MORADORAS DA CIDADE DE S\u00c3O FRANCISCO-MG (1979-2010)<\/b>\u00a0&#8211; Aline Cardoso Lima, 2019<\/p>\n<p class=\\\"MsoListParagraphCxSpMiddle\\\" style=\\\"margin: 12pt 0cm 0cm 36pt;font-size: 11pt;font-family: Calibri, sans-serif;text-indent: -18pt\\\"><span style=\\\"font-family: Symbol\\\">\u00b7\u00a0\u00a0\u00a0\u00a0\u00a0\u00a0\u00a0\u00a0\u00a0<\/span><b>ELAS FIZERAM HIST\u00d3RIA E A NOT\u00cdCIA: A ENTRADA DE MULHERES EM R\u00c1DIO E TV EM MONTES CLAROS. (1979-1997)<\/b>\u00a0&#8211; Ana Carolina Ferreira da Silva, 2019<\/p>\n<p class=\\\"MsoListParagraphCxSpMiddle\\\" style=\\\"margin: 12pt 0cm 0cm 36pt;font-size: 11pt;font-family: Calibri, sans-serif;text-indent: -18pt\\\"><span style=\\\"font-family: Symbol\\\">\u00b7\u00a0\u00a0\u00a0\u00a0\u00a0\u00a0\u00a0\u00a0\u00a0<\/span><b>EM BUSCA DA AM\u00c9RICA: SEM DESTINO E AS REPRESENTA\u00c7\u00d5ES DA CONTRACULTURA NO CINEMA<\/b>\u00a0&#8211; Clarissa Rodrigues Soares, 201<\/p>\n<p class=\\\"MsoListParagraphCxSpMiddle\\\" style=\\\"margin: 12pt 0cm 0cm 36pt;font-size: 11pt;font-family: Calibri, sans-serif;text-indent: -18pt\\\"><span style=\\\"font-family: Symbol\\\">\u00b7\u00a0\u00a0\u00a0\u00a0\u00a0\u00a0\u00a0\u00a0\u00a0<\/span><b>DA POL\u00cdTICA SE FEZ LITERATURA: ASPECTOS DA SOCIEDADE PORTUGUESA DE 1972 E 1973 ATRAV\u00c9S DAS CR\u00d4NICAS DE JOS\u00c9 SRAMAGO EM \u201cAS OPINI\u00d5ES QUE O DL TEVE\u201d<\/b>\u00a0&#8211; Dandara Tamires Castro Rosa, 2019<\/p>\n<p class=\\\"MsoListParagraphCxSpMiddle\\\" style=\\\"margin: 12pt 0cm 0cm 36pt;font-size: 11pt;font-family: Calibri, sans-serif;text-indent: -18pt\\\"><span style=\\\"font-family: Symbol\\\">\u00b7\u00a0\u00a0\u00a0\u00a0\u00a0\u00a0\u00a0\u00a0\u00a0<\/span><b>UM PATO ATORMENTADO E COLORIDO E UMA FAM\u00cdLIA SOMBRIA E SUBMISSA NO III REICH: A PRODU\u00c7\u00c3O CULTURAL DE WALT DISNEY CONTRA O NAZISMO<\/b>\u00a0&#8211; Douglas Alves Moreira, 2019<\/p>\n<p class=\\\"MsoListParagraphCxSpMiddle\\\" style=\\\"margin: 12pt 0cm 0cm 36pt;font-size: 11pt;font-family: Calibri, sans-serif;text-indent: -18pt\\\"><span style=\\\"font-family: Symbol\\\">\u00b7\u00a0\u00a0\u00a0\u00a0\u00a0\u00a0\u00a0\u00a0\u00a0<\/span><b>BRASIL ENTRE TRINCHEIRAS: EDUARDO TADDEO, O CORRESPONDENTE FAVELADO DE UMA GUERRA N\u00c3O DECLARADA (2000-2012)<\/b>\u00a0&#8211; Jefferson\u00a0<span class=\\\"SpellE\\\">Aleff<\/span>\u00a0Oliveira, 2019<\/p>\n<p class=\\\"MsoListParagraphCxSpMiddle\\\" style=\\\"margin: 12pt 0cm 0cm 36pt;font-size: 11pt;font-family: Calibri, sans-serif;text-indent: -18pt\\\"><span style=\\\"font-family: Symbol\\\">\u00b7\u00a0\u00a0\u00a0\u00a0\u00a0\u00a0\u00a0\u00a0\u00a0<\/span><b>POMPA E REQUINTE: MEM\u00d3RIA VISUAL DO CANDOMBL\u00c9 E DA UMBANDA EM MONTES CLAROS<\/b>\u00a0&#8211; Jos\u00e9 Vin\u00edcius Peres Silva, 2019<\/p>\n<p class=\\\"MsoListParagraphCxSpMiddle\\\" style=\\\"margin: 12pt 0cm 0cm 36pt;font-size: 11pt;font-family: Calibri, sans-serif;text-indent: -18pt\\\"><span style=\\\"font-family: Symbol\\\">\u00b7\u00a0\u00a0\u00a0\u00a0\u00a0\u00a0\u00a0\u00a0\u00a0<\/span><b>A MEDICINA COMO ESTRAT\u00c9GIA BIOPOL\u00cdTICA: PERSPECTIVAS DE UMA AN\u00c1LISE HIST\u00d3RICO-GENEAL\u00d3GICA DA EMERG\u00caNCIA DE UMA MEDICINA SOCIAL NO BRASIL<\/b>\u00a0&#8211; Karla Maria Gon\u00e7alves Silveira Barros, 2019<\/p>\n<p class=\\\"MsoListParagraphCxSpMiddle\\\" style=\\\"margin: 12pt 0cm 0cm 36pt;font-size: 11pt;font-family: Calibri, sans-serif;text-indent: -18pt\\\"><span style=\\\"font-family: Symbol\\\">\u00b7\u00a0\u00a0\u00a0\u00a0\u00a0\u00a0\u00a0\u00a0\u00a0<\/span><b>REPRESENTA\u00c7\u00d5ES DE UMA IDENTIDADE JAPONESA CONTEMPOR\u00c2NEA EM A VIAGEM DE CHIHIRO (HAYAO MIYAZAKI, 2001)\u00a0<\/b>&#8211; Ary Batista Neto, 2020<\/p>\n<p class=\\\"MsoListParagraphCxSpMiddle\\\" style=\\\"margin: 12pt 0cm 0cm 36pt;font-size: 11pt;font-family: Calibri, sans-serif;text-indent: -18pt\\\"><span style=\\\"font-family: Symbol\\\">\u00b7\u00a0\u00a0\u00a0\u00a0\u00a0\u00a0\u00a0\u00a0\u00a0<\/span><b>FERROVI\u00c1RIAS: IDENTIDADE E REPRESENTA\u00c7\u00d5ES SOCIAIS DAS MULHERES NA EXTINTA REDE FERROVI\u00c1RIA FEDERAL (1975 \u2013 1985)<\/b>\u00a0&#8211; Fab\u00edola Dourado Fulg\u00eancio, 2020<\/p>\n<p class=\\\"MsoListParagraphCxSpMiddle\\\" style=\\\"margin: 12pt 0cm 0cm 36pt;font-size: 11pt;font-family: Calibri, sans-serif;text-indent: -18pt\\\"><span style=\\\"font-family: Symbol\\\">\u00b7\u00a0\u00a0\u00a0\u00a0\u00a0\u00a0\u00a0\u00a0\u00a0<\/span><b>NOVOS TRABALHOS, VELHAS RESPONSABILIDADES: NARRATIVAS DE MULHERES DA POL\u00cdCIA C\u00cdVIL DE MONTES CLAROS\/MG (1992 \u2013 2019)<\/b>\u00a0&#8211;\u00a0<span class=\\\"SpellE\\\">Keyse<\/span>\u00a0Val\u00e9ria Barbosa Diniz, 2020<\/p>\n<p class=\\\"MsoListParagraphCxSpMiddle\\\" style=\\\"margin: 12pt 0cm 0cm 36pt;font-size: 11pt;font-family: Calibri, sans-serif;text-indent: -18pt\\\"><span style=\\\"font-family: Symbol\\\">\u00b7\u00a0\u00a0\u00a0\u00a0\u00a0\u00a0\u00a0\u00a0\u00a0<\/span><b>ENTRE O \u201cINIMIGO\u201d, O \u201cJUSTICEIRO\u201d, \u201cO HER\u00d3I\u201d E O \u201cCIDAD\u00c3O DE BEM\u201d: O CRIME-ESPET\u00c1CULO E AS REPRESENTA\u00c7\u00d5ES CRIMINAIS NA TELA DA TV (2010-2019)<\/b>\u00a0&#8211; Maria Cec\u00edlia Magalh\u00e3es Chaves, 2020\\\"<\/p>\n<p class=\\\"MsoListParagraphCxSpMiddle\\\" style=\\\"margin: 12pt 0cm 0cm 36pt;font-size: 11pt;font-family: Calibri, sans-serif;text-indent: -18pt\\\"><span style=\\\"font-family: Symbol\\\">\u00b7\u00a0\u00a0\u00a0\u00a0\u00a0\u00a0\u00a0\u00a0\u00a0<\/span><b>ENTRE HYDE E JEKYLL: EM BUSCA DO BURGU\u00caS VITORIANO ATRAV\u00c9S DAS REPRESENTA\u00c7\u00d5ES DE ROBERT LOUIS STEVENSON<\/b>\u00a0&#8211; Pedro Victor Antunes Guerra, 2020<\/p>\n<p class=\\\"MsoListParagraphCxSpMiddle\\\" style=\\\"margin: 12pt 0cm 0cm 36pt;font-size: 11pt;font-family: Calibri, sans-serif;text-indent: -18pt\\\"><span style=\\\"font-family: Symbol\\\">\u00b7\u00a0\u00a0\u00a0\u00a0\u00a0\u00a0\u00a0\u00a0\u00a0<\/span><b>MULHERES PASTORAS: DESOBEDI\u00caNCIA FEMININA FRENTE AO PATRIARCADO CRIST\u00c3O NO PER\u00cdODO DE 1990 A 2020<\/b>\u00a0&#8211; Rosana Mesquita Mendes Pereira, 2020<\/p>\n<p class=\\\"MsoListParagraphCxSpLast\\\" style=\\\"margin: 12pt 0cm 0cm 36pt;font-size: 11pt;font-family: Calibri, sans-serif;text-indent: -18pt\\\"><span style=\\\"font-family: Symbol\\\">\u00b7\u00a0\u00a0\u00a0\u00a0\u00a0\u00a0\u00a0\u00a0\u00a0<\/span><b>A COMUNIDADE QUILOMBOLA CORREDOR-MG: UMA IDENTIDADE EM CONSTRU\u00c7\u00c3O (1988-2019)<\/b>\u00a0&#8211; Rosimar Aparecida Pereira Rocha, 2020<\/p>\n<p class=\\\"MsoNormal\\\" style=\\\"margin: 0cm 0cm 8pt;line-height: 15.6933px;font-size: 11pt;font-family: Calibri, sans-serif\\\">\n<\/div><\/div><\/div><\/div><\/div><\/section><section class=\"kc-elm kc_row\"><div class=\"kc-row-container  kc-container\"><div class=\"kc-wrap-columns\"><div class=\"kc-elm kc_column kc_col-sm-12\"><div class=\"kc-col-container\"><div class=\"kc-elm kc_text_block\"><table class=\\\"MsoNormalTable\\\" style=\\\"width: 855pt;border-collapse: collapse\\\" border=\\\"0\\\" width=\\\"1140\\\" cellspacing=\\\"0\\\" cellpadding=\\\"0\\\">\n<tbody>\n<tr style=\\\"height: 45.1pt\\\">\n<td style=\\\"width: 855pt;padding: 0cm 3.5pt;height: 45.1pt\\\" nowrap=\\\"nowrap\\\" width=\\\"1140\\\">\n<p class=\\\"MsoNormal\\\" style=\\\"margin: 0cm;font-size: 11pt;font-family: Calibri, sans-serif\\\"><b><a href=\\\"https:\/\/drive.google.com\/file\/d\/1FwTl5-T05XjGR8c4xYl3EadsgE13qZFS\/view?usp=drive_link\\\" target=\\\"_blank\\\" rel=\\\"noopener noreferrer\\\">RUPTURAS E PERMAN\u00caNCIAS HIST\u00d3RICAS DA ASSIST\u00caNCIA \u00c0 SA\u00daDE AO LOUCO EM MONTES CLAROS\/MG<\/a><\/b><\/p>\n<p class=\\\"MsoNormal\\\" style=\\\"margin: 0cm;font-size: 11pt;font-family: Calibri, sans-serif\\\"><a href=\\\"http:\/\/buscatextual.cnpq.br\/buscatextual\/visualizacv.do?id=K4269637A9&amp;tokenCaptchar=03AGdBq27ndf3fQyrx-ph8BFTwIbT2Um6pOK59qgiyQdvmrcYBdh1KnNBgRwqWYI9K_x-5-uV_ro3sCFH38ru9WfE_4xUyFDO_MhqrI1ov4p1cZesQCKron6dCyIjFlqZVmZrgLDiO0yaODu7gZLTJdK-NJ1REbBmua0c95BXeIyZFcZVDdSz-Tv8OZrh26JNZVFZIYn0FngQE1egx2dWp0_dlr065Ajt9D2X6-SFxT9rKZ5gwMYGAWHBwWYC84LUuKlqI9btrdGEbbUMzyTwpnP4z5I2OYN4ccKsTjIrlWt-GZ6lyFy2OffffNL2626yxpviP4R10BdLHQe0H_M_Dl4lxxqqjZEoDW5bF3jTH03QPaoDJs2AB8gtBy5rcoqFH5NN8Eh1UdORZ-J3fN2FbA-1ds6wSD1Aa6KFPSAdxQW8ZtPVgMCFp6uNOHPOoO5eaBvI0gmUXXDnunwJ7GzTYafmyRgaJKlsRWQ\\\" target=\\\"_blank\\\" rel=\\\"noopener noreferrer\\\">Cynara Rodrigues Soares Silva<\/a>, 2012<\/p>\n<\/td>\n<\/tr>\n<tr style=\\\"height: 45.05pt\\\">\n<td style=\\\"width: 855pt;padding: 0cm 3.5pt;height: 45.05pt\\\" nowrap=\\\"nowrap\\\" width=\\\"1140\\\">\n<p class=\\\"MsoNormal\\\" style=\\\"margin: 0cm;font-size: 11pt;font-family: Calibri, sans-serif\\\"><b><a href=\\\"https:\/\/drive.google.com\/file\/d\/1a991aRg-BW8L4e5QeP2x803ipNiWXRZc\/view?usp=drive_link\\\" target=\\\"_blank\\\" rel=\\\"noopener noreferrer\\\">CHRISTUS VINCIT, CHRISTUS REGNAT, CHRISTUS IMPERAT: REPRESENTA\u00c7\u00d5ES DE IGREJA E IMP\u00c9RIO, LEGITIMA\u00c7\u00c3O EM UM S\u00d3 DEUS (S\u00c9CULOS XI E XII)<\/a><\/b><\/p>\n<p class=\\\"MsoNormal\\\" style=\\\"margin: 0cm;font-size: 11pt;font-family: Calibri, sans-serif\\\"><a href=\\\"http:\/\/buscatextual.cnpq.br\/buscatextual\/visualizacv.do?id=K4131234Z6&amp;tokenCaptchar=03AGdBq24Y-kKObvNSe3AAOyGLhuLPslJ4SgXq9yBNBXFWAMYZ0Q1VskmvtDYCGTsAeLDvjN7xKIMp8zCcptK47HZGyMQSCN-5tIIQppJh25BlSQ6f2xy0V9krH8p7S-RzUdAoj3KtvNWcMlttfaSRW5VopNdsfXx7z8H713D4RDmmmAwDM-bRd6tLYWrz97h3I6kZwiGpAdKASyZ6-EdZJ5JePLWsxx00EoMpRrGXKjdQcWkhi-X03yIUCJ44ygi0sbqtLI0qURM3nK3A9N6mzRHRRwRi8x74NmBXiW9cv2fOxI85i2TsNZE2HeXoTccSi0iO1AbmNx03N3sBEQPGemvFU9KIytbX1okow4CClZZsErY_xyekt9PuLWS0DwNVsH-DJh48bp2xuEFDK3_bfAoS2El3k0mdGRZv-dEKFgb5hj9LINPblgitZqglGLqoNJ2Q3NNqcTyuGPTD6o4Zxy7D_HDWn2arlQ\\\" target=\\\"_blank\\\" rel=\\\"noopener noreferrer\\\">Magda Rita Ribeiro de Almeida Duarte<\/a>, 2012<\/p>\n<\/td>\n<\/tr>\n<tr style=\\\"height: 45.05pt\\\">\n<td style=\\\"width: 855pt;padding: 0cm 3.5pt;height: 45.05pt\\\" nowrap=\\\"nowrap\\\" width=\\\"1140\\\">\n<p class=\\\"MsoNormal\\\" style=\\\"margin: 0cm;font-size: 11pt;font-family: Calibri, sans-serif\\\"><b><a href=\\\"https:\/\/drive.google.com\/file\/d\/1fzYPxgrEUKSHNjE0RTDFjd1ZqmdZYgcG\/view?usp=drive_link\\\" target=\\\"_blank\\\" rel=\\\"noopener noreferrer\\\">A RENOVA\u00c7\u00c3O CONSERVADORA DO CATOLICISMO BRASILEIRO E A HOMOSSEXUALIDADE -1990\/2010<\/a><\/b><\/p>\n<p class=\\\"MsoNormal\\\" style=\\\"margin: 0cm;font-size: 11pt;font-family: Calibri, sans-serif\\\"><a href=\\\"http:\/\/buscatextual.cnpq.br\/buscatextual\/visualizacv.do?id=K4162029J3&amp;tokenCaptchar=03AGdBq25dNxeZc5AERdfOTdH9Yyazti39IqwnSYOzOBp-DpjK0o1chfPvLMRMTsp1EAblZPvKjVsIvoXfqE7fgzTRrBV0Skn60QItmkh_yE0arSDtiu7kHXJrTxiWytqPMHL9knYiA2vYLE5l6ftW7Ry0dkFm0qiRVdrmApLN1UU05GHAzmtT6ArKV9cXuJPqlWw1Tv3mO2-kou4ZY9Wof6pOiXLs75xrA2LGckKFwqqKBCjyD1FfXRBn-VbO8t9RSZoX7u5A5n7WE8uCAVOcXlBC8OlLFTXaacdkLBM_dd50b-sHUIOp6Uq92g1GlvyI-22k_w1gZ_acANihwXz2hyHPF2MIF28rt0165fGt2ra7kVvtqb68_BP4n__9QB-eTAwP7eKj_601D2sZ-wgLbz67UcaEHjG_-AzukDiwF9uGVnqEGvbeh-B-tqcpFEEoB6Z29kWgRZ6N8moEHA0lcn_7IMHAGeqqGA\\\" target=\\\"_blank\\\" rel=\\\"noopener noreferrer\\\">Frederico Alves Mota<\/a>, 2013<\/p>\n<\/td>\n<\/tr>\n<tr style=\\\"height: 45.05pt\\\">\n<td style=\\\"width: 855pt;padding: 0cm 3.5pt;height: 45.05pt\\\" nowrap=\\\"nowrap\\\" width=\\\"1140\\\">\n<p class=\\\"MsoNormal\\\" style=\\\"margin: 0cm;font-size: 11pt;font-family: Calibri, sans-serif\\\"><b><a href=\\\"https:\/\/drive.google.com\/file\/d\/1jQbWoZHBDOETQGo10y_hfYJ2zzrls08e\/view?usp=drive_link\\\" target=\\\"_blank\\\" rel=\\\"noopener noreferrer\\\">FOUCAULT REVOLUCIONA A HIST\u00d3RIA?<\/a><\/b><\/p>\n<p class=\\\"MsoNormal\\\" style=\\\"margin: 0cm;font-size: 11pt;font-family: Calibri, sans-serif\\\"><a href=\\\"http:\/\/buscatextual.cnpq.br\/buscatextual\/visualizacv.do?id=K4525736Y9&amp;tokenCaptchar=03AGdBq26kriD8ieUteqzg6jPUJuox7D6elKZySIsIyHf9ImrxOBI_SFLo-yJKLaG7bXHN-1YiPbUQQcyMtFCmtcusPvUk0cSXP1C1S7-wuDW4Ny3KdRm0uXme5Dfh7WsXuSLuk8fArbUF4oOPu-33DfWK2IHtpGXmk1k1FX6pYYcmoq7QL4j9fAtEi5mYVsEc4FgLQcqN-vmo-9H_A2RsdupnC-OHqDfO40_lrjtAOB72bqjTL7plbAzdj7bZXZDvoWtxFfHaftWCqHUfTRSae_siYBsm4KQ5n6lP_IeooiNxyInHwB0Pw8KxAmvvw4tDlfjmjuEDbvSWXf0AL8nq26N8FTTIm_K4FlMsTKXxFmOmv71q90WDZXXIorvIYQqYQzB3pnIR5h33Up1el3XdTEUa2o8wP_T9GbMuYtf95LFTirYyy_nCmJoG2Y6FBxNxNXwhbpcssWSBepsXWnTrUxKlqpNKKRGdvw\\\" target=\\\"_blank\\\" rel=\\\"noopener noreferrer\\\">Get\u00falio Dias Malveira<\/a>, 2013<\/p>\n<\/td>\n<\/tr>\n<tr style=\\\"height: 45.05pt\\\">\n<td style=\\\"width: 855pt;padding: 0cm 3.5pt;height: 45.05pt\\\" nowrap=\\\"nowrap\\\" width=\\\"1140\\\">\n<p class=\\\"MsoNormal\\\" style=\\\"margin: 0cm;font-size: 11pt;font-family: Calibri, sans-serif\\\"><b><a href=\\\"https:\/\/drive.google.com\/file\/d\/1doKUNfE4AStoAblml1XkBAGkKNXnZOKv\/view?usp=drive_link\\\" target=\\\"_blank\\\" rel=\\\"noopener noreferrer\\\">EM BUSCA DA RELIGIOSIDADE SERTANEJA: F\u00c9 E CULTURA NO SERT\u00c3O DAS GERAIS<\/a><\/b><\/p>\n<p class=\\\"MsoNormal\\\" style=\\\"margin: 0cm;font-size: 11pt;font-family: Calibri, sans-serif\\\"><a href=\\\"http:\/\/buscatextual.cnpq.br\/buscatextual\/visualizacv.do?id=K4771819P0&amp;tokenCaptchar=03AGdBq2721DNqEVMeYd89ibBOjB4Q3IVN3E6FITIfk1oW6a5al6xtXhN4RSUmoZvnAss1pGdFLdRhdLDUW-TBvozRxdSAzZjHxjQwk0J2TAmxwO1wTmeHOZ2bfZb8dy1DLhpdZoMJ16R4OR30XBQDSrIus7FzTFHfew4bFo-fEQu_yA91vCmKALi-CbKcGymvBw0dg6eaAZGAEawF_uv6KkSBBZRA591ZPZTI_SrQ_OdR_KaW2ktxynLLusdC-qVYegvOZrP_BNBcBksg9knl1qrnBPv6ME_LvbcUFfte7GNn-2034Iqj9T256vpYQNKdx0gua1DBec38_WE-eoiWnUWZkjx8rW97k0k6e2znYBzh7ZCyxkVIQvWSbZiDHxtQCl3ie9XUTsNmng3uuynEKg40ZR9M3nOFCRwealDXhuuR58yKI2ioNrBYdt32Nyxu15zGtqxJ-pzAvz0lggz-XfFlzqMljh-EdQ\\\" target=\\\"_blank\\\" rel=\\\"noopener noreferrer\\\">J\u00e2nio Marques Dias<\/a>, 2013<\/p>\n<\/td>\n<\/tr>\n<tr style=\\\"height: 45.05pt\\\">\n<td style=\\\"width: 855pt;padding: 0cm 3.5pt;height: 45.05pt\\\" nowrap=\\\"nowrap\\\" width=\\\"1140\\\">\n<p class=\\\"MsoNormal\\\" style=\\\"margin: 0cm;font-size: 11pt;font-family: Calibri, sans-serif\\\"><b><a href=\\\"https:\/\/drive.google.com\/file\/d\/1hBO_MRjGkZVBM-zvnMCte9k_XxAhLraB\/view?usp=drive_link\\\" target=\\\"_blank\\\" rel=\\\"noopener noreferrer\\\">E A REVOLU\u00c7\u00c3O \u201cENGOLIU\u201d SUAS IRM\u00c3S: G\u00caNERO E RESIST\u00caNCIAS FEMININAS NO IR\u00c3 TEOCR\u00c1TICO<\/a><\/b><\/p>\n<p class=\\\"MsoNormal\\\" style=\\\"margin: 0cm;font-size: 11pt;font-family: Calibri, sans-serif\\\"><a href=\\\"http:\/\/buscatextual.cnpq.br\/buscatextual\/visualizacv.do?id=K4485900U2&amp;tokenCaptchar=03AGdBq26kDurEEmsFdPDo7Vr1lXC-wShcACkG1Yj58YFQYXeAEMm4qBdwZJWgug5H7KLDlDngL9xvtAaQq8uz6akI1v11rPQouyG4eo5T0nGOkGLj9l_8-DR_y5LA5DfVtoRQBKFA5m11V4B00wV5YJmHOOZrPQDVcMzmpxoarxRrfg68ZoVaIPcZVIP-GcpN1hO99Tpm7NcFsSsHcDXgFM_QcgdRlGmnBP9lp7Xc2OM7vOKo-N3eqEHg68h4GiZnY1pk7SKC54OExkccNu4oMo8Wqhqk0t3lN5MqzbBd-ZaDtUDL8PcyY3Pqma1HM9GKrztZRfqAAXJohDG68DLV45pFd-Ls0csQ9AIXluL0SjxVuhSj6ocn2j0h1N5ukgjGp1ll1c_jdnvEe9LnBZ7EWg0mPHY0ESWhMBpO8mtbszx2ZHQV_QkVSSAJBfFDkJGthBxZnXanHNY8_6OQ8hsAUBR-Fk981w6QSQ\\\" target=\\\"_blank\\\" rel=\\\"noopener noreferrer\\\">Luana Balieiro Cosme<\/a>, 2013<\/p>\n<\/td>\n<\/tr>\n<tr style=\\\"height: 45.05pt\\\">\n<td style=\\\"width: 855pt;padding: 0cm 3.5pt;height: 45.05pt\\\" nowrap=\\\"nowrap\\\" width=\\\"1140\\\">\n<p class=\\\"MsoNormal\\\" style=\\\"margin: 0cm;font-size: 11pt;font-family: Calibri, sans-serif\\\"><b><a href=\\\"https:\/\/drive.google.com\/file\/d\/1zpIkhbyLAeZoqSPvGo-ZiXcvhaoEcWfs\/view?usp=drive_link\\\" target=\\\"_blank\\\" rel=\\\"noopener noreferrer\\\">DO FEMINISMO A AUTOAJUDA: UMA AN\u00c1LISE A PARTIR DOS ESTUDOS DE G\u00caNERO<\/a><\/b><\/p>\n<p class=\\\"MsoNormal\\\" style=\\\"margin: 0cm;font-size: 11pt;font-family: Calibri, sans-serif\\\"><a href=\\\"http:\/\/buscatextual.cnpq.br\/buscatextual\/visualizacv.do?id=K4428965P6&amp;tokenCaptchar=03AGdBq25WkT4ZDpgRXFouXecDbZNs9Q9jeUA38PdZBMQyLTcWnJnOkn6HKmOOjOugrnbeUI_jI8uTI8GKdHstdyPFQIg9jXMCW8UqZHYbqkLi8cvM6xwYuLudV4lzGlOmx-0UkHA-wWll23SzY-JmJ8JjAcTY8GxdieykJzPF1abxs8MSSUpXFUyPPwsbUCfHmJDb2bU4b1qYJch2eTJry4Qc7Ix-ZfMMKFLku1IweEesIRcQqksGyOjMa5SeFYMZSHFRHXZJQJDb2PcnchVn9rmZzNtRYQzrp-K0IxnPbNIfQ5CM66xdC3YkMm1-gc8uj-VmkkH1lLewBlVPni79AnrhvoPcaSyiLhovqcnJKKNphXrESnqr04wfLnEn-WHLgDSdXT2gcpARVfqQvTi-tAeXeHsUB2nKcKvJ0vPSNOe7hkHgnJzb85qFwEsKzRyaEwLsPTDTvh_EStxMhwJrLuwZKTOwCqw8Cg\\\" target=\\\"_blank\\\" rel=\\\"noopener noreferrer\\\">Railde da Gl\u00f3ria Fernandes<\/a>, 2013<\/p>\n<\/td>\n<\/tr>\n<tr style=\\\"height: 45.05pt\\\">\n<td style=\\\"width: 855pt;padding: 0cm 3.5pt;height: 45.05pt\\\" nowrap=\\\"nowrap\\\" width=\\\"1140\\\">\n<p class=\\\"MsoNormal\\\" style=\\\"margin: 0cm;font-size: 11pt;font-family: Calibri, sans-serif\\\"><b><a href=\\\"https:\/\/drive.google.com\/file\/d\/1A8NCyDGydLuT6NZZ21uwUjptLcbAWn2_\/view?usp=drive_link\\\" target=\\\"_blank\\\" rel=\\\"noopener noreferrer\\\">\\\"A GENTE N\u00c3O TINHA NENHUM DIREITO A NADA\\\": REPRESENTA\u00c7\u00d5ES SOBRE QUILOMBOS E REMANESCENTES DE QUILOMBOLAS<\/a><\/b><\/p>\n<p class=\\\"MsoNormal\\\" style=\\\"margin: 0cm;font-size: 11pt;font-family: Calibri, sans-serif\\\"><a href=\\\"http:\/\/buscatextual.cnpq.br\/buscatextual\/visualizacv.do?id=K4234353H9&amp;tokenCaptchar=03AGdBq25TOukxfe4BXZpbkwaueDikx0pFw_Y-G-S4RG6xMFsaZvZAiO72yQko4oqq5XM-u8-4rskDzTZcIxsiMJpVJg0qFQH4bC2FyOGhViGL19-loCLgYOvC8LWE2VZxJ50xry3MQjQoFNozcvwomEn9cpqCj8bsLmY0Y5c_hSugN8ztGeoGsqrSWs0gq6DsctmSRtZzWgdQituuCRLch5V341AWEa9RRd6j7zpy8r7mb3K95Ki8ihd_juZE8Z5hY4-tGDUKtM4kFxgB4KnlqsNkQBIC_vDwHmpVG-dDMMmwD-oNDI7sIpmR5AeyaI3MIHTOS_jUUCQ954GDqPl-pOhJ50zbFprKg07nim2PASCPIROVT0EyrQXxH66zgitF54wvD-dPUdNdWZUC2kjSoGmybYj99fPzot5vnSg1DHrbcDKujGn8bzXElyty8OA-E7RqqhrhyNZf-5kkobNqa-Imjew2vwAJSw\\\" target=\\\"_blank\\\" rel=\\\"noopener noreferrer\\\">Susi Karla Almeida Santos<\/a>, 2013<\/p>\n<\/td>\n<\/tr>\n<tr style=\\\"height: 45.05pt\\\">\n<td style=\\\"width: 855pt;padding: 0cm 3.5pt;height: 45.05pt\\\" nowrap=\\\"nowrap\\\" width=\\\"1140\\\">\n<p class=\\\"MsoNormal\\\" style=\\\"margin: 0cm;font-size: 11pt;font-family: Calibri, sans-serif\\\"><b><a href=\\\"https:\/\/drive.google.com\/file\/d\/1xAlyFa7kn05HYdfp6dUU_akQNuHMn84B\/view?usp=drive_link\\\" target=\\\"_blank\\\" rel=\\\"noopener noreferrer\\\">A HIST\u00d3RIA DE SEMPRE VIVA: VIOL\u00caNCIA E RESIST\u00caNCIA NAS PR\u00c1TICAS ASSISTENCIAIS \u00c0 CRIAN\u00c7A ABANDONADA NO BRASIL<\/a><\/b><\/p>\n<p class=\\\"MsoNormal\\\" style=\\\"margin: 0cm;font-size: 11pt;font-family: Calibri, sans-serif\\\"><a href=\\\"http:\/\/buscatextual.cnpq.br\/buscatextual\/visualizacv.do?id=K4757287T2&amp;tokenCaptchar=03AGdBq25cQA1_3qOVR9_vcyyHVD5dNUyDxQGWUbm1LZ8Pmohe5QCDufKF2KtxppWWYyzZKMelh7a68GQMEyrEGJskP0cgSj_TRnR8h84W6V_IXth2KCC77C_65n6vZYipDIScUpQmLOdwE6SoXqccSJmM8m-m128DLEoXaHvv2VBk_TEMIorzhjARarRpUfDVozCt10IVYCSl-WZsyW6Oy_1kKZGJ-8Km-JV9MJq4ZKQj09Q6VdlTPvQ8ibqbdr5Ju84q9JwTocwyArtQRMaM71U1G1dC38zIGBkBWF0VUvSeT2roZrLgwYHLyFwiCmXCPolwXb1xf7DNW6m7WJsfs7w0DBoS_66Z2hNmEYdEV74t17S0yRv_l5Ii35XAYokuAMQRzSFWc9CZBV0mi0CnLoF_SAw4CMRsMeKM5t6zqY2wYkpuCRnF05OUm3KEUzODe8FzVQYsEnacgxy_o_VuZQ2irvnNcZ3KZA\\\" target=\\\"_blank\\\" rel=\\\"noopener noreferrer\\\">Carlos Andr\u00e9 Moreira da Silva<\/a>, 2014<\/p>\n<\/td>\n<\/tr>\n<tr style=\\\"height: 45.05pt\\\">\n<td style=\\\"width: 855pt;padding: 0cm 3.5pt;height: 45.05pt\\\" nowrap=\\\"nowrap\\\" width=\\\"1140\\\">\n<p class=\\\"MsoNormal\\\" style=\\\"margin: 0cm;font-size: 11pt;font-family: Calibri, sans-serif\\\"><b><a href=\\\"https:\/\/drive.google.com\/file\/d\/19Ib0y8rMjYtbSHDKY1zTfm381ptv719D\/view?usp=drive_link\\\" target=\\\"_blank\\\" rel=\\\"noopener noreferrer\\\">IRM\u00c3S DE F\u00c9, MULHERES INVIS\u00cdVEIS: A PARTICIPA\u00c7\u00c3O FEMININA NA IMPLANTA\u00c7\u00c3O E EXPANS\u00c3O DE IGREJAS EVANG\u00c9LICAS PENTECOSTAIS, EM MONTES CLAROS NA D\u00c9CADA DE 1970.<\/a><\/b><\/p>\n<p class=\\\"MsoNormal\\\" style=\\\"margin: 0cm;font-size: 11pt;font-family: Calibri, sans-serif\\\"><a href=\\\"http:\/\/lattes.cnpq.br\/0530725967400248\\\" target=\\\"_blank\\\" rel=\\\"noopener noreferrer\\\">Jo\u00e3o Augusto Gon\u00e7alves Dos Santos<\/a>, 2014<\/p>\n<\/td>\n<\/tr>\n<tr style=\\\"height: 45.05pt\\\">\n<td style=\\\"width: 855pt;padding: 0cm 3.5pt;height: 45.05pt\\\" nowrap=\\\"nowrap\\\" width=\\\"1140\\\">\n<p class=\\\"MsoNormal\\\" style=\\\"margin: 0cm;font-size: 11pt;font-family: Calibri, sans-serif\\\"><b><a href=\\\"https:\/\/drive.google.com\/file\/d\/1E4pP5f5KEOUN8ixY3XcerbVrPlfkYa6G\/view?usp=drive_link\\\" target=\\\"_blank\\\" rel=\\\"noopener noreferrer\\\">OS LUGARES DO PATRIM\u00d4NIO UMA LEITURA DA CIDADE A PARTIR DO PROCESSO DE REVITALIZA\u00c7\u00c3O DO PATRIM\u00d4NIO EDIFICADO EM MONTES CLAROS<\/a><\/b><\/p>\n<p class=\\\"MsoNormal\\\" style=\\\"margin: 0cm;font-size: 11pt;font-family: Calibri, sans-serif\\\"><a href=\\\"http:\/\/buscatextual.cnpq.br\/buscatextual\/visualizacv.do?id=K4131272P3&amp;tokenCaptchar=03AGdBq25EJIJr89cybNncSyqMzUZl0hD1Qzr9c1-Od1ABAD-Pul6ZBkrkbHvcgQAp6XbP1cCg2iEatrynjOTi-gQ_rf1_XxeyZUmfk2n1-GZA_EJOWE-SzP9NfB9rZeoPLSVhkK9GPjrMKlasazSwwHVNG1ymC5Xj_qL8sEcTryEcRy7mXCGryCI9RzRxmzJCumVkD3e6aTQDaJpmBieWcjWQZIn2nXGx0CVsVhRhhCcI0ZUGrfzvsa-aM1IIR0zJmptzOojT29Tx6LRtdt1DvYM1x43QOTQXzp3LJMz8jztQdgR4sjUobeUu5_s2aQeQNZQzqXtDHX_VUUavrC5_uwUcPlx1hoWF8CrbabZsZoFGbg5P0Jxaxw8yMUuOPVo1S65_u-mkh8Mj64wbdxCRA2U6l-xMEsuashbkORqqV00diefokCQGHLG3Zg38m3n-D5jB3sGZX0SfJQPqba8ZOMUTL6Y2okko1A\\\" target=\\\"_blank\\\" rel=\\\"noopener noreferrer\\\">Juliano Gon\u00e7alves de Aquino<\/a>, 2014<\/p>\n<\/td>\n<\/tr>\n<tr style=\\\"height: 45.05pt\\\">\n<td style=\\\"width: 855pt;padding: 0cm 3.5pt;height: 45.05pt\\\" nowrap=\\\"nowrap\\\" width=\\\"1140\\\">\n<p class=\\\"MsoNormal\\\" style=\\\"margin: 0cm;font-size: 11pt;font-family: Calibri, sans-serif\\\"><b><a href=\\\"https:\/\/drive.google.com\/file\/d\/1Gpsd2JNJ7c_kFQnXw6H02KtpLRZYxLdp\/view?usp=drive_link\\\" target=\\\"_blank\\\" rel=\\\"noopener noreferrer\\\">\u201cRECEBI UM DIPLOMA, REALIZEI UM SONHO&#8230;\u201d: A PRESEN\u00c7A FEMININA NA EDUCA\u00c7\u00c3O DE ADULTOS EM JANU\u00c1RIA ( MINAS GERAIS &#8211; 1970-1990)<\/a><\/b><\/p>\n<p class=\\\"MsoNormal\\\" style=\\\"margin: 0cm;font-size: 11pt;font-family: Calibri, sans-serif\\\"><a href=\\\"http:\/\/buscatextual.cnpq.br\/buscatextual\/visualizacv.do?id=K4263640U1&amp;tokenCaptchar=03AGdBq26tEgmqDDRWxRPUmaV6kNBoj5v5dk24g5LxUITpr4PT7w89np6GkU9nTKlrr3p3nVVKdRn_PwtvyzOV4txVM-Mds24BsySmQ0N_hBfuEb8Va_yAcWhfSDv_OKPNA_z1lmBg5Se8MzujeC7UuA46pgTJgIuJ1F1xthvo4qBaJJJBeXttW5nyxpk1lUgqY44JJ4IBZ5Gi5lJFIL2E3iS_0fpOVQ5Hzp3vZvBPyuj4ncBh7IA9O6iyOJpwZuxILDDY90yNmD7D3eydpDUOMf_CPleRbxKUV4AtH1iOOb9k2AKpw-xiLbHHXyP3fXnkGzPW_uFjydmvBbpuKrxgmMwuWjHSoFs1HmfcN0aTCnYKV4qEWB3E4x1l-8q3eyYnyVBDvIwn9XRODpchth2Rims5NQKFVXxIcW9Wj9XG_RE47w7q6n3NCao5lDz65X5yP1c-7Es4b_cwtEGiZ9PV0bA3UFg7UBxVZQ\\\" target=\\\"_blank\\\" rel=\\\"noopener noreferrer\\\">Leila de Souza Almeida<\/a>, 2014<\/p>\n<\/td>\n<\/tr>\n<tr style=\\\"height: 45.05pt\\\">\n<td style=\\\"width: 855pt;padding: 0cm 3.5pt;height: 45.05pt\\\" nowrap=\\\"nowrap\\\" width=\\\"1140\\\">\n<p class=\\\"MsoNormal\\\" style=\\\"margin: 0cm;font-size: 11pt;font-family: Calibri, sans-serif\\\"><b><a href=\\\"https:\/\/drive.google.com\/file\/d\/1dyUBD0kb9hJgl2Av6xfDoSdfQsb_s5sT\/view?usp=drive_link\\\" target=\\\"_blank\\\" rel=\\\"noopener noreferrer\\\">A INVEN\u00c7\u00c3O DE SI COMO SUJEITO DE LINGUAGEM: ESCRITA DE SI, FEMINISMOS E SUBJETIVIDADES<\/a><\/b><\/p>\n<p class=\\\"MsoNormal\\\" style=\\\"margin: 0cm;font-size: 11pt;font-family: Calibri, sans-serif\\\"><a href=\\\"http:\/\/buscatextual.cnpq.br\/buscatextual\/visualizacv.do?id=K4227307P1&amp;tokenCaptchar=03AGdBq26DUuGIuuijYquGVGKH3OMPKdQriSEdlTUIPERCpypTIyFXS3pwi2T9OO9E0obQeYF5WBemuzlWFdnIuPkeFuRSdVzPe3BlF8kMlqOoEsg3x-Gjm_FrLWHCQU1Y83YcxfBlD4z9XHldptHx-bXpbMVrpNiMtLHsOclsnpMNU50UAksbQX4K-Px0UFzjhLe0GH1SMIdTpGMgYbXDF7AjnhBS2NuIRcs72rfNmeFsw8D7YfeNh3m8RdsD6OXUKn0DPKzJ2ISVu2YGN_iIa2F4QPXVZe6Q10nnBsJyH8oRivp_S5dupzdJ-qlSIa3MX2wiArqxKYjdxVSVX6pjQHKZu7SIakA0uXq7n6C_b2X3Bvvynal8kh-OBv3cxVezoP1ObOpcBCyQxMkMmp8hvY1qXvPYNXgNhgmwc2vGn8f7Q5RyZOBfmXfy4axg_o8M5-x-8kUldUSlJ7XQPIJO519FEh1e9dXX7w\\\" target=\\\"_blank\\\" rel=\\\"noopener noreferrer\\\">Patr\u00edcia Giselia Batista<\/a>, 2014<\/p>\n<\/td>\n<\/tr>\n<tr style=\\\"height: 45.05pt\\\">\n<td style=\\\"width: 855pt;padding: 0cm 3.5pt;height: 45.05pt\\\" nowrap=\\\"nowrap\\\" width=\\\"1140\\\">\n<p class=\\\"MsoNormal\\\" style=\\\"margin: 0cm;font-size: 11pt;font-family: Calibri, sans-serif\\\"><b><a href=\\\"https:\/\/drive.google.com\/file\/d\/1CdboqwZVv5w2mGQy0DemoIm9sRWmDHLz\/view?usp=drive_link\\\" target=\\\"_blank\\\" rel=\\\"noopener noreferrer\\\">CARRANCAS DO S\u00c3O FRANCISCO: O MIST\u00c9RIO DAS FIGURAS DE PROA<\/a><\/b><\/p>\n<p class=\\\"MsoNormal\\\" style=\\\"margin: 0cm;font-size: 11pt;font-family: Calibri, sans-serif\\\"><a href=\\\"http:\/\/buscatextual.cnpq.br\/buscatextual\/visualizacv.do?id=K4320215U6&amp;tokenCaptchar=03AGdBq26w9vYSngXrDTxeZ9O2_edr_gaHbpoiNqVDXEgb5SQ8PsGM9CsK7ab3XEVJf_fdcPBoyOOm9I8Ui9feDXpuKuxnWiyY83Ar3bBRq44KW-9lJeJ_3n1wdYIEa1v7TK4CQSD9qzwgf1XCEPdLF7L-4CBU8NeNsq8s_6BhZ6cAPG0dz7tTPzZCwLLtndQR4SwefxYA_LcE7qcCtneQuZwUe4sX9FGj9TusuYyNO3--AJjrx30-KHhDZskt-GnY1AxVrwyMGWbgB4AtL3x_gtm6sB6cK2G38aJngJIl-cJNLFqcLtxADvLmIk3kVbwC70ZnZ2FPAYWI-yv_P2ISi7AELAOrAZiMjvUeUksFJONxyytqeCoFK85dFXpVy01_rvsLW4wmc73XmazTrz5Tha-4bHLbm2CJa-8XhwAR-YTN0YuNPnUFMSYynRtjw3I2NTTV8MtnipKBMs3MVEjGsQpQSNciuAfW4w\\\" target=\\\"_blank\\\" rel=\\\"noopener noreferrer\\\">Rafael de Oliveira Costa<\/a>, 2014<\/p>\n<\/td>\n<\/tr>\n<tr style=\\\"height: 45.05pt\\\">\n<td style=\\\"width: 855pt;padding: 0cm 3.5pt;height: 45.05pt\\\" nowrap=\\\"nowrap\\\" width=\\\"1140\\\">\n<p class=\\\"MsoNormal\\\" style=\\\"margin: 0cm;font-size: 11pt;font-family: Calibri, sans-serif\\\"><b><a href=\\\"https:\/\/drive.google.com\/file\/d\/1pPJ6f6p3l5fe9jK7gr5jedHxKlEPZfFL\/view?usp=drive_link\\\" target=\\\"_blank\\\" rel=\\\"noopener noreferrer\\\">CEMIT\u00c9RIOS: ENTRE TUMBAS E ESQUECIMENTO UM PATRIM\u00d4NIO \u00c0 SOMBRA DA MEM\u00d3RIA<\/a><\/b><\/p>\n<p class=\\\"MsoNormal\\\" style=\\\"margin: 0cm;font-size: 11pt;font-family: Calibri, sans-serif\\\"><a href=\\\"http:\/\/buscatextual.cnpq.br\/buscatextual\/visualizacv.do?id=K4320116J7&amp;tokenCaptchar=03AGdBq27dT1yl5vxl7Gs-TkCeyUdSeBrqUNy1MC2-qbIYnCwzHav08N03PyKg8Uq_4H4sySifZk2AlrX75_BHuClVeMxCXEU0Tbd-zX5h6cqHpRfSDSV_-RaH7PojUIpnxRT9Oyv9DyVvbGr6eE_GUw4QBpwMX7XuLYnk17ejIxQp1Qu_QVJx7TpC5RkmV7tc2HHiTuhuKMg1Q0Awu5gpHe8AM6TGqEgXqmLQbk9n8kWGZZz7Zk8CqXNLZF2qiWMEPcpZ0oK2Ei4TJjYAtsW4HTxFLEgQad1mqPFPdMB0YBf0syCN06f3eMAbwCiCQW43h7mamwJUX5tgiFl2QvU1t1fC9MkbfgawvRpRL6F5xeVJg4WeightZs0Pb6mzaZmyI6LgFujkd4r-1mSimBbbq1IP61n0xPQ3vEGAkvkLutUay5WpWDkmg6DKPV-TByivYbU9nMT028bVQp2p3RLGjD-FwPBz3vriPQ\\\" target=\\\"_blank\\\" rel=\\\"noopener noreferrer\\\">Renata Mirian Alves<\/a>, 2014<\/p>\n<\/td>\n<\/tr>\n<tr style=\\\"height: 45.05pt\\\">\n<td style=\\\"width: 855pt;padding: 0cm 3.5pt;height: 45.05pt\\\" nowrap=\\\"nowrap\\\" width=\\\"1140\\\">\n<p class=\\\"MsoNormal\\\" style=\\\"margin: 0cm;font-size: 11pt;font-family: Calibri, sans-serif\\\"><b><a href=\\\"https:\/\/drive.google.com\/file\/d\/1nSIE6khvWVc8CMljvHlwjdurTRsrM0Uf\/view?usp=drive_link\\\" target=\\\"_blank\\\" rel=\\\"noopener noreferrer\\\">A DIVERSIDADE E A PAR\u00d3DIA DO G\u00caNERO NOS FILMES SHREK: 2001 A 2010<\/a><\/b><\/p>\n<p class=\\\"MsoNormal\\\" style=\\\"margin: 0cm;font-size: 11pt;font-family: Calibri, sans-serif\\\"><a href=\\\"http:\/\/buscatextual.cnpq.br\/buscatextual\/visualizacv.do?id=K4212116P4&amp;tokenCaptchar=03AGdBq24NRMsoWpV35Bd-44BvQExB7HcxygjivjV6qqVkbDH1pCadfa4r_m_27Er_uT6B56-Cav9fqF9cfncAEKTWg1PWf3euoQCZVH80nm7ifma16ZncI33TlRmQhFlnKUDRJo_ufqu5nAn80w1fHs9FmeSvSFRwDBx_TFUuasZi0tv4O8-_5TjesE_DsVuszsfF-OrVk9bDD2OUaAVOe6VQVcFZo68P15LuXFL7Mvvl5QBoQdsD3UI-gnInOp0EauI6kjNT8WjI0jD710UOOGX1GN8JDJyrcodE1KAiJY16DS2JCKnKZIQtMeAQcU7FPwRECUda6rDaEjrPlfmmSHAXp1xFzt-verHoBHAdtDxFzzMCh-9owqpZk1jMxPQ0cjUGbw4xeQOMc9hFXXesrGmzWepAj_qTpSaSDrpgtanfFKONLBYHEiaT9ZvOI0k6FudLEe-xk0IaiuQ-uRCpHt16UviyTLtFAA\\\" target=\\\"_blank\\\" rel=\\\"noopener noreferrer\\\">Renata Santos Maia<\/a>, 2014<\/p>\n<\/td>\n<\/tr>\n<tr style=\\\"height: 45.05pt\\\">\n<td style=\\\"width: 855pt;padding: 0cm 3.5pt;height: 45.05pt\\\" nowrap=\\\"nowrap\\\" width=\\\"1140\\\">\n<p class=\\\"MsoNormal\\\" style=\\\"margin: 0cm;font-size: 11pt;font-family: Calibri, sans-serif\\\"><b><a href=\\\"https:\/\/drive.google.com\/file\/d\/1Y6EL611IY0sLPBpGvymq9zjm2fpZOGuE\/view?usp=drive_link\\\" target=\\\"_blank\\\" rel=\\\"noopener noreferrer\\\">\u201cESPELHO, ESPELHO MEU\u201d: BELEZA, CORPO, G\u00caNERO E CONSUMO EM PRODU\u00c7\u00d5ES INFANTOJUVENIS (2001-2010)<\/a><\/b><\/p>\n<p class=\\\"MsoNormal\\\" style=\\\"margin: 0cm;font-size: 11pt;font-family: Calibri, sans-serif\\\"><a href=\\\"http:\/\/buscatextual.cnpq.br\/buscatextual\/visualizacv.do?id=K4401127D7&amp;tokenCaptchar=03AGdBq24m3f9SobhW4iXo8YNP9VPOUL1AwdMPi07UnL44xucgVRlFaZ1_VGGT23LETTslExu9QB8AxS0tY3VfS-gVAyATXi4wuYnFlNhktE1oLaQdPUQ4I5dGQWBNmXUs58l2vHpEfL_pfvEgmfbmy_UAKBd6-NJUbZghq-sGN1q6R0axq6XL4Kcu7s-XlklR3zu8RVbKawd-0vEANmSudL8w6tf3CNgUbA8DPWZ1tSMoq86c0lge-lH2sCKd2eSHmEQ6mDKE1ZxwD-MaQaceGlintte61yQ7KNF5vgfO0ZpYbdiv_27S5gi9wfgEzlYwFA1Wj8Cqu-j2xq12svuqdvRv9fdt4wc_TIHsIr_Tw5tieOHAnk2Wbf1jc9EPqyqQItL5OO5AYyxTBk24TBkHxpNT9i3I1aBvioMIMDpzGfVMkvPckmmvdo6tFxUoRRkZnPmpBtG8HT3u9JuPCCbVYk-WqtVgqAU_Ig\\\" target=\\\"_blank\\\" rel=\\\"noopener noreferrer\\\">Aline Marielle Silva<\/a>, 2015<\/p>\n<\/td>\n<\/tr>\n<tr style=\\\"height: 45.05pt\\\">\n<td style=\\\"width: 855pt;padding: 0cm 3.5pt;height: 45.05pt\\\" nowrap=\\\"nowrap\\\" width=\\\"1140\\\">\n<p class=\\\"MsoNormal\\\" style=\\\"margin: 0cm;font-size: 11pt;font-family: Calibri, sans-serif\\\"><b><a href=\\\"https:\/\/drive.google.com\/file\/d\/1vQqLhainVRlzg2b4O-m7MmZUzTLA1lYB\/view?usp=drive_link\\\" target=\\\"_blank\\\" rel=\\\"noopener noreferrer\\\">O CINEMA TENN DE JOHN HUGHES E A ADOLESC\u00caNCIA AMERICANA DOS ANOS 1980<\/a><\/b><\/p>\n<p class=\\\"MsoNormal\\\" style=\\\"margin: 0cm;font-size: 11pt;font-family: Calibri, sans-serif\\\"><a href=\\\"http:\/\/buscatextual.cnpq.br\/buscatextual\/visualizacv.do?id=K4438930D5&amp;tokenCaptchar=03AGdBq243VVetOFWCAR0nfm-9ouwM_yBkJAVIC2i1YW8Go9ERw6qkS_sgwpvrlg36ujalwV9ksMgUEpfuXz7aRpyPSKZphUspWUEI1wx8yK-NIRCFaQPWKuLIrT1f_yMBR_1U3WHKKStGf1vsCKGPTA4Hna8jQ4MI6CQaRiUT4Siz5rMUBbvZdsU-WL-3-UNhPaRTwoglIuGGKgl0073IRrkXrS9Nms4li66B1EjwKv2b6xxsOSp6Z0nuaP9y0MchMPHQSN6_9kepSwIASKnSMHOXG1qLTTNYt2Nn6IoIFhkd2WqQJ-fN02MlgO0H01bui7B9UQ1_aBh5n3TLARpJlcESQNDiUthvw6bS_Jbt1dGyDpqJcXxV34ccXTBggx0ykiCC24IrRKlwApQ47cbyLMouUdOFvlHGYuSob5hlEFzmR46-Nt04mNMt17LtlLtzzxOGTrockvXuMwup0152rEIALNKKCIu8ug\\\" target=\\\"_blank\\\" rel=\\\"noopener noreferrer\\\">Diego Braga Almeida<\/a>, 2015<\/p>\n<\/td>\n<\/tr>\n<tr style=\\\"height: 45.05pt\\\">\n<td style=\\\"width: 855pt;padding: 0cm 3.5pt;height: 45.05pt\\\" nowrap=\\\"nowrap\\\" width=\\\"1140\\\">\n<p class=\\\"MsoNormal\\\" style=\\\"margin: 0cm;font-size: 11pt;font-family: Calibri, sans-serif\\\"><b><a href=\\\"https:\/\/drive.google.com\/file\/d\/1CX3WzatDQ_pPVD0szbgYJOtDxvEu4aB_\/view?usp=drive_link\\\" target=\\\"_blank\\\" rel=\\\"noopener noreferrer\\\">HIST\u00d3RIA E MEM\u00d3RIA NO FINAL DO S\u00c9CULO XIX: AN\u00c1LISE DAS OBRAS \u201cSE N\u00c3O ME FALHA A MEM\u00d3RIA\u201d E \u201cMINHA VIDA DE MENINA\u201d<\/a><\/b><\/p>\n<p class=\\\"MsoNormal\\\" style=\\\"margin: 0cm;font-size: 11pt;font-family: Calibri, sans-serif\\\"><a href=\\\"http:\/\/buscatextual.cnpq.br\/buscatextual\/visualizacv.do?id=K4256913T8&amp;tokenCaptchar=03AGdBq27M8wql1pN457SZVQyUc1UG6XiZeeoLG2DvvQD_MUwj1aGXRUPeH2yNFSzrEf_NpK_nsmRS3zC0pmRvG2kQyUUTM3gGk1LH6knY0wrkRjD9mvgJUScPZ1FXl-x-uAPmqL4qjiY7cL8gfsTZ3Xj5qiNG3Vq73f_L2A5Yhc_x5hoF3u08BKB9r_8g5pGyXO7i6rYCfBQwQ5vqAu8ioBcJQ5yAQx36qlOi0r5zZ5RSaKftJhtZnTVSqc9SRCYepSKAtVl__1WIuUC0Dq2jQ4wlVZ6ZlgvBqGdHtWQIcTjVXLEzx-uu9QWukVJchWbb_y1B0LopzBpcPX4h1YLXIMJ6Ft5zHM15STCxaqpNo6J2KhKkIUR6SAyeF5uMPXsMDz_P8G7ALoUCxT68NdZln55sq0QObVA2DM1rjvKmLdssmmiuPFJf05OuvkuGDbNKHioKK1ZfHAJs6tPpUuOd7a4nJSHbmNoIRA\\\" target=\\\"_blank\\\" rel=\\\"noopener noreferrer\\\">Luciana Pinheiro Fonseca Brand\u00e3o<\/a>, 2015<\/p>\n<\/td>\n<\/tr>\n<tr style=\\\"height: 45.05pt\\\">\n<td style=\\\"width: 855pt;padding: 0cm 3.5pt;height: 45.05pt\\\" nowrap=\\\"nowrap\\\" width=\\\"1140\\\">\n<p class=\\\"MsoNormal\\\" style=\\\"margin: 0cm;font-size: 11pt;font-family: Calibri, sans-serif\\\"><b><a href=\\\"https:\/\/drive.google.com\/file\/d\/1mJZi5w7fuCV-MfVf6WngNtB5Ke8vrV5i\/view?usp=drive_link\\\" target=\\\"_blank\\\" rel=\\\"noopener noreferrer\\\">A COR E A F\u00daRIA: UMA AN\u00c1LISE DO DISCURSO RACIAL DOS RACIONAIS MC\u2019S<\/a><\/b><\/p>\n<p class=\\\"MsoNormal\\\" style=\\\"margin: 0cm;font-size: 11pt;font-family: Calibri, sans-serif\\\"><a href=\\\"http:\/\/buscatextual.cnpq.br\/buscatextual\/visualizacv.do?id=K4164565Z7&amp;tokenCaptchar=03AGdBq26L2DXRKQWfexHdOH9yeymPE5KB12Xg_mMlh08x2PEt9y_OyTCEMgO-a-SiFRqJZ_BhT94mG7MjkS0aza2H8iyQ7S-BeNm2dan3LBjoy3TfxIPjNvLJ9T41URvKh3vl1J-01fkxj-wWH5h5ID5KB2DqWZ1PRlNDNnn4LxtaKeSULQhKrT8vdmc6PxdnrKdt2D5tw7tYXYsXySNmvPxlITWHmiLhutvt8RRy9JeAR2BbhuLE3tKQ-pdRxmxGPkjW88jnLp3d-dmY0Qax1jlhh3Rm4uIRuD7lT-cHJi8-aAxhmzFN9SRiNJoCxLRVr-5hAPETjVoxHQeqbPcxd3aLisy2VVhgUm1sliRbCBeaAuQVk0lpBuYcvyyH7FmeiEQd7YjWyCZNbT3lvAf_zOalEIMM_2O_GhEjG-CaFd7tmw49Bypg-iY_9S2MLsOlxfs-3s3pKRJJwYC5aLe4JTu0hAyFBFv0gA\\\" target=\\\"_blank\\\" rel=\\\"noopener noreferrer\\\">Maik Antunes Rodrigues<\/a>, 2015<\/p>\n<\/td>\n<\/tr>\n<tr style=\\\"height: 45.05pt\\\">\n<td style=\\\"width: 855pt;padding: 0cm 3.5pt;height: 45.05pt\\\" nowrap=\\\"nowrap\\\" width=\\\"1140\\\">\n<p class=\\\"MsoNormal\\\" style=\\\"margin: 0cm;font-size: 11pt;font-family: Calibri, sans-serif\\\"><b><a href=\\\"https:\/\/drive.google.com\/file\/d\/1_w0thDDbjn9usmR88h1V4mRQYbgiFfMU\/view?usp=drive_link\\\" target=\\\"_blank\\\" rel=\\\"noopener noreferrer\\\">O DESENCANTO DA ERA COLLOR SOB O OLHAR DA BANDA LEGI\u00c3O URBANA (1989 \u2013 1992)<\/a><\/b><\/p>\n<p class=\\\"MsoNormal\\\" style=\\\"margin: 0cm;font-size: 11pt;font-family: Calibri, sans-serif\\\"><a href=\\\"http:\/\/buscatextual.cnpq.br\/buscatextual\/visualizacv.do?id=K4453008T8&amp;tokenCaptchar=03AGdBq2758IAYcyx4-VWbeCqo55fJlfL91EtdgHhD70rp4dZo8_YmXjgQ9iLnsFnm-IL4jydguJKc_FeZWvAHhZSwO71VUyKjh4Y84axSE0U3z-5PiS-FIltdMd69TsCF5dph2A8iEW4FzNb6rPra725CwkCEsYp4F3rWcPOUjZHaIZLOHQR14FWDYQV--ZC1GekUBuWwIH9r2kRzjOkufZF5jqaZK9FzHZkOXFrrswR-8ju2_0h9ClGlgM4UAgRT_FBrXOa-yfmaRc6SQiRUPcnPct7jIbxSPpzV0D5kSl-Az_XYwlO2xYdfUVFF0ngunzHyFIbvw1xY_HagDdBIrzA3CPe5HKm_Jm09wRJA72dCqBgzefYeh36xXh2antl3Qz06m2kGc1-W9Nko4uncJVEIF9RqhSm2qXD4QJeGIp-gaKuCsPIF8Qkrl6aTub7Go_BdKXEwjkZVDW0VfwgebxgUchx-8hlYug\\\" target=\\\"_blank\\\" rel=\\\"noopener noreferrer\\\">Vanessa Dur\u00e3es Prud\u00eancio<\/a>, 2015<\/p>\n<\/td>\n<\/tr>\n<tr style=\\\"height: 45.05pt\\\">\n<td style=\\\"width: 855pt;padding: 0cm 3.5pt;height: 45.05pt\\\" nowrap=\\\"nowrap\\\" width=\\\"1140\\\">\n<p class=\\\"MsoNormal\\\" style=\\\"margin: 0cm;font-size: 11pt;font-family: Calibri, sans-serif\\\"><b><a href=\\\"https:\/\/drive.google.com\/file\/d\/13gYgB-bSlGElr32KSQxBmQkKTnRTlEj7\/view?usp=drive_link\\\" target=\\\"_blank\\\" rel=\\\"noopener noreferrer\\\">CHICA\/XICA DA SILVA CALEIDOSC\u00d3PICA: INTERCURSO ENTRE HIST\u00d3RIA E LITERATURA NAS REPRESENTA\u00c7\u00d5ES DO MITO EM ROMANCES DE AGRIPA VASCONCELOS E JO\u00c3O FEL\u00cdCIO DOS SANTOS<\/a><\/b><\/p>\n<p class=\\\"MsoNormal\\\" style=\\\"margin: 0cm;font-size: 11pt;font-family: Calibri, sans-serif\\\"><a href=\\\"http:\/\/buscatextual.cnpq.br\/buscatextual\/visualizacv.do?id=K4277861H9&amp;tokenCaptchar=03AGdBq25eiknomdHkQPP82az-waUXh8XlwEE47vYMJWiJD-mrkluv3dsWQH2MKz6J-H34tT58Eun4FEl-mNhV8MruP7N1cHBocXJin46IjOkaTHkkxRJb3AACva8vhfOGi03wZFCkyA1uLsTM2PUc6SYprdxXQznSwXT75GwMwVzXJtemHC7b06gzijRv6rKGqMpT_NO1Op1-rH4RkVUgMRgmNii3-vArn0LyztJlOB_u1FTpcIfBfulfJm2nUQTUC6IRov7--rmFr_JhGbn3hzrzn_XluWf-H5MdOgrFYfAoXf788sa1Sd5mlf-hz5hIdPT4xWr6lp4VRHwrVcT-MpjL-9FYjYcXPYE2VeQkUr4NHroxPxUy_iuOtwkue3XXLLAtSwik8mQT6j8_GVz7SJyCbgqpDH6kWiWqC7eEdOijwZkkK8rap6eGlNYL_aKuibT6xX0kPjHIWXgAy8RrsO9hEG_xJGqTbw\\\" target=\\\"_blank\\\" rel=\\\"noopener noreferrer\\\">Vin\u00edcius Amarante Nascimento<\/a>, 2015<\/p>\n<\/td>\n<\/tr>\n<tr style=\\\"height: 45.05pt\\\">\n<td style=\\\"width: 855pt;padding: 0cm 3.5pt;height: 45.05pt\\\" nowrap=\\\"nowrap\\\" width=\\\"1140\\\">\n<p class=\\\"MsoNormal\\\" style=\\\"margin: 0cm;font-size: 11pt;font-family: Calibri, sans-serif\\\"><b><a href=\\\"https:\/\/drive.google.com\/file\/d\/1CrO3FxV6qVv9WKjNN9WUCcyD_Zh-aPEC\/view?usp=drive_link\\\" target=\\\"_blank\\\" rel=\\\"noopener noreferrer\\\">REPRESENTA\u00c7\u00d5ES DE SEXUALIDADE FEMININA E DE G\u00caNERO NAS D\u00c9CADAS DE 1950 E 1970: DI\u00c1LOGO ENTRE HIST\u00d3RIA E A LITERATURA EM ROMANCES DE LYGIA FAGUNDES TELLES<\/a><\/b><\/p>\n<p class=\\\"MsoNormal\\\" style=\\\"margin: 0cm;font-size: 11pt;font-family: Calibri, sans-serif\\\"><a href=\\\"http:\/\/buscatextual.cnpq.br\/buscatextual\/visualizacv.do?id=K4416150A3&amp;tokenCaptchar=03AGdBq27np2GM69Birydvhh7iVyTuRugnHSee_rxglP0MhqkzshaqKgv51bfFbQo0jY89cN78WYVdEAUplSUmVWBYXorNkLxu13ZuoZfGpFmdUi5y8a3AiQsyzLyCijddhiCxLyTKHKo2RcaPHf19c8iYcHT7oljcJATdmplQFmnxSZe4W1snft-DnREV0dXPVJ9SbByCCszf-tbCyCS0LEoq8x0JPGvrNEVOm5g3JTuOtTI3slpwBRGODvrIoDSoSF0VNiWQX0ZEXcqdGNN9CAze71dIJCuwF_FJsHol0lPb0FxE3c1j7rFUlgFVQOGbMaLA6GyIrTza0nqe06CSip6xgDDbBnNyzX0SE0rb18kyqlc0wb7L7thnkP44aX_OZYD0RQHFRxgdYGTz9-fC9B4ZgFppLFf75YxlY9ZEahqhkkuYTO6MRSftp2cpGLoyTcTCWyU30tWnSJdCYcYfqKWxOE7xuXLwPw\\\" target=\\\"_blank\\\" rel=\\\"noopener noreferrer\\\">Viviane Caminhas Santana<\/a>, 2015<\/p>\n<\/td>\n<\/tr>\n<tr style=\\\"height: 45.05pt\\\">\n<td style=\\\"width: 855pt;padding: 0cm 3.5pt;height: 45.05pt\\\" nowrap=\\\"nowrap\\\" width=\\\"1140\\\">\n<p class=\\\"MsoNormal\\\" style=\\\"margin: 0cm;font-size: 11pt;font-family: Calibri, sans-serif\\\"><b><a href=\\\"https:\/\/drive.google.com\/file\/d\/1ruwUSL8mVdQ77nFsOQQKu0QnOEKyLKN4\/view?usp=drive_link\\\" target=\\\"_blank\\\" rel=\\\"noopener noreferrer\\\">\u201cO MELHOR CARNAVAL DO INTERIOR DE MINAS\u201d: CONSTRU\u00c7\u00c3O DO CARNAVAL DE RUA E DOS CLUBES DE GOVERNADOR VALADARES<\/a><\/b><\/p>\n<p class=\\\"MsoNormal\\\" style=\\\"margin: 0cm;font-size: 11pt;font-family: Calibri, sans-serif\\\"><a href=\\\"http:\/\/buscatextual.cnpq.br\/buscatextual\/visualizacv.do?id=K4347024U8&amp;tokenCaptchar=03AGdBq24y04PcXz15N2bic1szdZTIuEQv_Ojtc7mKLE7yRCwGBf1_9cn7Uekw5plhmdVtxwMxoK0vgw7QsXLt4Ycb1625sJblnRENv_J4r7x08FSbs98255NEAXOARd4Wmr4H2pnDgfqv70pEwlcvMajUrsa9OZwxRUHil1NtoxZfmOW7C1F7kvFkFnUPJp6l6cbSMuvsr4YGoaZKOolqOfMXQHV47Tx1ne6JEyEr1HmEQi8H4B1mtxkmGitn9HfHh7b9mcM8p951IBl5ZdvUUKjGt9Qq378ybX6H7TBIhhlyY7Ju75ITjQszu5zsGj6ozdJR-10_kz0UsIUzXdPqkIPokhkvwR1NaUGdaFCb3T07qV0O0nccn6FbIaCHZzNr6-NnEf6EFE-3YtxGJOuyGC3tKUT0yXlkNdVxyotE_WCO3jlpKrsbfvy-VG-nj9WUkQkiKOU3oBbSiHJ4MibFwiPcNR2FvUI-6Q\\\" target=\\\"_blank\\\" rel=\\\"noopener noreferrer\\\">Ana Luiza Ferreira Coelho<\/a>, 2016<\/p>\n<\/td>\n<\/tr>\n<tr style=\\\"height: 45.05pt\\\">\n<td style=\\\"width: 855pt;padding: 0cm 3.5pt;height: 45.05pt\\\" nowrap=\\\"nowrap\\\" width=\\\"1140\\\">\n<p class=\\\"MsoNormal\\\" style=\\\"margin: 0cm;font-size: 11pt;font-family: Calibri, sans-serif\\\"><b><a href=\\\"https:\/\/drive.google.com\/file\/d\/17JwweqwiusjX3bmboaLzJKOTkk9a2m69\/view?usp=drive_link\\\" target=\\\"_blank\\\" rel=\\\"noopener noreferrer\\\">CORPOS QUE PERTURBAM: A REPRESENTA\u00c7\u00c3O DO CORPO NA CONTEMPORANEIDADE A PARTIR DE M\u00c1 EDUCA\u00c7\u00c3O E A PELE QUE HABITO<\/a><\/b><\/p>\n<p class=\\\"MsoNormal\\\" style=\\\"margin: 0cm;font-size: 11pt;font-family: Calibri, sans-serif\\\"><a href=\\\"http:\/\/buscatextual.cnpq.br\/buscatextual\/visualizacv.do?id=K4695090H2&amp;tokenCaptchar=03AGdBq25yxj6xNAfaHwAsXk9nreu4RnYf86suJgRkGcpAeFx1n8NnRPOAi4IJM7MZgturegzPVBQU2UrNLyoPWTlZe984mG11eSLbOtssdfWbBJAQFkzzYv0V_kUd9vY23fpJFH9J0sbVn164vWIuQas_yjrBys2qaHnJXEDri4NUipaouApC50rhqTCO1TaknoOGRRe32z-PX2rodhH_Q7TOlq9FCEQz4Jdbzv_zJ5VDPgvpj2drt8m2oopklojvD_nbLhl1D5uhDGOKSAGPDWZkqLDi_6P3mQoWhDuSmJleYBJj-3JrM1_5sytRDmlsVo1itAv9Ni81vimCwcK3RIhgSABjtKLy68sjfZNHzrnJdaNTlgTdkPguw58_v8A3vG6qiK3jyGhGuB2-yCLHvCOWWaSvfiFerEvRBp7ABYhG0jgThk-TxVid_3FOGYX6hQWbvAyy1V2f0OS-xhuMf8LAwa3nDAJAKg\\\" target=\\\"_blank\\\" rel=\\\"noopener noreferrer\\\">Ana Paula Jardim Martins Afonso<\/a>, 2016<\/p>\n<\/td>\n<\/tr>\n<tr style=\\\"height: 45.05pt\\\">\n<td style=\\\"width: 855pt;padding: 0cm 3.5pt;height: 45.05pt\\\" nowrap=\\\"nowrap\\\" width=\\\"1140\\\">\n<p class=\\\"MsoNormal\\\" style=\\\"margin: 0cm;font-size: 11pt;font-family: Calibri, sans-serif\\\"><b><a href=\\\"https:\/\/drive.google.com\/file\/d\/1QyZtf84D9cFa5ibvdL5vSoeLRWtUdXHL\/view?usp=drive_link\\\" target=\\\"_blank\\\" rel=\\\"noopener noreferrer\\\">\u201cMENINA-MENINO\u201d: AS SEXUALIDADES DESVIANTES E A PRODU\u00c7\u00c3O DO ANORMAL CONTEMPOR\u00c2NEO<\/a><\/b><\/p>\n<p class=\\\"MsoNormal\\\" style=\\\"margin: 0cm;font-size: 11pt;font-family: Calibri, sans-serif\\\"><a href=\\\"http:\/\/buscatextual.cnpq.br\/buscatextual\/visualizacv.do?id=K4672594P2&amp;tokenCaptchar=03AGdBq27IUqpVJyZCEcy06-6E4oZrQ8K2slnWooFHk2A7KUm9OcG8jJnyhVsMKWtASopRQD4yp0jxeImli7zq0VX3yeo8xcnp_cHwCF58Z78PIYOJ6X9HD3QKyVO6Qkk8KRESfjQmJ8qpP5nw8dK2TaQCso_N6jvJGT4LKvjfstVQ8K2t-Xw-k3nkblo_ds90YGdq2A6wodjCUjIU25Rd8ccexXdQsJnkSE2kEl24Dgoh3839HabnLiYai_oVThTARebOl71EiIOx-XGUbF42MfCy7XkChsgjQPtOr9Bkrsg5EOISnhyDHR8AheJJ15JUieWA6r_o-f4ex3uA2CYaxNzbvAPpGJqTdHTdEuXuQabRHKMKfOEhvYh4t9lgzIH-Aq5t6qKI4dvOPwMnM6rudTKBnWFfQ0543MgHxS3W8dzSuy74pSKASGdeML_Qbg6IZa1-ryVGMLHfVsGCtYcRsntB8D1n6t2gQg\\\" target=\\\"_blank\\\" rel=\\\"noopener noreferrer\\\">Joanna Ribeiro Nogueira<\/a>, 2016<\/p>\n<\/td>\n<\/tr>\n<tr style=\\\"height: 45.05pt\\\">\n<td style=\\\"width: 855pt;padding: 0cm 3.5pt;height: 45.05pt\\\" nowrap=\\\"nowrap\\\" width=\\\"1140\\\">\n<p class=\\\"MsoNormal\\\" style=\\\"margin: 0cm;font-size: 11pt;font-family: Calibri, sans-serif\\\"><b><a href=\\\"https:\/\/drive.google.com\/file\/d\/10FOFYulVAu7gDsqnsW0Qnh7wYkm0M9hp\/view?usp=drive_link\\\" target=\\\"_blank\\\" rel=\\\"noopener noreferrer\\\">O NORTE DE MINAS \u201cNA ORDEM E NO PROGRESSO\u201d: UMA AN\u00c1LISE DOS PROCESSOS CRIMINAIS E DA ADMINISTRA\u00c7\u00c3O DA JUSTI\u00c7A (1889-1930)<\/a><\/b><\/p>\n<p class=\\\"MsoNormal\\\" style=\\\"margin: 0cm;font-size: 11pt;font-family: Calibri, sans-serif\\\"><a href=\\\"http:\/\/buscatextual.cnpq.br\/buscatextual\/visualizacv.do?id=K4891311Y1&amp;tokenCaptchar=03AGdBq26_700s28OKonmgf1d8GtR6y0ayL6qiUZvLx2YYQO53hi2lpB463ISYE8LbBBoSLETg9QMfNfRYFxJyERWDqJPgsEEPqIeVYoufLBks1IbSynsSu-TGahXoBuHSBbXjc9hVx_CWIAytnxIp75YnTnkoFhgwm_qUNteLRRXE_juVj1sogjEzSWKn2LC51r1PeCMzw3cwgHcL3u6wDEgA1lasRjfoma8Ml_yiklQVe3kmxxzMsMYCsBY5r9U3Kf8u4G4S7G2IDsnMM_4MCprpwUpkjr1WqeB6g1PyDhwDw0f99b7Fz2xidaDM9J-cW9rOJnKjFU6yYeL94k1unfTlp3NA_jPVYKKavQToG2KG1PSQrdC02hbD9EVeRew_WyvlufPHi9MaHG1uAbQsBTCrmGY95i2o9rkPcfv8okeYiskQUxGxDd4-_yWVPoXEKUWpP66CETaalXxxV4l0s5P5VHGeRZeZ_Q\\\" target=\\\"_blank\\\" rel=\\\"noopener noreferrer\\\">Keila das Dores Alves<\/a>, 2016<\/p>\n<\/td>\n<\/tr>\n<tr style=\\\"height: 45.05pt\\\">\n<td style=\\\"width: 855pt;padding: 0cm 3.5pt;height: 45.05pt\\\" nowrap=\\\"nowrap\\\" width=\\\"1140\\\">\n<p class=\\\"MsoNormal\\\" style=\\\"margin: 0cm;font-size: 11pt;font-family: Calibri, sans-serif\\\"><b><a href=\\\"https:\/\/drive.google.com\/file\/d\/1fQpkHQuIC1_KBjVFYL8mPVK0MgUEhsBU\/view?usp=drive_link\\\" target=\\\"_blank\\\" rel=\\\"noopener noreferrer\\\">A REINVEN\u00c7\u00c3O DO MITO MARIANO: A \u201cENVAGINA\u00c7\u00c3O\u201d DOS FILMES DE CRISTO NO CINEMA E O IMAGIN\u00c1RIO FEMININO<\/a><\/b><\/p>\n<p class=\\\"MsoNormal\\\" style=\\\"margin: 0cm;font-size: 11pt;font-family: Calibri, sans-serif\\\"><a href=\\\"http:\/\/buscatextual.cnpq.br\/buscatextual\/visualizacv.do?id=K4215349J2&amp;tokenCaptchar=03AGdBq26XegRqzVYQuDHJs0I4nlKa9NRrYWa7HlTB-thiyAAgBTSCsRmClKv3xzYAmlMGC5f1itlLVWR3BQQ-gKFC2GVAAssxDyeLxqVegu131T229z5NcURXPa5-3oOtUq5y78ZiF3TV_fuvHTsi5UOyGIZoGH8LSW-kAHzf8tUV5cj1eZvSi4QJ0jglTYChglta8wKDZgDfz1Yx21qXSec6e1SAQBbhii2cIIjLJn4_cHVDn5YJHquo4X6oT3kGm5T_MkS0BLnO3onbvo6vnK3OFewzh77uv7cUdZEVZmRrgdKdiBn3CmxLgeDd_igrJDMzcsoWs0bUs4sjo2oJSKKKJUXtHiPNEVuoKHREAKmvx0mBDHZBLvqdDd2TJ47cZ_kboMyxFWg3PnOsxgCuVwWgZIs0kKQDVSSF3p_ekCFaQC2C9d_WeIwW31zXj3ISGrd3BXSHHFgVK-J_YWXngeaXFlF1_LcX1g\\\" target=\\\"_blank\\\" rel=\\\"noopener noreferrer\\\">Rodolpho Alexandre Santos Melo Bastos<\/a>, 2016<\/p>\n<\/td>\n<\/tr>\n<tr style=\\\"height: 45.05pt\\\">\n<td style=\\\"width: 855pt;padding: 0cm 3.5pt;height: 45.05pt\\\" nowrap=\\\"nowrap\\\" width=\\\"1140\\\">\n<p class=\\\"MsoNormal\\\" style=\\\"margin: 0cm;font-size: 11pt;font-family: Calibri, sans-serif\\\"><b><a href=\\\"https:\/\/drive.google.com\/file\/d\/1TPUcgd03dMqqEGLI-mbOlGZhaaCWcEPN\/view?usp=drive_link\\\" target=\\\"_blank\\\" rel=\\\"noopener noreferrer\\\">CAMINHOS ENTRECRUZADOS: HIST\u00d3RIA, ESCRAVID\u00c3O E LITERATURA EM \u00daRSULA (1859) E AS V\u00cdTIMAS ALGOZES: QUADROS DA ESCRAVID\u00c3O (1869)<\/a><\/b><\/p>\n<p class=\\\"MsoNormal\\\" style=\\\"margin: 0cm;font-size: 11pt;font-family: Calibri, sans-serif\\\"><a href=\\\"http:\/\/buscatextual.cnpq.br\/buscatextual\/visualizacv.do?id=K4294215P7&amp;tokenCaptchar=03AGdBq27-xnB6Bw-xkgStEplQMaPoGmXFmvltcIdypzmpWDwpXzl9_aBfSsfv606z7XHoXZfxJHcs3Ziq0OzeXRSE6bqOtgpeMHszfJ184EJ2-k35ihvQ8x6yhOeqQZpk8R_UvcE4HJ92GGwpLSmoMfRhCYtnuHz26HVuqlwKCB6HTcjLNzUUY2s0Xs-DVuif_VFHD0vxAiaka9QMbx5iOs7wT5KYtsTd5ISJeO-UPA7FFWF7-1W1KtZ71Mjg9WIxAo6vcTOI6h30XlwpWyw9bw1OXIXN4Vo8J1pXFZMIYO8GJRiJvCP3cNorijr-iF6r6WQGt-cBBGpF5vKcuDYUxBXvFw4S6jTlD5ZCk3XiRdYNXii-0sxBMDnJd2fkyn5DpukIKO30rFuLPK8uBXOLAmzPGvTMhMxeXpelnKMi5OMmE_gxUl-VRyyEMOvEGt-Z6jopTq8Gz6qpzQiSQ_PtnPq3ezjwvDD-xA\\\" target=\\\"_blank\\\" rel=\\\"noopener noreferrer\\\">Ros\u00e2ngeli de F\u00e1tima Batigniani<\/a>, 2016<\/p>\n<\/td>\n<\/tr>\n<tr style=\\\"height: 45.05pt\\\">\n<td style=\\\"width: 855pt;padding: 0cm 3.5pt;height: 45.05pt\\\" nowrap=\\\"nowrap\\\" width=\\\"1140\\\">\n<p class=\\\"MsoNormal\\\" style=\\\"margin: 0cm;font-size: 11pt;font-family: Calibri, sans-serif\\\"><b><a href=\\\"https:\/\/drive.google.com\/file\/d\/1MPP3kIyl9lqSB2OKt40pU9qAecxCwU8A\/view?usp=drive_link\\\" target=\\\"_blank\\\" rel=\\\"noopener noreferrer\\\">MEM\u00d3RIAS GUARDADAS: UMA AN\u00c1LISE DAS OBRAS RARAS DA BIBLIOTECA CENTRAL DA UNIMONTES E DA BIBLIOTECA NACIONAL &#8211; 1962 A 2015<\/a><\/b><\/p>\n<p class=\\\"MsoNormal\\\" style=\\\"margin: 0cm;font-size: 11pt;font-family: Calibri, sans-serif\\\"><a href=\\\"http:\/\/buscatextual.cnpq.br\/buscatextual\/visualizacv.do?id=K4746239E4&amp;tokenCaptchar=03AGdBq25rmwZo3L5m72iww9a-VYsfh3FzH5-4xIS_MSZ9nb0mzFUZP-9tcIh-pupcBga7m5vZMzQeCuL0oCe6IBDQygSeaoPTsqDfHRfgf-Bz9W2Bc2qsqy-uXYzmJs5V7EUVMSgf-j5XalTOAfMASVk8I5CPTh-c8OhmYwJfTfkHDUqbq8x-2YwrZFC6KvL9eHamJjjsbH-uUwnqPrBcCkE_i6pbtZQANPGnhNhXGR6DF8p8fPU2xmIKzDtF0ro5o9Cq4Z-s4X9Un5WAkWQ68D6x0ATOIzewsewwYNkqOukc21bB-xXuvlS5EdTCbDi3nRJxDn9CGhHL64obpJAtKBa9Bv9bfPQ92V_DeIFWWVi8TRMFKyK2gN69pCfChenNKvmmRl4xn_ed-fGkaa-vmuc2WrTh-RRqH7Yzs_ZYSPJPIC_w-fzIozjWcRSPl1Vdd1yupMbG26uiA18Q5J-vNiP4xWZger87QQ\\\" target=\\\"_blank\\\" rel=\\\"noopener noreferrer\\\">Roseli Aparecida Damaso Messias Garcia<\/a>, 2016<\/p>\n<\/td>\n<\/tr>\n<tr style=\\\"height: 45.05pt\\\">\n<td style=\\\"width: 855pt;padding: 0cm 3.5pt;height: 45.05pt\\\" nowrap=\\\"nowrap\\\" width=\\\"1140\\\">\n<p class=\\\"MsoNormal\\\" style=\\\"margin: 0cm;font-size: 11pt;font-family: Calibri, sans-serif\\\"><b><a href=\\\"https:\/\/drive.google.com\/file\/d\/1j9a0pjOOM8wJ02hr2BuX6X0PVXE1psOg\/view?usp=drive_link\\\" target=\\\"_blank\\\" rel=\\\"noopener noreferrer\\\">CI\u00caNCIA, ORDEM E PROGRESSO: A A\u00c7\u00c3O M\u00c9DICO-ESTATAL SOB OS CORPOS SERTANEJOS (1916-1928)<\/a><\/b><\/p>\n<p class=\\\"MsoNormal\\\" style=\\\"margin: 0cm;font-size: 11pt;font-family: Calibri, sans-serif\\\"><a href=\\\"http:\/\/buscatextual.cnpq.br\/buscatextual\/visualizacv.do?id=K4951859H3&amp;tokenCaptchar=03AGdBq241KD5b8Pb4XW-Fb8q-lsLEkoRgop_21Wtb00b7iqWeXkD4FRnnOzi8MU4p9nkedm7iGPwwGPaerrSlTo-RK4VWogs2Q5ZvbRPxYhSG7V2EUH9wXZav7nBacUOSRegof6SbXPi01NFkzOQIiUzHoK8Ex2kpDzHu5ROZ20TO05gk9vn-HGdDSOJ-glvQ0GxJ7IxyFuMqGgS4KEdbiBq4UUAB4CKSqbDJ0qJnYnZsGZ17wTowdv9Sgp3AYWkVZCMYdRqUDeDMx9jAF44IPwtAGaqv7KugL1HJmyU_uabG-zDi4iXvGWzXaEhoNNEGfB_2q0BNTCm8mJATXAxdKzMrojiX3ewP1wIRvxJ51M6GLSznfRyejPJFKNvvPY-wX1EkQmZMRdot3YJskYZ1aAi3RYEZ0TxuIeclc5-Yt1_QPqzzE5uxUnxkqqqgfV7aYUwyGE_P0wkV9KKw-ziwB7iDhZQR1xJm2w\\\" target=\\\"_blank\\\" rel=\\\"noopener noreferrer\\\">B\u00e1rbara Rafaela Pessanha Guedes Prates<\/a>, 2017<\/p>\n<\/td>\n<\/tr>\n<tr style=\\\"height: 45.05pt\\\">\n<td style=\\\"width: 855pt;padding: 0cm 3.5pt;height: 45.05pt\\\" nowrap=\\\"nowrap\\\" width=\\\"1140\\\">\n<p class=\\\"MsoNormal\\\" style=\\\"margin: 0cm;font-size: 11pt;font-family: Calibri, sans-serif\\\"><b><a href=\\\"https:\/\/drive.google.com\/file\/d\/1XIf_OJUE3BRU4WnWCHjHhGeKW1NbXVnc\/view?usp=drive_link\\\" target=\\\"_blank\\\" rel=\\\"noopener noreferrer\\\">DA VIOLA AO VIOLEIRO: A REPRESENTA\u00c7\u00c3O DO CRIME PASSIONAL NAS MODAS DE VIOLA ENTRE 1930 A 1970<\/a><\/b><\/p>\n<p class=\\\"MsoNormal\\\" style=\\\"margin: 0cm;font-size: 11pt;font-family: Calibri, sans-serif\\\"><a href=\\\"http:\/\/buscatextual.cnpq.br\/buscatextual\/visualizacv.do?id=K4447025Z6&amp;tokenCaptchar=03AGdBq25NJqCLapI_GOB2lPU4H6-z5YeBHrCbrD0q8I5GWaaNiHGP0S-xQqBPE_2QOkEMIVWIXhVhwX9raXKz5iTEfTzMULpnB2OJGn4Q6ZHcySOaOKWvF9AKhrTCijYFfnFIs6XbS44_9EPXU8v0wyBh5-iiAQNCl35-p5AYRTyu_I9djglGdHeJED37GnUXnm1bOh-ha6bLXjcZqm-pu-odYTFiWGTUK0oKhMiu-XcS4fvvvbnb3NnDeXHX_X-7R67BKU9De59FbG82NYYJQlkNxIMCKxSC60AOHpQnqH8wgKY-XAP1VfPPGpBo89offUH5AcJoxdW8ycS6v8eFJMxQpeA4W6vmsrCmqbDfypmzoAhHxUMKgnTTJine5rWETOtIVxQFOwEtwYvsMBTxk0Zjn1RKkXnwjoWZTqFoPR5QXM6EtfMG_JPZhH2IEAtonrloXWk4JneJWG6InUczFgbVCpVWNbIdrQ\\\" target=\\\"_blank\\\" rel=\\\"noopener noreferrer\\\">Carlos C\u00e9sar Pereira de Almeida Filho<\/a>, 2017<\/p>\n<\/td>\n<\/tr>\n<tr style=\\\"height: 45.05pt\\\">\n<td style=\\\"width: 855pt;padding: 0cm 3.5pt;height: 45.05pt\\\" nowrap=\\\"nowrap\\\" width=\\\"1140\\\">\n<p class=\\\"MsoNormal\\\" style=\\\"margin: 0cm;font-size: 11pt;font-family: Calibri, sans-serif\\\"><b><a href=\\\"https:\/\/drive.google.com\/file\/d\/1iLf0EY0cT_a5Ed22YMYvT32NLGK-wXUI\/view?usp=drive_link\\\" target=\\\"_blank\\\" rel=\\\"noopener noreferrer\\\">A FALTA E O EXCESSO: G\u00caNERO E SEXUALIDADE EM FILMES BRASILEIROS PRODUZIDOS NA D\u00c9CADA DE 1970<\/a><\/b><\/p>\n<p class=\\\"MsoNormal\\\" style=\\\"margin: 0cm;font-size: 11pt;font-family: Calibri, sans-serif\\\"><a href=\\\"http:\/\/lattes.cnpq.br\/7640323601065201\\\" target=\\\"_blank\\\" rel=\\\"noopener noreferrer\\\">Fabiana Oliveira Leite<\/a>, 2017<\/p>\n<\/td>\n<\/tr>\n<tr style=\\\"height: 45.05pt\\\">\n<td style=\\\"width: 855pt;padding: 0cm 3.5pt;height: 45.05pt\\\" nowrap=\\\"nowrap\\\" width=\\\"1140\\\">\n<p class=\\\"MsoNormal\\\" style=\\\"margin: 0cm;font-size: 11pt;font-family: Calibri, sans-serif\\\"><b><a href=\\\"https:\/\/drive.google.com\/file\/d\/1CKGGHjb7ffF-eQl9IJdqvoZBcUuNaOpz\/view?usp=drive_link\\\" target=\\\"_blank\\\" rel=\\\"noopener noreferrer\\\">SUBVERTENDO A MORALIDADE: CINEMA MARGINAL E CONTRACULTURA NO BRASIL (1969-1970)<\/a><\/b><\/p>\n<p class=\\\"MsoNormal\\\" style=\\\"margin: 0cm;font-size: 11pt;font-family: Calibri, sans-serif\\\"><a href=\\\"http:\/\/buscatextual.cnpq.br\/buscatextual\/visualizacv.do?id=K4339737Y8&amp;tokenCaptchar=03AGdBq24vauTUOtkxuFgQrT_8Y3bgq3hEUhxQ3lLupgFWArDW-HdBAcqbiHocXIdMwTHJXyyEknBTwH52Nn7uvsOzCVX8IP_c4LCDsxLR2iVds9f6VUD5e4SAcvlet_Jghret-fpNHfuOox_6oG9ZYXUvnp68frY0tjNyta7gMjJtY-lrrhayRCovtihC3sSm5kcC82ehoBYUmFy3Jje68r2UtSPOe6zFPVXRC62DKOJpUa55Rh9tv8nqYlTQMlcIQPD_bG_zQNB-eJmeCSyzcccf0NuDUKpSsqlbhq-9d2xC-YE7XugH-9ImgGUYFortf3_Y-XvVi2NQsN3X2M9qZrw39gL6lX-vv0n3WsStNOf6A98EPaT9Z5h3IUSqdb4BLvw_FuzQqi7NmfY0nZV-FVRtnzktnr8ttO_9kf69oDiamm7SwR_a7J28jm39zCC3QTO4kOJYjfm9ec7qyxKK6uxLubhEiWvUzA\\\" target=\\\"_blank\\\" rel=\\\"noopener noreferrer\\\">F\u00e1bio Santiago Santos<\/a>, 2017<\/p>\n<\/td>\n<\/tr>\n<tr style=\\\"height: 45.05pt\\\">\n<td style=\\\"width: 855pt;padding: 0cm 3.5pt;height: 45.05pt\\\" nowrap=\\\"nowrap\\\" width=\\\"1140\\\">\n<p class=\\\"MsoNormal\\\" style=\\\"margin: 0cm;font-size: 11pt;font-family: Calibri, sans-serif\\\"><b><a href=\\\"https:\/\/drive.google.com\/file\/d\/1c6_po6iGVU9oCjrKodv7h1M4CqX_iogJ\/view?usp=drive_link\\\" target=\\\"_blank\\\" rel=\\\"noopener noreferrer\\\">MUITO AL\u00c9M DE VIL\u00c3S E MOCINHAS: A CONSTRU\u00c7\u00c3O DE G\u00caNERO E DE REPRESENTA\u00c7\u00d5ES FEMININAS NA NOVELA ROQUE SANTEIRO (1985)<\/a><\/b><\/p>\n<p class=\\\"MsoNormal\\\" style=\\\"margin: 0cm;font-size: 11pt;font-family: Calibri, sans-serif\\\"><a href=\\\"http:\/\/buscatextual.cnpq.br\/buscatextual\/visualizacv.do?id=K4951868U4&amp;tokenCaptchar=03AGdBq27nWfmZc70WbtLPeCxdv1Kftr5QLkl1XKXk8AbX2eOhAtfnwI92KvvA19Th2g1qLxCBTu1ylNE-TBuzAqZYWquhVR8znSR_TVYTUDXpg97HN5ysCNN7ZeJCRlDP0rVJW_ff5hxyxONMkGezpShGq1cO6BRM2794eXL9ZAzEpE7M-qXsXX9Fjdr0QWmA-TPbDEbfQKT1yBzNXKOQOX_3BpD-Ap2yrgETxLRxqww0MGmb9ek4btOAvlpz3ljobbq_Ah3_furrQPL7EaHb6BGuglDn6zynQrVJMJSA95CPh0MSdQ19wC65MEnHhyTWHrXsVnd0T-o8Amzs7LFyMRvXVaKIznqppj6wrQOIHqbfusAwLFjr_aVwolDBJ_yQ9Of8jsC6_oRqgPM9nPDX7SM2-wrnwYQbYMKF5J2E_4HZJDU-7VZMSnKfzDU6DJo6VLVwyAyKLjwuscZ_PhvnN7AihYSdg6CgZQ\\\" target=\\\"_blank\\\" rel=\\\"noopener noreferrer\\\">Gabriela Miranda de Oliveira<\/a>, 2017<\/p>\n<\/td>\n<\/tr>\n<tr style=\\\"height: 45.05pt\\\">\n<td style=\\\"width: 855pt;padding: 0cm 3.5pt;height: 45.05pt\\\" nowrap=\\\"nowrap\\\" width=\\\"1140\\\">\n<p class=\\\"MsoNormal\\\" style=\\\"margin: 0cm;font-size: 11pt;font-family: Calibri, sans-serif\\\"><b><a href=\\\"https:\/\/drive.google.com\/file\/d\/1baS5aoqS8IH7CP8Q4EYiaq2KiCoqFZwL\/view?usp=drive_link\\\" target=\\\"_blank\\\" rel=\\\"noopener noreferrer\\\">CONGREGA\u00c7\u00c3O CRIST\u00c3 NO BRASIL: ORIGEM E SEUS DESDOBRAMENTOS NA SOCIEDADE NORTE-MINEIRA<\/a><\/b><\/p>\n<p class=\\\"MsoNormal\\\" style=\\\"margin: 0cm;font-size: 11pt;font-family: Calibri, sans-serif\\\"><a href=\\\"http:\/\/buscatextual.cnpq.br\/buscatextual\/visualizacv.do?id=K4388656P4&amp;tokenCaptchar=03AGdBq25hxeVXwgfiJ2JYOxR69YRKYfa3FH8nFjkTLnDIKo3maIS4C0bUHef_8ZLkqFyplv2SWKwOlUMbl29TP5h4DhGs3sO6SXsUIh0MJ7zwzU1xD0_srEMsUanst_aLtuLFaVyILHIdgfaxX7pj1d-g4rp6cPPS3WTMgJFKUrLS-bpR_mjXRFAhubG6lqhGLifKMyYjkXZuwtNsKCkSA01kUakFPfksMsaecp5uvoRIDkI7Gxb3-DWfwtsrAdiy4Ya-pcndWt5dwzksNGq2tubqibAmOi4Nj6zzImtLbOyu71ip8TYQU3wBgfFcF4UQ7y_ZqQeE0jtCkZeymiIzI5k5vIlo6uT740J1DHHWLcdITA3rbUnhjV9HjxpwTY0iM-Q-o-gapui3vukqFSOixfvXGTN8LrxRhWUt5iHF7kb2xotpIJLhasWOG2OjgVxGbQLd1iBNQ3GapbuR40DY0yFeGNsblxDl-Q\\\" target=\\\"_blank\\\" rel=\\\"noopener noreferrer\\\">George Gomes de Oliveira<\/a>, 2017<\/p>\n<\/td>\n<\/tr>\n<tr style=\\\"height: 45.05pt\\\">\n<td style=\\\"width: 855pt;padding: 0cm 3.5pt;height: 45.05pt\\\" nowrap=\\\"nowrap\\\" width=\\\"1140\\\">\n<p class=\\\"MsoNormal\\\" style=\\\"margin: 0cm;font-size: 11pt;font-family: Calibri, sans-serif\\\"><b><a href=\\\"https:\/\/drive.google.com\/file\/d\/1JTeTxpiByomD7D1eTwUpIsYRCtGPUI2s\/view?usp=drive_link\\\" target=\\\"_blank\\\" rel=\\\"noopener noreferrer\\\">DO OUTRO LADO DA LINHA: HIST\u00d3RIA E MEM\u00d3RIA NA CONSTITUI\u00c7\u00c3O DO BAIRRO S\u00c3O JUDAS TADEU &#8211; MONTES CLAROS\/MG<\/a><\/b><\/p>\n<p class=\\\"MsoNormal\\\" style=\\\"margin: 0cm;font-size: 11pt;font-family: Calibri, sans-serif\\\"><a href=\\\"http:\/\/buscatextual.cnpq.br\/buscatextual\/visualizacv.do?id=K4361430Z1&amp;tokenCaptchar=03AGdBq24BJGL9g6ePDUPNwicbILGb3rLGvwncq76ErIUiTRrhEof-TjThhr1G8J5VIfp2Xc1Z2PawUiY8dtrPKQhO6n8bpobI45ajtPKYD8pA0kac6aG3hx2tIuFY-mQx2UFeIrJ2U8lXWavRv_M6aoBMNH5MWGvCsLhTCQOxlPa993RoMfgkudBos2SJfUtMFMxowfh-fzDCi-GFbEN5hReZi-Wm0hbRHq3NEA4-0m8AJ-Dd1t8ZsogLvWwOspmZUCpc73RkXvk1Thi0Wxx_JeOGuro6fHQDspNXZ4-8HY8i4rmXxOCW-AmwjdTa1UUU5FoS5HcrcG54nzIQvTS4-jcyqbiN9m2eDTK9BMX5lUZ7CZpUr6H-4erXLIlJv6m1LOEE0OLPJFnYg6T84Q3pHuxcnsgKSmq7ju9sv1a832K8S7EwAuZpYcKWlFgn6NsHV1vIW5lEZYuwwuXCkKTv1OT9DtzJyMBFfw\\\" target=\\\"_blank\\\" rel=\\\"noopener noreferrer\\\">Kamila Freire Fonseca<\/a>, 2017<\/p>\n<\/td>\n<\/tr>\n<tr style=\\\"height: 45.05pt\\\">\n<td style=\\\"width: 855pt;padding: 0cm 3.5pt;height: 45.05pt\\\" nowrap=\\\"nowrap\\\" width=\\\"1140\\\">\n<p class=\\\"MsoNormal\\\" style=\\\"margin: 0cm;font-size: 11pt;font-family: Calibri, sans-serif\\\"><b><a href=\\\"https:\/\/drive.google.com\/file\/d\/1UawtXwy83VT_FV22H_ZvmCFG7VvMreD9\/view?usp=drive_link\\\" target=\\\"_blank\\\" rel=\\\"noopener noreferrer\\\">PRAZERES REVELADOS: PRODU\u00c7\u00c3O DE SENTIDOS DE CONSUMO E SUBJETIVIDADE NA REVISTA G MAGAZINE.<\/a><\/b><\/p>\n<p class=\\\"MsoNormal\\\" style=\\\"margin: 0cm;font-size: 11pt;font-family: Calibri, sans-serif\\\"><a href=\\\"http:\/\/buscatextual.cnpq.br\/buscatextual\/visualizacv.do?id=K4355890H2&amp;tokenCaptchar=03AGdBq24eIwk-7FKZZoh6LaNCzddFNhewp8xU9jYIZQmJGCKHmjLcixyjLM4smERusy7oW-3ibWxvEectAVvs6-vHEWnbAcnmOjOq_j6yaw2rBaTWqOHXgpuflfFG8g4DF86qBSCZzLC5Wdin7LqLsH-99YBfkEDibeMe1H0Eg1ZNsE3o3o8VGMw-Tf7pR2MZ_eSSmQY8IfNgDLoKljVRzvhE84fWJpU_i974pSWfBlQ7sIH9vOqPJCrZZy347LMWD9fTWK8dUt4PIkXGlDFyXM2bcKC0LqVjzpEZGiTvSoYrYBaa2TzA97GlsY9kX5_4n5PmKuD5EUp4FsfZF0v9QL4ScFoXua1u0olPEqhRPP8GlLNbT8K5KdnxxYMkpYjOUJnCISm6l6YQdlnGYCKgyS7ske-Z5pD0kZPHhBtr5lzuR6FV5Wk2BTKysd102yv932SACVDGRGiYCquJUa57VrI8iJeoGB_m_g\\\" target=\\\"_blank\\\" rel=\\\"noopener noreferrer\\\">Gerferson Damasceno Costa<\/a>, 2018<\/p>\n<\/td>\n<\/tr>\n<tr style=\\\"height: 45.05pt\\\">\n<td style=\\\"width: 855pt;padding: 0cm 3.5pt;height: 45.05pt\\\" nowrap=\\\"nowrap\\\" width=\\\"1140\\\">\n<p class=\\\"MsoNormal\\\" style=\\\"margin: 0cm;font-size: 11pt;font-family: Calibri, sans-serif\\\"><b><a href=\\\"https:\/\/drive.google.com\/file\/d\/1A8EZMPnsS09NT-Rjr2bMZOOglz9lFEla\/view?usp=drive_link\\\" target=\\\"_blank\\\" rel=\\\"noopener noreferrer\\\">A PRODU\u00c7\u00c3O DA FALHA: PR\u00c1TICAS DE SABER-PRAZER ALTERNATIVAS E DERIVAS DA SUBJETIVIDADE NOS ANOS 1980 E 1990<\/a><\/b><\/p>\n<p class=\\\"MsoNormal\\\" style=\\\"margin: 0cm;font-size: 11pt;font-family: Calibri, sans-serif\\\"><a href=\\\"http:\/\/buscatextual.cnpq.br\/buscatextual\/visualizacv.do?id=K4301319A1&amp;tokenCaptchar=03AGdBq27ypWW9JJVqfh2loz1pLlpD4q65SMUD7d6ZhCNhERAbbE4vy9uqvghswOlLaL4O0o_PZcoZC4j53R6H2VhST6oV4GiRp3QTIdNHUTws-H98oYIYcdYIsKqz7guA0ouaRmvcw8Tr68gMzBSh-sgoNySG9GOONFy6KEnqrwMWFzVoZ9DfgYh1bbButdXG3XntFsG6oPZdZ268oriLFmDgxJO_I-SwKritXID90HvteLztlRdmRAxIZtPDrL82LhUUIur-ek5pI9orCLVFCL7sHkWf3KO2rWmT_OFxRB9pWcY_zE3F0oIU1FLcy5x9twcFvN_zVV7-ZfyA4YWxasBrF9ky_2YrC05ZVhR00br7vy6v4CPWgZ8bLfPUtgoPQtN0X3R3-Pq8RgLp_AnRQxjFnLuPX9pl5LKCxoIQz4_VSKQBjYHRA0hlPmd-U3Lpn9Mma2WaUp0XUdNRFFFVMAZ91IjJ9LBivg\\\" target=\\\"_blank\\\" rel=\\\"noopener noreferrer\\\">Gustavo Henrique Ramos Silva<\/a>, 2018<\/p>\n<\/td>\n<\/tr>\n<tr style=\\\"height: 45.05pt\\\">\n<td style=\\\"width: 855pt;padding: 0cm 3.5pt;height: 45.05pt\\\" nowrap=\\\"nowrap\\\" width=\\\"1140\\\">\n<p class=\\\"MsoNormal\\\" style=\\\"margin: 0cm;font-size: 11pt;font-family: Calibri, sans-serif\\\"><b><a href=\\\"https:\/\/drive.google.com\/file\/d\/1N95ZK7GWGP2A3VB2lmuawSqlsuUFXasG\/view?usp=drive_link\\\" target=\\\"_blank\\\" rel=\\\"noopener noreferrer\\\">REINALDO ARENAS: REVOLU\u00c7\u00c3O, NA\u00c7\u00c3O E HOMOEROTISMO EM CUBA (1959-1980)<\/a><\/b><\/p>\n<p class=\\\"MsoNormal\\\" style=\\\"margin: 0cm;font-size: 11pt;font-family: Calibri, sans-serif\\\"><a href=\\\"http:\/\/buscatextual.cnpq.br\/buscatextual\/visualizacv.do?id=K4623146H8&amp;tokenCaptchar=03AGdBq26l29-I9XXjqorpKNb9aKMC8SghltiJvzUp1eHWnBsVXtTYrVNSdemygKYPWlLn6ppZ8geM1id5wIfs3qwzJ1gZZNyRUEjh7XKBJlarCb2dVrHCDYt7j5co0cV9bRkCC3FrWTJHW05-pC6BgJzDsS6Fv2-dDW4tLjkgQRlYg7nUD7IjkH_WUZefyK5geXnm57Ps0p02Wz5s4yozHqUHglunQkEi0NdfI4FjtJzzjOgfE3OW2mGTbvn_xDWHsandNPVvhpk07XS-67XASMKPaFnHolavkhbAGO_ChEr0eGPn5GsDINNxokQ6rKt12-uZKfRgsOZBhea35Yslqkq6qrclgTbsHI50gV0bP4aK18H6tTXUY0GITThcUS5Jq-00ewDFpTvw6EoGs9WMTT_z5f5tRmDK6LXv1IKP13Y41TE7of1WER7fWFvRcpfLgBtnWikOxigeKBYFVtbEqrEzELLACvGYNw\\\" target=\\\"_blank\\\" rel=\\\"noopener noreferrer\\\">Jorge Luiz Teixeira Ribas<\/a>, 2018<\/p>\n<\/td>\n<\/tr>\n<tr style=\\\"height: 45.05pt\\\">\n<td style=\\\"width: 855pt;padding: 0cm 3.5pt;height: 45.05pt\\\" nowrap=\\\"nowrap\\\" width=\\\"1140\\\">\n<p class=\\\"MsoNormal\\\" style=\\\"margin: 0cm;font-size: 11pt;font-family: Calibri, sans-serif\\\"><b><a href=\\\"https:\/\/drive.google.com\/file\/d\/17JcPuv99NA-jwY5rgPiXkTjwEJxssQcP\/view?usp=drive_link\\\" target=\\\"_blank\\\" rel=\\\"noopener noreferrer\\\">FEMINIC\u00cdDIOS NO NORTE DE MINAS (1970 \u2013 2015)<\/a><\/b><\/p>\n<p class=\\\"MsoNormal\\\" style=\\\"margin: 0cm;font-size: 11pt;font-family: Calibri, sans-serif\\\"><a href=\\\"http:\/\/buscatextual.cnpq.br\/buscatextual\/visualizacv.do?id=K4361639A2&amp;tokenCaptchar=03AGdBq24EuRKVgmYHuYtnS9YQC0eYTJRyrLGPBKtO4ZnB-OB0b_tmPVZGaXNuLmRTUSUYMMSxXG-CGBkqVlY689ExKCKnunbg8rG0OsBMSB9buKf671N1VVLY8XuQtlIVoFmEI9UE3xao5JB5BhTBrySk6KWYGL8xVX-5jLH47k4Kwe5RUjC-_SGEEC9O9i1LuzQ5AdaYGZQuBPsDD2oF65g9LEKVH4sMHUC8J0vlswpOV5ayaZXlItstcmazZq2QYbWUEcKuSFVhLNyszltRTw7A7Jf4xo5QCze_8QgDxBILlQUnLO3jFHzvAVdF5lbplf-kcUQIfkuJGB6vHlauQwlzIXqvae9YKGfqUz7aiWYFcmehT3xpiKwK7mldEMmybU4GPvfHkYsDz2IA5X3lVlXPrWzztcQ5hN_rFmb5eBllQUKeO7RruJO0How45OfYMKNgDYbhg91YXdpRA2QuPvS4RuC5WHwo-w\\\" target=\\\"_blank\\\" rel=\\\"noopener noreferrer\\\">Lara Lanusa Santos Nascimento<\/a>, 2018<\/p>\n<\/td>\n<\/tr>\n<tr style=\\\"height: 45.05pt\\\">\n<td style=\\\"width: 855pt;padding: 0cm 3.5pt;height: 45.05pt\\\" nowrap=\\\"nowrap\\\" width=\\\"1140\\\">\n<p class=\\\"MsoNormal\\\" style=\\\"margin: 0cm;font-size: 11pt;font-family: Calibri, sans-serif\\\"><b><a href=\\\"https:\/\/drive.google.com\/file\/d\/1U48BvSVYxdXVUz61nc421fQLwa6yq978\/view?usp=drive_link\\\" target=\\\"_blank\\\" rel=\\\"noopener noreferrer\\\">RACISMO E SEXISMO: MULHERES NA DOC\u00caNCIA DO ENSINO SUPERIOR EM MONTES CLAROS (1998 \u2013 2015)<\/a><\/b><\/p>\n<p class=\\\"MsoNormal\\\" style=\\\"margin: 0cm;font-size: 11pt;font-family: Calibri, sans-serif\\\"><a href=\\\"http:\/\/buscatextual.cnpq.br\/buscatextual\/visualizacv.do?id=K4274474A9&amp;tokenCaptchar=03AGdBq25hqxwDHIOB1lo1bwFkrpUXcLpcQE5fAmjFJqcCOCjCs625wb7LyaBbLGl0TMTUlvjTkCrqj-kqrZnBbhGTWkiTV7-2qu0VGQlwb3RRpyefYtN_EAZKt9kQiLo6uNgyZMpNc--eBsHzmjDt0r_-jXHAxotfqwr3OiE_xtUwinBG4PozQDAZO_vJU9QyCnSZjh5cA6SQtp0mxiaL9WlqjYu4VLbtXQgJYV6rz9PA2ZSZjTBQjyBo4kOTS7oTkkHX_mbTplaECuBuhAAA5L85s6TplOH68GrTVqfXyLOYzLhW9bMYzgQKTXSFLyZKf39rCMZPh4X9Iy1LMS07UCldonBIgD1FjzqjRHDiyp00kTkxqYmyt1uHomhxS-z7aXVShBEa57IMLozDg90dVPPkCmEF4zu1jlYvnGcZ9uIrgHDMbJbA7ezUNvBvdZuAw9JvQH_4JSITmz0udS1N1aH7iVdxMJ_ixQ\\\" target=\\\"_blank\\\" rel=\\\"noopener noreferrer\\\">Patricia Fernanda Heliodoro Dos Santos<\/a>, 2018<\/p>\n<\/td>\n<\/tr>\n<tr style=\\\"height: 45.05pt\\\">\n<td style=\\\"width: 855pt;padding: 0cm 3.5pt;height: 45.05pt\\\" nowrap=\\\"nowrap\\\" width=\\\"1140\\\">\n<p class=\\\"MsoNormal\\\" style=\\\"margin: 0cm;font-size: 11pt;font-family: Calibri, sans-serif\\\"><b><a href=\\\"https:\/\/drive.google.com\/file\/d\/1XK_K_1jmsnTLjMMItwMi_kA9-tC_cloH\/view?usp=drive_link\\\" target=\\\"_blank\\\" rel=\\\"noopener noreferrer\\\">\u201cDE ONDE VEM ESSE PODER?\u201d: PROTAGONISMO FEMININO EM NOVA PORTEIRINHA\/MG A PARTIR DOS ANOS 1970<\/a><\/b><\/p>\n<p class=\\\"MsoNormal\\\" style=\\\"margin: 0cm;font-size: 11pt;font-family: Calibri, sans-serif\\\"><a href=\\\"http:\/\/buscatextual.cnpq.br\/buscatextual\/visualizacv.do?id=K4861641A5&amp;tokenCaptchar=03AGdBq26TnJR67vTrOwY5PP36L9vNbU-J5Sprn6ieqlQ-aY1WgRDOlIVmEnAcFK8EQ6Kmf98WnCVXzA544lKfSWuUijfUH3iVhKJJGZuuP2m67RGDk0ZnMrbUIj3STWp_ALMzm-aU4qNRF6rvCzxfp7yWF7CoVbTIRN1ht0vQKqNwEHR__m2Y5QQEGBJJBllPpGVO7Y-8qOgnQwb39cc9sakPfj0Jcgn96JexOckTf0IRc3s_YRiFaiJDtaltFezaaOjkV4TnPqPRPixSuL5mxAukWDGLTKlTbtOVeJ5uCx53IlKfN0bPcV0tgeigPqd8PxPV_t6VzSfHwG_o0MajBLG4iTmqH2ogCl_k5X0Pzrr__HDlxJU0obe5uk7VOSYnpFaG3EX8UQqegyX6ymK7UelxJYz3dBrZFEQyVJw6XLIDDDx-ctHWvQmEPyenf1RMOmwInSWUcSmBH7TIGkZT5o_fhEkNAOH-_w\\\" target=\\\"_blank\\\" rel=\\\"noopener noreferrer\\\">Rhaenny Ma\u00edsa Freitas<\/a>, 2018<\/p>\n<\/td>\n<\/tr>\n<tr style=\\\"height: 45.05pt\\\">\n<td style=\\\"width: 855pt;padding: 0cm 3.5pt;height: 45.05pt\\\" nowrap=\\\"nowrap\\\" width=\\\"1140\\\">\n<p class=\\\"MsoNormal\\\" style=\\\"margin: 0cm;font-size: 11pt;font-family: Calibri, sans-serif\\\"><b><a href=\\\"https:\/\/drive.google.com\/file\/d\/1JeMsAXnut3uRAGE03XfYkbgd96x8y10Q\/view?usp=drive_link\\\" target=\\\"_blank\\\" rel=\\\"noopener noreferrer\\\">CULTURA, PATRIM\u00d4NIO E IDENTIDADE: PR\u00c1TICAS FESTIVAS NO MUNIC\u00cdPIO DE CORA\u00c7\u00c3O DE JESUS\/MG<\/a><\/b><\/p>\n<p class=\\\"MsoNormal\\\" style=\\\"margin: 0cm;font-size: 11pt;font-family: Calibri, sans-serif\\\"><a href=\\\"http:\/\/buscatextual.cnpq.br\/buscatextual\/visualizacv.do?id=K4326129D2&amp;tokenCaptchar=03AGdBq27CKt9RguLX9KEH87OmkEFB5mpreJfKJOX0CmQa1Spg6_A9k7h1k6hSRiS6zy9J9TDqONtZxBPzWEqw17MhXRJ8AG0Oo3-Z6fRRfyBUGer_-ilNaqswno3XdjEXEMc2e6KtaxXRlraNbel6KjvtANtlWE4_Rmv0Qlexvbv6BB1rW51ZfPee0Xd6I_RlU9BAfwCQMb6_X5JMNSYP01Y3E7RgOiCdfiys-xuLgWNtpxGUQ8l5P-CHzbi5TMKu0jRvePvZM3-aCQITgiSCiTBfcwU7jg4D8u6PmdYRvaPHnN4zyH582kUPJoy9bSicvK58ExaBs3A93kQtGrcXdiLQdCg85vI_Rr2hYxwbbMTWaR94hTTyq0LZcPpPrQ2ONZQUFl1Yoac-E0BSWFX5OrVo3JXrPDCY1yd0GvJlYkCgHCtTxxt5QVi1WsL55yeXCGDj_KSh_EvA-D7qsAJDUsNW0_S3Kr4toQ\\\" target=\\\"_blank\\\" rel=\\\"noopener noreferrer\\\">T\u00e2nia Caroline Ruas Silva<\/a>, 2018<\/p>\n<\/td>\n<\/tr>\n<tr style=\\\"height: 45.05pt\\\">\n<td style=\\\"width: 855pt;padding: 0cm 3.5pt;height: 45.05pt\\\" nowrap=\\\"nowrap\\\" width=\\\"1140\\\">\n<p class=\\\"MsoNormal\\\" style=\\\"margin: 0cm;font-size: 11pt;font-family: Calibri, sans-serif\\\"><b><a href=\\\"https:\/\/drive.google.com\/file\/d\/1HmslrT8PK6qXKbezTILl7mYyX4IXzzGB\/view?usp=drive_link\\\" target=\\\"_blank\\\" rel=\\\"noopener noreferrer\\\">A VOZ QUE QUER SER OUVIDA E PRECISA SER ESCRITA: MEM\u00d3RIAS AFETIVAS DE MULHERES NEGRAS \u201cSOZINHAS\u2019\u2019 MORADORAS DA CIDADE DE S\u00c3O FRANCISCO-MG (1979-2010)<\/a><\/b><\/p>\n<p class=\\\"MsoNormal\\\" style=\\\"margin: 0cm;font-size: 11pt;font-family: Calibri, sans-serif\\\"><a href=\\\"http:\/\/buscatextual.cnpq.br\/buscatextual\/visualizacv.do?id=K8705187E7&amp;tokenCaptchar=03AGdBq276INQRjE5g6vLAGBqoQ3NUGLKSFbljUY_45-pAZQOwQWM4xN9EqOszxyEB87E6Bsr7OtJ5EQvFU2j0_IZWNw-NW4NbEz6xgY3l0WCmfBpTpz_JV_GVe7AaKbW0-iwM7-VFydCfKd9bqutAqvomydbnqr0YIikpfORMy8ah27Dc3XdHUxR_mFKNlbvXNJYuvnS8P_EkK83PzXvgs1k7LpsyNoRRjPzeS1zXpTbGT8zl2af8H-tHcET3K3CrsTaK6W7sl5bx7OzpyXsWT2DUdqSFsKMkBhMpoE2nUAilexbS2QAEX7VQGYmj1qealUGZwgGHPHTvEM4M_oTqTopAqpYmcEF0ZfpEiTU0MkJyhoMZ4axrTWQPA_p2Mv9iNp0aF20B5IvIJnKonaeP_eAhUJKec7wtgL4RP6rKefizu9lnDh-JsJfwiIy47h53eylxTaYXrvrBBzpZ9r2uDm1eqtPJvRbm9g\\\" target=\\\"_blank\\\" rel=\\\"noopener noreferrer\\\">Aline Cardoso Lima<\/a>, 2019<\/p>\n<\/td>\n<\/tr>\n<tr style=\\\"height: 45.05pt\\\">\n<td style=\\\"width: 855pt;padding: 0cm 3.5pt;height: 45.05pt\\\" nowrap=\\\"nowrap\\\" width=\\\"1140\\\">\n<p class=\\\"MsoNormal\\\" style=\\\"margin: 0cm;font-size: 11pt;font-family: Calibri, sans-serif\\\"><b><a href=\\\"https:\/\/drive.google.com\/file\/d\/1Gwnqml2jgzKtAc-oG8LrSsXEjTmJVQM4\/view?usp=drive_link\\\" target=\\\"_blank\\\" rel=\\\"noopener noreferrer\\\">ELAS FIZERAM HIST\u00d3RIA E A NOT\u00cdCIA: A ENTRADA DE MULHERES EM R\u00c1DIO E TV EM MONTES CLAROS. (1979-1997)<\/a><\/b><\/p>\n<p class=\\\"MsoNormal\\\" style=\\\"margin: 0cm;font-size: 11pt;font-family: Calibri, sans-serif\\\"><a href=\\\"http:\/\/buscatextual.cnpq.br\/buscatextual\/visualizacv.do?id=K8452148H3&amp;tokenCaptchar=03AGdBq27JSlXnJaogkly98HjVmQZSqACzB5GRIHTMzeGBKwqffADP2Q0n50tzS5ai4DSOgcEIA4so0iDJdQzEqE2u6WGMuOQqXuqE79oNNNfsYoGzo2F5Mr4DgVKc_7Bc1hrIgi6v5YL0nlNSItSTuYUsMOSTabNyzTIhUM41I7OegfS__a1NPgVFv8AMkkhFrQcB8Pe502CcG2ula9cmvQE31gTYTc-x35Ggg05dobN4gC6yHYqP06REqFm4lwSW9NiGJo_tT_mEcQVTAPVjDnJK0PnqyDl0uIDipZX3f56Qz3g-bFCciVHWW4qMmLNru-LmjYowEPBB8RKdINLhanlBjWgl0ed89X8RYvDWpOmfI5qeT8DfcA7FEhDuIdIrm3HJ82TqrMKcpooDcBjBxmryN22xRxEKXVA5tgh7YD5ZPEs6rIXsVla0MeC3sWIUFyVWebM58NDof0w0t4Bk92ZXFrzNUgHdXQ\\\" target=\\\"_blank\\\" rel=\\\"noopener noreferrer\\\">Ana Carolina Ferreira da Silva<\/a>, 2019<\/p>\n<\/td>\n<\/tr>\n<tr style=\\\"height: 45.05pt\\\">\n<td style=\\\"width: 855pt;padding: 0cm 3.5pt;height: 45.05pt\\\" nowrap=\\\"nowrap\\\" width=\\\"1140\\\">\n<p class=\\\"MsoNormal\\\" style=\\\"margin: 0cm;font-size: 11pt;font-family: Calibri, sans-serif\\\"><b><a href=\\\"https:\/\/drive.google.com\/file\/d\/1Hb4hLOsGKXbrkRIdIOCyHy1itH3d0FPE\/view?usp=drive_link\\\" target=\\\"_blank\\\" rel=\\\"noopener noreferrer\\\">EM BUSCA DA AM\u00c9RICA: SEM DESTINO E AS REPRESENTA\u00c7\u00d5ES DA CONTRACULTURA NO CINEMA<\/a><\/b><\/p>\n<p class=\\\"MsoNormal\\\" style=\\\"margin: 0cm;font-size: 11pt;font-family: Calibri, sans-serif\\\"><a href=\\\"http:\/\/buscatextual.cnpq.br\/buscatextual\/visualizacv.do?id=K4497995Z9&amp;tokenCaptchar=03AGdBq27LS63EuCMrqwwEYwIkWWtdjF3oP44VBsrdW4eDLQ1b8Fcuihrz3jqZfH-lL5N1KFWk4h4Uyests3i2KeQxPU-6F3T9qTgBb6zrDzlOe9byJ-yfFAz3pmlH69UqRyZDoXQyJ9uNhjmViMN8rndoajwJ-si-6pIHzG3XERebHZFJztNADh_O_lcbHYk8Klj1T3Vm4nldtuQRGT-0R8vPCWBSVTxTgDn6ybHVSu0eZCGK7I_o9ZnsCjKJEoeEXnn4vombiOy6JM5nX45GNPSEjEkVDnL14R452uqw2rOcH7hRUKoHsDSsLV1O3dfAjmUfs51Ns0W8KfxqkjFtzaGf4mbFI9t9XKOmOyt5HwLJSTkbYqBuCUV9AcoZBmqioCwwAtnlLxCt7o1SRfR_SvoT-UsDmEzDLbKkB-rxASAOCHhLVXCubT1YD7cU77JpFYohNh3p3guLlTKSx5CVpEtcfQMnKp_1oA\\\" target=\\\"_blank\\\" rel=\\\"noopener noreferrer\\\">Clarissa Rodrigues Soares<\/a>, 2019<\/p>\n<\/td>\n<\/tr>\n<tr style=\\\"height: 45.05pt\\\">\n<td style=\\\"width: 855pt;padding: 0cm 3.5pt;height: 45.05pt\\\" nowrap=\\\"nowrap\\\" width=\\\"1140\\\">\n<p class=\\\"MsoNormal\\\" style=\\\"margin: 0cm;font-size: 11pt;font-family: Calibri, sans-serif\\\"><b><a href=\\\"https:\/\/drive.google.com\/file\/d\/1khjuNDbFYi16jOPLPDY2P8TsXGCPNrRk\/view?usp=drive_link\\\" target=\\\"_blank\\\" rel=\\\"noopener noreferrer\\\">DA POL\u00cdTICA SE FEZ LITERATURA: ASPECTOS DA SOCIEDADE PORTUGUESA DE 1972 E 1973 ATRAV\u00c9S DAS CR\u00d4NICAS DE JOS\u00c9 SARAMAGO EM \u201cAS OPINI\u00d5ES QUE O DL TEVE\u201d<\/a><\/b><\/p>\n<p class=\\\"MsoNormal\\\" style=\\\"margin: 0cm;font-size: 11pt;font-family: Calibri, sans-serif\\\"><a href=\\\"http:\/\/buscatextual.cnpq.br\/buscatextual\/visualizacv.do?id=K8539703E0&amp;tokenCaptchar=03AGdBq279Go4PZB8DEHZNxE4HTszMN5UCPMGvY4q27wZlXijTQwHbWjJyMMmofyOYG3SBugofYH3ccp-xR1eEk46GcUlauEQ3LKIjRRihcFvBQh3mhU6pBvbqt2qfHrzzjV_r1F5WEerYogpnOvbTMRJ52OPwhEzZhr3wK04rbA8a7zHqzA9JaGw9-8uzfB8Q8poiWTusIoFRh0hJaHHy4MjgtL9Z59dKwEEh48KiKVDOito-ku21apoj1jYvSV9bM1QIIZm0v-_51g7L3j3fatsZMaKtY4lwz55wgW6k_BiY9_Yz7Bhbs8nz30Nm_GvHAZGHTWDlFgrXh_FcSK78gTKExOcbngVnhiE65sDnMnMKq8YU3JPiYVcT4LpNysfzi0hRkVU5REad6YQJp10sLJJuBooX0s5V2ieJrCYj2U3TAmLLLKGNZ-xn3yt6CugJoSIXjpf9ODyHDcE54of1u8DsRqhD69-Tbg\\\" target=\\\"_blank\\\" rel=\\\"noopener noreferrer\\\">Dandara Tamires Castro Rosa<\/a>, 2019<\/p>\n<\/td>\n<\/tr>\n<tr style=\\\"height: 45.05pt\\\">\n<td style=\\\"width: 855pt;padding: 0cm 3.5pt;height: 45.05pt\\\" nowrap=\\\"nowrap\\\" width=\\\"1140\\\">\n<p class=\\\"MsoNormal\\\" style=\\\"margin: 0cm;font-size: 11pt;font-family: Calibri, sans-serif\\\"><b><a href=\\\"https:\/\/drive.google.com\/file\/d\/1NF-1l2fDBxXO62BC3Wp899jFrL1orZhF\/view?usp=drive_link\\\" target=\\\"_blank\\\" rel=\\\"noopener noreferrer\\\">UM PATO ATORMENTADO E COLORIDO E UMA FAM\u00cdLIA SOMBRIA E SUBMISSA NO III REICH : A PRODU\u00c7\u00c3O CULTURAL DE WALT DISNEY CONTRA O NAZISMO<\/a><\/b><\/p>\n<p class=\\\"MsoNormal\\\" style=\\\"margin: 0cm;font-size: 11pt;font-family: Calibri, sans-serif\\\"><a href=\\\"http:\/\/buscatextual.cnpq.br\/buscatextual\/visualizacv.do?id=K8434796Z7&amp;tokenCaptchar=03AGdBq26G8zg_R6Uid9ElMEGWB-lix6TlFaW7w1dx79y2R2mNHZw3ST_Rnvz8y5bFhN6OyPM940O2rQSaxIeLbcAVISEuNDc4CzNvNrCIBce7_OY9jeFAIfOyz8G6_T4iZ-N_b1af4SiHoc6rrAZeQPF-uoHrg8gr66LAwUPMoROS9H41bFYQU5_Yc4Fc1oL2t6tVGKnoKIZ60PzQgtLlMupFe5iFxXos5S78tPqbK92x1K6BTn2m0pIwsUryrq0tiCrPwrwO5X8uIuSEP-M9APTEcm0Mf_tatliWD5ZHezbT4c_tOIMoobo2hj8ynSxqvxuaPODRsCS0lfuVOCzdZjQC4zJiSPYezogfKoiaioqVMKxxsC6EB3MHMyitumYrbl3D-YVHo-49v-LGjvfTfOKxnZXiMsGHgSt79WB5j_ZiGQbsTSkB3E9V9wFukky7NZqWxQUCDvd8IhWbUwTbpr0VTcreaAOQ4Q\\\" target=\\\"_blank\\\" rel=\\\"noopener noreferrer\\\">Douglas Alves Moreira<\/a>, 2019<\/p>\n<\/td>\n<\/tr>\n<tr style=\\\"height: 45.05pt\\\">\n<td style=\\\"width: 855pt;padding: 0cm 3.5pt;height: 45.05pt\\\" nowrap=\\\"nowrap\\\" width=\\\"1140\\\">\n<p class=\\\"MsoNormal\\\" style=\\\"margin: 0cm;font-size: 11pt;font-family: Calibri, sans-serif\\\"><b><a href=\\\"https:\/\/drive.google.com\/file\/d\/1de-YrJhHSBmkb7HZKiDePFGSSBE3dci6\/view?usp=drive_link\\\" target=\\\"_blank\\\" rel=\\\"noopener noreferrer\\\">BRASIL ENTRE TRINCHEIRAS: EDUARDO TADDEO, O CORRESPONDENTE FAVELADO DE UMA GUERRA N\u00c3O DECLARADA (2000-2012)<\/a><\/b><\/p>\n<p class=\\\"MsoNormal\\\" style=\\\"margin: 0cm;font-size: 11pt;font-family: Calibri, sans-serif\\\"><a href=\\\"http:\/\/buscatextual.cnpq.br\/buscatextual\/visualizacv.do?id=K8127718P7&amp;tokenCaptchar=03AGdBq27lW66OyM9jbxJCreu3naj1_q-IkhSpgz4s6bafCIbKEYsYXo1xNjLb8eYIfx10KOmFm3LWyUFp84cCFxCQig7v7Caa_1LyQ2lyrsKKKFtKAUXIKqHhQGzlN2ozINjndI3GyN0_eIeoBapwiXY0uwDXT8HqrkcEDks0yyllhMQOPpRvrbWUTgReq2yjyesOOSyEv5rpSGe7m8khAXNqqIOA1jgm1Ry85JEz1PbGtakTGBxGYJoHbTpOzf6B9TmCpdJKxGs8MpozKJNLeBN2nXA79Mcm7LRWabHy0uCXgdqnkeSrylHp8X0iPECdsYghD9XXuQgPva8RtLF4XKflnjEuNreYGVX2lmzaEE_QTItYORe8J--dPgfB9R9QgGVCoAoSiDqYZz-NoDfB6qCibA0mwBurdIWrVAAQRlScHDE62HxlpldbSOst6aC0U2Xt_N9tIxjYpxCy9VDUrvb_0dwUJHm8Tw\\\" target=\\\"_blank\\\" rel=\\\"noopener noreferrer\\\">Jefferson Aleff Oliveira<\/a>, 2019<\/p>\n<\/td>\n<\/tr>\n<tr style=\\\"height: 45.05pt\\\">\n<td style=\\\"width: 855pt;padding: 0cm 3.5pt;height: 45.05pt\\\" nowrap=\\\"nowrap\\\" width=\\\"1140\\\">\n<p class=\\\"MsoNormal\\\" style=\\\"margin: 0cm;font-size: 11pt;font-family: Calibri, sans-serif\\\"><b><a href=\\\"https:\/\/drive.google.com\/file\/d\/1C4Poo8mlrQuLS60n_foOpzGt5cMheqVf\/view?usp=drive_link\\\" target=\\\"_blank\\\" rel=\\\"noopener noreferrer\\\">POMPA E REQUINTE: MEM\u00d3RIA VISUAL DO CANDOMBL\u00c9 E DA UMBANDA EM MONTES CLAROS<\/a><\/b><\/p>\n<p class=\\\"MsoNormal\\\" style=\\\"margin: 0cm;font-size: 11pt;font-family: Calibri, sans-serif\\\"><a href=\\\"http:\/\/buscatextual.cnpq.br\/buscatextual\/visualizacv.do?id=K8738864D0&amp;tokenCaptchar=03AGdBq26AFMCCV5pOU9hIrGNclombyVDtZyXOp7VrJevjC0nUl_py-5u2BIMB7jV1pRYkMupVCSi-W_QaEE4VzIvmXJDhZW6zY0gyHAj1vHN8_grusspXel2g1Fpjxjhywxhoj6DvNg8IYkgPFnjY47WvvTxACaCrUs9hd452FYenXx_37rZSO8-cER0vNRuNUoxwA4HG7yWyfr-4ZkYCSZajriQBV18VNltFyrChZ_M8kSp8JKLYaZG1AVNPoORUustNLW3BSizgSAMdJYQNznRJT0uvKBd5vRfx2b08No3yautI8rX1gELKG-XdODjE9MAtv-t5ZkZncBItJyX4EleiwTNyqnV2-rGvMJSp0Pu1QnzQJ42JqOsnchDEXF84VNau2gBd16Pmf1WytMvRMfnhs7T4Cc6SrIrDPd-Ob51yaBfb2I7ryOI43HRu5YZXHZvur_tnS8ydDAK3eqLz_b0R7-BYTuz_qg\\\" target=\\\"_blank\\\" rel=\\\"noopener noreferrer\\\">Jos\u00e9 Vin\u00edcius Peres Silva<\/a>, 2019<\/p>\n<\/td>\n<\/tr>\n<tr style=\\\"height: 45.05pt\\\">\n<td style=\\\"width: 855pt;padding: 0cm 3.5pt;height: 45.05pt\\\" nowrap=\\\"nowrap\\\" width=\\\"1140\\\">\n<p class=\\\"MsoNormal\\\" style=\\\"margin: 0cm;font-size: 11pt;font-family: Calibri, sans-serif\\\"><b><a href=\\\"https:\/\/drive.google.com\/file\/d\/13VsEBFz3L2A-u13GnPIrQLAwa1AzBCYa\/view?usp=drive_link\\\" target=\\\"_blank\\\" rel=\\\"noopener noreferrer\\\">A MEDICINA COMO ESTRAT\u00c9GIA BIOPOL\u00cdTICA: PERSPECTIVAS DE UMA AN\u00c1LISE HIST\u00d3RICO-GENEAL\u00d3GICA DA EMERG\u00caNCIA DE UMA MEDICINA SOCIAL NO BRASIL<\/a><\/b><\/p>\n<p class=\\\"MsoNormal\\\" style=\\\"margin: 0cm;font-size: 11pt;font-family: Calibri, sans-serif\\\"><a href=\\\"http:\/\/buscatextual.cnpq.br\/buscatextual\/visualizacv.do?id=K8270462D4&amp;tokenCaptchar=03AGdBq24Fh4J-WT--TNtCCQaQzcvfXjsvroDa94sgHUK3EasAmwgwRwnDJnYUjgkvahEHHrUeGlFySfa6r4uQRUmTMlqTXBT9BRPYhpDGR5rCwndFZv4ttf8TASZrE9--887TSWrzBLyABj9j42GnZCGW3RzDnCKNKCkV32LJul8qZwNtymKJ83eCLjAKCsvyPHqpq4empf_gRh2L52x1Itt3-TPR_HsQjJFV4wZcCve69iXvtZfxWB3WP0bizDcmXb3oWEfX-hlkrYnnD2QQ8kWsNzmpUV3k66lPtI1n5KeIToT0nXD7Q-RMHt5O_G17a2hQzjKqMfmHBOFDhSxBU7xbpnuvGGvo4OoeUYCKaLmU5SuzZw08TsVPcEyRNDDZbTIYz_8dT8sKSa17MZVhBb6_KrpiAqK8hMaQ-614bXP2qcoqfloX4NOKlTfayTjkt8YNb8GpsUlB8LNnZommwK4HgYNU2LGacA\\\" target=\\\"_blank\\\" rel=\\\"noopener noreferrer\\\">Karla Maria Gon\u00e7alves Silveira Barros<\/a>, 2019<\/p>\n<\/td>\n<\/tr>\n<tr style=\\\"height: 45.05pt\\\">\n<td style=\\\"width: 855pt;padding: 0cm 3.5pt;height: 45.05pt\\\" nowrap=\\\"nowrap\\\" width=\\\"1140\\\">\n<p class=\\\"MsoNormal\\\" style=\\\"margin: 0cm;font-size: 11pt;font-family: Calibri, sans-serif\\\"><b><a href=\\\"https:\/\/drive.google.com\/file\/d\/1qEKXx91pR1H-YePV44umpFnnMYGFf3tK\/view?usp=drive_link\\\" target=\\\"_blank\\\" rel=\\\"noopener noreferrer\\\">REPRESENTA\u00c7\u00d5ES DE UMA IDENTIDADE JAPONESA CONTEMPOR\u00c2NEA EM A VIAGEM DE CHIHIRO (HAYAO MIYAZAKI, 2001)<\/a><\/b><\/p>\n<p class=\\\"MsoNormal\\\" style=\\\"margin: 0cm;font-size: 11pt;font-family: Calibri, sans-serif\\\"><a href=\\\"http:\/\/buscatextual.cnpq.br\/buscatextual\/visualizacv.do?id=K4800435U8&amp;tokenCaptchar=03AGdBq25QAB9yBezXtdMWQqtho_zkwEUb5UC7E0IC8UeVw1D0DcfYtD_MCseejTBEU9yu3HSeUh5DowExRDFUYU-ZQJ6bJXiFZIdE1Z7_qB2q13EwEFOeSDA_pa96M8lHNNcGyfnmQkh3afENYB-6H7fjDm9UqZHQ_7h1ce163Mmj40qAQdT9JYOTsCM4A3lQDgWEC-EO8flOorHWkaYeAseGcaOXMdjyROyriplpZtF-UhX3QueHR_Fs2rLdleoWHOvUMdmA16Q_1_k-rOZTWH4hKr4GjYSOKb4Iz4kmap7pzcbDcE9YiwjuTfPwdIakdSunRXNrDdaybEgNiREunwc1HYrtEAQh7ndFtF2KqWMxC-gmGakTmtJ1dkBBeoVPQYzP9lZpA8i1f3bXzfoT0ezQbX8Y_meEw3Ec7MSYuREzsQCnxDhiDzmOUJRQg9fbcsPtaxDia7riuDaxEucotLuWhKAAXcyVNQ\\\" target=\\\"_blank\\\" rel=\\\"noopener noreferrer\\\">Ary Batista Neto<\/a>, 2020<\/p>\n<\/td>\n<\/tr>\n<tr style=\\\"height: 45.05pt\\\">\n<td style=\\\"width: 855pt;padding: 0cm 3.5pt;height: 45.05pt\\\" nowrap=\\\"nowrap\\\" width=\\\"1140\\\">\n<p class=\\\"MsoNormal\\\" style=\\\"margin: 0cm;font-size: 11pt;font-family: Calibri, sans-serif\\\"><b><a href=\\\"https:\/\/drive.google.com\/file\/d\/160zUHHqDjV7DZ2kwpmXMadHcnRRKTZPR\/view?usp=drive_link\\\" target=\\\"_blank\\\" rel=\\\"noopener noreferrer\\\">FERROVI\u00c1RIAS: IDENTIDADE E REPRESENTA\u00c7\u00d5ES SOCIAIS DAS MULHERES NA EXTINTA REDE FERROVI\u00c1RIA FEDERAL (1975 \u2013 1985)<\/a><\/b><\/p>\n<p class=\\\"MsoNormal\\\" style=\\\"margin: 0cm;font-size: 11pt;font-family: Calibri, sans-serif\\\"><a href=\\\"http:\/\/buscatextual.cnpq.br\/buscatextual\/visualizacv.do?id=K8088001E1&amp;tokenCaptchar=03AGdBq27PwlVt--oQphQzQvt9cDkk7uEsU-SAVVSQAx63CCCY-UcAS8odgoCDgtW6_YVsfa5kyfLDPYhRhAPMxcKgL2FwpsDiUk0E7UmsiweqPlpvg-r1AmB-IR_T-CO5CO8L1AI_4JbHG3IWbAGGB-v7BMRKnFyIjt3e7ScZKMXjMZenJlCD3Rh6BRyrmanXv45cBD4lNsezqmgbz-6gHeQW_xXIc-sALZ-HDnsyCitqvIpstffGJr32dCjOevD6iPx7aUX2KnSptEZMFpQ6mG3dQIeVjV4DPy4DAxGqMPYDiTedAtS1XQl33TkoPQ_RiNoh5gRSM674C6WBW4NUMXuHDm8MWMPkCEdEEVTihsV-SE6qEX_9egVZedsRzu_ZeOU6EGNciwk6Qq6JFtodAvNFSvGYKWHPhJKx3RCgd58QJ7gpAKgz73IdLqkdPI37a27vwZaukT3Lm5sGVRp16sPseKrBu1chow\\\" target=\\\"_blank\\\" rel=\\\"noopener noreferrer\\\">Fab\u00edola Dourado Fulg\u00eancio<\/a>, 2020<\/p>\n<\/td>\n<\/tr>\n<tr style=\\\"height: 45.05pt\\\">\n<td style=\\\"width: 855pt;padding: 0cm 3.5pt;height: 45.05pt\\\" nowrap=\\\"nowrap\\\" width=\\\"1140\\\">\n<p class=\\\"MsoNormal\\\" style=\\\"margin: 0cm;font-size: 11pt;font-family: Calibri, sans-serif\\\"><b><a href=\\\"https:\/\/drive.google.com\/file\/d\/1WDm6pMJdmsMw86Jk5tjGJFGYn2v-h5LJ\/view?usp=drive_link\\\" target=\\\"_blank\\\" rel=\\\"noopener noreferrer\\\">NOVOS TRABALHOS, VELHAS RESPONSABILIDADES: NARRATIVAS DE MULHERES DA POL\u00cdCIA C\u00cdVIL DE MONTES CLAROS\/MG (1992 \u2013 2019)<\/a><\/b><\/p>\n<p class=\\\"MsoNormal\\\" style=\\\"margin: 0cm;font-size: 11pt;font-family: Calibri, sans-serif\\\"><a href=\\\"http:\/\/buscatextual.cnpq.br\/buscatextual\/visualizacv.do?id=K8627515A6&amp;tokenCaptchar=03AGdBq26gb08fALItEftqZywrznId5Ol4o9D_tFPar34FnmyZicSJJY_VxPac2eGadvnn5TCVGX-63xWjtfEG6v2bdmrivNN0nI2CZWHTn6d0MPn7KEAd_pSJu0PMfTW_MH6RYp9uGSRlBQMJgoOTdNLNTqgVi59mPDc2jwvs0qawqbB0zCe7ImZhDSx-Gky-3rslTt_VuI7KsAOAcBnBBJ0T9VFElsND8E38-ZNyYOL-1GsZX6NHCGlFijE3cxcM2nHvSnBH66LSIlJWnNZE69h5QXcU6j1dDWuXPsftx3GkaxqqyW4ltfeoDVx8g87Is0kYwLdZYT7lk1QhVuP2vdSJDwL5AHGHCY-uoJ_vycalc9Fw0JeUqAtKIykUmXbWvJ7Nrh8hQyQAz2OFmLQ1pQEHZP8ebdMPIAw9p5M2_IDWMW1ixWRcemKGDeSH5N1xI8HcXvfUHx0bsL86SNpVdQUy_JpD3UBpkw\\\" target=\\\"_blank\\\" rel=\\\"noopener noreferrer\\\">Keyse Val\u00e9ria Barbosa Diniz<\/a>, 2020<\/p>\n<\/td>\n<\/tr>\n<tr style=\\\"height: 45.05pt\\\">\n<td style=\\\"width: 855pt;padding: 0cm 3.5pt;height: 45.05pt\\\" nowrap=\\\"nowrap\\\" width=\\\"1140\\\">\n<p class=\\\"MsoNormal\\\" style=\\\"margin: 0cm;font-size: 11pt;font-family: Calibri, sans-serif\\\"><b><a href=\\\"https:\/\/drive.google.com\/file\/d\/1ngkxEbu8Do6_SpwNr223-Q8Wg860FZyI\/view?usp=drive_link\\\" target=\\\"_blank\\\" rel=\\\"noopener noreferrer\\\">ENTRE O \u201cINIMIGO\u201d, O \u201cJUSTICEIRO\u201d, \u201cO HER\u00d3I\u201d E O \u201cCIDAD\u00c3O DE BEM\u201d: O CRIME-ESPET\u00c1CULO E AS REPRESENTA\u00c7\u00d5ES CRIMINAIS NA TELA DA TV (2010-2019)<\/a><\/b><\/p>\n<p class=\\\"MsoNormal\\\" style=\\\"margin: 0cm;font-size: 11pt;font-family: Calibri, sans-serif\\\"><a href=\\\"http:\/\/buscatextual.cnpq.br\/buscatextual\/visualizacv.do?id=K8019842P0&amp;tokenCaptchar=03AGdBq27TofNsRvsZw2_F-YNyWy343Ufhx8tw6UmtXCPwlp6KdUpvLvaUCBaoMqNKYdRE6nqj9CbPDGeT82wwVkcnzCJ5ZrBek5ChADfE7Hl74TSM7SJ8iDN6-VCroocLWuP-5LRxZzj9FFOud72F_uAMS8UrHocMKY-Gg_RNZGuEoc688nHsPx4uemJpgyK7mo2Ym8rVQ_bHDjYVGaEpZsnQQMxZ87yuL6oncbW9ZrmnsfrQBUllmr9nHkYTdYWpunSqXBwFPqSrVY0ADinjHJtzLtWecHJJZ2E7kky0uqvUUouU3NVNc9GjtIl9O-dtUW11GALuYiPoSAqT7Myw_LLIi_6SJsa5nJwIji4A5aOka0s352WAi9JcqQY7ARZII2TMW7lvq71eXZSCXLabUAiKMsc3mDFTUe96loPczAhH5MOqJpeg9E3Hv92tLaW4UyfgEP55g2Pxvlv_gzOAVh6y5xgysgbLdw\\\" target=\\\"_blank\\\" rel=\\\"noopener noreferrer\\\">Maria Cec\u00edlia Magalh\u00e3es Chaves<\/a>, 2020<\/p>\n<\/td>\n<\/tr>\n<tr style=\\\"height: 45.05pt\\\">\n<td style=\\\"width: 855pt;padding: 0cm 3.5pt;height: 45.05pt\\\" nowrap=\\\"nowrap\\\" width=\\\"1140\\\">\n<p class=\\\"MsoNormal\\\" style=\\\"margin: 0cm;font-size: 11pt;font-family: Calibri, sans-serif\\\"><b><a href=\\\"https:\/\/drive.google.com\/file\/d\/1oBSAZa7S5hUElV3y-X6X7qlUUMFqzQX6\/view?usp=drive_link\\\" target=\\\"_blank\\\" rel=\\\"noopener noreferrer\\\">ENTRE HYDE E JEKYLL: EM BUSCA DO BURGU\u00caS VITORIANO ATRAV\u00c9S DAS REPRESENTA\u00c7\u00d5ES DE ROBERT LOUIS STEVENSON<\/a><\/b><\/p>\n<p class=\\\"MsoNormal\\\" style=\\\"margin: 0cm;font-size: 11pt;font-family: Calibri, sans-serif\\\"><a href=\\\"http:\/\/buscatextual.cnpq.br\/buscatextual\/visualizacv.do?id=K8099316U0&amp;tokenCaptchar=03AGdBq27eyGFjbCb_PQAgqvaidFmsv5jfMsBvbODzTHHs3afSANjtTy3o3b38WkolbzJBJvx9ZLYm3wuQfwPdRzDBQTbkVCg3q3l_esT8_BWN4bbO0EzSyPSXBtF7E0GZ5l_vcqoAdiAULJ-gNw2sW3usXm6VDeNGJ6SBL59GAdozw_1Xz4zo5skeD7Q5V3ijm-iPz9CiJ6UlEdYxEd55WT6NA1ksTafmqPiIEqqUSZI0_oJTfCuYlYDN0l8aCbVTQsAPey3BAtcf1g6FdCbtk9FJLnN3UvBrgLcuHl8brFEXxeJQDdC-dQlPxWNFv-q-yN9lBavEIy5pfZ1ub0XrzkZym7y9PpS7RztS3RbnXIk3huK1ibgiPhA2gNreC-NyESRkzwP9RJ4cPBUVDt5FapATcnKeS9YfSjKIAn9kAus7xvL9AvhQJf4l9u2yCbxo2h-FY57BLvxj2mcvu2CYDymOFcmx--hSxQ\\\" target=\\\"_blank\\\" rel=\\\"noopener noreferrer\\\">Pedro Victor Antunes Guerra<\/a>, 2020<\/p>\n<\/td>\n<\/tr>\n<tr style=\\\"height: 45.05pt\\\">\n<td style=\\\"width: 855pt;padding: 0cm 3.5pt;height: 45.05pt\\\" nowrap=\\\"nowrap\\\" width=\\\"1140\\\">\n<p class=\\\"MsoNormal\\\" style=\\\"margin: 0cm;font-size: 11pt;font-family: Calibri, sans-serif\\\"><b><a href=\\\"https:\/\/drive.google.com\/file\/d\/1IQaKHVcFlQu4d2UeS6n0XYQNYseIs99Y\/view?usp=drive_link\\\" target=\\\"_blank\\\" rel=\\\"noopener noreferrer\\\">MULHERES PASTORAS: DESOBEDI\u00caNCIA FEMININA FRENTE AO PATRIARCADO CRIST\u00c3O NO PER\u00cdODO DE 1990 A 2020<\/a><\/b><\/p>\n<p class=\\\"MsoNormal\\\" style=\\\"margin: 0cm;font-size: 11pt;font-family: Calibri, sans-serif\\\"><a href=\\\"http:\/\/buscatextual.cnpq.br\/buscatextual\/visualizacv.do?id=K4230327P2&amp;tokenCaptchar=03AGdBq24Lem4vEZEqjtpFkJWuEX75cJqTMywUqbWkRL22WoOFNgg6JVANURrBcLUxUvKXpo9wQ08ghyqByPYOVG5l6Py2po4P0dCk1EsQq7-V_cmCYPScGUylbrrzOfRUxPMowmbOUE5i-KaDMbCJyz5DxHgOWc7qTu7MnNr7rsjBPMMTlkhavE2BUYb4RpNJh4xBzXeEGIxUFeuFbG3RKP3hzDhrsD5Z6P21OiEP_TtzXh2cYrqIRzawm-eWfnz5gZnNwO3LgGbNFmciWmWcu5XR6-f_xXdT1e-nvDJfbnWUwVOiYl_00Lg-M7dYxaOEANpIYtzv-m5WyJn8DVmbvi5uuajEem3Ay_sfKaePrP5iEGB_78FjkE5UEVCh7TbImiwSIR9rZB_hNH0OZvEe3nxKE3jKqK6meLa0vCsp41KYJjkELZMHkFaFiIk39Qd4O-vvoR9ghOoUPt9Do48hwK6VBmSN4h0Phg\\\" target=\\\"_blank\\\" rel=\\\"noopener noreferrer\\\">Rosana Mesquita Mendes Pereira<\/a>, 2020<\/p>\n<\/td>\n<\/tr>\n<tr style=\\\"height: 30.05pt\\\">\n<td style=\\\"width: 855pt;padding: 0cm 3.5pt;height: 30.05pt\\\" nowrap=\\\"nowrap\\\" width=\\\"1140\\\">\n<p class=\\\"MsoNormal\\\" style=\\\"margin: 0cm;font-size: 11pt;font-family: Calibri, sans-serif\\\"><b><a href=\\\"https:\/\/drive.google.com\/file\/d\/1-P_6ns5aCsXrZvagNUpTndlzW3cis7M_\/view?usp=drive_link\\\" target=\\\"_blank\\\" rel=\\\"noopener noreferrer\\\">A COMUNIDADE QUILOMBOLA CORREDOR-MG: UMA IDENTIDADE EM CONSTRU\u00c7\u00c3O (1988-2019)<\/a><\/b><\/p>\n<p class=\\\"MsoNormal\\\" style=\\\"margin: 0cm;font-size: 11pt;font-family: Calibri, sans-serif\\\"><a href=\\\"http:\/\/buscatextual.cnpq.br\/buscatextual\/visualizacv.do?id=K8823379Z0&amp;tokenCaptchar=03AGdBq27mkqSyctyWb2e8NyejJ5tyt0qTtsrJcNbsZLk9S7W2zBjcFcfMUI-2GCQJghj4u2H-5TJvXWAmlPb8N-EwyMbw6gxmSc-_eaZLZvhFbbgDoobSsM4dkphzWAtmct5-rf-WNy59f_IoZ9A2eqytNCnSmq4cVnzEpaChaG4acmUrnm3VHUddwAJp57mcRtYGkZGUuFuQSlQtPiTlww3RCvwWjJz5sp_tYogq4SB2fKqjxGTI03gsx9I5rqIkBEka-oVSanNDk-6XQFjFv_A1vLKmOBo84QfP4vwEzjCdWy7N5Mk2xu-QohqA4lb6DJMatm-FL448vOWelVAK4XDn0mcvkLTQ6tpABHlI9uEt7JhFv1RzPmAlxeEZC4HMcDCdhjYk9IRkrWw2B408ZRBbjRQ90tta5fsrF2n52EKrK9q_9H6YAFT95_URGmoFZ-dSKLExPd6WHbbuw_FBfowiKpg-idtMwg\\\" target=\\\"_blank\\\" rel=\\\"noopener noreferrer\\\">Rosimar Aparecida Pereira Rocha<\/a>, 2020<\/p>\n<\/td>\n<\/tr>\n<tr style=\\\"height: 45.85pt\\\">\n<td style=\\\"width: 956.5pt;padding: 0cm 5.4pt;height: 45.85pt\\\" valign=\\\"top\\\" nowrap=\\\"nowrap\\\" width=\\\"1275\\\">\n<p class=\\\"MsoNormal\\\" style=\\\"margin: 0cm;font-size: 11pt;font-family: Calibri, sans-serif\\\"><span style=\\\"font-weight: 600\\\"><a href=\\\"https:\/\/drive.google.com\/file\/d\/17kclqhqhThVKskR62vcPHcuZK8aIaOuz\/view?usp=drive_link\\\" target=\\\"_blank\\\" rel=\\\"noopener noreferrer\\\">VIOL\u00caNCIA SEXUAL NA \u00cdNDIA: O CASO NIRBHAYA, ATIVISMOS FEMINISTAS E OS PROTESTOS EM NOVA DELHI ENTRE OS ANOS 2012 e 2015<\/a><\/span><strong>\u00a0<\/strong><\/p>\n<p class=\\\"MsoNormal\\\" style=\\\"margin: 0cm;font-size: 11pt;font-family: Calibri, sans-serif\\\"><span style=\\\"color: windowtext\\\"><a href=\\\"http:\/\/lattes.cnpq.br\/2835759164008941\\\" target=\\\"_blank\\\" rel=\\\"noopener noreferrer\\\">Carolina Pereira Acypreste<\/a>, 2021<\/span><\/p>\n<\/td>\n<\/tr>\n<tr style=\\\"height: 45.85pt\\\">\n<td style=\\\"width: 956.5pt;padding: 0cm 5.4pt;height: 45.85pt\\\" valign=\\\"top\\\" nowrap=\\\"nowrap\\\" width=\\\"1275\\\">\n<p class=\\\"MsoNormal\\\" style=\\\"margin: 0cm;font-size: 11pt;font-family: Calibri, sans-serif\\\"><a href=\\\"https:\/\/drive.google.com\/file\/d\/1oJ9DMZMgqEUfDB3e5dLNc2M55Icb8JkF\/view?usp=drive_link\\\" target=\\\"_blank\\\" rel=\\\"noopener noreferrer\\\"><strong>THEY HAVE A AUTORITY TO KILL A MINORITY: O GANGSTA RAP DE TUPAC SHAKUR DO N.W.A. E A SUA UTILIZA\u00c7\u00c3O COMO FORMA DE RESIST\u00caNCIA \u00c0S VIOL\u00caNCIAS POLICIAIS E INSTITUCIONAL PERANTE A POPULA\u00c7\u00c3O AFRO-AMERICANA DE LOS ANGELES (1986-1996<\/strong>)<\/a><\/p>\n<p class=\\\"MsoNormal\\\" style=\\\"margin: 0cm;font-size: 11pt;font-family: Calibri, sans-serif\\\"><span style=\\\"color: windowtext\\\"><a href=\\\"http:\/\/lattes.cnpq.br\/3523508195607310\\\" target=\\\"_blank\\\" rel=\\\"noopener noreferrer\\\">Gustavo Martins Mota<\/a>, 2021<br \/><\/span><\/p>\n<\/td>\n<\/tr>\n<tr style=\\\"height: 45.85pt\\\">\n<td style=\\\"width: 956.5pt;padding: 0cm 5.4pt;height: 45.85pt\\\" valign=\\\"top\\\" nowrap=\\\"nowrap\\\" width=\\\"1275\\\">\n<p class=\\\"MsoNormal\\\" style=\\\"margin: 0cm;font-size: 11pt;font-family: Calibri, sans-serif\\\"><a href=\\\"https:\/\/drive.google.com\/file\/d\/1_PLlO3s4DnaiZJIF_h-ChdkaQLfah8_l\/view?usp=drive_link\\\" target=\\\"_blank\\\" rel=\\\"noopener noreferrer\\\"><strong>QUANDO OS MEMES ABALARAM O BRASIL: UMA LEITURA CULTURAL DOS MEMES DE OPOSI\u00c7\u00c3O A DILMA ROUSSEFF (2013-2016)<\/strong><\/a><\/p>\n<p class=\\\"MsoNormal\\\" style=\\\"margin: 0cm;font-size: 11pt;font-family: Calibri, sans-serif\\\"><span style=\\\"color: windowtext\\\"><a href=\\\"http:\/\/lattes.cnpq.br\/1396372575224619\\\" target=\\\"_blank\\\" rel=\\\"noopener noreferrer\\\">Ivana Veloso de Almeida<\/a>, 2021<br \/><\/span><\/p>\n<\/td>\n<\/tr>\n<tr style=\\\"height: 45.85pt\\\">\n<td style=\\\"width: 956.5pt;padding: 0cm 5.4pt;height: 45.85pt\\\" valign=\\\"top\\\" nowrap=\\\"nowrap\\\" width=\\\"1275\\\">\n<p class=\\\"MsoNormal\\\" style=\\\"margin: 0cm;font-size: 11pt;font-family: Calibri, sans-serif\\\"><span style=\\\"font-weight: 600\\\"><a href=\\\"https:\/\/drive.google.com\/file\/d\/1qgyeR501G4Ck4XgSc9nAcJU60LCnVhGv\/view?usp=drive_link\\\" target=\\\"_blank\\\" rel=\\\"noopener noreferrer\\\">\\\"CRIMES PASSIONAIS\\\" OU FEMINIC\u00cdDIOS? A ESPETACULARIZA\u00c7\u00c3O ROMANTIZADA DA VIOL\u00caNCIA DE G\u00caNERO NOS ASSASSINATOS DE ELO\u00c1 CRISTINA E M\u00c9RCIA NAKASHIMA NA M\u00cdDIA TELEVISIVA<\/a><\/span><\/p>\n<p class=\\\"MsoNormal\\\" style=\\\"margin: 0cm;font-size: 11pt;font-family: Calibri, sans-serif\\\"><span style=\\\"color: windowtext\\\"><a href=\\\"http:\/\/lattes.cnpq.br\/5257142648973061\\\" target=\\\"_blank\\\" rel=\\\"noopener noreferrer\\\">Laura Mendes Matos<\/a>, 2021<\/span><\/p>\n<\/td>\n<\/tr>\n<tr style=\\\"height: 45.85pt\\\">\n<td style=\\\"width: 956.5pt;padding: 0cm 5.4pt;height: 45.85pt\\\" valign=\\\"top\\\" nowrap=\\\"nowrap\\\" width=\\\"1275\\\">\n<p class=\\\"MsoNormal\\\" style=\\\"margin: 0cm;font-size: 11pt;font-family: Calibri, sans-serif\\\"><a href=\\\"https:\/\/drive.google.com\/file\/d\/1Nk5yUgayJgnC-lwQolQiWfr7IRBgSzWK\/view?usp=drive_link\\\" target=\\\"_blank\\\" rel=\\\"noopener noreferrer\\\"><strong>\\\"N\u00c3O DEIXE QUE OS BASTARDOS TE REDUZAM \u00c0S CINZAS\\\": REPRESENTA\u00c7\u00d5ES DE G\u00caNERO E RESIST\u00caNCIAS FEMININAS EM THE HANDMAID\\&#8217;S TALE<\/strong><\/a><\/p>\n<p class=\\\"MsoNormal\\\" style=\\\"margin: 0cm;font-size: 11pt;font-family: Calibri, sans-serif\\\"><span style=\\\"color: windowtext\\\"><a href=\\\"http:\/\/lattes.cnpq.br\/5455278068518732\\\" target=\\\"_blank\\\" rel=\\\"noopener noreferrer\\\">Maria Clara de Oliveira Silva<\/a>, 2021<\/span><\/p>\n<\/td>\n<\/tr>\n<tr style=\\\"height: 45.85pt\\\">\n<td style=\\\"width: 956.5pt;padding: 0cm 5.4pt;height: 45.85pt\\\" valign=\\\"top\\\" nowrap=\\\"nowrap\\\" width=\\\"1275\\\">\n<p class=\\\"MsoNormal\\\" style=\\\"font-size: 11pt;margin: 0cm;font-family: Calibri, sans-serif\\\"><span style=\\\"font-weight: 600\\\"><a href=\\\"https:\/\/drive.google.com\/file\/d\/15NVlLyJdBSXVETLqwAZZoR1HA7-h-HTA\/view?usp=drive_link\\\" target=\\\"_blank\\\" rel=\\\"noopener noreferrer\\\">RELA\u00c7\u00d5ES ENTRE ESPORTES, PR\u00c1TICAS CORPORAIS E MULHERES NOS SUPLEMENTOS \\\"O GLOBO ESPORTIVO\\\" E \\\"JORNAL DAS MO\u00c7AS\\\" (1938 A 1952)<\/a><\/span><\/p>\n<p class=\\\"MsoNormal\\\" style=\\\"font-size: 11pt;margin: 0cm;font-family: Calibri, sans-serif\\\"><span style=\\\"color: windowtext\\\"><a href=\\\"http:\/\/lattes.cnpq.br\/2741082441924774\\\" target=\\\"_blank\\\" rel=\\\"noopener noreferrer\\\">Sarah Carine Gomes Arag\u00e3o<\/a>, 2021<\/span><\/p>\n<\/td>\n<\/tr>\n<tr style=\\\"height: 45.85pt\\\">\n<td style=\\\"width: 956.5pt;padding: 0cm 5.4pt;height: 45.85pt\\\" valign=\\\"top\\\" nowrap=\\\"nowrap\\\" width=\\\"1275\\\">\n<p class=\\\"MsoNormal\\\" style=\\\"margin: 0cm;font-size: 11pt;font-family: Calibri, sans-serif\\\"><a href=\\\"https:\/\/drive.google.com\/file\/d\/1mAM0es1qEA5PxEUQGrGFXtHD76UsYg1l\/view?usp=drive_link\\\" target=\\\"_blank\\\" rel=\\\"noopener noreferrer\\\"><strong>\\\"FANTASMAGORIAS DO MERCADO\\\": UM OLHAR BENJAMINIANO SOBRE AS VIV\u00caNCIAS DE CONSUMO E OS ESPA\u00c7OS MERCADOL\u00d3GICOS DA PARIS DO S\u00c9CULO XIX<\/strong><\/a><\/p>\n<p class=\\\"MsoNormal\\\" style=\\\"margin: 0cm;font-size: 11pt;font-family: Calibri, sans-serif\\\"><span style=\\\"color: windowtext\\\"><a href=\\\"http:\/\/lattes.cnpq.br\/4656687130095970\\\" target=\\\"_blank\\\" rel=\\\"noopener noreferrer\\\">Warley Souza Dias<\/a>, 2021<\/span><\/p>\n<\/td>\n<\/tr>\n<tr style=\\\"height: 45.85pt\\\">\n<td style=\\\"width: 956.5pt;padding: 0cm 5.4pt;height: 45.85pt\\\" valign=\\\"top\\\" nowrap=\\\"nowrap\\\" width=\\\"1275\\\">\n<p class=\\\"MsoNormal\\\" style=\\\"margin: 0cm;font-size: 11pt;font-family: Calibri, sans-serif\\\"><span style=\\\"font-weight: 600\\\"><a href=\\\"https:\/\/drive.google.com\/file\/d\/18WJF5HC1voygJDTTxLOiiw3E0XteI-Z_\/view?usp=drive_link\\\" target=\\\"_blank\\\" rel=\\\"noopener noreferrer\\\">MULHERES, \\\"SEXO FRACO&#8230; POIS SIM\\\": PR\u00c1TICAS ESPORTIVAS EM MONTES CLAROS\/MG (1979 A 1986)<\/a><\/span><\/p>\n<p class=\\\"MsoNormal\\\" style=\\\"margin: 0cm;font-size: 11pt;font-family: Calibri, sans-serif\\\"><span style=\\\"color: windowtext\\\"><a href=\\\"http:\/\/lattes.cnpq.br\/0604044456472929\\\" target=\\\"_blank\\\" rel=\\\"noopener noreferrer\\\">Andreia Luciana Ribeiro de Freitas<\/a>, 2022<\/span><\/p>\n<\/td>\n<\/tr>\n<tr style=\\\"height: 45.85pt\\\">\n<td style=\\\"width: 956.5pt;padding: 0cm 5.4pt;height: 45.85pt\\\" valign=\\\"top\\\" nowrap=\\\"nowrap\\\" width=\\\"1275\\\">\n<p class=\\\"MsoNormal\\\" style=\\\"margin: 0cm;font-size: 11pt;font-family: Calibri, sans-serif\\\"><span style=\\\"font-weight: 600\\\"><a href=\\\"https:\/\/drive.google.com\/file\/d\/1yjyrMujxrMI_8moKhzC83f8l2fbmzgoc\/view?usp=drive_link\\\" target=\\\"_blank\\\" rel=\\\"noopener noreferrer\\\">O ESTIGMA DA PUTA E A REGULAMENTA\u00c7\u00c3O DA PROSTITUI\u00c7\u00c3O: VIOL\u00caNCIAS E MARGINALIZA\u00c7\u00c3O DE MULHERES PROSTITUTAS EM MONTES CLAROS\/MG (2009\/2020)<\/a><\/span><\/p>\n<p class=\\\"MsoNormal\\\" style=\\\"margin: 0cm;font-size: 11pt;font-family: Calibri, sans-serif\\\"><span style=\\\"color: windowtext\\\"><a href=\\\"http:\/\/lattes.cnpq.br\/9361039569640076\\\" target=\\\"_blank\\\" rel=\\\"noopener noreferrer\\\">Ingryd Dam\u00e1sio Ribeiro T\u00f3fani<\/a>, 2022.<\/span><\/p>\n<\/td>\n<\/tr>\n<tr style=\\\"height: 45.85pt\\\">\n<td style=\\\"width: 956.5pt;padding: 0cm 5.4pt;height: 45.85pt\\\" valign=\\\"top\\\" nowrap=\\\"nowrap\\\" width=\\\"1275\\\">\n<p class=\\\"MsoNormal\\\" style=\\\"margin: 0cm;font-size: 11pt;font-family: Calibri, sans-serif\\\"><span style=\\\"font-weight: 600\\\"><a href=\\\"https:\/\/drive.google.com\/file\/d\/1lX5Bo3Zk2PcBCzUe4rvJmdgDGySD9n8v\/view?usp=drive_link\\\" target=\\\"_blank\\\" rel=\\\"noopener noreferrer\\\">SERT\u00c3O, MEDICINA E MODERNIZA\u00c7\u00c3O: HERMES DE PAULA E O OLHAR M\u00c9DICO SOBRE A CIDADE DE MONTES CLAROS (1940-1950)<\/a><\/span><\/p>\n<p class=\\\"MsoNormal\\\" style=\\\"margin: 0cm;font-size: 11pt;font-family: Calibri, sans-serif\\\"><span style=\\\"color: windowtext\\\"><a href=\\\"http:\/\/lattes.cnpq.br\/4917352199351241\\\" target=\\\"_blank\\\" rel=\\\"noopener noreferrer\\\">Maria Carolina Rodrigues Nobre<\/a>, 2022.<\/span><\/p>\n<\/td>\n<\/tr>\n<tr style=\\\"height: 45.85pt\\\">\n<td style=\\\"width: 956.5pt;padding: 0cm 5.4pt;height: 45.85pt\\\" valign=\\\"top\\\" nowrap=\\\"nowrap\\\" width=\\\"1275\\\">\n<p class=\\\"MsoNormal\\\" style=\\\"margin: 0cm;font-size: 11pt;font-family: Calibri, sans-serif\\\"><span style=\\\"font-weight: 600\\\"><a href=\\\"https:\/\/drive.google.com\/file\/d\/1quUKdfi93EDDLpyDGpIiLOlQtk_fYMl7\/view?usp=drive_link\\\" target=\\\"_blank\\\" rel=\\\"noopener noreferrer\\\">\u201cSEMPRE-VIVAS EM LUTA\u201d: UMA EXPERI\u00caNCIA DE HIST\u00d3RIA P\u00daBLICA SOBRE OS USOS COMUNS DA TERRA NO QUILOMBO DE MATA DOS CRIOULOS-MG (2014-2019)<\/a><\/span><\/p>\n<p class=\\\"MsoNormal\\\" style=\\\"margin: 0cm;font-size: 11pt;font-family: Calibri, sans-serif\\\"><span style=\\\"color: windowtext\\\"><a href=\\\"http:\/\/lattes.cnpq.br\/2648121293262055\\\" target=\\\"_blank\\\" rel=\\\"noopener noreferrer\\\">Meiry Rodrigues Queiroz de Almeida<\/a>, 2022.<\/span><\/p>\n<\/td>\n<\/tr>\n<tr style=\\\"height: 45.85pt\\\">\n<td style=\\\"width: 956.5pt;padding: 0cm 5.4pt;height: 45.85pt\\\" valign=\\\"top\\\" nowrap=\\\"nowrap\\\" width=\\\"1275\\\">\n<p class=\\\"MsoNormal\\\" style=\\\"margin: 0cm;font-size: 11pt;font-family: Calibri, sans-serif\\\"><span style=\\\"font-weight: 600\\\"><a href=\\\"https:\/\/drive.google.com\/file\/d\/1ADHXOGW_XABzLI9jM8HUOsutXUe7jqGP\/view?usp=drive_link\\\" target=\\\"_blank\\\" rel=\\\"noopener noreferrer\\\">NO IMP\u00c9RIO DO AMOR MONSTRUOSO: A PRODU\u00c7\u00c3O DA DIFEREN\u00c7A E DA HOMOSSEXUALIDADE MASCULINA E FEMININA NO DISCURSO M\u00c9DICO BRASILEIRO DOS ANOS 1930<\/a><\/span><\/p>\n<p class=\\\"MsoNormal\\\" style=\\\"margin: 0cm;font-size: 11pt;font-family: Calibri, sans-serif\\\"><span style=\\\"color: windowtext\\\"><a href=\\\"http:\/\/lattes.cnpq.br\/2496521715843982\\\" target=\\\"_blank\\\" rel=\\\"noopener noreferrer\\\">Renan de Souza Nascimento<\/a>, 2022.<\/span><\/p>\n<\/td>\n<\/tr>\n<tr style=\\\"height: 45.85pt\\\">\n<td style=\\\"width: 956.5pt;padding: 0cm 5.4pt;height: 45.85pt\\\" valign=\\\"top\\\" nowrap=\\\"nowrap\\\" width=\\\"1275\\\">\n<p class=\\\"MsoNormal\\\" style=\\\"margin: 0cm;font-size: 11pt;font-family: Calibri, sans-serif\\\"><span style=\\\"font-weight: 600\\\"><a href=\\\"https:\/\/drive.google.com\/file\/d\/1VUtKqtTgPBJrlDVUKM9BkPgkcKWAO0Jj\/view?usp=drive_link\\\" target=\\\"_blank\\\" rel=\\\"noopener noreferrer\\\">NEW BLACK CINEMA: A \u201cNOVA ONDA\u201d DE DIRETORES AFRO-AMERICANOS NAS D\u00c9CADAS DE 1980 E 1990 NOS EUA<\/a><\/span><\/p>\n<p class=\\\"MsoNormal\\\" style=\\\"margin: 0cm;font-size: 11pt;font-family: Calibri, sans-serif\\\"><span style=\\\"color: windowtext\\\"><a href=\\\"http:\/\/lattes.cnpq.br\/9500506934944123\\\" target=\\\"_blank\\\" rel=\\\"noopener noreferrer\\\">Carlos Eduardo Freitas Ribeiro<\/a>, 2023.<\/span><\/p>\n<\/td>\n<\/tr>\n<tr style=\\\"height: 45.85pt\\\">\n<td style=\\\"width: 956.5pt;padding: 0cm 5.4pt;height: 45.85pt\\\" valign=\\\"top\\\" nowrap=\\\"nowrap\\\" width=\\\"1275\\\">\n<p class=\\\"MsoNormal\\\" style=\\\"margin: 0cm;font-size: 11pt;font-family: Calibri, sans-serif\\\"><span style=\\\"font-weight: 600\\\"><a href=\\\"https:\/\/drive.google.com\/file\/d\/11MWPWlCI-Fh2d71_oXwtcYXo088f3XAy\/view?usp=drive_link\\\" target=\\\"_blank\\\" rel=\\\"noopener noreferrer\\\">CUSTOS SOCIAIS DA VIOL\u00caNCIA DOM\u00c9STICA AOS FILHOS DAS MULHERES VITIMADAS MONTES CLAROS-MG (2013-2023)<\/a><\/span><strong>\u00a0<\/strong><\/p>\n<p class=\\\"MsoNormal\\\" style=\\\"margin: 0cm;font-size: 11pt;font-family: Calibri, sans-serif\\\"><span style=\\\"color: windowtext\\\"><a href=\\\"http:\/\/lattes.cnpq.br\/8337281190024602\\\" target=\\\"_blank\\\" rel=\\\"noopener noreferrer\\\">D\u00e1ria Maria Martins Assis<\/a>, 2023.<\/span><\/p>\n<\/td>\n<\/tr>\n<tr style=\\\"height: 45.85pt\\\">\n<td style=\\\"width: 956.5pt;padding: 0cm 5.4pt;height: 45.85pt\\\" valign=\\\"top\\\" nowrap=\\\"nowrap\\\" width=\\\"1275\\\">\n<p class=\\\"MsoNormal\\\" style=\\\"margin: 0cm;font-size: 11pt;font-family: Calibri, sans-serif\\\"><span style=\\\"font-weight: 600\\\"><a href=\\\"https:\/\/drive.google.com\/file\/d\/1go_EC5O4nVOfQGUaHuxbWc1NDJHOZ7MR\/view?usp=drive_link\\\" target=\\\"_blank\\\" rel=\\\"noopener noreferrer\\\">FEMINIC\u00cdDIO, INTERSECCIONALIDADE E COMO\u00c7\u00c3O: ESTUDO DE CASO DE PROCESSOS-CRIME REGISTRADOS EM MONTES CLAROS (2014-2021)<\/a><\/span><\/p>\n<p class=\\\"MsoNormal\\\" style=\\\"margin: 0cm;font-size: 11pt;font-family: Calibri, sans-serif\\\"><span style=\\\"color: windowtext\\\"><a href=\\\"http:\/\/lattes.cnpq.br\/8493152867726370\\\" target=\\\"_blank\\\" rel=\\\"noopener noreferrer\\\">J\u00e9ssica Martins Pereira<\/a>, 2023.<\/span><\/p>\n<\/td>\n<\/tr>\n<tr style=\\\"height: 45.85pt\\\">\n<td style=\\\"width: 956.5pt;padding: 0cm 5.4pt;height: 45.85pt\\\" valign=\\\"top\\\" nowrap=\\\"nowrap\\\" width=\\\"1275\\\">\n<p class=\\\"MsoNormal\\\" style=\\\"margin: 0cm;font-size: 11pt;font-family: Calibri, sans-serif\\\"><span style=\\\"font-weight: 600\\\"><a href=\\\"https:\/\/drive.google.com\/file\/d\/1siaVWIFxkRyX4o05KMMoH0vWvXY4VqmF\/view?usp=drive_link\\\" target=\\\"_blank\\\" rel=\\\"noopener noreferrer\\\">O QUE A \u201cSEMANA MUDA\u201d NOS DIZ SOBRE BRAS\u00cdLIA DE MINAS?: MEM\u00d3RIAS, VIV\u00caNCIAS E EXPERI\u00caNCIAS CAT\u00d3LICAS DOS BRASILMINENSES NAS D\u00c9CADAS DE 1960 \u2013 1990<\/a><\/span><\/p>\n<p class=\\\"MsoNormal\\\" style=\\\"margin: 0cm;font-size: 11pt;font-family: Calibri, sans-serif\\\"><span style=\\\"color: windowtext\\\"><a href=\\\"http:\/\/lattes.cnpq.br\/8556773230746399\\\" target=\\\"_blank\\\" rel=\\\"noopener noreferrer\\\">Jonas Rosa Mendes<\/a>, 2023.<\/span><\/p>\n<\/td>\n<\/tr>\n<tr style=\\\"height: 45.85pt\\\">\n<td style=\\\"width: 956.5pt;padding: 0cm 5.4pt;height: 45.85pt\\\" valign=\\\"top\\\" nowrap=\\\"nowrap\\\" width=\\\"1275\\\">\n<p class=\\\"MsoNormal\\\" style=\\\"margin: 0cm;font-size: 11pt;font-family: Calibri, sans-serif\\\"><span style=\\\"font-weight: 600\\\"><a href=\\\"https:\/\/drive.google.com\/file\/d\/1B9a5o4KgDI6tAJJ-NcAuSV3ZW_WgUyO6\/view?usp=drive_link\\\" target=\\\"_blank\\\" rel=\\\"noopener noreferrer\\\">RELA\u00c7\u00d5ES DE G\u00caNERO NO CINEMA HOLLYWOODIANO: REFLEX\u00d5ES A PARTIR DO FILME CINQUENTA TONS DE CINZA (2015)<\/a><\/span><\/p>\n<p class=\\\"MsoNormal\\\" style=\\\"margin: 0cm;font-size: 11pt;font-family: Calibri, sans-serif\\\"><span style=\\\"color: windowtext\\\"><a href=\\\"http:\/\/lattes.cnpq.br\/8698924652966390\\\" target=\\\"_blank\\\" rel=\\\"noopener noreferrer\\\">Joyce Mariane de Ara\u00fajo Cruz<\/a>, 2023.<\/span><\/p>\n<\/td>\n<\/tr>\n<tr style=\\\"height: 45.85pt\\\">\n<td style=\\\"width: 956.5pt;padding: 0cm 5.4pt;height: 45.85pt\\\" valign=\\\"top\\\" nowrap=\\\"nowrap\\\" width=\\\"1275\\\">\n<p class=\\\"MsoNormal\\\" style=\\\"margin: 0cm;font-size: 11pt;font-family: Calibri, sans-serif\\\"><span style=\\\"font-weight: 600\\\"><a href=\\\"https:\/\/drive.google.com\/file\/d\/1EDxTXAXThWsctTGkJ04bBn9nb3-oaicU\/view?usp=drive_link\\\" target=\\\"_blank\\\" rel=\\\"noopener noreferrer\\\">\u201cCOMO ASSIM, BALA PERDIDA? UM CORPO CAIU NO CH\u00c3O\u201d: O MASSACRE DE PARAIS\u00d3POLIS (2019), O SEQUESTRO DO \u00d4NIBUS 2520 E A NECROPOL\u00cdTICA NO JORNALISMO TELEVISIVO BRASILEIRO<\/a><\/span><\/p>\n<p class=\\\"MsoNormal\\\" style=\\\"margin: 0cm;font-size: 11pt;font-family: Calibri, sans-serif\\\"><span style=\\\"color: windowtext\\\"><a href=\\\"http:\/\/lattes.cnpq.br\/1682282715871563\\\" target=\\\"_blank\\\" rel=\\\"noopener noreferrer\\\">Larissa Ramos Dos Santos<\/a>, 2023.<\/span><\/p>\n<\/td>\n<\/tr>\n<tr style=\\\"height: 45.85pt\\\">\n<td style=\\\"width: 956.5pt;padding: 0cm 5.4pt;height: 45.85pt\\\" valign=\\\"top\\\" nowrap=\\\"nowrap\\\" width=\\\"1275\\\">\n<p class=\\\"MsoNormal\\\" style=\\\"margin: 0cm;font-size: 11pt;font-family: Calibri, sans-serif\\\"><span style=\\\"font-weight: 600\\\"><a href=\\\"https:\/\/drive.google.com\/file\/d\/1MaARYa4bAKWN88duoPzv6-c1mSl8rB9Y\/view?usp=drive_link\\\" target=\\\"_blank\\\" rel=\\\"noopener noreferrer\\\">OS X-MEN COMO REPRESENTA\u00c7\u00c3O METAF\u00d3RICA DA ASCEN\u00c7\u00c3O NEOCONSERVADORA NOS ESTADOS UNIDOS<\/a><\/span><\/p>\n<p class=\\\"MsoNormal\\\" style=\\\"margin: 0cm;font-size: 11pt;font-family: Calibri, sans-serif\\\"><span style=\\\"color: windowtext\\\"><a href=\\\"http:\/\/lattes.cnpq.br\/4201241059140636\\\" target=\\\"_blank\\\" rel=\\\"noopener noreferrer\\\">Leandro Rodrigues Pereira<\/a>, 2023.<\/span><\/p>\n<\/td>\n<\/tr>\n<tr style=\\\"height: 45.85pt\\\">\n<td style=\\\"width: 956.5pt;padding: 0cm 5.4pt;height: 45.85pt\\\" valign=\\\"top\\\" nowrap=\\\"nowrap\\\" width=\\\"1275\\\">\n<p class=\\\"MsoNormal\\\" style=\\\"margin: 0cm;font-size: 11pt;font-family: Calibri, sans-serif\\\"><span style=\\\"font-weight: 600\\\"><a href=\\\"https:\/\/drive.google.com\/file\/d\/1mWNLsoByRZpIFuHrzwKi3ZwN36dCEMRq\/view?usp=drive_link\\\" target=\\\"_blank\\\" rel=\\\"noopener noreferrer\\\">UMA AN\u00c1LISE IMAG\u00c9TICA DO INFERNO DAS VIS\u00d5ES DO CAVALEIRO T\u00daNDALO (GETTY, MS. 30)<\/a><\/span><\/p>\n<p class=\\\"MsoNormal\\\" style=\\\"margin: 0cm;font-size: 11pt;font-family: Calibri, sans-serif\\\"><span style=\\\"color: windowtext\\\"><a href=\\\"http:\/\/lattes.cnpq.br\/3345390956801433\\\" target=\\\"_blank\\\" rel=\\\"noopener noreferrer\\\">Luana Barbosa Miranda Souza<\/a>, 2023.<\/span><\/p>\n<\/td>\n<\/tr>\n<tr style=\\\"height: 45.85pt\\\">\n<td style=\\\"width: 956.5pt;padding: 0cm 5.4pt;height: 45.85pt\\\" valign=\\\"top\\\" nowrap=\\\"nowrap\\\" width=\\\"1275\\\">\n<p class=\\\"MsoNormal\\\" style=\\\"margin: 0cm;font-size: 11pt;font-family: Calibri, sans-serif\\\"><span style=\\\"font-weight: 600\\\"><a href=\\\"https:\/\/drive.google.com\/file\/d\/1iWeTzok-i0EuJjgXxzIdEqpHnbcLL7xS\/view?usp=drive_link\\\" target=\\\"_blank\\\" rel=\\\"noopener noreferrer\\\">\u201cUM METRO E SESSENTA E TR\u00caS E CINQUENTA QUILOS DE BOA GAROTA\u201d: REPRESENTA\u00c7\u00d5ES CORPORAIS DA JOVEM MULHER BRASILEIRA NAS \u201cGAROTAS\u201d D\u2019O CRUZEIRO (1938-1964)<\/a><\/span><\/p>\n<p class=\\\"MsoNormal\\\" style=\\\"margin: 0cm;font-size: 11pt;font-family: Calibri, sans-serif\\\"><span style=\\\"color: windowtext\\\"><a href=\\\"http:\/\/lattes.cnpq.br\/8373146093590499\\\" target=\\\"_blank\\\" rel=\\\"noopener noreferrer\\\">Mariane Alves de Souza<\/a>, 2023.<\/span><\/p>\n<\/td>\n<\/tr>\n<tr style=\\\"height: 45.85pt\\\">\n<td style=\\\"width: 956.5pt;padding: 0cm 5.4pt;height: 45.85pt\\\" valign=\\\"top\\\" nowrap=\\\"nowrap\\\" width=\\\"1275\\\">\n<p class=\\\"MsoNormal\\\" style=\\\"margin: 0cm;font-size: 11pt;font-family: Calibri, sans-serif\\\"><span style=\\\"font-weight: 600\\\"><a href=\\\"https:\/\/drive.google.com\/file\/d\/1LAvxldCZELZgtxOLe3xz5IkArJLMyS5r\/view?usp=drive_link\\\" target=\\\"_blank\\\" rel=\\\"noopener noreferrer\\\">INTERSECCIONALIDADE NO CINEMA BRASILEIRO: G\u00caNERO, RA\u00c7A E MARGINALIDADE EM MADAME SAT\u00c3 (2002)<\/a><\/span><\/p>\n<p class=\\\"MsoNormal\\\" style=\\\"margin: 0cm;font-size: 11pt;font-family: Calibri, sans-serif\\\"><span style=\\\"color: windowtext\\\"><a href=\\\"http:\/\/lattes.cnpq.br\/7491809074079335\\\" target=\\\"_blank\\\" rel=\\\"noopener noreferrer\\\">Thais Nery Sarmento<\/a>, 2023.<\/span><\/p>\n<\/td>\n<\/tr>\n<tr style=\\\"height: 45.85pt\\\">\n<td style=\\\"width: 956.5pt;padding: 0cm 5.4pt;height: 45.85pt\\\" valign=\\\"top\\\" nowrap=\\\"nowrap\\\" width=\\\"1275\\\">\n<p class=\\\"MsoNormal\\\" style=\\\"margin: 0cm;font-size: 11pt;font-family: Calibri, sans-serif\\\"><span style=\\\"font-weight: 600\\\"><a href=\\\"https:\/\/drive.google.com\/file\/d\/1Lj3qduOIibx8gRTp_wyDy34otqRgvvWK\/view?usp=drive_link\\\" target=\\\"_blank\\\" rel=\\\"noopener noreferrer\\\">\u201cEU FUI L\u00c1 E RECONHECI ESTA COMUNIDADE!\u201d: ENSINAGENS DE QUILOMBO E TERRITORIALIDADE DOS AFETOS NO MOVIMENTO POL\u00cdTICO DE MULHERES EM BURITI DO MEIO (1994-2020)<\/a><\/span><\/p>\n<p class=\\\"MsoNormal\\\" style=\\\"margin: 0cm;font-size: 11pt;font-family: Calibri, sans-serif\\\"><span style=\\\"color: windowtext\\\"><a href=\\\"http:\/\/lattes.cnpq.br\/3194869994212054\\\" target=\\\"_blank\\\" rel=\\\"noopener noreferrer\\\">Ana Cl\u00e1udia Vieira Cordeiro<\/a>, 2024.<\/span><\/p>\n<\/td>\n<\/tr>\n<tr style=\\\"height: 45.85pt\\\">\n<td style=\\\"width: 956.5pt;padding: 0cm 5.4pt;height: 45.85pt\\\" valign=\\\"top\\\" nowrap=\\\"nowrap\\\" width=\\\"1275\\\">\n<p class=\\\"MsoNormal\\\" style=\\\"margin: 0cm;font-size: 11pt;font-family: Calibri, sans-serif\\\"><span style=\\\"font-weight: 600\\\"><a href=\\\"https:\/\/drive.google.com\/file\/d\/14Y5qXd_DUCHWjP4j3CW6ei5tkTgWY0y5\/view?usp=drive_link\\\" target=\\\"_blank\\\" rel=\\\"noopener noreferrer\\\">TROPIC\u00c1LIA: QUE BARULHO \u00c9 ESSE? \u2013 UM DEBATE SOBRE A CULTURA BRASILEIRA<\/a><\/span><\/p>\n<p class=\\\"MsoNormal\\\" style=\\\"margin: 0cm;font-size: 11pt;font-family: Calibri, sans-serif\\\"><span style=\\\"color: windowtext\\\"><a href=\\\"http:\/\/lattes.cnpq.br\/3098507354864457\\\" target=\\\"_blank\\\" rel=\\\"noopener noreferrer\\\">Bernardo Macedo Oliveira<\/a>, 2024.<\/span><\/p>\n<\/td>\n<\/tr>\n<tr style=\\\"height: 45.85pt\\\">\n<td style=\\\"width: 956.5pt;padding: 0cm 5.4pt;height: 45.85pt\\\" valign=\\\"top\\\" nowrap=\\\"nowrap\\\" width=\\\"1275\\\">\n<p class=\\\"MsoNormal\\\" style=\\\"margin: 0cm;font-size: 11pt;font-family: Calibri, sans-serif\\\"><span style=\\\"font-weight: 600\\\"><a href=\\\"https:\/\/drive.google.com\/file\/d\/1HBXkifZdugKgfmAcjDWFg864ZZbs0Mg0\/view?usp=drive_link\\\" target=\\\"_blank\\\" rel=\\\"noopener noreferrer\\\">MULHERES NEGRAS E SA\u00daDE MENTAL: UMA AN\u00c1LISE HIST\u00d3RICA SOBRE A INTERSEC\u00c7\u00c3O ENTRE G\u00caNERO, RA\u00c7A E CLASSE NO CENTRO DE ATEN\u00c7\u00c3O PSICOSSOCIAL MARIA L\u00caDA DOS SANTOS (CAPS-I), DA CIDADE DE BOCAIUVA-MG (2003-2024)<\/a><\/span><\/p>\n<p class=\\\"MsoNormal\\\" style=\\\"margin: 0cm;font-size: 11pt;font-family: Calibri, sans-serif\\\"><span style=\\\"color: windowtext\\\"><a href=\\\"http:\/\/lattes.cnpq.br\/6329791088577662\\\" target=\\\"_blank\\\" rel=\\\"noopener noreferrer\\\">D\u00e9bora Regina Amaral<\/a>, 2024.<\/span><\/p>\n<\/td>\n<\/tr>\n<tr style=\\\"height: 45.85pt\\\">\n<td style=\\\"width: 956.5pt;padding: 0cm 5.4pt;height: 45.85pt\\\" valign=\\\"top\\\" nowrap=\\\"nowrap\\\" width=\\\"1275\\\">\n<p class=\\\"MsoNormal\\\" style=\\\"margin: 0cm;font-size: 11pt;font-family: Calibri, sans-serif\\\"><span style=\\\"font-weight: 600\\\"><a href=\\\"https:\/\/drive.google.com\/file\/d\/1o-w6vXLdp-NzQaWv8Pd7a0wr_G-8mne3\/view?usp=drive_link\\\" target=\\\"_blank\\\" rel=\\\"noopener noreferrer\\\">ENTRE A FARDA E O CAVALO: UMA FIGURA\u00c7\u00c3O DO HIPISMO COMO ESPORTE OL\u00cdMPICO NO BRASIL (1940-1960)<\/a><\/span><\/p>\n<p class=\\\"MsoNormal\\\" style=\\\"margin: 0cm;font-size: 11pt;font-family: Calibri, sans-serif\\\"><span style=\\\"color: windowtext\\\"><a href=\\\"http:\/\/lattes.cnpq.br\/6002574093789093\\\" target=\\\"_blank\\\" rel=\\\"noopener noreferrer\\\">Guilherme Carvalho Vieira<\/a>, 2024.<\/span><\/p>\n<\/td>\n<\/tr>\n<tr style=\\\"height: 45.85pt\\\">\n<td style=\\\"width: 956.5pt;padding: 0cm 5.4pt;height: 45.85pt\\\" valign=\\\"top\\\" nowrap=\\\"nowrap\\\" width=\\\"1275\\\">\n<p class=\\\"MsoNormal\\\" style=\\\"margin: 0cm;font-size: 11pt;font-family: Calibri, sans-serif\\\"><span style=\\\"font-weight: 600\\\"><a href=\\\"https:\/\/drive.google.com\/file\/d\/1ASx8xP3C-sEOEz9CFp5K-uZUOAQQzsaA\/view?usp=drive_link\\\" target=\\\"_blank\\\" rel=\\\"noopener noreferrer\\\">MEDIEVALISMO E DIVULGA\u00c7\u00c3O CIENT\u00cdFICA NO BRASIL CONTEMPOR\u00c2NEO: UM ESTUDO DO GRUPO SUPER (1987-2020)<\/a><\/span><\/p>\n<p class=\\\"MsoNormal\\\" style=\\\"margin: 0cm;font-size: 11pt;font-family: Calibri, sans-serif\\\"><span style=\\\"color: windowtext\\\"><a href=\\\"http:\/\/lattes.cnpq.br\/0107875490569571\\\" target=\\\"_blank\\\" rel=\\\"noopener noreferrer\\\">Luiz Felipe Anchieta Guerra<\/a>, 2024.<\/span><\/p>\n<\/td>\n<\/tr>\n<tr style=\\\"height: 45.85pt\\\">\n<td style=\\\"width: 956.5pt;padding: 0cm 5.4pt;height: 45.85pt\\\" valign=\\\"top\\\" nowrap=\\\"nowrap\\\" width=\\\"1275\\\">\n<p class=\\\"MsoNormal\\\" style=\\\"margin: 0cm;font-size: 11pt;font-family: Calibri, sans-serif\\\"><span style=\\\"font-weight: 600\\\"><a href=\\\"https:\/\/drive.google.com\/file\/d\/1kcwhJPu6Dno8qQ3jLx0Sdsia0loYZL7S\/view?usp=drive_link\\\" target=\\\"_blank\\\" rel=\\\"noopener noreferrer\\\">HIST\u00d3RIA P\u00daBLICA E O HOSPITAL COL\u00d4NIA DE BARBACENA (MG): IMPRENSA ESCRITA, DOCUMENT\u00c1RIO E NARRATIVAS DO MUSEU DA LOUCURA (1979-1996)<\/a><\/span><\/p>\n<p class=\\\"MsoNormal\\\" style=\\\"margin: 0cm;font-size: 11pt;font-family: Calibri, sans-serif\\\"><span style=\\\"color: windowtext\\\"><a href=\\\"http:\/\/lattes.cnpq.br\/7286325903555547\\\" target=\\\"_blank\\\" rel=\\\"noopener noreferrer\\\">Maria Fernanda Pimenta Fr\u00f3is<\/a>, 2024.<\/span><\/p>\n<\/td>\n<\/tr>\n<tr style=\\\"height: 45.85pt\\\">\n<td style=\\\"width: 956.5pt;padding: 0cm 5.4pt;height: 45.85pt\\\" valign=\\\"top\\\" nowrap=\\\"nowrap\\\" width=\\\"1275\\\">\n<p class=\\\"MsoNormal\\\" style=\\\"margin: 0cm;font-size: 11pt;font-family: Calibri, sans-serif\\\"><span style=\\\"font-weight: 600\\\"><a href=\\\"https:\/\/drive.google.com\/file\/d\/13M1N0a14pJc6DoY4xLF50-UG83CY9lfj\/view?usp=drive_link\\\" target=\\\"_blank\\\" rel=\\\"noopener noreferrer\\\">A TELEVIS\u00c3O COMO TECNOLOGIA DE G\u00caNERO E AS REPRESENTA\u00c7\u00d5ES FEMININAS NA FRANQUIA STAR TREK (1965-2022)<\/a><\/span><\/p>\n<p class=\\\"MsoNormal\\\" style=\\\"margin: 0cm;font-size: 11pt;font-family: Calibri, sans-serif\\\"><span style=\\\"color: windowtext\\\"><a href=\\\"http:\/\/lattes.cnpq.br\/1111756660730604\\\" target=\\\"_blank\\\" rel=\\\"noopener noreferrer\\\">Mariana Ruas Fernandes<\/a>, 2024.<\/span><\/p>\n<\/td>\n<\/tr>\n<tr style=\\\"height: 45.85pt\\\">\n<td style=\\\"width: 956.5pt;padding: 0cm 5.4pt;height: 45.85pt\\\" valign=\\\"top\\\" nowrap=\\\"nowrap\\\" width=\\\"1275\\\">\n<p class=\\\"MsoNormal\\\" style=\\\"margin: 0cm;font-size: 11pt;font-family: Calibri, sans-serif\\\"><span style=\\\"font-weight: 600\\\"><a href=\\\"https:\/\/drive.google.com\/file\/d\/1jgJOpJIsMzYKpgsUjpsbG1ZD1vYJr2K-\/view?usp=drive_link\\\" target=\\\"_blank\\\" rel=\\\"noopener noreferrer\\\">GRUPO AGRESTE: A CHEGAN\u00c7A DAS GERAIS NO CEN\u00c1RIO NACIONAL DA MPB (1977-1982)<\/a><\/span><\/p>\n<p class=\\\"MsoNormal\\\" style=\\\"margin: 0cm;font-size: 11pt;font-family: Calibri, sans-serif\\\"><span style=\\\"color: windowtext\\\"><a href=\\\"http:\/\/lattes.cnpq.br\/5484644289618209\\\" target=\\\"_blank\\\" rel=\\\"noopener noreferrer\\\">Rai Ara\u00fajo de Paula<\/a>, 2024.<\/span><\/p>\n<\/td>\n<\/tr>\n<tr style=\\\"height: 45.85pt\\\">\n<td style=\\\"width: 956.5pt;padding: 0cm 5.4pt;height: 45.85pt\\\" valign=\\\"top\\\" nowrap=\\\"nowrap\\\" width=\\\"1275\\\">\n<p class=\\\"MsoNormal\\\" style=\\\"margin: 0cm;font-size: 11pt;font-family: Calibri, sans-serif\\\"><span style=\\\"font-weight: 600\\\"><a href=\\\"https:\/\/drive.google.com\/file\/d\/1gl4CUNX9N4xEN8VlIQHLprfFuQcFwwAK\/view?usp=drive_link\\\" target=\\\"_blank\\\" rel=\\\"noopener noreferrer\\\">\u201cMINHA VOCA\u00c7\u00c3O \u00c9 A POL\u00cdTICA, MAS N\u00c3O NA MINHA TERRA\u201d: PARTICIPA\u00c7\u00c3O POL\u00cdTICA FEMININA NO LEGISLATIVO MUNICIPAL DE CARANGOLA (1992-2020)<\/a><\/span><\/p>\n<p class=\\\"MsoNormal\\\" style=\\\"margin: 0cm;font-size: 11pt;font-family: Calibri, sans-serif\\\"><span style=\\\"color: windowtext\\\"><a href=\\\"http:\/\/lattes.cnpq.br\/4837081022903429\\\" target=\\\"_blank\\\" rel=\\\"noopener noreferrer\\\">Stefany Reis Marquioli<\/a>, 2024.<\/span><\/p>\n<\/td>\n<\/tr>\n<tr style=\\\"height: 45.85pt\\\">\n<td style=\\\"width: 956.5pt;padding: 0cm 5.4pt;height: 45.85pt\\\" valign=\\\"top\\\" nowrap=\\\"nowrap\\\" width=\\\"1275\\\">\n<p class=\\\"MsoNormal\\\" style=\\\"margin: 0cm;font-size: 11pt;font-family: Calibri, sans-serif\\\"><span style=\\\"font-weight: 600\\\"><a href=\\\"https:\/\/drive.google.com\/file\/d\/1-On4upsJlUwXIW9iiycwyvmW9sLqCupQ\/view?usp=drive_link\\\" target=\\\"_blank\\\" rel=\\\"noopener noreferrer\\\">ERA UMA VEZ A HETEROSSEXUALIDADE: A BELA (ARQUEOFEMINISMO) E A FERA (PATRIARCADO) EM CONTOS DE FADAS DE AUTORIA FEMININA NA FRAN\u00c7A MODERNA<\/a><\/span><\/p>\n<p class=\\\"MsoNormal\\\" style=\\\"margin: 0cm;font-size: 11pt;font-family: Calibri, sans-serif\\\"><span style=\\\"color: windowtext\\\"><a href=\\\"http:\/\/lattes.cnpq.br\/0852020896613592\\\" target=\\\"_blank\\\" rel=\\\"noopener noreferrer\\\">Triodite Gabriel Donizetti Partenos Ferreira Simionato<\/a>, 2024.<\/span><\/p>\n<\/td>\n<\/tr>\n<tr style=\\\"height: 45.85pt\\\">\n<td style=\\\"width: 956.5pt;padding: 0cm 5.4pt;height: 45.85pt\\\" valign=\\\"top\\\" nowrap=\\\"nowrap\\\" width=\\\"1275\\\">\n<p class=\\\"MsoNormal\\\" style=\\\"margin: 0cm;font-size: 11pt;font-family: Calibri, sans-serif\\\"><span style=\\\"font-weight: 600\\\"><a href=\\\"https:\/\/drive.google.com\/file\/d\/1OwEOT1ZyOWpJAdyaHADSxAAASJALc2Iy\/view?usp=drive_link\\\" target=\\\"_blank\\\" rel=\\\"noopener noreferrer\\\">JUANA MANSO E SUAS IMPRESS\u00d5ES SOBRE NA\u00c7\u00d5ES EM CONSTRU\u00c7\u00c3O: UMA AN\u00c1LISE DE MISTERIOS DEL PLATA E LA FAMILIA DEL COMENDADOR (BRASIL E ARGENTINA, 1852-1854)<\/a><\/span><\/p>\n<p class=\\\"MsoNormal\\\" style=\\\"margin: 0cm;font-size: 11pt;font-family: Calibri, sans-serif\\\"><span style=\\\"color: windowtext\\\"><a href=\\\"http:\/\/lattes.cnpq.br\/3045161750477420\\\">Candida Victoria Pereira de Souza<\/a>, 2025.<\/span><\/p>\n<\/td>\n<\/tr>\n<tr style=\\\"height: 45.85pt\\\">\n<td style=\\\"width: 956.5pt;padding: 0cm 5.4pt;height: 45.85pt\\\" valign=\\\"top\\\" nowrap=\\\"nowrap\\\" width=\\\"1275\\\">\n<p class=\\\"MsoNormal\\\" style=\\\"margin: 0cm;font-size: 11pt;font-family: Calibri, sans-serif\\\"><span style=\\\"font-weight: 600\\\"><a href=\\\"https:\/\/drive.google.com\/file\/d\/1CU-_gloiFTjKnAVkdcYTrkYy2eXFUNiz\/view?usp=drive_link\\\" target=\\\"_blank\\\" rel=\\\"noopener noreferrer\\\">LOUD FAST RULES! A COISIFICA\u00c7\u00c3O DO PASSADO NO OLHAR CONTRACULTURAL DO FOT\u00d3GRAFO ROBERT MAPPLETHORPE<\/a><\/span><\/p>\n<p class=\\\"MsoNormal\\\" style=\\\"margin: 0cm;font-size: 11pt;font-family: Calibri, sans-serif\\\"><span style=\\\"color: windowtext\\\"><a href=\\\"http:\/\/lattes.cnpq.br\/1270336741360955\\\" target=\\\"_blank\\\" rel=\\\"noopener noreferrer\\\">Isaac Vinicius Veloso Ramos<\/a>, 2025.<\/span><\/p>\n<\/td>\n<\/tr>\n<tr style=\\\"height: 45.85pt\\\">\n<td style=\\\"width: 956.5pt;padding: 0cm 5.4pt;height: 45.85pt\\\" valign=\\\"top\\\" nowrap=\\\"nowrap\\\" width=\\\"1275\\\">\n<p class=\\\"MsoNormal\\\" style=\\\"margin: 0cm;font-size: 11pt;font-family: Calibri, sans-serif\\\"><span style=\\\"font-weight: 600\\\"><a href=\\\"https:\/\/drive.google.com\/file\/d\/1O8WyFNFmHOdGZt66Eat0sI_O66S0Yz9s\/view?usp=drive_link\\\" target=\\\"_blank\\\" rel=\\\"noopener noreferrer\\\">ENTRE A DEMONIZA\u00c7\u00c3O E A ROMANTIZA\u00c7\u00c3O: A CONSTRU\u00c7\u00c3O JORNAL\u00cdSTICA DE SUZANE VON RICHTHOFEN NA FOLHA DE S\u00c3O PAULO E NO CORREIO BRAZILIENSE (2002-2006)<\/a><\/span><\/p>\n<p class=\\\"MsoNormal\\\" style=\\\"margin: 0cm;font-size: 11pt;font-family: Calibri, sans-serif\\\"><span style=\\\"color: windowtext\\\"><a href=\\\"http:\/\/lattes.cnpq.br\/1751370921832009\\\" target=\\\"_blank\\\" rel=\\\"noopener noreferrer\\\">Lucas Matheus Araujo Bicalho<\/a>, 2025.<\/span><\/p>\n<\/td>\n<\/tr>\n<tr style=\\\"height: 45.85pt\\\">\n<td style=\\\"width: 956.5pt;padding: 0cm 5.4pt;height: 45.85pt\\\" valign=\\\"top\\\" nowrap=\\\"nowrap\\\" width=\\\"1275\\\">\n<p class=\\\"MsoNormal\\\" style=\\\"margin: 0cm;font-size: 11pt;font-family: Calibri, sans-serif\\\"><span style=\\\"font-weight: 600\\\"><a href=\\\"https:\/\/drive.google.com\/file\/d\/1CJ3q-1TYZ8yEr7hfpxnXcwJf1xO02bc_\/view?usp=drive_link\\\" target=\\\"_blank\\\" rel=\\\"noopener noreferrer\\\">O SOAR DA ZABUMBA: O QUILOMBISMO, IDENTIDADE E TERRITORIALIDADE NA COMUNIDADE DE CANUDOS\/MG<\/a><\/span><\/p>\n<p class=\\\"MsoNormal\\\" style=\\\"margin: 0cm;font-size: 11pt;font-family: Calibri, sans-serif\\\"><span style=\\\"color: windowtext\\\"><a href=\\\"http:\/\/lattes.cnpq.br\/2164733309210900\\\" target=\\\"_blank\\\" rel=\\\"noopener noreferrer\\\">Maria Silvana Rodrigues Calado<\/a>, 2025.<\/span><\/p>\n<\/td>\n<\/tr>\n<tr style=\\\"height: 45.85pt\\\">\n<td style=\\\"width: 956.5pt;padding: 0cm 5.4pt;height: 45.85pt\\\" valign=\\\"top\\\" nowrap=\\\"nowrap\\\" width=\\\"1275\\\">\n<p class=\\\"MsoNormal\\\" style=\\\"margin: 0cm;font-size: 11pt;font-family: Calibri, sans-serif\\\"><span style=\\\"font-weight: 600\\\"><a href=\\\"https:\/\/drive.google.com\/file\/d\/1SEx3FjnmFQOEr-bB-Nvsqm7pKK1KZd2p\/view?usp=drive_link\\\" target=\\\"_blank\\\" rel=\\\"noopener noreferrer\\\">\u201c&#8230;MAS O SONHO ACABOU E O INSETO EST\u00c1 ACORDADO\u201d: HORROR, HUMANIDADE E CORPO DOENTE EM A MOSCA (1986)<\/a><\/span><\/p>\n<p class=\\\"MsoNormal\\\" style=\\\"margin: 0cm;font-size: 11pt;font-family: Calibri, sans-serif\\\"><span style=\\\"color: windowtext\\\"><a href=\\\"http:\/\/lattes.cnpq.br\/3017892961768768\\\" target=\\\"_blank\\\" rel=\\\"noopener noreferrer\\\">Pedro Victor Silveira Ferreira<\/a>, 2025.<\/span><\/p>\n<\/td>\n<\/tr>\n<tr style=\\\"height: 45.85pt\\\">\n<td style=\\\"width: 956.5pt;padding: 0cm 5.4pt;height: 45.85pt\\\" valign=\\\"top\\\" nowrap=\\\"nowrap\\\" width=\\\"1275\\\">\n<p class=\\\"MsoNormal\\\" style=\\\"margin: 0cm;font-size: 11pt;font-family: Calibri, sans-serif\\\"><span style=\\\"font-weight: 600\\\"><a href=\\\"https:\/\/drive.google.com\/file\/d\/1RHJhdED0TdX_rxgR7A5md1zY8p4N-R_j\/view?usp=drive_link\\\" target=\\\"_blank\\\" rel=\\\"noopener noreferrer\\\">CURSINHO POPULAR VELHO CHICO: EDUCA\u00c7\u00c3O POPULAR, IDENTIDADES E CULTURA NA CIDADE DE MANGA, MINAS GERAIS &#8211; (2018- 2023)<\/a><\/span><\/p>\n<p class=\\\"MsoNormal\\\" style=\\\"margin: 0cm;font-size: 11pt;font-family: Calibri, sans-serif\\\"><span style=\\\"color: windowtext\\\"><a href=\\\"http:\/\/lattes.cnpq.br\/7007780212012771\\\" target=\\\"_blank\\\" rel=\\\"noopener noreferrer\\\">Rodrigo Pereira Rocha<\/a>, 2025.<\/span><\/p>\n<\/td>\n<\/tr>\n<tr style=\\\"height: 45.85pt\\\">\n<td style=\\\"width: 956.5pt;padding: 0cm 5.4pt;height: 45.85pt\\\" valign=\\\"top\\\" nowrap=\\\"nowrap\\\" width=\\\"1275\\\">\n<p class=\\\"MsoNormal\\\" style=\\\"margin: 0cm;font-size: 11pt;font-family: Calibri, sans-serif\\\"><span style=\\\"font-weight: 600\\\"><a href=\\\"https:\/\/drive.google.com\/file\/d\/1G4oOh1APbncYxjCU44USCFEf4Ijqo79i\/view?usp=drive_link\\\" target=\\\"_blank\\\" rel=\\\"noopener noreferrer\\\">O ESTADO DE EXCE\u00c7\u00c3O EM THE PURGE: ANARCHY (2014): MILITARIZA\u00c7\u00c3O SOCIAL E A RADICALIZA\u00c7\u00c3O DO PARTIDO REPUBLICANO NA ERA TRUMP (2017-2021)<\/a><\/span><\/p>\n<p class=\\\"MsoNormal\\\" style=\\\"margin: 0cm;font-size: 11pt;font-family: Calibri, sans-serif\\\"><span style=\\\"color: windowtext\\\"><a href=\\\"http:\/\/lattes.cnpq.br\/2498217863556383\\\" target=\\\"_blank\\\" rel=\\\"noopener noreferrer\\\">Sabrina Alves Ferreira<\/a>, 2025.<\/span><\/p>\n<\/td>\n<\/tr>\n<\/tbody>\n<\/table>\n<\/div><div class=\"kc-elm kc-icon-wrapper\">\n\t\t<i class=\"fa-leaf\"><\/i>\n\t<\/div>\n<\/div><\/div><\/div><\/div><\/section><section class=\"kc-elm kc_row\"><div class=\"kc-row-container  kc-container\"><div class=\"kc-wrap-columns\"><div class=\"kc-elm kc_column kc_col-sm-12\"><div class=\"kc-col-container\"><div class=\"kc-elm kc_text_block\"><p class=\\\"MsoNormal\\\" style=\\\"margin: 0cm 0cm 8pt;line-height: 15.6933px;font-size: 11pt;font-family: Calibri, sans-serif;color: #000000\\\">\n<\/div><\/div><\/div><\/div><\/div><\/section><section class=\"kc-elm kc_row\"><div class=\"kc-row-container  kc-container\"><div class=\"kc-wrap-columns\"><div class=\"kc-elm kc_column kc_col-sm-12\"><div class=\"kc-col-container\"><div class=\"kc-elm kc_text_block\"><\/div><\/div><\/div><\/div><\/div><\/section>\n","protected":false},"excerpt":{"rendered":"","protected":false},"author":2,"featured_media":0,"parent":1328,"menu_order":0,"comment_status":"closed","ping_status":"closed","template":"","meta":[],"yoast_head":"<!-- This site is optimized with the Yoast SEO plugin v14.7 - https:\/\/yoast.com\/wordpress\/plugins\/seo\/ -->\n<title>Disserta\u00e7\u00f5es Cultura, rela\u00e7\u00f5es sociais e g\u00eanero - PPGH - P\u00f3s Gradua\u00e7\u00e3o em Hist\u00f3ria Unimontes<\/title>\n<meta name=\"robots\" content=\"index, follow\" \/>\n<meta name=\"googlebot\" content=\"index, follow, max-snippet:-1, max-image-preview:large, max-video-preview:-1\" \/>\n<meta name=\"bingbot\" content=\"index, follow, max-snippet:-1, max-image-preview:large, max-video-preview:-1\" \/>\n<link rel=\"canonical\" href=\"https:\/\/www.posgraduacao.unimontes.br\/ppgh\/dissertacoes\/rascuno\/\" \/>\n<meta property=\"og:locale\" content=\"pt_BR\" \/>\n<meta property=\"og:type\" content=\"article\" \/>\n<meta property=\"og:title\" content=\"Disserta\u00e7\u00f5es Cultura, rela\u00e7\u00f5es sociais e g\u00eanero - PPGH - P\u00f3s Gradua\u00e7\u00e3o em Hist\u00f3ria Unimontes\" \/>\n<meta property=\"og:description\" content=\"Disserta\u00e7\u00f5es Linha de Pesquisa Cultura, rela\u00e7\u00f5es sociais e g\u00eanero \u00a0 \u00a0 Disserta\u00e7\u00f5es por linha de Pesquisa \u00a0 Linha de Pesquisa Cultura, rela\u00e7\u00f5es sociais e g\u00eanero\u00a0 \u00b7\u00a0\u00a0\u00a0\u00a0\u00a0\u00a0\u00a0\u00a0\u00a0RUPTURAS E PERMAN\u00caNCIAS HIST\u00d3RICAS DA ASSIST\u00caNCIA \u00c0 SA\u00daDE AO LOUCO EM MONTES CLAROS\/MG\u00a0&#8211;\u00a0Cynara\u00a0Rodrigues Soares Silva, 2012 \u00b7\u00a0\u00a0\u00a0\u00a0\u00a0\u00a0\u00a0\u00a0\u00a0CHRISTUS VINCIT, CHRISTUS REGNAT, CHRISTUS IMPERAT: REPRESENTA\u00c7\u00d5ES DE IGREJA E IMP\u00c9RIO, LEGITIMA\u00c7\u00c3O EM UM [&hellip;]\" \/>\n<meta property=\"og:url\" content=\"https:\/\/www.posgraduacao.unimontes.br\/ppgh\/dissertacoes\/rascuno\/\" \/>\n<meta property=\"og:site_name\" content=\"PPGH - P\u00f3s Gradua\u00e7\u00e3o em Hist\u00f3ria Unimontes\" \/>\n<meta property=\"article:modified_time\" content=\"2023-05-04T12:06:25+00:00\" \/>\n<meta name=\"twitter:card\" content=\"summary_large_image\" \/>\n<script type=\"application\/ld+json\" class=\"yoast-schema-graph\">{\"@context\":\"https:\/\/schema.org\",\"@graph\":[{\"@type\":\"WebSite\",\"@id\":\"https:\/\/www.posgraduacao.unimontes.br\/ppgh\/#website\",\"url\":\"https:\/\/www.posgraduacao.unimontes.br\/ppgh\/\",\"name\":\"PPGH - P\\u00f3s Gradua\\u00e7\\u00e3o em Hist\\u00f3ria Unimontes\",\"description\":\"Portal da P\\u00f3s Gradua\\u00e7\\u00e3o em Hist\\u00f3ria Unimontes\",\"potentialAction\":[{\"@type\":\"SearchAction\",\"target\":\"https:\/\/www.posgraduacao.unimontes.br\/ppgh\/?s={search_term_string}\",\"query-input\":\"required name=search_term_string\"}],\"inLanguage\":\"pt-BR\"},{\"@type\":\"WebPage\",\"@id\":\"https:\/\/www.posgraduacao.unimontes.br\/ppgh\/dissertacoes\/rascuno\/#webpage\",\"url\":\"https:\/\/www.posgraduacao.unimontes.br\/ppgh\/dissertacoes\/rascuno\/\",\"name\":\"Disserta\\u00e7\\u00f5es Cultura, rela\\u00e7\\u00f5es sociais e g\\u00eanero - PPGH - P\\u00f3s Gradua\\u00e7\\u00e3o em Hist\\u00f3ria Unimontes\",\"isPartOf\":{\"@id\":\"https:\/\/www.posgraduacao.unimontes.br\/ppgh\/#website\"},\"datePublished\":\"2021-06-18T01:01:59+00:00\",\"dateModified\":\"2023-05-04T12:06:25+00:00\",\"inLanguage\":\"pt-BR\",\"potentialAction\":[{\"@type\":\"ReadAction\",\"target\":[\"https:\/\/www.posgraduacao.unimontes.br\/ppgh\/dissertacoes\/rascuno\/\"]}]}]}<\/script>\n<!-- \/ Yoast SEO plugin. -->","_links":{"self":[{"href":"https:\/\/www.posgraduacao.unimontes.br\/ppgh\/wp-json\/wp\/v2\/pages\/1291"}],"collection":[{"href":"https:\/\/www.posgraduacao.unimontes.br\/ppgh\/wp-json\/wp\/v2\/pages"}],"about":[{"href":"https:\/\/www.posgraduacao.unimontes.br\/ppgh\/wp-json\/wp\/v2\/types\/page"}],"author":[{"embeddable":true,"href":"https:\/\/www.posgraduacao.unimontes.br\/ppgh\/wp-json\/wp\/v2\/users\/2"}],"replies":[{"embeddable":true,"href":"https:\/\/www.posgraduacao.unimontes.br\/ppgh\/wp-json\/wp\/v2\/comments?post=1291"}],"version-history":[{"count":42,"href":"https:\/\/www.posgraduacao.unimontes.br\/ppgh\/wp-json\/wp\/v2\/pages\/1291\/revisions"}],"predecessor-version":[{"id":1320,"href":"https:\/\/www.posgraduacao.unimontes.br\/ppgh\/wp-json\/wp\/v2\/pages\/1291\/revisions\/1320"}],"up":[{"embeddable":true,"href":"https:\/\/www.posgraduacao.unimontes.br\/ppgh\/wp-json\/wp\/v2\/pages\/1328"}],"wp:attachment":[{"href":"https:\/\/www.posgraduacao.unimontes.br\/ppgh\/wp-json\/wp\/v2\/media?parent=1291"}],"curies":[{"name":"wp","href":"https:\/\/api.w.org\/{rel}","templated":true}]}}