{"id":3055,"date":"2025-09-04T08:49:12","date_gmt":"2025-09-04T11:49:12","guid":{"rendered":"https:\/\/www.posgraduacao.unimontes.br\/ppgcps\/?page_id=3055"},"modified":"2025-09-04T08:50:57","modified_gmt":"2025-09-04T11:50:57","slug":"2022-3","status":"publish","type":"page","link":"https:\/\/www.posgraduacao.unimontes.br\/ppgcps\/2022-3\/","title":{"rendered":"2022"},"content":{"rendered":"<section class=\"kc-elm kc-css-311368 kc_row\"><div class=\"kc-row-container  kc-container\"><div class=\"kc-wrap-columns\"><div class=\"kc-elm kc-css-607787 kc_col-sm-12 kc_column kc_col-sm-12\"><div class=\"kc-col-container\"><div class=\"kc-elm kc-css-501229 kc_text_block\"><p><strong>Produtos T\u00e9cnicos &#8211; 2022<\/strong><\/p>\n<p><!-- \/wp:paragraph --><\/p>\n<\/div><div class=\"kc-elm kc-css-41764 kc_box_wrap \"><div><div class=\"one-one\"><span id=\"docs-internal-guid-7dbaecc9-7fff-02bc-3819-e49c75acebe9\"><br><span id=\"docs-internal-guid-3e85c5da-7fff-adda-a953-97d634458447\"><div dir=\"ltr\" style=\"margin-left:0pt;\" align=\"left\"><table style=\"border:none;border-collapse:collapse;\"><colgroup><col width=\"131\"><col width=\"121\"><col width=\"121\"><col width=\"139\"><col width=\"127\"><\/colgroup><tbody><tr style=\"height:0pt\"><td style=\"border-left:solid #d9d9d9 1pt;border-right:solid #d9d9d9 1pt;border-bottom:solid #d9d9d9 1pt;border-top:solid #d9d9d9 1pt;vertical-align:top;background-color:#007abf;padding:5pt 5pt 5pt 5pt;overflow:hidden;overflow-wrap:break-word;\"><p dir=\"ltr\" style=\"line-height:1.2;text-align: center;margin-top:0pt;margin-bottom:0pt;\"><span style=\"font-size: 9pt; font-family: Arial, sans-serif; color: rgb(255, 255, 255); background-color: transparent; font-weight: 700; font-variant-numeric: normal; font-variant-east-asian: normal; font-variant-alternates: normal; font-variant-position: normal; font-variant-emoji: normal; vertical-align: baseline; white-space-collapse: preserve;\">T\u00edtulo<\/span><\/p><\/td><td style=\"border-left:solid #d9d9d9 1pt;border-right:solid #d9d9d9 1pt;border-bottom:solid #d9d9d9 1pt;border-top:solid #d9d9d9 1pt;vertical-align:top;background-color:#007abf;padding:5pt 5pt 5pt 5pt;overflow:hidden;overflow-wrap:break-word;\"><p dir=\"ltr\" style=\"line-height:1.44;text-align: center;margin-top:6pt;margin-bottom:6pt;\"><span style=\"font-size: 9pt; font-family: Arial, sans-serif; color: rgb(255, 255, 255); background-color: transparent; font-weight: 700; font-variant-numeric: normal; font-variant-east-asian: normal; font-variant-alternates: normal; font-variant-position: normal; font-variant-emoji: normal; vertical-align: baseline; white-space-collapse: preserve;\">Tipo de Produ\u00e7\u00e3o T\u00e9cnica<\/span><\/p><\/td><td style=\"border-left:solid #d9d9d9 1pt;border-right:solid #d9d9d9 1pt;border-bottom:solid #d9d9d9 1pt;border-top:solid #d9d9d9 1pt;vertical-align:top;background-color:#007abf;padding:5pt 5pt 5pt 5pt;overflow:hidden;overflow-wrap:break-word;\"><p dir=\"ltr\" style=\"line-height:1.2;text-align: center;margin-top:0pt;margin-bottom:0pt;\"><span style=\"font-size: 9pt; font-family: Arial, sans-serif; color: rgb(255, 255, 255); background-color: transparent; font-weight: 700; font-variant-numeric: normal; font-variant-east-asian: normal; font-variant-alternates: normal; font-variant-position: normal; font-variant-emoji: normal; vertical-align: baseline; white-space-collapse: preserve;\">Autor(a)<\/span><\/p><\/td><td style=\"border-left:solid #d9d9d9 1pt;border-right:solid #d9d9d9 1pt;border-bottom:solid #d9d9d9 1pt;border-top:solid #d9d9d9 1pt;vertical-align:top;background-color:#007abf;padding:5pt 5pt 5pt 5pt;overflow:hidden;overflow-wrap:break-word;\"><p dir=\"ltr\" style=\"line-height:1.2;text-align: center;margin-top:0pt;margin-bottom:0pt;\"><span style=\"font-size: 9pt; font-family: Arial, sans-serif; color: rgb(255, 255, 255); background-color: transparent; font-weight: 700; font-variant-numeric: normal; font-variant-east-asian: normal; font-variant-alternates: normal; font-variant-position: normal; font-variant-emoji: normal; vertical-align: baseline; white-space-collapse: preserve;\">\u00c1rea de Concentra\u00e7\u00e3o<\/span><\/p><\/td><td style=\"border-left:solid #d9d9d9 1pt;border-right:solid #d9d9d9 1pt;border-bottom:solid #d9d9d9 1pt;border-top:solid #d9d9d9 1pt;vertical-align:top;background-color:#007abf;padding:5pt 5pt 5pt 5pt;overflow:hidden;overflow-wrap:break-word;\"><p dir=\"ltr\" style=\"line-height:1.2;text-align: center;margin-top:0pt;margin-bottom:0pt;\"><span style=\"font-size: 9pt; font-family: Arial, sans-serif; color: rgb(255, 255, 255); background-color: transparent; font-weight: 700; font-variant-numeric: normal; font-variant-east-asian: normal; font-variant-alternates: normal; font-variant-position: normal; font-variant-emoji: normal; vertical-align: baseline; white-space-collapse: preserve;\">Projeto de Pesquisa<\/span><\/p><\/td><\/tr><tr style=\"height:0pt\"><td style=\"border-left:solid #d9d9d9 1pt;border-right:solid #d9d9d9 1pt;border-bottom:solid #d9d9d9 1pt;border-top:solid #d9d9d9 1pt;vertical-align:top;background-color:#f3f3f3;padding:5pt 5pt 5pt 5pt;overflow:hidden;overflow-wrap:break-word;\"><p dir=\"ltr\" style=\"line-height:1.2;margin-top:0pt;margin-bottom:0pt;\"><a href=\"https:\/\/www.posgraduacao.unimontes.br\/ppgcps\/capitulo-9-10-11-livro-2022\/\" style=\"text-decoration-line: none;\"><span style=\"font-size: 9pt; font-family: Arial, sans-serif; color: rgb(17, 85, 204); background-color: transparent; font-variant-numeric: normal; font-variant-east-asian: normal; font-variant-alternates: normal; font-variant-position: normal; font-variant-emoji: normal; text-decoration-line: underline; text-decoration-skip-ink: none; vertical-align: baseline; white-space-collapse: preserve;\">Aten\u00e7\u00e3o Domiciliar na Sa\u00fade P\u00fablica - A\u00e7\u00f5es, Processos e Pesquisas Orientadas em Ci\u00eancias da Sa\u00fade - Cap\u00edtulo 9&nbsp;<\/span><\/a><\/p><\/td><td style=\"border-left:solid #d9d9d9 1pt;border-right:solid #d9d9d9 1pt;border-bottom:solid #d9d9d9 1pt;border-top:solid #d9d9d9 1pt;vertical-align:top;background-color:#f3f3f3;padding:5pt 5pt 5pt 5pt;overflow:hidden;overflow-wrap:break-word;\"><p dir=\"ltr\" style=\"line-height:1.2;text-align: center;margin-top:0pt;margin-bottom:0pt;\"><span style=\"font-size: 9pt; font-family: Arial, sans-serif; color: rgb(0, 0, 0); background-color: transparent; font-variant-numeric: normal; font-variant-east-asian: normal; font-variant-alternates: normal; font-variant-position: normal; font-variant-emoji: normal; vertical-align: baseline; white-space-collapse: preserve;\">Cap\u00edtulo de livro<\/span><\/p><\/td><td style=\"border-left:solid #d9d9d9 1pt;border-right:solid #d9d9d9 1pt;border-bottom:solid #d9d9d9 1pt;border-top:solid #d9d9d9 1pt;vertical-align:top;background-color:#f3f3f3;padding:5pt 5pt 5pt 5pt;overflow:hidden;overflow-wrap:break-word;\"><p dir=\"ltr\" style=\"line-height:1.2;margin-top:0pt;margin-bottom:0pt;\"><span style=\"font-size: 9pt; font-family: Arial, sans-serif; color: rgb(0, 0, 0); background-color: transparent; font-variant-numeric: normal; font-variant-east-asian: normal; font-variant-alternates: normal; font-variant-position: normal; font-variant-emoji: normal; vertical-align: baseline; white-space-collapse: preserve;\">Cristiane Vieira da Silva Sirlaine de Pinho, Ely Carlos Pereira de Jesus, M\u00e1rcia Mendes Menezes, Carlos Alberto Quint\u00e3o Rodrigues, Luciana Colares Maia, Orlene Veloso Dias, Simone de Melo Costa<\/span><\/p><\/td><td style=\"border-left:solid #d9d9d9 1pt;border-right:solid #d9d9d9 1pt;border-bottom:solid #d9d9d9 1pt;border-top:solid #d9d9d9 1pt;vertical-align:top;background-color:#f3f3f3;padding:5pt 5pt 5pt 5pt;overflow:hidden;overflow-wrap:break-word;\"><p dir=\"ltr\" style=\"line-height:1.2;text-align: center;margin-top:0pt;margin-bottom:0pt;\"><span style=\"font-size: 9pt; font-family: Arial, sans-serif; color: rgb(0, 0, 0); background-color: transparent; font-variant-numeric: normal; font-variant-east-asian: normal; font-variant-alternates: normal; font-variant-position: normal; font-variant-emoji: normal; vertical-align: baseline; white-space-collapse: preserve;\">Sa\u00fade Coletiva&nbsp;<\/span><\/p><\/td><td style=\"border-left:solid #d9d9d9 1pt;border-right:solid #d9d9d9 1pt;border-bottom:solid #d9d9d9 1pt;border-top:solid #d9d9d9 1pt;vertical-align:top;background-color:#f3f3f3;padding:5pt 5pt 5pt 5pt;overflow:hidden;overflow-wrap:break-word;\"><p dir=\"ltr\" style=\"line-height:1.2;text-align: center;margin-top:0pt;margin-bottom:0pt;\"><span style=\"font-size: 9pt; font-family: Arial, sans-serif; color: rgb(0, 0, 0); background-color: transparent; font-variant-numeric: normal; font-variant-east-asian: normal; font-variant-alternates: normal; font-variant-position: normal; font-variant-emoji: normal; vertical-align: baseline; white-space-collapse: preserve;\">Desospitaliza\u00e7\u00e3o e aten\u00e7\u00e3o domiciliar na rede p\u00fablica de sa\u00fade<\/span><\/p><\/td><\/tr><tr style=\"height:0pt\"><td style=\"border-left:solid #d9d9d9 1pt;border-right:solid #d9d9d9 1pt;border-bottom:solid #d9d9d9 1pt;border-top:solid #d9d9d9 1pt;vertical-align:top;background-color:#cfe2f3;padding:5pt 5pt 5pt 5pt;overflow:hidden;overflow-wrap:break-word;\"><p dir=\"ltr\" style=\"line-height:1.2;margin-top:0pt;margin-bottom:0pt;\"><a href=\"https:\/\/www.posgraduacao.unimontes.br\/ppgcps\/capitulo-9-10-11-livro-2022\/\" style=\"text-decoration-line: none;\"><span style=\"font-size: 9pt; font-family: Arial, sans-serif; color: rgb(17, 85, 204); background-color: transparent; font-variant-numeric: normal; font-variant-east-asian: normal; font-variant-alternates: normal; font-variant-position: normal; font-variant-emoji: normal; text-decoration-line: underline; text-decoration-skip-ink: none; vertical-align: baseline; white-space-collapse: preserve;\">Tipologia da Viol\u00eancia Contra Adolescentes - A\u00e7\u00f5es, Processos e Pesquisas Orientadas em Ci\u00eancias da Sa\u00fade - Cap\u00edtulo 10<\/span><\/a><span style=\"font-size: 9pt; font-family: Arial, sans-serif; color: rgb(0, 0, 0); background-color: transparent; font-variant-numeric: normal; font-variant-east-asian: normal; font-variant-alternates: normal; font-variant-position: normal; font-variant-emoji: normal; vertical-align: baseline; white-space-collapse: preserve;\">&nbsp;<\/span><\/p><\/td><td style=\"border-left:solid #d9d9d9 1pt;border-right:solid #d9d9d9 1pt;border-bottom:solid #d9d9d9 1pt;border-top:solid #d9d9d9 1pt;vertical-align:top;background-color:#cfe2f3;padding:5pt 5pt 5pt 5pt;overflow:hidden;overflow-wrap:break-word;\"><p dir=\"ltr\" style=\"line-height:1.2;text-align: center;margin-top:0pt;margin-bottom:0pt;\"><span style=\"font-size: 9pt; font-family: Arial, sans-serif; color: rgb(0, 0, 0); background-color: transparent; font-variant-numeric: normal; font-variant-east-asian: normal; font-variant-alternates: normal; font-variant-position: normal; font-variant-emoji: normal; vertical-align: baseline; white-space-collapse: preserve;\">Cap\u00edtulo de livro<\/span><\/p><\/td><td style=\"border-left:solid #d9d9d9 1pt;border-right:solid #d9d9d9 1pt;border-bottom:solid #d9d9d9 1pt;border-top:solid #d9d9d9 1pt;vertical-align:top;background-color:#cfe2f3;padding:5pt 5pt 5pt 5pt;overflow:hidden;overflow-wrap:break-word;\"><p dir=\"ltr\" style=\"line-height:1.2;margin-top:0pt;margin-bottom:0pt;\"><span style=\"font-size: 9pt; font-family: Arial, sans-serif; color: rgb(0, 0, 0); background-color: transparent; font-variant-numeric: normal; font-variant-east-asian: normal; font-variant-alternates: normal; font-variant-position: normal; font-variant-emoji: normal; vertical-align: baseline; white-space-collapse: preserve;\">Gustavo Silva Costa, Sara Antunes Rocha, Clara Braga Pires, Larissa Souza Santos, Luciana Colares Maia, Orlene Veloso Dias, Patr\u00edcia Helena Costa Mendes, Simone de Melo Costa<\/span><\/p><\/td><td style=\"border-left:solid #d9d9d9 1pt;border-right:solid #d9d9d9 1pt;border-bottom:solid #d9d9d9 1pt;border-top:solid #d9d9d9 1pt;vertical-align:top;background-color:#cfe2f3;padding:5pt 5pt 5pt 5pt;overflow:hidden;overflow-wrap:break-word;\"><p dir=\"ltr\" style=\"line-height:1.2;text-align: center;margin-top:0pt;margin-bottom:0pt;\"><span style=\"font-size: 9pt; font-family: Arial, sans-serif; color: rgb(0, 0, 0); background-color: transparent; font-variant-numeric: normal; font-variant-east-asian: normal; font-variant-alternates: normal; font-variant-position: normal; font-variant-emoji: normal; vertical-align: baseline; white-space-collapse: preserve;\">Sa\u00fade Coletiva<\/span><\/p><\/td><td style=\"border-left:solid #d9d9d9 1pt;border-right:solid #d9d9d9 1pt;border-bottom:solid #d9d9d9 1pt;border-top:solid #d9d9d9 1pt;vertical-align:top;background-color:#cfe2f3;padding:5pt 5pt 5pt 5pt;overflow:hidden;overflow-wrap:break-word;\"><p dir=\"ltr\" style=\"line-height:1.2;text-align: center;margin-top:0pt;margin-bottom:0pt;\"><span style=\"font-size: 9pt; font-family: Arial, sans-serif; color: rgb(0, 0, 0); background-color: transparent; font-variant-numeric: normal; font-variant-east-asian: normal; font-variant-alternates: normal; font-variant-position: normal; font-variant-emoji: normal; vertical-align: baseline; white-space-collapse: preserve;\">Viol\u00eancia Interpessoal no Brasil e uma s\u00e9rie temporal<\/span><\/p><\/td><\/tr><tr style=\"height:0pt\"><td style=\"border-left:solid #d9d9d9 1pt;border-right:solid #d9d9d9 1pt;border-bottom:solid #d9d9d9 1pt;border-top:solid #d9d9d9 1pt;vertical-align:top;background-color:#f3f3f3;padding:5pt 5pt 5pt 5pt;overflow:hidden;overflow-wrap:break-word;\"><p dir=\"ltr\" style=\"line-height:1.2;margin-top:0pt;margin-bottom:0pt;\"><a href=\"https:\/\/www.posgraduacao.unimontes.br\/ppgcps\/capitulo-9-10-11-livro-2022\/\" style=\"text-decoration-line: none;\"><span style=\"font-size: 9pt; font-family: Arial, sans-serif; color: rgb(17, 85, 204); background-color: transparent; font-variant-numeric: normal; font-variant-east-asian: normal; font-variant-alternates: normal; font-variant-position: normal; font-variant-emoji: normal; text-decoration-line: underline; text-decoration-skip-ink: none; vertical-align: baseline; white-space-collapse: preserve;\">Viol\u00eancia e Estatuto do Idoso - A\u00e7\u00f5es, Processos e Pesquisas Orientadas em Ci\u00eancias da Sa\u00fade - Cap\u00edtulo 11<\/span><\/a><\/p><\/td><td style=\"border-left:solid #d9d9d9 1pt;border-right:solid #d9d9d9 1pt;border-bottom:solid #d9d9d9 1pt;border-top:solid #d9d9d9 1pt;vertical-align:top;background-color:#f3f3f3;padding:5pt 5pt 5pt 5pt;overflow:hidden;overflow-wrap:break-word;\"><p dir=\"ltr\" style=\"line-height:1.2;text-align: center;margin-top:0pt;margin-bottom:0pt;\"><span style=\"font-size: 9pt; font-family: Arial, sans-serif; color: rgb(0, 0, 0); background-color: transparent; font-variant-numeric: normal; font-variant-east-asian: normal; font-variant-alternates: normal; font-variant-position: normal; font-variant-emoji: normal; vertical-align: baseline; white-space-collapse: preserve;\">Cap\u00edtulo de livro<\/span><\/p><\/td><td style=\"border-left:solid #d9d9d9 1pt;border-right:solid #d9d9d9 1pt;border-bottom:solid #d9d9d9 1pt;border-top:solid #d9d9d9 1pt;vertical-align:top;background-color:#f3f3f3;padding:5pt 5pt 5pt 5pt;overflow:hidden;overflow-wrap:break-word;\"><p dir=\"ltr\" style=\"line-height:1.2;margin-top:0pt;margin-bottom:0pt;\"><span style=\"font-size: 9pt; font-family: Arial, sans-serif; color: rgb(0, 0, 0); background-color: transparent; font-variant-numeric: normal; font-variant-east-asian: normal; font-variant-alternates: normal; font-variant-position: normal; font-variant-emoji: normal; vertical-align: baseline; white-space-collapse: preserve;\">Sara Antunes Rocha, Gustavo Silva Costa, Clara Braga Pires, Luis Paulo Morais Farias, Orlene Veloso Dias, Patr\u00edcia Helena Costa Mendes, Luciana Colares Maia, Simone de Melo Costa<\/span><\/p><\/td><td style=\"border-left:solid #d9d9d9 1pt;border-right:solid #d9d9d9 1pt;border-bottom:solid #d9d9d9 1pt;border-top:solid #d9d9d9 1pt;vertical-align:top;background-color:#f3f3f3;padding:5pt 5pt 5pt 5pt;overflow:hidden;overflow-wrap:break-word;\"><p dir=\"ltr\" style=\"line-height:1.2;text-align: center;margin-top:0pt;margin-bottom:0pt;\"><span style=\"font-size: 9pt; font-family: Arial, sans-serif; color: rgb(0, 0, 0); background-color: transparent; font-variant-numeric: normal; font-variant-east-asian: normal; font-variant-alternates: normal; font-variant-position: normal; font-variant-emoji: normal; vertical-align: baseline; white-space-collapse: preserve;\">Sa\u00fade Coletiva<\/span><\/p><\/td><td style=\"border-left:solid #d9d9d9 1pt;border-right:solid #d9d9d9 1pt;border-bottom:solid #d9d9d9 1pt;border-top:solid #d9d9d9 1pt;vertical-align:top;background-color:#f3f3f3;padding:5pt 5pt 5pt 5pt;overflow:hidden;overflow-wrap:break-word;\"><p dir=\"ltr\" style=\"line-height:1.2;text-align: center;margin-top:0pt;margin-bottom:0pt;\"><span style=\"font-size: 9pt; font-family: Arial, sans-serif; color: rgb(0, 0, 0); background-color: transparent; font-variant-numeric: normal; font-variant-east-asian: normal; font-variant-alternates: normal; font-variant-position: normal; font-variant-emoji: normal; vertical-align: baseline; white-space-collapse: preserve;\">Viol\u00eancia Interpessoal no Brasil e uma s\u00e9rie temporal<\/span><\/p><\/td><\/tr><tr style=\"height:0pt\"><td style=\"border-left:solid #d9d9d9 1pt;border-right:solid #d9d9d9 1pt;border-bottom:solid #d9d9d9 1pt;border-top:solid #d9d9d9 1pt;vertical-align:top;background-color:#cfe2f3;padding:5pt 5pt 5pt 5pt;overflow:hidden;overflow-wrap:break-word;\"><p dir=\"ltr\" style=\"line-height:1.2;margin-top:0pt;margin-bottom:0pt;\"><a href=\"https:\/\/www.posgraduacao.unimontes.br\/ppgcps\/ebook-violencia-cd-2022\/\" style=\"text-decoration-line: none;\"><span style=\"font-size: 9pt; font-family: Arial, sans-serif; color: rgb(17, 85, 204); background-color: transparent; font-variant-numeric: normal; font-variant-east-asian: normal; font-variant-alternates: normal; font-variant-position: normal; font-variant-emoji: normal; text-decoration-line: underline; text-decoration-skip-ink: none; vertical-align: baseline; white-space-collapse: preserve;\">Aten\u00e7\u00e3o centrada na pessoa em situa\u00e7\u00e3o de Viol\u00eancia Interpessoal: orienta\u00e7\u00f5es para cirurgi\u00f5es-dentistas da Aten\u00e7\u00e3o Prim\u00e1ria \u00e0 Sa\u00fade<\/span><\/a><\/p><\/td><td style=\"border-left:solid #d9d9d9 1pt;border-right:solid #d9d9d9 1pt;border-bottom:solid #d9d9d9 1pt;border-top:solid #d9d9d9 1pt;vertical-align:top;background-color:#cfe2f3;padding:5pt 5pt 5pt 5pt;overflow:hidden;overflow-wrap:break-word;\"><p dir=\"ltr\" style=\"line-height:1.2;text-align: center;margin-top:0pt;margin-bottom:0pt;\"><span style=\"font-size: 9pt; font-family: Arial, sans-serif; color: rgb(0, 0, 0); background-color: transparent; font-variant-numeric: normal; font-variant-east-asian: normal; font-variant-alternates: normal; font-variant-position: normal; font-variant-emoji: normal; vertical-align: baseline; white-space-collapse: preserve;\">Manual T\u00e9cnico<\/span><\/p><\/td><td style=\"border-left:solid #d9d9d9 1pt;border-right:solid #d9d9d9 1pt;border-bottom:solid #d9d9d9 1pt;border-top:solid #d9d9d9 1pt;vertical-align:top;background-color:#cfe2f3;padding:5pt 5pt 5pt 5pt;overflow:hidden;overflow-wrap:break-word;\"><p dir=\"ltr\" style=\"line-height:1.2;margin-top:0pt;margin-bottom:0pt;\"><span style=\"font-size: 9pt; font-family: Arial, sans-serif; color: rgb(0, 0, 0); background-color: transparent; font-variant-numeric: normal; font-variant-east-asian: normal; font-variant-alternates: normal; font-variant-position: normal; font-variant-emoji: normal; vertical-align: baseline; white-space-collapse: preserve;\">Larissa Souza Santos, Luis Paulo Morais Farias, Simone de Melo Costa<\/span><\/p><\/td><td style=\"border-left:solid #d9d9d9 1pt;border-right:solid #d9d9d9 1pt;border-bottom:solid #d9d9d9 1pt;border-top:solid #d9d9d9 1pt;vertical-align:top;background-color:#cfe2f3;padding:5pt 5pt 5pt 5pt;overflow:hidden;overflow-wrap:break-word;\"><p dir=\"ltr\" style=\"line-height:1.2;text-align: center;margin-top:0pt;margin-bottom:0pt;\"><span style=\"font-size: 9pt; font-family: Arial, sans-serif; color: rgb(0, 0, 0); background-color: transparent; font-variant-numeric: normal; font-variant-east-asian: normal; font-variant-alternates: normal; font-variant-position: normal; font-variant-emoji: normal; vertical-align: baseline; white-space-collapse: preserve;\">Sa\u00fade Coletiva<\/span><\/p><\/td><td style=\"border-left:solid #d9d9d9 1pt;border-right:solid #d9d9d9 1pt;border-bottom:solid #d9d9d9 1pt;border-top:solid #d9d9d9 1pt;vertical-align:top;background-color:#cfe2f3;padding:5pt 5pt 5pt 5pt;overflow:hidden;overflow-wrap:break-word;\"><p dir=\"ltr\" style=\"line-height:1.2;text-align: center;margin-top:0pt;margin-bottom:0pt;\"><span style=\"font-size: 9pt; font-family: Arial, sans-serif; color: rgb(0, 0, 0); background-color: transparent; font-variant-numeric: normal; font-variant-east-asian: normal; font-variant-alternates: normal; font-variant-position: normal; font-variant-emoji: normal; vertical-align: baseline; white-space-collapse: preserve;\">Viol\u00eancia Interpessoal no Brasil e uma s\u00e9rie temporal<\/span><\/p><\/td><\/tr><tr style=\"height:0pt\"><td style=\"border-left:solid #d9d9d9 1pt;border-right:solid #d9d9d9 1pt;border-bottom:solid #d9d9d9 1pt;border-top:solid #d9d9d9 1pt;vertical-align:top;background-color:#f3f3f3;padding:5pt 5pt 5pt 5pt;overflow:hidden;overflow-wrap:break-word;\"><p dir=\"ltr\" style=\"line-height:1.2;margin-top:0pt;margin-bottom:0pt;\"><a href=\"https:\/\/open.spotify.com\/show\/7qACYSDouR9zA32Kgvvdls\" style=\"text-decoration-line: none;\"><span style=\"font-size: 9pt; font-family: Arial, sans-serif; color: rgb(17, 85, 204); background-color: transparent; font-variant-numeric: normal; font-variant-east-asian: normal; font-variant-alternates: normal; font-variant-position: normal; font-variant-emoji: normal; text-decoration-line: underline; text-decoration-skip-ink: none; vertical-align: baseline; white-space-collapse: preserve;\">Podcast: Saber para Nascer Cast&nbsp;<\/span><\/a><\/p><\/td><td style=\"border-left:solid #d9d9d9 1pt;border-right:solid #d9d9d9 1pt;border-bottom:solid #d9d9d9 1pt;border-top:solid #d9d9d9 1pt;vertical-align:top;background-color:#f3f3f3;padding:5pt 5pt 5pt 5pt;overflow:hidden;overflow-wrap:break-word;\"><p dir=\"ltr\" style=\"line-height:1.2;text-align: center;margin-top:0pt;margin-bottom:0pt;\"><span style=\"font-size: 9pt; font-family: Arial, sans-serif; color: rgb(0, 0, 0); background-color: transparent; font-variant-numeric: normal; font-variant-east-asian: normal; font-variant-alternates: normal; font-variant-position: normal; font-variant-emoji: normal; vertical-align: baseline; white-space-collapse: preserve;\">Podcast<\/span><\/p><\/td><td style=\"border-left:solid #d9d9d9 1pt;border-right:solid #d9d9d9 1pt;border-bottom:solid #d9d9d9 1pt;border-top:solid #d9d9d9 1pt;vertical-align:top;background-color:#f3f3f3;padding:5pt 5pt 5pt 5pt;overflow:hidden;overflow-wrap:break-word;\"><p dir=\"ltr\" style=\"line-height:1.2;margin-top:0pt;margin-bottom:0pt;\"><span style=\"font-size: 9pt; font-family: Arial, sans-serif; color: rgb(0, 0, 0); background-color: transparent; font-variant-numeric: normal; font-variant-east-asian: normal; font-variant-alternates: normal; font-variant-position: normal; font-variant-emoji: normal; vertical-align: baseline; white-space-collapse: preserve;\">Carolina Amaral, Ros\u00e2ngela Ramos Veloso Silva&nbsp;<\/span><\/p><\/td><td style=\"border-left:solid #d9d9d9 1pt;border-right:solid #d9d9d9 1pt;border-bottom:solid #d9d9d9 1pt;border-top:solid #d9d9d9 1pt;vertical-align:top;background-color:#f3f3f3;padding:5pt 5pt 5pt 5pt;overflow:hidden;overflow-wrap:break-word;\"><p dir=\"ltr\" style=\"line-height:1.2;text-align: center;margin-top:0pt;margin-bottom:0pt;\"><span style=\"font-size: 9pt; font-family: Arial, sans-serif; color: rgb(0, 0, 0); background-color: transparent; font-variant-numeric: normal; font-variant-east-asian: normal; font-variant-alternates: normal; font-variant-position: normal; font-variant-emoji: normal; vertical-align: baseline; white-space-collapse: preserve;\">Sa\u00fade Coletiva<\/span><\/p><\/td><td style=\"border-left:solid #d9d9d9 1pt;border-right:solid #d9d9d9 1pt;border-bottom:solid #d9d9d9 1pt;border-top:solid #d9d9d9 1pt;vertical-align:top;background-color:#f3f3f3;padding:5pt 5pt 5pt 5pt;overflow:hidden;overflow-wrap:break-word;\"><p dir=\"ltr\" style=\"line-height:1.2;text-align: center;margin-top:0pt;margin-bottom:0pt;\"><span style=\"font-size: 9pt; font-family: Arial, sans-serif; color: rgb(0, 0, 0); background-color: transparent; font-variant-numeric: normal; font-variant-east-asian: normal; font-variant-alternates: normal; font-variant-position: normal; font-variant-emoji: normal; vertical-align: baseline; white-space-collapse: preserve;\">ESTUDO ALGE - Avalia\u00e7\u00e3o das condi\u00e7\u00f5es de sa\u00fade das gestantes de Montes Claros-MG: estudo longitudinal<\/span><\/p><\/td><\/tr><tr style=\"height:46.646484375pt\"><td style=\"border-left:solid #d9d9d9 1pt;border-right:solid #d9d9d9 1pt;border-bottom:solid #d9d9d9 1pt;border-top:solid #d9d9d9 1pt;vertical-align:top;background-color:#f3f3f3;padding:5pt 5pt 5pt 5pt;overflow:hidden;overflow-wrap:break-word;\"><p dir=\"ltr\" style=\"line-height:1.2;margin-top:0pt;margin-bottom:0pt;\"><a href=\"https:\/\/www.posgraduacao.unimontes.br\/ppgcps\/relatorio-tecnico-condicoes-de-trabalho-e-saude-de-acs\/\" style=\"text-decoration-line: none;\"><span style=\"font-size: 9pt; font-family: Arial, sans-serif; color: rgb(17, 85, 204); background-color: transparent; font-variant-numeric: normal; font-variant-east-asian: normal; font-variant-alternates: normal; font-variant-position: normal; font-variant-emoji: normal; text-decoration-line: underline; text-decoration-skip-ink: none; vertical-align: baseline; white-space-collapse: preserve;\">Condi\u00e7\u00f5es de trabalho e sa\u00fade de Agentes Comunit\u00e1rios de Sa\u00fade do munic\u00edpio de Montes Claros \u2013 MG<\/span><\/a><\/p><\/td><td style=\"border-left:solid #d9d9d9 1pt;border-right:solid #d9d9d9 1pt;border-bottom:solid #d9d9d9 1pt;border-top:solid #d9d9d9 1pt;vertical-align:top;background-color:#f3f3f3;padding:5pt 5pt 5pt 5pt;overflow:hidden;overflow-wrap:break-word;\"><p dir=\"ltr\" style=\"line-height:1.2;text-align: center;margin-top:0pt;margin-bottom:0pt;\"><span style=\"font-size: 9pt; font-family: Arial, sans-serif; color: rgb(0, 0, 0); background-color: transparent; font-variant-numeric: normal; font-variant-east-asian: normal; font-variant-alternates: normal; font-variant-position: normal; font-variant-emoji: normal; vertical-align: baseline; white-space-collapse: preserve;\">Relat\u00f3rio T\u00e9cnico<\/span><\/p><\/td><td style=\"border-left:solid #d9d9d9 1pt;border-right:solid #d9d9d9 1pt;border-bottom:solid #d9d9d9 1pt;border-top:solid #d9d9d9 1pt;vertical-align:top;background-color:#f3f3f3;padding:5pt 5pt 5pt 5pt;overflow:hidden;overflow-wrap:break-word;\"><p dir=\"ltr\" style=\"line-height:1.2;margin-top:0pt;margin-bottom:0pt;\"><span style=\"font-size: 9pt; font-family: Arial, sans-serif; color: rgb(0, 0, 0); background-color: transparent; font-variant-numeric: normal; font-variant-east-asian: normal; font-variant-alternates: normal; font-variant-position: normal; font-variant-emoji: normal; vertical-align: baseline; white-space-collapse: preserve;\">Tatiana Fr\u00f3es Fernandes, Clara Cynthia Melo e Lima, Lucin\u00e9ia de Pinho e Ant\u00f4nio Prates Caldeira<\/span><\/p><\/td><td style=\"border-left:solid #d9d9d9 1pt;border-right:solid #d9d9d9 1pt;border-bottom:solid #d9d9d9 1pt;border-top:solid #d9d9d9 1pt;vertical-align:top;background-color:#f3f3f3;padding:5pt 5pt 5pt 5pt;overflow:hidden;overflow-wrap:break-word;\"><p dir=\"ltr\" style=\"line-height:1.2;text-align: center;margin-top:0pt;margin-bottom:0pt;\"><span style=\"font-size: 9pt; font-family: Arial, sans-serif; color: rgb(0, 0, 0); background-color: transparent; font-variant-numeric: normal; font-variant-east-asian: normal; font-variant-alternates: normal; font-variant-position: normal; font-variant-emoji: normal; vertical-align: baseline; white-space-collapse: preserve;\">Sa\u00fade Coletiva<\/span><\/p><\/td><td style=\"border-left:solid #d9d9d9 1pt;border-right:solid #d9d9d9 1pt;border-bottom:solid #d9d9d9 1pt;border-top:solid #d9d9d9 1pt;vertical-align:top;background-color:#f3f3f3;padding:5pt 5pt 5pt 5pt;overflow:hidden;overflow-wrap:break-word;\"><p dir=\"ltr\" style=\"line-height:1.2;text-align: center;margin-top:0pt;margin-bottom:0pt;\"><span style=\"font-size: 9pt; font-family: Arial, sans-serif; color: rgb(0, 0, 0); background-color: transparent; font-variant-numeric: normal; font-variant-east-asian: normal; font-variant-alternates: normal; font-variant-position: normal; font-variant-emoji: normal; vertical-align: baseline; white-space-collapse: preserve;\">Condi\u00e7\u00f5es de Trabalho e de Sa\u00fade de Agentes Comunit\u00e1rios de Sa\u00fade do Norte de Minas Gerais<\/span><\/p><\/td><\/tr><tr style=\"height:46.646484375pt\"><td style=\"border-left:solid #d9d9d9 1pt;border-right:solid #d9d9d9 1pt;border-bottom:solid #d9d9d9 1pt;border-top:solid #d9d9d9 1pt;vertical-align:top;background-color:#cfe2f3;padding:5pt 5pt 5pt 5pt;overflow:hidden;overflow-wrap:break-word;\"><p dir=\"ltr\" style=\"line-height:1.2;margin-top:0pt;margin-bottom:0pt;\"><a href=\"http:\/\/www.posgraduacao.unimontes.br\/uploads\/sites\/18\/2023\/05\/LIVRO-SAUDE-DA-PESSOA-IDOSA-EM-EVIDENCIA-2022.pdf\" style=\"text-decoration-line: none;\"><span style=\"font-size: 9pt; font-family: Arial, sans-serif; color: rgb(17, 85, 204); background-color: transparent; font-variant-numeric: normal; font-variant-east-asian: normal; font-variant-alternates: normal; font-variant-position: normal; font-variant-emoji: normal; text-decoration-line: underline; text-decoration-skip-ink: none; vertical-align: baseline; white-space-collapse: preserve;\">Sa\u00fade da Pessoa Idosa em Evid\u00eancia<\/span><\/a><\/p><\/td><td style=\"border-left:solid #d9d9d9 1pt;border-right:solid #d9d9d9 1pt;border-bottom:solid #d9d9d9 1pt;border-top:solid #d9d9d9 1pt;vertical-align:top;background-color:#cfe2f3;padding:5pt 5pt 5pt 5pt;overflow:hidden;overflow-wrap:break-word;\"><p dir=\"ltr\" style=\"line-height:1.2;text-align: center;margin-top:0pt;margin-bottom:0pt;\"><span style=\"font-size: 9pt; font-family: Arial, sans-serif; color: rgb(0, 0, 0); background-color: transparent; font-variant-numeric: normal; font-variant-east-asian: normal; font-variant-alternates: normal; font-variant-position: normal; font-variant-emoji: normal; vertical-align: baseline; white-space-collapse: preserve;\">Livro<\/span><\/p><\/td><td style=\"border-left:solid #d9d9d9 1pt;border-right:solid #d9d9d9 1pt;border-bottom:solid #d9d9d9 1pt;border-top:solid #d9d9d9 1pt;vertical-align:top;background-color:#cfe2f3;padding:5pt 5pt 5pt 5pt;overflow:hidden;overflow-wrap:break-word;\"><p dir=\"ltr\" style=\"line-height:1.2;margin-top:0pt;margin-bottom:0pt;\"><span style=\"font-size: 9pt; font-family: Arial, sans-serif; color: rgb(0, 0, 0); background-color: transparent; font-variant-numeric: normal; font-variant-east-asian: normal; font-variant-alternates: normal; font-variant-position: normal; font-variant-emoji: normal; vertical-align: baseline; white-space-collapse: preserve;\">Fernandez Fonseca Almeida, Francisca Cardoso, Wald\u00edvia Batista da Silva, Ely Carlos Pereira de Jesus, Luara Silva Veloso, Keilla Silva Mendes Dur\u00e3es, Renata Cardoso Pinto, Camila Almeida de Alencar, Pamela Daniele Carvalho Pupo, Let\u00edcia de Oliveira e Silva Ara\u00fajo, Victor Guilherme Pereira Maria Izabel dos Santos, Lorena Viana Soares Caldeira de Melo, Ant\u00f4nio Prates Caldeira, Luciana Colares Maia<\/span><\/p><\/td><td style=\"border-left:solid #d9d9d9 1pt;border-right:solid #d9d9d9 1pt;border-bottom:solid #d9d9d9 1pt;border-top:solid #d9d9d9 1pt;vertical-align:top;background-color:#cfe2f3;padding:5pt 5pt 5pt 5pt;overflow:hidden;overflow-wrap:break-word;\"><p dir=\"ltr\" style=\"line-height:1.2;text-align: center;margin-top:0pt;margin-bottom:0pt;\"><span style=\"font-size: 9pt; font-family: Arial, sans-serif; color: rgb(0, 0, 0); background-color: transparent; font-variant-numeric: normal; font-variant-east-asian: normal; font-variant-alternates: normal; font-variant-position: normal; font-variant-emoji: normal; vertical-align: baseline; white-space-collapse: preserve;\">Sa\u00fade Coletiva<\/span><\/p><\/td><td style=\"border-left:solid #d9d9d9 1pt;border-right:solid #d9d9d9 1pt;border-bottom:solid #d9d9d9 1pt;border-top:solid #d9d9d9 1pt;vertical-align:top;background-color:#cfe2f3;padding:5pt 5pt 5pt 5pt;overflow:hidden;overflow-wrap:break-word;\"><p dir=\"ltr\" style=\"line-height:1.2;text-align: center;margin-top:0pt;margin-bottom:0pt;\"><span style=\"font-size: 9pt; font-family: Arial, sans-serif; color: rgb(0, 0, 0); background-color: transparent; font-variant-numeric: normal; font-variant-east-asian: normal; font-variant-alternates: normal; font-variant-position: normal; font-variant-emoji: normal; vertical-align: baseline; white-space-collapse: preserve;\">Fragilidade em idosos: estudo longitudinal<\/span><\/p><\/td><\/tr><tr style=\"height:46.646484375pt\"><td style=\"border-left:solid #d9d9d9 1pt;border-right:solid #d9d9d9 1pt;border-bottom:solid #d9d9d9 1pt;border-top:solid #d9d9d9 1pt;vertical-align:top;background-color:#f3f3f3;padding:5pt 5pt 5pt 5pt;overflow:hidden;overflow-wrap:break-word;\"><p dir=\"ltr\" style=\"line-height:1.2;margin-top:0pt;margin-bottom:0pt;\"><a href=\"http:\/\/www.posgraduacao.unimontes.br\/uploads\/sites\/18\/2023\/05\/LIVRO-2022-Suporte-a-quem-cuida.-Curso-para-cuidadores-de-idosos-2022.pdf\" style=\"text-decoration-line: none;\"><span style=\"font-size: 9pt; font-family: Arial, sans-serif; color: rgb(17, 85, 204); background-color: transparent; font-variant-numeric: normal; font-variant-east-asian: normal; font-variant-alternates: normal; font-variant-position: normal; font-variant-emoji: normal; text-decoration-line: underline; text-decoration-skip-ink: none; vertical-align: baseline; white-space-collapse: preserve;\">Suporte a quem cuida: Curso para cuidadores informais de idosos<\/span><\/a><\/p><\/td><td style=\"border-left:solid #d9d9d9 1pt;border-right:solid #d9d9d9 1pt;border-bottom:solid #d9d9d9 1pt;border-top:solid #d9d9d9 1pt;vertical-align:top;background-color:#f3f3f3;padding:5pt 5pt 5pt 5pt;overflow:hidden;overflow-wrap:break-word;\"><p dir=\"ltr\" style=\"line-height:1.2;text-align: center;margin-top:0pt;margin-bottom:0pt;\"><span style=\"font-size: 9pt; font-family: Arial, sans-serif; color: rgb(0, 0, 0); background-color: transparent; font-variant-numeric: normal; font-variant-east-asian: normal; font-variant-alternates: normal; font-variant-position: normal; font-variant-emoji: normal; vertical-align: baseline; white-space-collapse: preserve;\">Livro<\/span><\/p><\/td><td style=\"border-left:solid #d9d9d9 1pt;border-right:solid #d9d9d9 1pt;border-bottom:solid #d9d9d9 1pt;border-top:solid #d9d9d9 1pt;vertical-align:top;background-color:#f3f3f3;padding:5pt 5pt 5pt 5pt;overflow:hidden;overflow-wrap:break-word;\"><p dir=\"ltr\" style=\"line-height:1.2;margin-top:0pt;margin-bottom:0pt;\"><span style=\"font-size: 9pt; font-family: Arial, sans-serif; color: rgb(0, 0, 0); background-color: transparent; font-variant-numeric: normal; font-variant-east-asian: normal; font-variant-alternates: normal; font-variant-position: normal; font-variant-emoji: normal; vertical-align: baseline; white-space-collapse: preserve;\">Camila Almeida de Alencar, Pamela Daniele Carvalho Pupo, Lorena Viana Soares Caldeira de Melo, Maria Izabel dos Santos, Fernandez Fonseca Almeida,&nbsp; Waldivia Batista da Silva, Keilla Silva Mendes Dur\u00e3es, Renata Cardoso Pinto, Luara Silva Veloso, Ant\u00f4nio Prates Caldeira Ely Carlos Pereira de Jesus Luciana Colares Maia<\/span><\/p><\/td><td style=\"border-left:solid #d9d9d9 1pt;border-right:solid #d9d9d9 1pt;border-bottom:solid #d9d9d9 1pt;border-top:solid #d9d9d9 1pt;vertical-align:top;background-color:#f3f3f3;padding:5pt 5pt 5pt 5pt;overflow:hidden;overflow-wrap:break-word;\"><p dir=\"ltr\" style=\"line-height:1.2;text-align: center;margin-top:0pt;margin-bottom:0pt;\"><span style=\"font-size: 9pt; font-family: Arial, sans-serif; color: rgb(0, 0, 0); background-color: transparent; font-variant-numeric: normal; font-variant-east-asian: normal; font-variant-alternates: normal; font-variant-position: normal; font-variant-emoji: normal; vertical-align: baseline; white-space-collapse: preserve;\">Sa\u00fade Coletiva<\/span><\/p><\/td><td style=\"border-left:solid #d9d9d9 1pt;border-right:solid #d9d9d9 1pt;border-bottom:solid #d9d9d9 1pt;border-top:solid #d9d9d9 1pt;vertical-align:top;background-color:#f3f3f3;padding:5pt 5pt 5pt 5pt;overflow:hidden;overflow-wrap:break-word;\"><p dir=\"ltr\" style=\"line-height:1.2;text-align: center;margin-top:0pt;margin-bottom:0pt;\"><span style=\"font-size: 9pt; font-family: Arial, sans-serif; color: rgb(0, 0, 0); background-color: transparent; font-variant-numeric: normal; font-variant-east-asian: normal; font-variant-alternates: normal; font-variant-position: normal; font-variant-emoji: normal; vertical-align: baseline; white-space-collapse: preserve;\">Fragilidade em idosos: estudo longitudinal<\/span><\/p><\/td><\/tr><tr style=\"height:46.646484375pt\"><td style=\"border-left:solid #d9d9d9 1pt;border-right:solid #d9d9d9 1pt;border-bottom:solid #d9d9d9 1pt;border-top:solid #d9d9d9 1pt;vertical-align:top;background-color:#cfe2f3;padding:5pt 5pt 5pt 5pt;overflow:hidden;overflow-wrap:break-word;\"><p dir=\"ltr\" style=\"line-height:1.2;margin-top:0pt;margin-bottom:0pt;\"><a href=\"http:\/\/www.posgraduacao.unimontes.br\/uploads\/sites\/18\/2023\/05\/Relat%C3%B3rio-T%C3%A9cnico-QUALIDADE-DE-VIDA-DE-IDOSOS.pdf\" style=\"text-decoration-line: none;\"><span style=\"font-size: 9pt; font-family: Arial, sans-serif; color: rgb(17, 85, 204); background-color: transparent; font-variant-numeric: normal; font-variant-east-asian: normal; font-variant-alternates: normal; font-variant-position: normal; font-variant-emoji: normal; text-decoration-line: underline; text-decoration-skip-ink: none; vertical-align: baseline; white-space-collapse: preserve;\">Impacto de um programa virtual de exerc\u00edcios f\u00edsicos sobre a qualidade de vida de idosos durante a pandemia Covid-19<\/span><\/a><\/p><\/td><td style=\"border-left:solid #d9d9d9 1pt;border-right:solid #d9d9d9 1pt;border-bottom:solid #d9d9d9 1pt;border-top:solid #d9d9d9 1pt;vertical-align:top;background-color:#cfe2f3;padding:5pt 5pt 5pt 5pt;overflow:hidden;overflow-wrap:break-word;\"><p dir=\"ltr\" style=\"line-height:1.2;text-align: center;margin-top:0pt;margin-bottom:0pt;\"><span style=\"font-size: 9pt; font-family: Arial, sans-serif; color: rgb(0, 0, 0); background-color: transparent; font-variant-numeric: normal; font-variant-east-asian: normal; font-variant-alternates: normal; font-variant-position: normal; font-variant-emoji: normal; vertical-align: baseline; white-space-collapse: preserve;\">Relat\u00f3rio T\u00e9cnico<\/span><\/p><\/td><td style=\"border-left:solid #d9d9d9 1pt;border-right:solid #d9d9d9 1pt;border-bottom:solid #d9d9d9 1pt;border-top:solid #d9d9d9 1pt;vertical-align:top;background-color:#cfe2f3;padding:5pt 5pt 5pt 5pt;overflow:hidden;overflow-wrap:break-word;\"><p dir=\"ltr\" style=\"line-height:1.2;margin-top:0pt;margin-bottom:0pt;\"><span style=\"font-size: 9pt; font-family: Arial, sans-serif; color: rgb(0, 0, 0); background-color: transparent; font-variant-numeric: normal; font-variant-east-asian: normal; font-variant-alternates: normal; font-variant-position: normal; font-variant-emoji: normal; vertical-align: baseline; white-space-collapse: preserve;\">Cleidiane Berto Aguiar e Ant\u00f4nio Prates Caldeira<\/span><\/p><br><br><\/td><td style=\"border-left:solid #d9d9d9 1pt;border-right:solid #d9d9d9 1pt;border-bottom:solid #d9d9d9 1pt;border-top:solid #d9d9d9 1pt;vertical-align:top;background-color:#cfe2f3;padding:5pt 5pt 5pt 5pt;overflow:hidden;overflow-wrap:break-word;\"><p dir=\"ltr\" style=\"line-height:1.2;text-align: center;margin-top:0pt;margin-bottom:0pt;\"><span style=\"font-size: 9pt; font-family: Arial, sans-serif; color: rgb(0, 0, 0); background-color: transparent; font-variant-numeric: normal; font-variant-east-asian: normal; font-variant-alternates: normal; font-variant-position: normal; font-variant-emoji: normal; vertical-align: baseline; white-space-collapse: preserve;\">Sa\u00fade Coletiva<\/span><\/p><\/td><td style=\"border-left:solid #d9d9d9 1pt;border-right:solid #d9d9d9 1pt;border-bottom:solid #d9d9d9 1pt;border-top:solid #d9d9d9 1pt;vertical-align:top;background-color:#cfe2f3;padding:5pt 5pt 5pt 5pt;overflow:hidden;overflow-wrap:break-word;\"><p dir=\"ltr\" style=\"line-height:1.2;text-align: center;margin-top:0pt;margin-bottom:0pt;\"><span style=\"font-size: 9pt; font-family: Arial, sans-serif; color: rgb(0, 0, 0); background-color: transparent; font-variant-numeric: normal; font-variant-east-asian: normal; font-variant-alternates: normal; font-variant-position: normal; font-variant-emoji: normal; vertical-align: baseline; white-space-collapse: preserve;\">Fragilidade em idosos: estudo longitudinal<\/span><\/p><\/td><\/tr><tr style=\"height:46.646484375pt\"><td style=\"border-left:solid #d9d9d9 1pt;border-right:solid #d9d9d9 1pt;border-bottom:solid #d9d9d9 1pt;border-top:solid #d9d9d9 1pt;vertical-align:top;background-color:#cfe2f3;padding:5pt 5pt 5pt 5pt;overflow:hidden;overflow-wrap:break-word;\"><p dir=\"ltr\" style=\"line-height:1.2;margin-top:0pt;margin-bottom:0pt;\"><a href=\"https:\/\/www.posgraduacao.unimontes.br\/uploads\/sites\/18\/2022\/10\/MANUAL-EDUCATIVO-PARA-PROMOO-DA-ALIMENTAO.pdf\" style=\"text-decoration-line: none;\"><span style=\"font-size: 9pt; font-family: Arial, sans-serif; color: rgb(17, 85, 204); background-color: transparent; font-variant-numeric: normal; font-variant-east-asian: normal; font-variant-alternates: normal; font-variant-position: normal; font-variant-emoji: normal; text-decoration-line: underline; text-decoration-skip-ink: none; vertical-align: baseline; white-space-collapse: preserve;\">Manual educativo para promo\u00e7\u00e3o da Alimenta\u00e7\u00e3o Saud\u00e1vel na creche e pr\u00e9-escola<\/span><\/a><\/p><\/td><td style=\"border-left:solid #d9d9d9 1pt;border-right:solid #d9d9d9 1pt;border-bottom:solid #d9d9d9 1pt;border-top:solid #d9d9d9 1pt;vertical-align:top;background-color:#cfe2f3;padding:5pt 5pt 5pt 5pt;overflow:hidden;overflow-wrap:break-word;\"><p dir=\"ltr\" style=\"line-height:1.2;text-align: center;margin-top:0pt;margin-bottom:0pt;\"><span style=\"font-size: 9pt; font-family: Arial, sans-serif; color: rgb(0, 0, 0); background-color: transparent; font-variant-numeric: normal; font-variant-east-asian: normal; font-variant-alternates: normal; font-variant-position: normal; font-variant-emoji: normal; vertical-align: baseline; white-space-collapse: preserve;\">Manual T\u00e9cnico<\/span><\/p><\/td><td style=\"border-left:solid #d9d9d9 1pt;border-right:solid #d9d9d9 1pt;border-bottom:solid #d9d9d9 1pt;border-top:solid #d9d9d9 1pt;vertical-align:top;background-color:#cfe2f3;padding:5pt 5pt 5pt 5pt;overflow:hidden;overflow-wrap:break-word;\"><p dir=\"ltr\" style=\"line-height:1.2;margin-top:0pt;margin-bottom:0pt;\"><span style=\"font-size: 9pt; font-family: Arial, sans-serif; color: rgb(0, 0, 0); background-color: transparent; font-variant-numeric: normal; font-variant-east-asian: normal; font-variant-alternates: normal; font-variant-position: normal; font-variant-emoji: normal; vertical-align: baseline; white-space-collapse: preserve;\">Mariana Mendes Pereira, K\u00e1ssia H\u00e9llen Vieira, Jo\u00e3o Paulo Alves dos Santos, Alexa Campos Ruas, Maria Fernanda Santos Figueiredo Brito, Marise Fagundes Silveira e Lucineia de Pinho<\/span><\/p><\/td><td style=\"border-left:solid #d9d9d9 1pt;border-right:solid #d9d9d9 1pt;border-bottom:solid #d9d9d9 1pt;border-top:solid #d9d9d9 1pt;vertical-align:top;background-color:#cfe2f3;padding:5pt 5pt 5pt 5pt;overflow:hidden;overflow-wrap:break-word;\"><p dir=\"ltr\" style=\"line-height:1.2;text-align: center;margin-top:0pt;margin-bottom:0pt;\"><span style=\"font-size: 9pt; font-family: Arial, sans-serif; color: rgb(0, 0, 0); background-color: transparent; font-variant-numeric: normal; font-variant-east-asian: normal; font-variant-alternates: normal; font-variant-position: normal; font-variant-emoji: normal; vertical-align: baseline; white-space-collapse: preserve;\">Sa\u00fade Coletiva<\/span><\/p><\/td><td style=\"border-left:solid #d9d9d9 1pt;border-right:solid #d9d9d9 1pt;border-bottom:solid #d9d9d9 1pt;border-top:solid #d9d9d9 1pt;vertical-align:top;background-color:#cfe2f3;padding:5pt 5pt 5pt 5pt;overflow:hidden;overflow-wrap:break-word;\"><p dir=\"ltr\" style=\"line-height:1.2;text-align: center;margin-top:0pt;margin-bottom:0pt;\"><span style=\"font-size: 9pt; font-family: Arial, sans-serif; color: rgb(0, 0, 0); background-color: transparent; font-variant-numeric: normal; font-variant-east-asian: normal; font-variant-alternates: normal; font-variant-position: normal; font-variant-emoji: normal; vertical-align: baseline; white-space-collapse: preserve;\">Sa\u00fade escolar: avalia\u00e7\u00e3o nutricional e risco cardiovascular entre adolescentes de escolas p\u00fablicas<\/span><\/p><\/td><\/tr><tr style=\"height:46.646484375pt\"><td style=\"border-left:solid #d9d9d9 1pt;border-right:solid #d9d9d9 1pt;border-bottom:solid #d9d9d9 1pt;border-top:solid #d9d9d9 1pt;vertical-align:top;background-color:#f3f3f3;padding:5pt 5pt 5pt 5pt;overflow:hidden;overflow-wrap:break-word;\"><p dir=\"ltr\" style=\"line-height:1.2;margin-top:0pt;margin-bottom:0pt;\"><a href=\"https:\/\/vecon.ppgmcs.com.br\/\" style=\"text-decoration-line: none;\"><span style=\"font-size: 9pt; font-family: Arial, sans-serif; color: rgb(17, 85, 204); background-color: transparent; font-variant-numeric: normal; font-variant-east-asian: normal; font-variant-alternates: normal; font-variant-position: normal; font-variant-emoji: normal; text-decoration-line: underline; text-decoration-skip-ink: none; vertical-align: baseline; white-space-collapse: preserve;\">VECON - Calculadora Online para Mensura\u00e7\u00e3o da Vari\u00e2ncia M\u00e9dia Extra\u00edda e Confiabilidade Composta de Instrumentos Psicom\u00e9tricos<\/span><\/a><\/p><\/td><td style=\"border-left:solid #d9d9d9 1pt;border-right:solid #d9d9d9 1pt;border-bottom:solid #d9d9d9 1pt;border-top:solid #d9d9d9 1pt;vertical-align:top;background-color:#f3f3f3;padding:5pt 5pt 5pt 5pt;overflow:hidden;overflow-wrap:break-word;\"><p dir=\"ltr\" style=\"line-height:1.2;text-align: center;margin-top:0pt;margin-bottom:0pt;\"><span style=\"font-size: 9pt; font-family: Arial, sans-serif; color: rgb(0, 0, 0); background-color: transparent; font-variant-numeric: normal; font-variant-east-asian: normal; font-variant-alternates: normal; font-variant-position: normal; font-variant-emoji: normal; vertical-align: baseline; white-space-collapse: preserve;\">Software\/Aplicativo<\/span><\/p><\/td><td style=\"border-left:solid #d9d9d9 1pt;border-right:solid #d9d9d9 1pt;border-bottom:solid #d9d9d9 1pt;border-top:solid #d9d9d9 1pt;vertical-align:top;background-color:#f3f3f3;padding:5pt 5pt 5pt 5pt;overflow:hidden;overflow-wrap:break-word;\"><p dir=\"ltr\" style=\"line-height:1.2;margin-top:0pt;margin-bottom:0pt;\"><span style=\"font-size: 9pt; font-family: Arial, sans-serif; color: rgb(0, 0, 0); background-color: transparent; font-variant-numeric: normal; font-variant-east-asian: normal; font-variant-alternates: normal; font-variant-position: normal; font-variant-emoji: normal; vertical-align: baseline; white-space-collapse: preserve;\">C\u00e1ssio de Almeida Lima, Marise Fagundes Silveira, Lucin\u00e9ia de Pinho, Maria Fernanda Santos Figueiredo Brito<\/span><\/p><\/td><td style=\"border-left:solid #d9d9d9 1pt;border-right:solid #d9d9d9 1pt;border-bottom:solid #d9d9d9 1pt;border-top:solid #d9d9d9 1pt;vertical-align:top;background-color:#f3f3f3;padding:5pt 5pt 5pt 5pt;overflow:hidden;overflow-wrap:break-word;\"><p dir=\"ltr\" style=\"line-height:1.2;text-align: center;margin-top:0pt;margin-bottom:0pt;\"><span style=\"font-size: 9pt; font-family: Arial, sans-serif; color: rgb(0, 0, 0); background-color: transparent; font-variant-numeric: normal; font-variant-east-asian: normal; font-variant-alternates: normal; font-variant-position: normal; font-variant-emoji: normal; vertical-align: baseline; white-space-collapse: preserve;\">Sa\u00fade Coletiva<\/span><\/p><\/td><td style=\"border-left:solid #d9d9d9 1pt;border-right:solid #d9d9d9 1pt;border-bottom:solid #d9d9d9 1pt;border-top:solid #d9d9d9 1pt;vertical-align:top;background-color:#f3f3f3;padding:5pt 5pt 5pt 5pt;overflow:hidden;overflow-wrap:break-word;\"><p dir=\"ltr\" style=\"line-height:1.2;text-align: center;margin-top:0pt;margin-bottom:0pt;\"><span style=\"font-size: 9pt; font-family: Arial, sans-serif; color: rgb(0, 0, 0); background-color: transparent; font-variant-numeric: normal; font-variant-east-asian: normal; font-variant-alternates: normal; font-variant-position: normal; font-variant-emoji: normal; vertical-align: baseline; white-space-collapse: preserve;\">Constru\u00e7\u00e3o e valida\u00e7\u00e3o de produtos t\u00e9cnicos e tecnol\u00f3gicos no mestrado profissional em cuidado prim\u00e1rio em sa\u00fade da Unimontes<\/span><\/p><\/td><\/tr><tr style=\"height:46.646484375pt\"><td style=\"border-left:solid #d9d9d9 1pt;border-right:solid #d9d9d9 1pt;border-bottom:solid #d9d9d9 1pt;border-top:solid #d9d9d9 1pt;vertical-align:top;background-color:#cfe2f3;padding:5pt 5pt 5pt 5pt;overflow:hidden;overflow-wrap:break-word;\"><p dir=\"ltr\" style=\"line-height:1.2;margin-top:0pt;margin-bottom:0pt;\"><a href=\"http:\/\/www.posgraduacao.unimontes.br\/uploads\/sites\/18\/2023\/06\/Relat%C3%B3rio-T%C3%A9cnico-Conclusivo-pesquisa-TMC-em-profissionais-da-APS-1.pdf\" style=\"text-decoration-line: none;\"><span style=\"font-size: 9pt; font-family: Arial, sans-serif; color: rgb(17, 85, 204); background-color: transparent; font-variant-numeric: normal; font-variant-east-asian: normal; font-variant-alternates: normal; font-variant-position: normal; font-variant-emoji: normal; text-decoration-line: underline; text-decoration-skip-ink: none; vertical-align: baseline; white-space-collapse: preserve;\">Preval\u00eancia de Transtornos Mentais Comuns em profissionais de sa\u00fade da macrorregi\u00e3o norte de Minas Gerais - MG no per\u00edodo de pandemia da covid-19<\/span><\/a><\/p><\/td><td style=\"border-left:solid #d9d9d9 1pt;border-right:solid #d9d9d9 1pt;border-bottom:solid #d9d9d9 1pt;border-top:solid #d9d9d9 1pt;vertical-align:top;background-color:#cfe2f3;padding:5pt 5pt 5pt 5pt;overflow:hidden;overflow-wrap:break-word;\"><p dir=\"ltr\" style=\"line-height:1.38;margin-right: 7pt;text-align: center;margin-top:0pt;margin-bottom:0pt;\"><span style=\"font-size: 9pt; font-family: Arial, sans-serif; color: rgb(0, 0, 0); background-color: transparent; font-variant-numeric: normal; font-variant-east-asian: normal; font-variant-alternates: normal; font-variant-position: normal; font-variant-emoji: normal; vertical-align: baseline; white-space-collapse: preserve;\">Relat\u00f3rio T\u00e9cnico<\/span><\/p><\/td><td style=\"border-left:solid #d9d9d9 1pt;border-right:solid #d9d9d9 1pt;border-bottom:solid #d9d9d9 1pt;border-top:solid #d9d9d9 1pt;vertical-align:top;background-color:#cfe2f3;padding:5pt 5pt 5pt 5pt;overflow:hidden;overflow-wrap:break-word;\"><p dir=\"ltr\" style=\"line-height:1.38;margin-right: 7pt;margin-top:0pt;margin-bottom:0pt;\"><span style=\"font-size: 9pt; font-family: Arial, sans-serif; color: rgb(0, 0, 0); background-color: transparent; font-variant-numeric: normal; font-variant-east-asian: normal; font-variant-alternates: normal; font-variant-position: normal; font-variant-emoji: normal; vertical-align: baseline; white-space-collapse: preserve;\">Fabricio Emanuel Soares de Oliveira, Samuel Trezena Costa, Ver\u00f4nica Oliveira Dias, Herc\u00edlio Martelli Junior, Daniella Reis Barbosa Martelli<\/span><\/p><\/td><td style=\"border-left:solid #d9d9d9 1pt;border-right:solid #d9d9d9 1pt;border-bottom:solid #d9d9d9 1pt;border-top:solid #d9d9d9 1pt;vertical-align:top;background-color:#cfe2f3;padding:5pt 5pt 5pt 5pt;overflow:hidden;overflow-wrap:break-word;\"><p dir=\"ltr\" style=\"line-height:1.2;text-align: center;margin-top:0pt;margin-bottom:0pt;\"><span style=\"font-size: 9pt; font-family: Arial, sans-serif; color: rgb(0, 0, 0); background-color: transparent; font-variant-numeric: normal; font-variant-east-asian: normal; font-variant-alternates: normal; font-variant-position: normal; font-variant-emoji: normal; vertical-align: baseline; white-space-collapse: preserve;\">Sa\u00fade Coletiva<\/span><\/p><\/td><td style=\"border-left:solid #d9d9d9 1pt;border-right:solid #d9d9d9 1pt;border-bottom:solid #d9d9d9 1pt;border-top:solid #d9d9d9 1pt;vertical-align:top;background-color:#cfe2f3;padding:5pt 5pt 5pt 5pt;overflow:hidden;overflow-wrap:break-word;\"><p dir=\"ltr\" style=\"line-height:1.38;margin-right: 7pt;text-align: center;margin-top:0pt;margin-bottom:0pt;\"><span style=\"font-size: 9pt; font-family: Arial, sans-serif; color: rgb(0, 0, 0); background-color: transparent; font-variant-numeric: normal; font-variant-east-asian: normal; font-variant-alternates: normal; font-variant-position: normal; font-variant-emoji: normal; vertical-align: baseline; white-space-collapse: preserve;\">Preval\u00eancia de transtornos mentais comuns em profissionais de sa\u00fade da macrorregi\u00e3o norte de Minas Gerais-MG no per\u00edodo de pandemia da covid-19<\/span><\/p><\/td><\/tr><tr style=\"height:46.646484375pt\"><td style=\"border-left:solid #d9d9d9 1pt;border-right:solid #d9d9d9 1pt;border-bottom:solid #d9d9d9 1pt;border-top:solid #d9d9d9 1pt;vertical-align:top;background-color:#f3f3f3;padding:5pt 5pt 5pt 5pt;overflow:hidden;overflow-wrap:break-word;\"><p dir=\"ltr\" style=\"line-height:1.2;margin-top:0pt;margin-bottom:0pt;\"><a href=\"https:\/\/www.posgraduacao.unimontes.br\/ppgcps\/avanc%cc%a7os-e-investigac%cc%a7o%cc%83es-em-medicina-2022-1\/\" style=\"text-decoration-line: none;\"><span style=\"font-size: 9pt; font-family: Arial, sans-serif; color: rgb(17, 85, 204); background-color: transparent; font-variant-numeric: normal; font-variant-east-asian: normal; font-variant-alternates: normal; font-variant-position: normal; font-variant-emoji: normal; text-decoration-line: underline; text-decoration-skip-ink: none; vertical-align: baseline; white-space-collapse: preserve;\">Comportamento sedent\u00e1rio em adolescentes e fatores associados: apontamentos da literatura<\/span><\/a><\/p><\/td><td style=\"border-left:solid #d9d9d9 1pt;border-right:solid #d9d9d9 1pt;border-bottom:solid #d9d9d9 1pt;border-top:solid #d9d9d9 1pt;vertical-align:top;background-color:#f3f3f3;padding:5pt 5pt 5pt 5pt;overflow:hidden;overflow-wrap:break-word;\"><p dir=\"ltr\" style=\"line-height:1.38;margin-right: 7pt;text-align: center;margin-top:0pt;margin-bottom:0pt;\"><span style=\"font-size: 9pt; font-family: Arial, sans-serif; color: rgb(0, 0, 0); background-color: transparent; font-variant-numeric: normal; font-variant-east-asian: normal; font-variant-alternates: normal; font-variant-position: normal; font-variant-emoji: normal; vertical-align: baseline; white-space-collapse: preserve;\">Cap\u00edtulo de Livro<\/span><\/p><\/td><td style=\"border-left:solid #d9d9d9 1pt;border-right:solid #d9d9d9 1pt;border-bottom:solid #d9d9d9 1pt;border-top:solid #d9d9d9 1pt;vertical-align:top;background-color:#f3f3f3;padding:5pt 5pt 5pt 5pt;overflow:hidden;overflow-wrap:break-word;\"><p dir=\"ltr\" style=\"line-height:1.38;margin-right: 7pt;margin-top:0pt;margin-bottom:0pt;\"><span style=\"font-size: 9pt; font-family: Arial, sans-serif; color: rgb(0, 0, 0); background-color: transparent; font-variant-numeric: normal; font-variant-east-asian: normal; font-variant-alternates: normal; font-variant-position: normal; font-variant-emoji: normal; vertical-align: baseline; white-space-collapse: preserve;\">Ant\u00f4nio Lincoln de Freitas Rocha, Daniela Ara\u00fajo Veloso Popoff, Josiane Santos Brant Rocha, Yanca Curty Ribeiro Christoff Ornelas&nbsp;<\/span><\/p><\/td><td style=\"border-left:solid #d9d9d9 1pt;border-right:solid #d9d9d9 1pt;border-bottom:solid #d9d9d9 1pt;border-top:solid #d9d9d9 1pt;vertical-align:top;background-color:#f3f3f3;padding:5pt 5pt 5pt 5pt;overflow:hidden;overflow-wrap:break-word;\"><p dir=\"ltr\" style=\"line-height:1.2;text-align: center;margin-top:0pt;margin-bottom:0pt;\"><span style=\"font-size: 9pt; font-family: Arial, sans-serif; color: rgb(0, 0, 0); background-color: transparent; font-variant-numeric: normal; font-variant-east-asian: normal; font-variant-alternates: normal; font-variant-position: normal; font-variant-emoji: normal; vertical-align: baseline; white-space-collapse: preserve;\">Sa\u00fade Coletiva<\/span><\/p><\/td><td style=\"border-left:solid #d9d9d9 1pt;border-right:solid #d9d9d9 1pt;border-bottom:solid #d9d9d9 1pt;border-top:solid #d9d9d9 1pt;vertical-align:top;background-color:#f3f3f3;padding:5pt 5pt 5pt 5pt;overflow:hidden;overflow-wrap:break-word;\"><p dir=\"ltr\" style=\"line-height:1.38;margin-right: 7pt;text-align: center;margin-top:0pt;margin-bottom:0pt;\"><span style=\"font-size: 9pt; font-family: Arial, sans-serif; color: rgb(0, 0, 0); background-color: transparent; font-variant-numeric: normal; font-variant-east-asian: normal; font-variant-alternates: normal; font-variant-position: normal; font-variant-emoji: normal; vertical-align: baseline; white-space-collapse: preserve;\">Sa\u00fade escolar: avalia\u00e7\u00e3o nutricional e risco cardiovascular entre adolescentes de escolas p\u00fablicas<\/span><\/p><\/td><\/tr><tr style=\"height:46.646484375pt\"><td style=\"border-left:solid #d9d9d9 1pt;border-right:solid #d9d9d9 1pt;border-bottom:solid #d9d9d9 1pt;border-top:solid #d9d9d9 1pt;vertical-align:top;background-color:#cfe2f3;padding:5pt 5pt 5pt 5pt;overflow:hidden;overflow-wrap:break-word;\"><p dir=\"ltr\" style=\"line-height:1.2;margin-top:0pt;margin-bottom:0pt;\"><a href=\"https:\/\/www.posgraduacao.unimontes.br\/ppgcps\/investigac%cc%a7o%cc%83es-contempora%cc%82neas-em-cie%cc%82ncias-da-saude-vol-5-1\/\" style=\"text-decoration-line: none;\"><span style=\"font-size: 9pt; font-family: Arial, sans-serif; color: rgb(17, 85, 204); background-color: transparent; font-variant-numeric: normal; font-variant-east-asian: normal; font-variant-alternates: normal; font-variant-position: normal; font-variant-emoji: normal; text-decoration-line: underline; text-decoration-skip-ink: none; vertical-align: baseline; white-space-collapse: preserve;\">O Agente Comunit\u00e1rio de Sa\u00fade: Considera\u00e7\u00f5es sobre sua atua\u00e7\u00e3o e estilo de vida<\/span><\/a><\/p><br><br><\/td><td style=\"border-left:solid #d9d9d9 1pt;border-right:solid #d9d9d9 1pt;border-bottom:solid #d9d9d9 1pt;border-top:solid #d9d9d9 1pt;vertical-align:top;background-color:#cfe2f3;padding:5pt 5pt 5pt 5pt;overflow:hidden;overflow-wrap:break-word;\"><p dir=\"ltr\" style=\"line-height:1.38;margin-right: 7pt;text-align: center;margin-top:0pt;margin-bottom:0pt;\"><span style=\"font-size: 9pt; font-family: Arial, sans-serif; color: rgb(0, 0, 0); background-color: transparent; font-variant-numeric: normal; font-variant-east-asian: normal; font-variant-alternates: normal; font-variant-position: normal; font-variant-emoji: normal; vertical-align: baseline; white-space-collapse: preserve;\">Cap\u00edtulo de Livro<\/span><\/p><\/td><td style=\"border-left:solid #d9d9d9 1pt;border-right:solid #d9d9d9 1pt;border-bottom:solid #d9d9d9 1pt;border-top:solid #d9d9d9 1pt;vertical-align:top;background-color:#cfe2f3;padding:5pt 5pt 5pt 5pt;overflow:hidden;overflow-wrap:break-word;\"><p dir=\"ltr\" style=\"line-height:1.38;margin-right: 7pt;margin-top:0pt;margin-bottom:0pt;\"><span style=\"font-size: 9pt; font-family: Arial, sans-serif; color: rgb(0, 0, 0); background-color: transparent; font-variant-numeric: normal; font-variant-east-asian: normal; font-variant-alternates: normal; font-variant-position: normal; font-variant-emoji: normal; vertical-align: baseline; white-space-collapse: preserve;\">Ant\u00f4nio Lincoln de Freitas Rocha, Josiane Santos Brant Rocha, Daniela Ara\u00fajo Veloso Popoff, Jamile Pereira Dias dos Anjos, Yanca Curty Ribeiro Christoff Ornelas, Monica Tha\u00eds Soares Macedo, Priscila Antunes de Oliveira&nbsp;<\/span><\/p><\/td><td style=\"border-left:solid #d9d9d9 1pt;border-right:solid #d9d9d9 1pt;border-bottom:solid #d9d9d9 1pt;border-top:solid #d9d9d9 1pt;vertical-align:top;background-color:#cfe2f3;padding:5pt 5pt 5pt 5pt;overflow:hidden;overflow-wrap:break-word;\"><p dir=\"ltr\" style=\"line-height:1.2;text-align: center;margin-top:0pt;margin-bottom:0pt;\"><span style=\"font-size: 9pt; font-family: Arial, sans-serif; color: rgb(0, 0, 0); background-color: transparent; font-variant-numeric: normal; font-variant-east-asian: normal; font-variant-alternates: normal; font-variant-position: normal; font-variant-emoji: normal; vertical-align: baseline; white-space-collapse: preserve;\">Sa\u00fade Coletiva<\/span><\/p><\/td><td style=\"border-left:solid #d9d9d9 1pt;border-right:solid #d9d9d9 1pt;border-bottom:solid #d9d9d9 1pt;border-top:solid #d9d9d9 1pt;vertical-align:top;background-color:#cfe2f3;padding:5pt 5pt 5pt 5pt;overflow:hidden;overflow-wrap:break-word;\"><p dir=\"ltr\" style=\"line-height:1.38;margin-right: 7pt;text-align: center;margin-top:0pt;margin-bottom:0pt;\"><span style=\"font-size: 9pt; font-family: Arial, sans-serif; color: rgb(0, 0, 0); background-color: transparent; font-variant-numeric: normal; font-variant-east-asian: normal; font-variant-alternates: normal; font-variant-position: normal; font-variant-emoji: normal; vertical-align: baseline; white-space-collapse: preserve;\">Condi\u00e7\u00f5es de Trabalho e de Sa\u00fade de Agentes Comunit\u00e1rios de Sa\u00fade do Norte de Minas Gerais<\/span><\/p><\/td><\/tr><tr style=\"height:46.646484375pt\"><td style=\"border-left:solid #d9d9d9 1pt;border-right:solid #d9d9d9 1pt;border-bottom:solid #d9d9d9 1pt;border-top:solid #d9d9d9 1pt;vertical-align:top;background-color:#f3f3f3;padding:5pt 5pt 5pt 5pt;overflow:hidden;overflow-wrap:break-word;\"><p dir=\"ltr\" style=\"line-height:1.2;margin-top:0pt;margin-bottom:0pt;\"><a href=\"https:\/\/drive.google.com\/file\/d\/1EdUsGEG8Uoy1zSxpRqrC2BtTMOg6jeM7\/view?usp=sharing\" style=\"text-decoration-line: none;\"><span style=\"font-size: 9pt; font-family: Arial, sans-serif; color: rgb(17, 85, 204); background-color: transparent; font-variant-numeric: normal; font-variant-east-asian: normal; font-variant-alternates: normal; font-variant-position: normal; font-variant-emoji: normal; text-decoration-line: underline; text-decoration-skip-ink: none; vertical-align: baseline; white-space-collapse: preserve;\">A picada do escorpi\u00e3o pode matar nossas crian\u00e7as<\/span><\/a><\/p><\/td><td style=\"border-left:solid #d9d9d9 1pt;border-right:solid #d9d9d9 1pt;border-bottom:solid #d9d9d9 1pt;border-top:solid #d9d9d9 1pt;vertical-align:top;background-color:#f3f3f3;padding:5pt 5pt 5pt 5pt;overflow:hidden;overflow-wrap:break-word;\"><p dir=\"ltr\" style=\"line-height:1.38;margin-right: 7pt;text-align: center;margin-top:0pt;margin-bottom:0pt;\"><span style=\"font-size: 9pt; font-family: Arial, sans-serif; color: rgb(0, 0, 0); background-color: transparent; font-variant-numeric: normal; font-variant-east-asian: normal; font-variant-alternates: normal; font-variant-position: normal; font-variant-emoji: normal; vertical-align: baseline; white-space-collapse: preserve;\">Pitch<\/span><\/p><\/td><td style=\"border-left:solid #d9d9d9 1pt;border-right:solid #d9d9d9 1pt;border-bottom:solid #d9d9d9 1pt;border-top:solid #d9d9d9 1pt;vertical-align:top;background-color:#f3f3f3;padding:5pt 5pt 5pt 5pt;overflow:hidden;overflow-wrap:break-word;\"><p dir=\"ltr\" style=\"line-height:1.38;margin-right: 7pt;margin-top:0pt;margin-bottom:0pt;\"><span style=\"font-size: 9pt; font-family: Arial, sans-serif; color: rgb(0, 0, 0); background-color: transparent; font-variant-numeric: normal; font-variant-east-asian: normal; font-variant-alternates: normal; font-variant-position: normal; font-variant-emoji: normal; vertical-align: baseline; white-space-collapse: preserve;\">Yanca Curty Ribeiro Christoff Ornelas, Josiane Santos Brant Rocha, Daniela Ara\u00fajo Veloso Popoff<\/span><\/p><\/td><td style=\"border-left:solid #d9d9d9 1pt;border-right:solid #d9d9d9 1pt;border-bottom:solid #d9d9d9 1pt;border-top:solid #d9d9d9 1pt;vertical-align:top;background-color:#f3f3f3;padding:5pt 5pt 5pt 5pt;overflow:hidden;overflow-wrap:break-word;\"><p dir=\"ltr\" style=\"line-height:1.2;text-align: center;margin-top:0pt;margin-bottom:0pt;\"><span style=\"font-size: 9pt; font-family: Arial, sans-serif; color: rgb(0, 0, 0); background-color: transparent; font-variant-numeric: normal; font-variant-east-asian: normal; font-variant-alternates: normal; font-variant-position: normal; font-variant-emoji: normal; vertical-align: baseline; white-space-collapse: preserve;\">Sa\u00fade Coletiva<\/span><\/p><\/td><td style=\"border-left:solid #d9d9d9 1pt;border-right:solid #d9d9d9 1pt;border-bottom:solid #d9d9d9 1pt;border-top:solid #d9d9d9 1pt;vertical-align:top;background-color:#f3f3f3;padding:5pt 5pt 5pt 5pt;overflow:hidden;overflow-wrap:break-word;\"><p dir=\"ltr\" style=\"line-height:1.38;margin-right: 7pt;text-align: center;margin-top:0pt;margin-bottom:0pt;\"><span style=\"font-size: 9pt; font-family: Arial, sans-serif; color: rgb(0, 0, 0); background-color: transparent; font-variant-numeric: normal; font-variant-east-asian: normal; font-variant-alternates: normal; font-variant-position: normal; font-variant-emoji: normal; vertical-align: baseline; white-space-collapse: preserve;\">ESCORPIONISMO EM CRIAN\u00c7AS E ADOLESCENTES DE MINAS GERAIS: aspectos cl\u00ednicos e epidemiol\u00f3gicos<\/span><\/p><\/td><\/tr><tr style=\"height:46.646484375pt\"><td style=\"border-left:solid #d9d9d9 1pt;border-right:solid #d9d9d9 1pt;border-bottom:solid #d9d9d9 1pt;border-top:solid #d9d9d9 1pt;vertical-align:top;background-color:#cfe2f3;padding:5pt 5pt 5pt 5pt;overflow:hidden;overflow-wrap:break-word;\"><p dir=\"ltr\" style=\"line-height:1.2;margin-top:0pt;margin-bottom:0pt;\"><a href=\"https:\/\/youtu.be\/eHQi2B4V_mo\" style=\"text-decoration-line: none;\"><span style=\"font-size: 9pt; font-family: Arial, sans-serif; color: rgb(17, 85, 204); background-color: transparent; font-variant-numeric: normal; font-variant-east-asian: normal; font-variant-alternates: normal; font-variant-position: normal; font-variant-emoji: normal; text-decoration-line: underline; text-decoration-skip-ink: none; vertical-align: baseline; white-space-collapse: preserve;\">ACS - Estilo de vida fant\u00e1stico<\/span><\/a><\/p><\/td><td style=\"border-left:solid #d9d9d9 1pt;border-right:solid #d9d9d9 1pt;border-bottom:solid #d9d9d9 1pt;border-top:solid #d9d9d9 1pt;vertical-align:top;background-color:#cfe2f3;padding:5pt 5pt 5pt 5pt;overflow:hidden;overflow-wrap:break-word;\"><p dir=\"ltr\" style=\"line-height:1.38;margin-right: 7pt;text-align: center;margin-top:0pt;margin-bottom:0pt;\"><span style=\"font-size: 9pt; font-family: Arial, sans-serif; color: rgb(0, 0, 0); background-color: transparent; font-variant-numeric: normal; font-variant-east-asian: normal; font-variant-alternates: normal; font-variant-position: normal; font-variant-emoji: normal; vertical-align: baseline; white-space-collapse: preserve;\">Entrevista<\/span><\/p><\/td><td style=\"border-left:solid #d9d9d9 1pt;border-right:solid #d9d9d9 1pt;border-bottom:solid #d9d9d9 1pt;border-top:solid #d9d9d9 1pt;vertical-align:top;background-color:#cfe2f3;padding:5pt 5pt 5pt 5pt;overflow:hidden;overflow-wrap:break-word;\"><p dir=\"ltr\" style=\"line-height:1.38;margin-right: 7pt;margin-top:0pt;margin-bottom:0pt;\"><span style=\"font-size: 9pt; font-family: Arial, sans-serif; color: rgb(0, 0, 0); background-color: transparent; font-variant-numeric: normal; font-variant-east-asian: normal; font-variant-alternates: normal; font-variant-position: normal; font-variant-emoji: normal; vertical-align: baseline; white-space-collapse: preserve;\">Ant\u00f4nio Lincoln de Freitas Rocha, Josiane Santos Brant Rocha, Daniela Ara\u00fajo Veloso Popoff<\/span><\/p><\/td><td style=\"border-left:solid #d9d9d9 1pt;border-right:solid #d9d9d9 1pt;border-bottom:solid #d9d9d9 1pt;border-top:solid #d9d9d9 1pt;vertical-align:top;background-color:#cfe2f3;padding:5pt 5pt 5pt 5pt;overflow:hidden;overflow-wrap:break-word;\"><p dir=\"ltr\" style=\"line-height:1.2;text-align: center;margin-top:0pt;margin-bottom:0pt;\"><span style=\"font-size: 9pt; font-family: Arial, sans-serif; color: rgb(0, 0, 0); background-color: transparent; font-variant-numeric: normal; font-variant-east-asian: normal; font-variant-alternates: normal; font-variant-position: normal; font-variant-emoji: normal; vertical-align: baseline; white-space-collapse: preserve;\">Sa\u00fade Coletiva<\/span><\/p><\/td><td style=\"border-left:solid #d9d9d9 1pt;border-right:solid #d9d9d9 1pt;border-bottom:solid #d9d9d9 1pt;border-top:solid #d9d9d9 1pt;vertical-align:top;background-color:#cfe2f3;padding:5pt 5pt 5pt 5pt;overflow:hidden;overflow-wrap:break-word;\"><p dir=\"ltr\" style=\"line-height:1.38;margin-right: 7pt;text-align: center;margin-top:0pt;margin-bottom:0pt;\"><span style=\"font-size: 9pt; font-family: Arial, sans-serif; color: rgb(0, 0, 0); background-color: transparent; font-variant-numeric: normal; font-variant-east-asian: normal; font-variant-alternates: normal; font-variant-position: normal; font-variant-emoji: normal; vertical-align: baseline; white-space-collapse: preserve;\">Condi\u00e7\u00f5es de Trabalho e de Sa\u00fade de Agentes Comunit\u00e1rios de Sa\u00fade do Norte de Minas Gerais<\/span><\/p><\/td><\/tr><tr style=\"height:46.646484375pt\"><td style=\"border-left:solid #d9d9d9 1pt;border-right:solid #d9d9d9 1pt;border-bottom:solid #d9d9d9 1pt;border-top:solid #d9d9d9 1pt;vertical-align:top;background-color:#f3f3f3;padding:5pt 5pt 5pt 5pt;overflow:hidden;overflow-wrap:break-word;\"><p dir=\"ltr\" style=\"line-height:1.2;margin-top:0pt;margin-bottom:0pt;\"><a href=\"https:\/\/youtu.be\/dM1f9vsNO4Y\" style=\"text-decoration-line: none;\"><span style=\"font-size: 9pt; font-family: Arial, sans-serif; color: rgb(17, 85, 204); background-color: transparent; font-variant-numeric: normal; font-variant-east-asian: normal; font-variant-alternates: normal; font-variant-position: normal; font-variant-emoji: normal; text-decoration-line: underline; text-decoration-skip-ink: none; vertical-align: baseline; white-space-collapse: preserve;\">O que fazer em caso de picada de escorpi\u00e3o<\/span><\/a><\/p><\/td><td style=\"border-left:solid #d9d9d9 1pt;border-right:solid #d9d9d9 1pt;border-bottom:solid #d9d9d9 1pt;border-top:solid #d9d9d9 1pt;vertical-align:top;background-color:#f3f3f3;padding:5pt 5pt 5pt 5pt;overflow:hidden;overflow-wrap:break-word;\"><p dir=\"ltr\" style=\"line-height:1.38;margin-right: 7pt;text-align: center;margin-top:0pt;margin-bottom:0pt;\"><span style=\"font-size: 9pt; font-family: Arial, sans-serif; color: rgb(0, 0, 0); background-color: transparent; font-variant-numeric: normal; font-variant-east-asian: normal; font-variant-alternates: normal; font-variant-position: normal; font-variant-emoji: normal; vertical-align: baseline; white-space-collapse: preserve;\">Entrevista<\/span><\/p><\/td><td style=\"border-left:solid #d9d9d9 1pt;border-right:solid #d9d9d9 1pt;border-bottom:solid #d9d9d9 1pt;border-top:solid #d9d9d9 1pt;vertical-align:top;background-color:#f3f3f3;padding:5pt 5pt 5pt 5pt;overflow:hidden;overflow-wrap:break-word;\"><p dir=\"ltr\" style=\"line-height:1.38;margin-right: 7pt;margin-top:0pt;margin-bottom:0pt;\"><span style=\"font-size: 9pt; font-family: Arial, sans-serif; color: rgb(0, 0, 0); background-color: transparent; font-variant-numeric: normal; font-variant-east-asian: normal; font-variant-alternates: normal; font-variant-position: normal; font-variant-emoji: normal; vertical-align: baseline; white-space-collapse: preserve;\">Yanca Curty Ribeiro Christoff Ornelas, Josiane Santos Brant Rocha, Daniela Ara\u00fajo Veloso Popoff<\/span><\/p><\/td><td style=\"border-left:solid #d9d9d9 1pt;border-right:solid #d9d9d9 1pt;border-bottom:solid #d9d9d9 1pt;border-top:solid #d9d9d9 1pt;vertical-align:top;background-color:#f3f3f3;padding:5pt 5pt 5pt 5pt;overflow:hidden;overflow-wrap:break-word;\"><p dir=\"ltr\" style=\"line-height:1.2;text-align: center;margin-top:0pt;margin-bottom:0pt;\"><span style=\"font-size: 9pt; font-family: Arial, sans-serif; color: rgb(0, 0, 0); background-color: transparent; font-variant-numeric: normal; font-variant-east-asian: normal; font-variant-alternates: normal; font-variant-position: normal; font-variant-emoji: normal; vertical-align: baseline; white-space-collapse: preserve;\">Sa\u00fade Coletiva<\/span><\/p><\/td><td style=\"border-left:solid #d9d9d9 1pt;border-right:solid #d9d9d9 1pt;border-bottom:solid #d9d9d9 1pt;border-top:solid #d9d9d9 1pt;vertical-align:top;background-color:#f3f3f3;padding:5pt 5pt 5pt 5pt;overflow:hidden;overflow-wrap:break-word;\"><p dir=\"ltr\" style=\"line-height:1.38;margin-right: 7pt;text-align: center;margin-top:0pt;margin-bottom:0pt;\"><span style=\"font-size: 9pt; font-family: Arial, sans-serif; color: rgb(0, 0, 0); background-color: transparent; font-variant-numeric: normal; font-variant-east-asian: normal; font-variant-alternates: normal; font-variant-position: normal; font-variant-emoji: normal; vertical-align: baseline; white-space-collapse: preserve;\">ESCORPIONISMO EM CRIAN\u00c7AS E ADOLESCENTES DE MINAS GERAIS: aspectos cl\u00ednicos e epidemiol\u00f3gicos<\/span><\/p><\/td><\/tr><tr style=\"height:46.646484375pt\"><td style=\"border-left:solid #d9d9d9 1pt;border-right:solid #d9d9d9 1pt;border-bottom:solid #d9d9d9 1pt;border-top:solid #d9d9d9 1pt;vertical-align:top;background-color:#cfe2f3;padding:5pt 5pt 5pt 5pt;overflow:hidden;overflow-wrap:break-word;\"><p dir=\"ltr\" style=\"line-height:1.2;margin-top:0pt;margin-bottom:0pt;\"><a href=\"http:\/\/www.posgraduacao.unimontes.br\/uploads\/sites\/18\/2023\/06\/Escorpionismo.jpeg\" style=\"text-decoration-line: none;\"><span style=\"font-size: 9pt; font-family: Arial, sans-serif; color: rgb(17, 85, 204); background-color: transparent; font-variant-numeric: normal; font-variant-east-asian: normal; font-variant-alternates: normal; font-variant-position: normal; font-variant-emoji: normal; text-decoration-line: underline; text-decoration-skip-ink: none; vertical-align: baseline; white-space-collapse: preserve;\">Escorpionismo<\/span><\/a><\/p><\/td><td style=\"border-left:solid #d9d9d9 1pt;border-right:solid #d9d9d9 1pt;border-bottom:solid #d9d9d9 1pt;border-top:solid #d9d9d9 1pt;vertical-align:top;background-color:#cfe2f3;padding:5pt 5pt 5pt 5pt;overflow:hidden;overflow-wrap:break-word;\"><p dir=\"ltr\" style=\"line-height:1.38;margin-right: 7pt;text-align: center;margin-top:0pt;margin-bottom:0pt;\"><span style=\"font-size: 9pt; font-family: Arial, sans-serif; color: rgb(0, 0, 0); background-color: transparent; font-variant-numeric: normal; font-variant-east-asian: normal; font-variant-alternates: normal; font-variant-position: normal; font-variant-emoji: normal; vertical-align: baseline; white-space-collapse: preserve;\">Cartilha<\/span><\/p><\/td><td style=\"border-left:solid #d9d9d9 1pt;border-right:solid #d9d9d9 1pt;border-bottom:solid #d9d9d9 1pt;border-top:solid #d9d9d9 1pt;vertical-align:top;background-color:#cfe2f3;padding:5pt 5pt 5pt 5pt;overflow:hidden;overflow-wrap:break-word;\"><p dir=\"ltr\" style=\"line-height:1.38;margin-right: 7pt;margin-top:0pt;margin-bottom:0pt;\"><span style=\"font-size: 9pt; font-family: Arial, sans-serif; color: rgb(0, 0, 0); background-color: transparent; font-variant-numeric: normal; font-variant-east-asian: normal; font-variant-alternates: normal; font-variant-position: normal; font-variant-emoji: normal; vertical-align: baseline; white-space-collapse: preserve;\">Yanca Curty Ribeiro Christoff Ornelas, Josiane Santos Brant Rocha, Daniela Ara\u00fajo Veloso Popoff<\/span><\/p><\/td><td style=\"border-left:solid #d9d9d9 1pt;border-right:solid #d9d9d9 1pt;border-bottom:solid #d9d9d9 1pt;border-top:solid #d9d9d9 1pt;vertical-align:top;background-color:#cfe2f3;padding:5pt 5pt 5pt 5pt;overflow:hidden;overflow-wrap:break-word;\"><p dir=\"ltr\" style=\"line-height:1.2;text-align: center;margin-top:0pt;margin-bottom:0pt;\"><span style=\"font-size: 9pt; font-family: Arial, sans-serif; color: rgb(0, 0, 0); background-color: transparent; font-variant-numeric: normal; font-variant-east-asian: normal; font-variant-alternates: normal; font-variant-position: normal; font-variant-emoji: normal; vertical-align: baseline; white-space-collapse: preserve;\">Sa\u00fade Coletiva<\/span><\/p><\/td><td style=\"border-left:solid #d9d9d9 1pt;border-right:solid #d9d9d9 1pt;border-bottom:solid #d9d9d9 1pt;border-top:solid #d9d9d9 1pt;vertical-align:top;background-color:#cfe2f3;padding:5pt 5pt 5pt 5pt;overflow:hidden;overflow-wrap:break-word;\"><p dir=\"ltr\" style=\"line-height:1.38;margin-right: 7pt;text-align: center;margin-top:0pt;margin-bottom:0pt;\"><span style=\"font-size: 9pt; font-family: Arial, sans-serif; color: rgb(0, 0, 0); background-color: transparent; font-variant-numeric: normal; font-variant-east-asian: normal; font-variant-alternates: normal; font-variant-position: normal; font-variant-emoji: normal; vertical-align: baseline; white-space-collapse: preserve;\">ESCORPIONISMO EM CRIAN\u00c7AS E ADOLESCENTES DE MINAS GERAIS: aspectos cl\u00ednicos e epidemiol\u00f3gicos<\/span><\/p><\/td><\/tr><tr style=\"height:46.646484375pt\"><td style=\"border-left:solid #d9d9d9 1pt;border-right:solid #d9d9d9 1pt;border-bottom:solid #d9d9d9 1pt;border-top:solid #d9d9d9 1pt;vertical-align:top;background-color:#f3f3f3;padding:5pt 5pt 5pt 5pt;overflow:hidden;overflow-wrap:break-word;\"><p dir=\"ltr\" style=\"line-height:1.2;margin-top:0pt;margin-bottom:0pt;\"><a href=\"https:\/\/youtu.be\/fskC_4VODPI\" style=\"text-decoration-line: none;\"><span style=\"font-size: 9pt; font-family: Arial, sans-serif; color: rgb(17, 85, 204); background-color: transparent; font-variant-numeric: normal; font-variant-east-asian: normal; font-variant-alternates: normal; font-variant-position: normal; font-variant-emoji: normal; text-decoration-line: underline; text-decoration-skip-ink: none; vertical-align: baseline; white-space-collapse: preserve;\">Enfrentamento da Viol\u00eancia na Aten\u00e7\u00e3o Prim\u00e1ria \u00e0 Sa\u00fade<\/span><\/a><\/p><\/td><td style=\"border-left:solid #d9d9d9 1pt;border-right:solid #d9d9d9 1pt;border-bottom:solid #d9d9d9 1pt;border-top:solid #d9d9d9 1pt;vertical-align:top;background-color:#f3f3f3;padding:5pt 5pt 5pt 5pt;overflow:hidden;overflow-wrap:break-word;\"><p dir=\"ltr\" style=\"line-height:1.38;margin-right: 7pt;text-align: center;margin-top:0pt;margin-bottom:0pt;\"><span style=\"font-size: 9pt; font-family: Arial, sans-serif; color: rgb(0, 0, 0); background-color: transparent; font-variant-numeric: normal; font-variant-east-asian: normal; font-variant-alternates: normal; font-variant-position: normal; font-variant-emoji: normal; vertical-align: baseline; white-space-collapse: preserve;\">Pitch<\/span><\/p><\/td><td style=\"border-left:solid #d9d9d9 1pt;border-right:solid #d9d9d9 1pt;border-bottom:solid #d9d9d9 1pt;border-top:solid #d9d9d9 1pt;vertical-align:top;background-color:#f3f3f3;padding:5pt 5pt 5pt 5pt;overflow:hidden;overflow-wrap:break-word;\"><p dir=\"ltr\" style=\"line-height:1.38;margin-right: 7pt;margin-top:0pt;margin-bottom:0pt;\"><span style=\"font-size: 9pt; font-family: Arial, sans-serif; color: rgb(0, 0, 0); background-color: transparent; font-variant-numeric: normal; font-variant-east-asian: normal; font-variant-alternates: normal; font-variant-position: normal; font-variant-emoji: normal; vertical-align: baseline; white-space-collapse: preserve;\">Carla Patricia Martins Cardoso, Josiane Santos Brant Rocha, Priscila Antunes de Oliveira, M\u00f4nica Thais Soares Macedo, Luiza Augusta Rosa Rossi Barbosa<\/span><\/p><\/td><td style=\"border-left:solid #d9d9d9 1pt;border-right:solid #d9d9d9 1pt;border-bottom:solid #d9d9d9 1pt;border-top:solid #d9d9d9 1pt;vertical-align:top;background-color:#f3f3f3;padding:5pt 5pt 5pt 5pt;overflow:hidden;overflow-wrap:break-word;\"><p dir=\"ltr\" style=\"line-height:1.2;text-align: center;margin-top:0pt;margin-bottom:0pt;\"><span style=\"font-size: 9pt; font-family: Arial, sans-serif; color: rgb(0, 0, 0); background-color: transparent; font-variant-numeric: normal; font-variant-east-asian: normal; font-variant-alternates: normal; font-variant-position: normal; font-variant-emoji: normal; vertical-align: baseline; white-space-collapse: preserve;\">Sa\u00fade Coletiva<\/span><\/p><\/td><td style=\"border-left:solid #d9d9d9 1pt;border-right:solid #d9d9d9 1pt;border-bottom:solid #d9d9d9 1pt;border-top:solid #d9d9d9 1pt;vertical-align:top;background-color:#f3f3f3;padding:5pt 5pt 5pt 5pt;overflow:hidden;overflow-wrap:break-word;\"><p dir=\"ltr\" style=\"line-height:1.38;margin-right: 7pt;text-align: center;margin-top:0pt;margin-bottom:0pt;\"><span style=\"font-size: 9pt; font-family: Arial, sans-serif; color: rgb(0, 0, 0); background-color: transparent; font-variant-numeric: normal; font-variant-east-asian: normal; font-variant-alternates: normal; font-variant-position: normal; font-variant-emoji: normal; vertical-align: baseline; white-space-collapse: preserve;\">Condi\u00e7\u00f5es de Trabalho e de Sa\u00fade de Agentes Comunit\u00e1rios de Sa\u00fade do Norte de Minas Gerais<\/span><\/p><\/td><\/tr><tr style=\"height:46.646484375pt\"><td style=\"border-left:solid #d9d9d9 1pt;border-right:solid #d9d9d9 1pt;border-bottom:solid #d9d9d9 1pt;border-top:solid #d9d9d9 1pt;vertical-align:top;background-color:#cfe2f3;padding:5pt 5pt 5pt 5pt;overflow:hidden;overflow-wrap:break-word;\"><p dir=\"ltr\" style=\"line-height:1.2;margin-top:0pt;margin-bottom:0pt;\"><a href=\"https:\/\/drive.google.com\/drive\/folders\/1fRXeEjTe1-cD5qtpmg_GAqH1aA8KkcJ4?usp=sharing\" style=\"text-decoration-line: none;\"><span style=\"font-size: 9pt; font-family: Arial, sans-serif; color: rgb(17, 85, 204); background-color: transparent; font-variant-numeric: normal; font-variant-east-asian: normal; font-variant-alternates: normal; font-variant-position: normal; font-variant-emoji: normal; text-decoration-line: underline; text-decoration-skip-ink: none; vertical-align: baseline; white-space-collapse: preserve;\">Dia do ACS: Cuidar de quem cuida<\/span><\/a><\/p><\/td><td style=\"border-left:solid #d9d9d9 1pt;border-right:solid #d9d9d9 1pt;border-bottom:solid #d9d9d9 1pt;border-top:solid #d9d9d9 1pt;vertical-align:top;background-color:#cfe2f3;padding:5pt 5pt 5pt 5pt;overflow:hidden;overflow-wrap:break-word;\"><p dir=\"ltr\" style=\"line-height:1.38;text-align: center;margin-top:0pt;margin-bottom:0pt;\"><span style=\"font-size: 9pt; font-family: Arial, sans-serif; color: rgb(0, 0, 0); background-color: transparent; font-variant-numeric: normal; font-variant-east-asian: normal; font-variant-alternates: normal; font-variant-position: normal; font-variant-emoji: normal; vertical-align: baseline; white-space-collapse: preserve;\">Evento<\/span><\/p><\/td><td style=\"border-left:solid #d9d9d9 1pt;border-right:solid #d9d9d9 1pt;border-bottom:solid #d9d9d9 1pt;border-top:solid #d9d9d9 1pt;vertical-align:top;background-color:#cfe2f3;padding:5pt 5pt 5pt 5pt;overflow:hidden;overflow-wrap:break-word;\"><p dir=\"ltr\" style=\"line-height:1.38;margin-top:0pt;margin-bottom:0pt;\"><span style=\"font-size: 9pt; font-family: Arial, sans-serif; color: rgb(0, 0, 0); background-color: transparent; font-variant-numeric: normal; font-variant-east-asian: normal; font-variant-alternates: normal; font-variant-position: normal; font-variant-emoji: normal; vertical-align: baseline; white-space-collapse: preserve;\">Ant\u00f4nio Prates Caldeira, Luiza Augusta Rosa Rossi Barbosa, M\u00f4nica Thais Soares Macedo, Priscila Antunes de Oliveira, Lucin\u00e9ia de Pinho, Maria Fernanda Santos Figueiredo Brito, Carla Patricia Martins Cardoso<\/span><\/p><\/td><td style=\"border-left:solid #d9d9d9 1pt;border-right:solid #d9d9d9 1pt;border-bottom:solid #d9d9d9 1pt;border-top:solid #d9d9d9 1pt;vertical-align:top;background-color:#cfe2f3;padding:5pt 5pt 5pt 5pt;overflow:hidden;overflow-wrap:break-word;\"><p dir=\"ltr\" style=\"line-height:1.2;text-align: center;margin-top:0pt;margin-bottom:0pt;\"><span style=\"font-size: 9pt; font-family: Arial, sans-serif; color: rgb(0, 0, 0); background-color: transparent; font-variant-numeric: normal; font-variant-east-asian: normal; font-variant-alternates: normal; font-variant-position: normal; font-variant-emoji: normal; vertical-align: baseline; white-space-collapse: preserve;\">Sa\u00fade Coletiva<\/span><\/p><\/td><td style=\"border-left:solid #d9d9d9 1pt;border-right:solid #d9d9d9 1pt;border-bottom:solid #d9d9d9 1pt;border-top:solid #d9d9d9 1pt;vertical-align:top;background-color:#cfe2f3;padding:5pt 5pt 5pt 5pt;overflow:hidden;overflow-wrap:break-word;\"><p dir=\"ltr\" style=\"line-height:1.38;margin-right: 7pt;text-align: center;margin-top:0pt;margin-bottom:0pt;\"><span style=\"font-size: 9pt; font-family: Arial, sans-serif; color: rgb(0, 0, 0); background-color: transparent; font-variant-numeric: normal; font-variant-east-asian: normal; font-variant-alternates: normal; font-variant-position: normal; font-variant-emoji: normal; vertical-align: baseline; white-space-collapse: preserve;\">Condi\u00e7\u00f5es de Trabalho e de Sa\u00fade de Agentes Comunit\u00e1rios de Sa\u00fade do Norte de Minas Gerais<\/span><\/p><\/td><\/tr><tr style=\"height:46.646484375pt\"><td style=\"border-left:solid #d9d9d9 1pt;border-right:solid #d9d9d9 1pt;border-bottom:solid #d9d9d9 1pt;border-top:solid #d9d9d9 1pt;vertical-align:top;background-color:#efefef;padding:5pt 5pt 5pt 5pt;overflow:hidden;overflow-wrap:break-word;\"><p dir=\"ltr\" style=\"line-height:1.2;margin-top:0pt;margin-bottom:0pt;\"><a href=\"https:\/\/www.posgraduacao.unimontes.br\/uploads\/sites\/18\/2023\/06\/Fluxograma.pdf\" style=\"text-decoration-line: none;\"><span style=\"font-size: 9pt; font-family: Arial, sans-serif; color: rgb(17, 85, 204); background-color: transparent; font-variant-numeric: normal; font-variant-east-asian: normal; font-variant-alternates: normal; font-variant-position: normal; font-variant-emoji: normal; text-decoration-line: underline; text-decoration-skip-ink: none; vertical-align: baseline; white-space-collapse: preserve;\">Fluxograma de atendimento \u00e0s pessoas v\u00edtimas de viol\u00eancia interpessoal\/autoprovocada<\/span><\/a><\/p><\/td><td style=\"border-left:solid #d9d9d9 1pt;border-right:solid #d9d9d9 1pt;border-bottom:solid #d9d9d9 1pt;border-top:solid #d9d9d9 1pt;vertical-align:top;background-color:#efefef;padding:5pt 5pt 5pt 5pt;overflow:hidden;overflow-wrap:break-word;\"><p dir=\"ltr\" style=\"line-height:1.2;text-align: center;margin-top:0pt;margin-bottom:0pt;\"><span style=\"font-size: 9pt; font-family: Arial, sans-serif; color: rgb(0, 0, 0); background-color: transparent; font-variant-numeric: normal; font-variant-east-asian: normal; font-variant-alternates: normal; font-variant-position: normal; font-variant-emoji: normal; vertical-align: baseline; white-space-collapse: preserve;\">Fluxograma<\/span><\/p><\/td><td style=\"border-left:solid #d9d9d9 1pt;border-right:solid #d9d9d9 1pt;border-bottom:solid #d9d9d9 1pt;border-top:solid #d9d9d9 1pt;vertical-align:top;background-color:#efefef;padding:5pt 5pt 5pt 5pt;overflow:hidden;overflow-wrap:break-word;\"><p dir=\"ltr\" style=\"line-height:1.2;margin-top:0pt;margin-bottom:0pt;\"><span style=\"font-size: 9pt; font-family: Arial, sans-serif; color: rgb(0, 0, 0); background-color: transparent; font-variant-numeric: normal; font-variant-east-asian: normal; font-variant-alternates: normal; font-variant-position: normal; font-variant-emoji: normal; vertical-align: baseline; white-space-collapse: preserve;\">Larissa Souza Santos, Luis Paulo Morais Farias, Simone de Melo Costa<\/span><\/p><\/td><td style=\"border-left:solid #d9d9d9 1pt;border-right:solid #d9d9d9 1pt;border-bottom:solid #d9d9d9 1pt;border-top:solid #d9d9d9 1pt;vertical-align:top;background-color:#efefef;padding:5pt 5pt 5pt 5pt;overflow:hidden;overflow-wrap:break-word;\"><p dir=\"ltr\" style=\"line-height:1.2;text-align: center;margin-top:0pt;margin-bottom:0pt;\"><span style=\"font-size: 9pt; font-family: Arial, sans-serif; color: rgb(0, 0, 0); background-color: transparent; font-variant-numeric: normal; font-variant-east-asian: normal; font-variant-alternates: normal; font-variant-position: normal; font-variant-emoji: normal; vertical-align: baseline; white-space-collapse: preserve;\">Sa\u00fade Coletiva<\/span><\/p><\/td><td style=\"border-left:solid #d9d9d9 1pt;border-right:solid #d9d9d9 1pt;border-bottom:solid #d9d9d9 1pt;border-top:solid #d9d9d9 1pt;vertical-align:top;background-color:#efefef;padding:5pt 5pt 5pt 5pt;overflow:hidden;overflow-wrap:break-word;\"><p dir=\"ltr\" style=\"line-height:1.2;text-align: center;margin-top:0pt;margin-bottom:0pt;\"><span style=\"font-size: 9pt; font-family: Arial, sans-serif; color: rgb(0, 0, 0); background-color: transparent; font-variant-numeric: normal; font-variant-east-asian: normal; font-variant-alternates: normal; font-variant-position: normal; font-variant-emoji: normal; vertical-align: baseline; white-space-collapse: preserve;\">Viol\u00eancia Interpessoal no Brasil e uma s\u00e9rie temporal<\/span><\/p><\/td><\/tr><\/tbody><\/table><\/div><\/span><\/span><\/div><\/div><\/div><\/div><\/div><\/div><\/div><\/section>\n","protected":false},"excerpt":{"rendered":"","protected":false},"author":17,"featured_media":0,"parent":0,"menu_order":0,"comment_status":"closed","ping_status":"closed","template":"","meta":[],"yoast_head":"<!-- This site is optimized with the Yoast SEO plugin v14.7 - https:\/\/yoast.com\/wordpress\/plugins\/seo\/ -->\n<title>2022 - Programa de P\u00f3s Gradua\u00e7\u00e3o em Cuidado Prim\u00e1rio em Sa\u00fade<\/title>\n<meta name=\"robots\" content=\"index, follow\" \/>\n<meta name=\"googlebot\" content=\"index, follow, max-snippet:-1, max-image-preview:large, max-video-preview:-1\" \/>\n<meta name=\"bingbot\" content=\"index, follow, max-snippet:-1, max-image-preview:large, max-video-preview:-1\" \/>\n<link rel=\"canonical\" href=\"https:\/\/www.posgraduacao.unimontes.br\/ppgcps\/2022-3\/\" \/>\n<meta property=\"og:locale\" content=\"pt_BR\" \/>\n<meta property=\"og:type\" content=\"article\" \/>\n<meta property=\"og:title\" content=\"2022 - Programa de P\u00f3s Gradua\u00e7\u00e3o em Cuidado Prim\u00e1rio em Sa\u00fade\" \/>\n<meta property=\"og:description\" content=\"Produtos T\u00e9cnicos &#8211; 2022 T\u00edtulo Tipo de Produ\u00e7\u00e3o T\u00e9cnica Autor(a) \u00c1rea de Concentra\u00e7\u00e3o Projeto de Pesquisa Aten\u00e7\u00e3o Domiciliar na Sa\u00fade P\u00fablica &#8211; A\u00e7\u00f5es, Processos e Pesquisas Orientadas em Ci\u00eancias da Sa\u00fade &#8211; Cap\u00edtulo 9&nbsp; Cap\u00edtulo de livro Cristiane Vieira da Silva Sirlaine de Pinho, Ely Carlos Pereira de Jesus, M\u00e1rcia Mendes Menezes, Carlos Alberto Quint\u00e3o [&hellip;]\" \/>\n<meta property=\"og:url\" content=\"https:\/\/www.posgraduacao.unimontes.br\/ppgcps\/2022-3\/\" \/>\n<meta property=\"og:site_name\" content=\"Programa de P\u00f3s Gradua\u00e7\u00e3o em Cuidado Prim\u00e1rio em Sa\u00fade\" \/>\n<meta property=\"article:modified_time\" content=\"2025-09-04T11:50:57+00:00\" \/>\n<meta name=\"twitter:card\" content=\"summary_large_image\" \/>\n<script type=\"application\/ld+json\" class=\"yoast-schema-graph\">{\"@context\":\"https:\/\/schema.org\",\"@graph\":[{\"@type\":\"WebSite\",\"@id\":\"https:\/\/www.posgraduacao.unimontes.br\/ppgcps\/#website\",\"url\":\"https:\/\/www.posgraduacao.unimontes.br\/ppgcps\/\",\"name\":\"Programa de P\\u00f3s Gradua\\u00e7\\u00e3o em Cuidado Prim\\u00e1rio em Sa\\u00fade\",\"description\":\"\",\"potentialAction\":[{\"@type\":\"SearchAction\",\"target\":\"https:\/\/www.posgraduacao.unimontes.br\/ppgcps\/?s={search_term_string}\",\"query-input\":\"required name=search_term_string\"}],\"inLanguage\":\"pt-BR\"},{\"@type\":\"WebPage\",\"@id\":\"https:\/\/www.posgraduacao.unimontes.br\/ppgcps\/2022-3\/#webpage\",\"url\":\"https:\/\/www.posgraduacao.unimontes.br\/ppgcps\/2022-3\/\",\"name\":\"2022 - Programa de P\\u00f3s Gradua\\u00e7\\u00e3o em Cuidado Prim\\u00e1rio em Sa\\u00fade\",\"isPartOf\":{\"@id\":\"https:\/\/www.posgraduacao.unimontes.br\/ppgcps\/#website\"},\"datePublished\":\"2025-09-04T11:49:12+00:00\",\"dateModified\":\"2025-09-04T11:50:57+00:00\",\"inLanguage\":\"pt-BR\",\"potentialAction\":[{\"@type\":\"ReadAction\",\"target\":[\"https:\/\/www.posgraduacao.unimontes.br\/ppgcps\/2022-3\/\"]}]}]}<\/script>\n<!-- \/ Yoast SEO plugin. -->","_links":{"self":[{"href":"https:\/\/www.posgraduacao.unimontes.br\/ppgcps\/wp-json\/wp\/v2\/pages\/3055"}],"collection":[{"href":"https:\/\/www.posgraduacao.unimontes.br\/ppgcps\/wp-json\/wp\/v2\/pages"}],"about":[{"href":"https:\/\/www.posgraduacao.unimontes.br\/ppgcps\/wp-json\/wp\/v2\/types\/page"}],"author":[{"embeddable":true,"href":"https:\/\/www.posgraduacao.unimontes.br\/ppgcps\/wp-json\/wp\/v2\/users\/17"}],"replies":[{"embeddable":true,"href":"https:\/\/www.posgraduacao.unimontes.br\/ppgcps\/wp-json\/wp\/v2\/comments?post=3055"}],"version-history":[{"count":5,"href":"https:\/\/www.posgraduacao.unimontes.br\/ppgcps\/wp-json\/wp\/v2\/pages\/3055\/revisions"}],"predecessor-version":[{"id":3060,"href":"https:\/\/www.posgraduacao.unimontes.br\/ppgcps\/wp-json\/wp\/v2\/pages\/3055\/revisions\/3060"}],"wp:attachment":[{"href":"https:\/\/www.posgraduacao.unimontes.br\/ppgcps\/wp-json\/wp\/v2\/media?parent=3055"}],"curies":[{"name":"wp","href":"https:\/\/api.w.org\/{rel}","templated":true}]}}