{"id":30,"date":"2018-11-30T10:30:50","date_gmt":"2018-11-30T12:30:50","guid":{"rendered":"http:\/\/www.posgraduacao.unimontes.br\/ppgcps\/?page_id=30"},"modified":"2020-11-13T13:01:05","modified_gmt":"2020-11-13T16:01:05","slug":"area-de-concentracoes","status":"publish","type":"page","link":"https:\/\/www.posgraduacao.unimontes.br\/ppgcps\/area-de-concentracoes\/","title":{"rendered":"\u00c1reas de Concentra\u00e7\u00f5es"},"content":{"rendered":"<section class=\"kc-elm kc-css-526054 kc_row\"><div class=\"kc-row-container  kc-container\"><div class=\"kc-wrap-columns\"><div class=\"kc-elm kc-css-662307 kc_col-sm-12 kc_column kc_col-sm-12\"><div class=\"kc-col-container\"><div class=\"kc-elm kc-css-65343\" style=\"height: 20px; clear: both; width:100%;\"><\/div><\/div><\/div><\/div><\/div><\/section><section class=\"kc-elm kc-css-258039 kc_row\"><div class=\"kc-row-container  kc-container\"><div class=\"kc-wrap-columns\"><div class=\"kc-elm kc-css-885598 kc_column kc_col-sm-12\"><div class=\"kc-col-container\"><div class=\"kc-elm kc-css-990923 kc_text_block\"><p><strong>\u00c1REA 1: Sa\u00fade Coletiva<\/strong><\/p>\n<p>A \u00e1rea de Sa\u00fade Coletiva engloba estudos epidemiol\u00f3gicos para a investiga\u00e7\u00e3o dos diferentes fatores de risco e de prote\u00e7\u00e3o das doen\u00e7as e agravos, visando a promo\u00e7\u00e3o da sa\u00fade. Al\u00e9m disso, objetiva a avalia\u00e7\u00e3o de sistemas, programas e servi\u00e7os de sa\u00fade, incorporando estudos das dimens\u00f5es da educa\u00e7\u00e3o em sa\u00fade, tanto no processo de assist\u00eancia como no processo de forma\u00e7\u00e3o do profissional de sa\u00fade.<\/p>\n<p><strong>Linhas de pesquisa da \u00e1rea:<\/strong><\/p>\n<p><strong>A) Educa\u00e7\u00e3o em Sa\u00fade e Avalia\u00e7\u00e3o de Programas e Servi\u00e7os<\/strong><\/p>\n<p>Esta linha de pesquisa prop\u00f5e estudos do processo de ensino-aprendizagem na \u00e1rea da sa\u00fade, de tecnologias, pol\u00edticas e pr\u00e1ticas de educa\u00e7\u00e3o em sa\u00fade. Envolve ainda estudos avaliativos na produ\u00e7\u00e3o de conhecimento visando \u00e0 melhoria da efetividade, efici\u00eancia e qualidade de pol\u00edticas, sistemas e programas de sa\u00fade.<\/p>\n<p><strong>B) Epidemiologia e Vigil\u00e2ncia em Sa\u00fade<\/strong><\/p>\n<p>Esta linha de pesquisa visa o desenvolvimento de pesquisas com dados epidemiol\u00f3gicos populacionais e estudo de aspectos relacionados \u00e0 vigil\u00e2ncia em sa\u00fade, incluindo aspectos da vigil\u00e2ncia epidemiol\u00f3gica, sanit\u00e1ria, ambiental e \u00e0 sa\u00fade do trabalhador, com \u00eanfase nos aspectos dos cuidados prim\u00e1rios.<\/p>\n<p><strong>\u00c1REA 2: Aspectos Cl\u00ednicos dos Cuidados em Sa\u00fade<\/strong><\/p>\n<p>A \u00e1rea de concentra\u00e7\u00e3o em \u201cAspecos Cl\u00ednicos dos Cuidados em Sa\u00fade\u201d estimula o desenvolvimento de projetos de pesquisas com propostas preferencialmente interdisciplinares voltadas a identifica\u00e7\u00e3o das m\u00faltiplas facetas do processo sa\u00fade-doen\u00e7a e seus cuidados. Essa \u00e1rea de concentra\u00e7\u00e3o contempla investiga\u00e7\u00f5es seja nos aspectos de manifesta\u00e7\u00f5es cl\u00ednicas, etiol\u00f3gicos, abordagens proped\u00eauticas ou terap\u00eauticas.<\/p>\n<p><strong>Linha de pesquisa da \u00e1rea:<\/strong><\/p>\n<p><strong>A) Cl\u00ednica, diagn\u00f3stico e terap\u00eautica das doen\u00e7as<\/strong><\/p>\n<p>Esta linha de pesquisa tem como objetivo investigar os aspectos cl\u00ednicos, novas metodologias diagn\u00f3sticas das doen\u00e7as humanas e tamb\u00e9m agrega projetos de pesquisas que possam contribuir para um maior conhecimento sobre o tratamento e controle das doen\u00e7as.<\/p>\n<\/div><\/div><\/div><\/div><\/div><\/section>\n","protected":false},"excerpt":{"rendered":"","protected":false},"author":5,"featured_media":0,"parent":0,"menu_order":0,"comment_status":"closed","ping_status":"closed","template":"","meta":[],"yoast_head":"<!-- This site is optimized with the Yoast SEO plugin v14.7 - https:\/\/yoast.com\/wordpress\/plugins\/seo\/ -->\n<title>\u00c1reas de Concentra\u00e7\u00f5es - Programa de P\u00f3s Gradua\u00e7\u00e3o em Cuidado Prim\u00e1rio em Sa\u00fade<\/title>\n<meta name=\"robots\" content=\"index, follow\" \/>\n<meta name=\"googlebot\" content=\"index, follow, max-snippet:-1, max-image-preview:large, max-video-preview:-1\" \/>\n<meta name=\"bingbot\" content=\"index, follow, max-snippet:-1, max-image-preview:large, max-video-preview:-1\" \/>\n<link rel=\"canonical\" href=\"https:\/\/www.posgraduacao.unimontes.br\/ppgcps\/area-de-concentracoes\/\" \/>\n<meta property=\"og:locale\" content=\"pt_BR\" \/>\n<meta property=\"og:type\" content=\"article\" \/>\n<meta property=\"og:title\" content=\"\u00c1reas de Concentra\u00e7\u00f5es - Programa de P\u00f3s Gradua\u00e7\u00e3o em Cuidado Prim\u00e1rio em Sa\u00fade\" \/>\n<meta property=\"og:description\" content=\"\u00c1REA 1: Sa\u00fade Coletiva A \u00e1rea de Sa\u00fade Coletiva engloba estudos epidemiol\u00f3gicos para a investiga\u00e7\u00e3o dos diferentes fatores de risco e de prote\u00e7\u00e3o das doen\u00e7as e agravos, visando a promo\u00e7\u00e3o da sa\u00fade. Al\u00e9m disso, objetiva a avalia\u00e7\u00e3o de sistemas, programas e servi\u00e7os de sa\u00fade, incorporando estudos das dimens\u00f5es da educa\u00e7\u00e3o em sa\u00fade, tanto no processo [&hellip;]\" \/>\n<meta property=\"og:url\" content=\"https:\/\/www.posgraduacao.unimontes.br\/ppgcps\/area-de-concentracoes\/\" \/>\n<meta property=\"og:site_name\" content=\"Programa de P\u00f3s Gradua\u00e7\u00e3o em Cuidado Prim\u00e1rio em Sa\u00fade\" \/>\n<meta property=\"article:modified_time\" content=\"2020-11-13T16:01:05+00:00\" \/>\n<meta name=\"twitter:card\" content=\"summary_large_image\" \/>\n<script type=\"application\/ld+json\" class=\"yoast-schema-graph\">{\"@context\":\"https:\/\/schema.org\",\"@graph\":[{\"@type\":\"WebSite\",\"@id\":\"https:\/\/www.posgraduacao.unimontes.br\/ppgcps\/#website\",\"url\":\"https:\/\/www.posgraduacao.unimontes.br\/ppgcps\/\",\"name\":\"Programa de P\\u00f3s Gradua\\u00e7\\u00e3o em Cuidado Prim\\u00e1rio em Sa\\u00fade\",\"description\":\"\",\"potentialAction\":[{\"@type\":\"SearchAction\",\"target\":\"https:\/\/www.posgraduacao.unimontes.br\/ppgcps\/?s={search_term_string}\",\"query-input\":\"required name=search_term_string\"}],\"inLanguage\":\"pt-BR\"},{\"@type\":\"WebPage\",\"@id\":\"https:\/\/www.posgraduacao.unimontes.br\/ppgcps\/area-de-concentracoes\/#webpage\",\"url\":\"https:\/\/www.posgraduacao.unimontes.br\/ppgcps\/area-de-concentracoes\/\",\"name\":\"\\u00c1reas de Concentra\\u00e7\\u00f5es - Programa de P\\u00f3s Gradua\\u00e7\\u00e3o em Cuidado Prim\\u00e1rio em Sa\\u00fade\",\"isPartOf\":{\"@id\":\"https:\/\/www.posgraduacao.unimontes.br\/ppgcps\/#website\"},\"datePublished\":\"2018-11-30T12:30:50+00:00\",\"dateModified\":\"2020-11-13T16:01:05+00:00\",\"inLanguage\":\"pt-BR\",\"potentialAction\":[{\"@type\":\"ReadAction\",\"target\":[\"https:\/\/www.posgraduacao.unimontes.br\/ppgcps\/area-de-concentracoes\/\"]}]}]}<\/script>\n<!-- \/ Yoast SEO plugin. -->","_links":{"self":[{"href":"https:\/\/www.posgraduacao.unimontes.br\/ppgcps\/wp-json\/wp\/v2\/pages\/30"}],"collection":[{"href":"https:\/\/www.posgraduacao.unimontes.br\/ppgcps\/wp-json\/wp\/v2\/pages"}],"about":[{"href":"https:\/\/www.posgraduacao.unimontes.br\/ppgcps\/wp-json\/wp\/v2\/types\/page"}],"author":[{"embeddable":true,"href":"https:\/\/www.posgraduacao.unimontes.br\/ppgcps\/wp-json\/wp\/v2\/users\/5"}],"replies":[{"embeddable":true,"href":"https:\/\/www.posgraduacao.unimontes.br\/ppgcps\/wp-json\/wp\/v2\/comments?post=30"}],"version-history":[{"count":5,"href":"https:\/\/www.posgraduacao.unimontes.br\/ppgcps\/wp-json\/wp\/v2\/pages\/30\/revisions"}],"predecessor-version":[{"id":1116,"href":"https:\/\/www.posgraduacao.unimontes.br\/ppgcps\/wp-json\/wp\/v2\/pages\/30\/revisions\/1116"}],"wp:attachment":[{"href":"https:\/\/www.posgraduacao.unimontes.br\/ppgcps\/wp-json\/wp\/v2\/media?parent=30"}],"curies":[{"name":"wp","href":"https:\/\/api.w.org\/{rel}","templated":true}]}}