{"id":2124,"date":"2023-09-27T09:18:52","date_gmt":"2023-09-27T12:18:52","guid":{"rendered":"https:\/\/www.posgraduacao.unimontes.br\/ppgcps\/?page_id=2124"},"modified":"2025-09-01T10:41:32","modified_gmt":"2025-09-01T13:41:32","slug":"egressos","status":"publish","type":"page","link":"https:\/\/www.posgraduacao.unimontes.br\/ppgcps\/egressos\/","title":{"rendered":"Egressos"},"content":{"rendered":"<section class=\"kc-elm kc-css-874525 kc_row\"><div class=\"kc-row-container  kc-container\"><div class=\"kc-wrap-columns\"><div class=\"kc-elm kc-css-241463 kc_col-sm-12 kc_column kc_col-sm-12\"><div class=\"kc-col-container\">\n<div class=\"kc-elm kc-css-302968 divider_line\">\n\t<div class=\"divider_inner divider_line1\">\n\t\t\t<\/div>\n<\/div>\n<div class=\"kc-elm kc-css-949969\" style=\"height: 40px; clear: both; width:100%;\"><\/div>\n<div class=\"kc-elm kc-css-285330 kc-title-wrap \">\n\n\t<h1 class=\"kc_title\">TURMA 2024<\/h1>\n<\/div>\n<div class=\"kc-elm kc-css-85482\" style=\"height: 40px; clear: both; width:100%;\"><\/div>\n<div class=\"kc-elm kc-css-23114 kc-team kc-team-2\">\n\n\t<figure class=\"content-image\"><img src=\"https:\/\/www.posgraduacao.unimontes.br\/uploads\/sites\/18\/2025\/09\/Captura-de-tela-2025-08-29-103047.png\" alt=\"\"><\/figure><div class=\"box-right\"><div class=\"content-title\">Camila Rabelo Andrade<\/div><div class=\"content-subtitle\">Mestre em Cuidados Prim\u00e1rios em Sa\u00fade <\/div><div class=\"content-desc\"><table>\n<tr><td><b>T\u00edtulo da Disserta\u00e7\u00e3o:<\/b><\/td><td>Dist\u00e2ncia no percurso entre a resid\u00eancia e a institui\u00e7\u00e3o de ensino e aspectos biopsicossociais associados ao transporte ativo para a escola em adolescentes<\/td><\/tr>\n<tr><td><b>Orientador(a):<\/b><\/td><td>Profa. Dra. Ros\u00e2ngela Ramos Veloso Silva<\/td><\/tr>\n<tr><td><b>Coorientador(a):<\/b><\/td><td>Profa. Dra. Nayra Suze Souza e Silva<\/td><\/tr>\n<tr><td><b>Data da defesa:<\/b><\/td><td>07\/02\/2025<\/td><\/tr>\n<tr><td><b>Curso:<\/b><\/td><td>Programa de P\u00f3s-Gradua\u00e7\u00e3o em Cuidado Prim\u00e1rio em Sa\u00fade \u2013 PPGCPS<\/td><\/tr>\n<tr><td><b>\u00c1rea de Concentra\u00e7\u00e3o:<\/b><\/td><td>Sa\u00fade Coletiva<\/td><\/tr>\n<tr><td><b>Linha de Pesquisa:<\/b><\/td><td>Epidemiologia e Vigil\u00e2ncia em Sa\u00fade<\/td><\/tr>\n<\/table>\n<\/div><\/div>\n<\/div>\n\n<div class=\"kc-elm kc-css-589608 divider_line\">\n\t<div class=\"divider_inner divider_line1\">\n\t\t\t<\/div>\n<\/div>\n\n<div class=\"kc-elm kc-css-204225 kc-title-wrap \">\n\n\t<h1 class=\"kc_title\">TURMA 2023<\/h1>\n<\/div>\n<div class=\"kc-elm kc-css-925526\" style=\"height: 40px; clear: both; width:100%;\"><\/div>\n<div class=\"kc-elm kc-css-639154 kc-team kc-team-2\">\n\n\t<figure class=\"content-image\"><img src=\"https:\/\/www.posgraduacao.unimontes.br\/uploads\/sites\/18\/2025\/09\/Captura-de-tela-2025-08-29-102906.png\" alt=\"\"><\/figure><div class=\"box-right\"><div class=\"content-title\">Leonardo Rodrigues Souza<\/div><div class=\"content-subtitle\">Mestre em Cuidados Prim\u00e1rios em Sa\u00fade <\/div><div class=\"content-desc\"><table>\n<tr><td><b>T\u00edtulo da Disserta\u00e7\u00e3o:<\/b><\/td><td>Pr\u00e1tica de Atividade F\u00edsica em Adolescentes: Estudo de Preval\u00eancia e Desenvolvimento de um Graphic Novel como Ferramenta Biblioterap\u00eautica para Promo\u00e7\u00e3o de H\u00e1bitos Fisicamente Ativos<\/td><\/tr>\n<tr><td><b>Orientador(a):<\/b><\/td><td>Profa. Dra. Ros\u00e2ngela Ramos Veloso Silva<\/td><\/tr>\n<tr><td><b>Coorientador(a):<\/b><\/td><td>N\u00e3o se aplica<\/td><\/tr>\n<tr><td><b>Data da defesa:<\/b><\/td><td>30\/04\/2025<\/td><\/tr>\n<tr><td><b>Curso:<\/b><\/td><td>Programa de P\u00f3s-Gradua\u00e7\u00e3o em Cuidado Prim\u00e1rio em Sa\u00fade \u2013 PPGCPS<\/td><\/tr>\n<tr><td><b>\u00c1rea de Concentra\u00e7\u00e3o:<\/b><\/td><td>Sa\u00fade Coletiva<\/td><\/tr>\n<tr><td><b>Linha de Pesquisa:<\/b><\/td><td>Epidemiologia e Vigil\u00e2ncia em Sa\u00fade<\/td><\/tr>\n<\/table>\n<\/div><\/div>\n<\/div>\n\n<div class=\"kc-elm kc-css-482844 divider_line\">\n\t<div class=\"divider_inner divider_line1\">\n\t\t\t<\/div>\n<\/div>\n<div class=\"kc-elm kc-css-54161\" style=\"height: 40px; clear: both; width:100%;\"><\/div>\n<div class=\"kc-elm kc-css-278680 kc-team kc-team-2\">\n\n\t<figure class=\"content-image\"><img src=\"https:\/\/www.posgraduacao.unimontes.br\/uploads\/sites\/18\/2025\/09\/1756671666086blob-150x150.png\" alt=\"\"><\/figure><div class=\"box-right\"><div class=\"content-title\">Leonardo Pereira de Barros<\/div><div class=\"content-subtitle\">Mestre em Cuidados Prim\u00e1rios em Sa\u00fade <\/div><div class=\"content-desc\"><table>\n<tr><td><b>T\u00edtulo da Disserta\u00e7\u00e3o:<\/b><\/td><td>Estudo multic\u00eantrico brasileiro sobre hereditariedade nas fissuras orais n\u00e3o sindr\u00f4micas e do perfil de egressos de um programa de P\u00f3s-Gradua\u00e7\u00e3o Interdisciplinar em Aten\u00e7\u00e3o Prim\u00e1ria \u00e0 Sa\u00fade<\/td><\/tr>\n<tr><td><b>Orientador(a):<\/b><\/td><td>Prof. Dr. Herc\u00edlio Martelli J\u00fanior<\/td><\/tr>\n<tr><td><b>Coorientador(a):<\/b><\/td><td>Profa. Dra. Daniella Reis Barbosa Martelli<\/td><\/tr>\n<tr><td><b>Data da defesa:<\/b><\/td><td><\/td><\/tr>\n<tr><td><b>Curso:<\/b><\/td><td>Programa de P\u00f3s-Gradua\u00e7\u00e3o em Cuidado Prim\u00e1rio em Sa\u00fade \u2013 PPGCPS<\/td><\/tr>\n<tr><td><b>\u00c1rea de Concentra\u00e7\u00e3o:<\/b><\/td><td>Aspectos Cl\u00ednicos dos Cuidados em Sa\u00fade<\/td><\/tr>\n<tr><td><b>Linha de Pesquisa:<\/b><\/td><td><\/td><\/tr>\n<tr><td><b>\u00c1rea de Atua\u00e7\u00e3o Atual:<\/b><\/td><td>\n- Servidor de carreira da Secretaria de Estado de Sa\u00fade de Minas Gerais SES\/MG<br>\n- Autoridade Sanit\u00e1ria Estadual - SES\/MG<br>\n- Professor no curso de gradua\u00e7\u00e3o em Enfermagem da Funorte Janu\u00e1ria\n<\/td><\/tr>\n<\/table>\n<\/div><\/div>\n<\/div>\n\n<div class=\"kc-elm kc-css-216019 divider_line\">\n\t<div class=\"divider_inner divider_line1\">\n\t\t\t<\/div>\n<\/div>\n<div class=\"kc-elm kc-css-847103\" style=\"height: 40px; clear: both; width:100%;\"><\/div>\n<div class=\"kc-elm kc-css-978476 kc-team kc-team-2\">\n\n\t<figure class=\"content-image\"><img src=\"https:\/\/www.posgraduacao.unimontes.br\/uploads\/sites\/18\/2025\/09\/690aa04a-f824-4997-b5df-cb8c7889eb59-300x300-1-150x150.jpeg\" alt=\"\"><\/figure><div class=\"box-right\"><div class=\"content-title\">Kaue Batista Andrade<\/div><div class=\"content-subtitle\">Mestre em Cuidados Prim\u00e1rios em Sa\u00fade <\/div><div class=\"content-desc\"><table>\n<tr><td><b>T\u00edtulo da Disserta\u00e7\u00e3o:<\/b><\/td><td>Acupuntura auricular e laser de baixa frequ\u00eancia no tratamento da lombalgia e cefaleia em pacientes assistidos na Aten\u00e7\u00e3o Prim\u00e1ria \u00e0 Sa\u00fade: novas possibilidades<\/td><\/tr>\n<tr><td><b>Orientador(a):<\/b><\/td><td>Diego Dias de Ara\u00fajo<\/td><\/tr>\n<tr><td><b>Coorientador(a):<\/b><\/td><td>Caroline de Castro Moura<\/td><\/tr>\n<tr><td><b>Data da defesa:<\/b><\/td><td>11\/06\/2024<\/td><\/tr>\n<tr><td><b>Curso:<\/b><\/td><td>Mestrado Profissional em Cuidado Prim\u00e1rio em Sa\u00fade \u2013 PPGCPS<\/td><\/tr>\n<tr><td><b>\u00c1rea de Concentra\u00e7\u00e3o:<\/b><\/td><td>Aspectos Cl\u00ednicos dos Cuidados em Sa\u00fade<\/td><\/tr>\n<tr><td><b>Linha de Pesquisa:<\/b><\/td><td>Cuidados Prim\u00e1rios em Sa\u00fade<\/td><\/tr>\n<\/table>\n<\/div><\/div>\n<\/div>\n\n<div class=\"kc-elm kc-css-914236 divider_line\">\n\t<div class=\"divider_inner divider_line1\">\n\t\t\t<\/div>\n<\/div>\n<div class=\"kc-elm kc-css-140240\" style=\"height: 40px; clear: both; width:100%;\"><\/div>\n<div class=\"kc-elm kc-css-862442 kc-team kc-team-2\">\n\n\t<figure class=\"content-image\"><img src=\"https:\/\/www.posgraduacao.unimontes.br\/uploads\/sites\/18\/2025\/09\/WhatsApp-Image-2025-08-29-at-12.18.43-150x150.jpeg\" alt=\"\"><\/figure><div class=\"box-right\"><div class=\"content-title\">Ivana Aparecida Mendes Veloso<\/div><div class=\"content-subtitle\">Mestre em Cuidados Prim\u00e1rios em Sa\u00fade <\/div><div class=\"content-desc\"><table>\n<tr><td><b>T\u00edtulo da Disserta\u00e7\u00e3o:<\/b><\/td><td>Interna\u00e7\u00f5es por Condi\u00e7\u00f5es Sens\u00edveis \u00e0 Aten\u00e7\u00e3o Prim\u00e1ria e sua Rela\u00e7\u00e3o com Custos e Vulnerabilidade Social<\/td><\/tr>\n<tr><td><b>Orientador(a):<\/b><\/td><td>Profa. Dra. Daniela Ara\u00fajo Veloso Popoff<\/td><\/tr>\n<tr><td><b>Coorientador(a):<\/b><\/td><td>Profa. Dra. Fernanda Piana Santos Lima de Oliveira<\/td><\/tr>\n<tr><td><b>Data da defesa:<\/b><\/td><td>27\/06\/2025<\/td><\/tr>\n<tr><td><b>Curso:<\/b><\/td><td>Universidade Estadual de Montes Claros \u2013 Programa de P\u00f3s-Gradua\u00e7\u00e3o em Cuidado Prim\u00e1rio em Sa\u00fade \u2013 PPGCPS<\/td><\/tr>\n<tr><td><b>\u00c1rea de Concentra\u00e7\u00e3o:<\/b><\/td><td>Sa\u00fade Coletiva<\/td><\/tr>\n<tr><td><b>Linha de Pesquisa:<\/b><\/td><td>Epidemiologia e Vigil\u00e2ncia em Sa\u00fade<\/td><\/tr>\n<tr><td><b>\u00c1rea de Atua\u00e7\u00e3o Atual:<\/b><\/td><td>Enfermeira \u2013 \u00c1rea Epidemiologia e Vigil\u00e2ncia em Sa\u00fade<\/td><\/tr>\n<\/table>\n<\/div><\/div>\n<\/div>\n\n<div class=\"kc-elm kc-css-840208 divider_line\">\n\t<div class=\"divider_inner divider_line1\">\n\t\t\t<\/div>\n<\/div>\n\n<div class=\"kc-elm kc-css-448773 kc-title-wrap \">\n\n\t<h1 class=\"kc_title\">TURMA 2022 SMS<\/h1>\n<\/div>\n<div class=\"kc-elm kc-css-500889\" style=\"height: 40px; clear: both; width:100%;\"><\/div>\n<div class=\"kc-elm kc-css-961046 kc-team kc-team-2\">\n\n\t<figure class=\"content-image\"><img src=\"https:\/\/www.posgraduacao.unimontes.br\/uploads\/sites\/18\/2025\/09\/Captura-de-tela-2025-08-29-095729.png\" alt=\"\"><\/figure><div class=\"box-right\"><div class=\"content-title\">Val\u00e9ria Gon\u00e7alves de Ara\u00fajo<\/div><div class=\"content-subtitle\">Mestre em Cuidados Prim\u00e1rios em Sa\u00fade <\/div><div class=\"content-desc\"><table>\n<tr><td><b>T\u00edtulo da Disserta\u00e7\u00e3o:<\/b><\/td><td>Avalia\u00e7\u00e3o da situa\u00e7\u00e3o de sa\u00fade na implanta\u00e7\u00e3o da Vigil\u00e2ncia Alimentar e Nutricional na Aten\u00e7\u00e3o Prim\u00e1ria \u00e0 Sa\u00fade em Montes Claros, Minas Gerais<\/td><\/tr>\n<tr><td><b>Orientador(a):<\/b><\/td><td>Profa. Dra. Lucin\u00e9ia de Pinho<\/td><\/tr>\n<tr><td><b>Coorientador(a):<\/b><\/td><td>Profa. Dra. Santuzza Arreguy Silva Vitorino e Profa. Dra. Orlene Dias Veloso<\/td><\/tr>\n<tr><td><b>Data da defesa:<\/b><\/td><td>15\/10\/2024<\/td><\/tr>\n<tr><td><b>Curso:<\/b><\/td><td>Programa de P\u00f3s-Gradua\u00e7\u00e3o em Cuidado Prim\u00e1rio em Sa\u00fade \u2013 Universidade Estadual de Montes Claros<\/td><\/tr>\n<tr><td><b>\u00c1rea de Concentra\u00e7\u00e3o:<\/b><\/td><td>Sa\u00fade Coletiva<\/td><\/tr>\n<tr><td><b>Linha de Pesquisa:<\/b><\/td><td>Epidemiologia e Vigil\u00e2ncia em Sa\u00fade<\/td><\/tr>\n<\/table>\n<\/div><\/div>\n<\/div>\n\n<div class=\"kc-elm kc-css-74122 divider_line\">\n\t<div class=\"divider_inner divider_line1\">\n\t\t\t<\/div>\n<\/div>\n<div class=\"kc-elm kc-css-423087\" style=\"height: 40px; clear: both; width:100%;\"><\/div>\n<div class=\"kc-elm kc-css-924110 kc-team kc-team-2\">\n\n\t<figure class=\"content-image\"><img src=\"https:\/\/www.posgraduacao.unimontes.br\/uploads\/sites\/18\/2025\/09\/Captura-de-tela-2025-08-29-095537.png\" alt=\"\"><\/figure><div class=\"box-right\"><div class=\"content-title\">Lorena Rodrigues Barbosa<\/div><div class=\"content-subtitle\">Mestre em Cuidados Prim\u00e1rios em Sa\u00fade <\/div><div class=\"content-desc\"><table>\n<tr><td><b>T\u00edtulo da Disserta\u00e7\u00e3o:<\/b><\/td><td>Instrumento de Avalia\u00e7\u00e3o de Enfermagem \u00e0 pessoa acometida pela Hansen\u00edase na Aten\u00e7\u00e3o Prim\u00e1ria \u00e0 Sa\u00fade: Constru\u00e7\u00e3o e Valida\u00e7\u00e3o<\/td><\/tr>\n<tr><td><b>Orientador(a):<\/b><\/td><td>Diego Dias de Ara\u00fajo<\/td><\/tr>\n<tr><td><b>Coorientador(a):<\/b><\/td><td>Nayara Figueiredo Vieira<\/td><\/tr>\n<tr><td><b>Data da defesa:<\/b><\/td><td>09\/07\/2024<\/td><\/tr>\n<tr><td><b>Curso:<\/b><\/td><td>Mestrado Profissional em Cuidado Prim\u00e1rio em Sa\u00fade \u2013 PPGCPS<\/td><\/tr>\n<tr><td><b>\u00c1rea de Concentra\u00e7\u00e3o:<\/b><\/td><td>Sa\u00fade Coletiva<\/td><\/tr>\n<tr><td><b>Linha de Pesquisa:<\/b><\/td><td>Epidemiologia e Vigil\u00e2ncia em Sa\u00fade<\/td><\/tr>\n<\/table>\n<\/div><\/div>\n<\/div>\n\n<div class=\"kc-elm kc-css-602084 divider_line\">\n\t<div class=\"divider_inner divider_line1\">\n\t\t\t<\/div>\n<\/div>\n<div class=\"kc-elm kc-css-323945\" style=\"height: 40px; clear: both; width:100%;\"><\/div>\n<div class=\"kc-elm kc-css-227094 kc-team kc-team-2\">\n\n\t<figure class=\"content-image\"><img src=\"https:\/\/www.posgraduacao.unimontes.br\/uploads\/sites\/18\/2025\/09\/Captura-de-tela-2025-08-29-095353.png\" alt=\"\"><\/figure><div class=\"box-right\"><div class=\"content-title\">DJIANY BALEEIRO RODRIGUES<\/div><div class=\"content-subtitle\">Mestre em Cuidados Prim\u00e1rios em Sa\u00fade <\/div><div class=\"content-desc\"><table>\n<tr><td><b>T\u00edtulo da Disserta\u00e7\u00e3o:<\/b><\/td><td>Avalia\u00e7\u00e3o do prazer e sofrimento no trabalho entre profissionais da Aten\u00e7\u00e3o Prim\u00e1ria \u00e0 Sa\u00fade<\/td><\/tr>\n<tr><td><b>Orientador(a):<\/b><\/td><td>Ros\u00e2ngela Ramos Veloso Silva<\/td><\/tr>\n<tr><td><b>Coorientador(a):<\/b><\/td><td>Aline Soares Figueiredo Santos e Marise Fagundes Silveira<\/td><\/tr>\n<tr><td><b>Data da defesa:<\/b><\/td><td>06\/09\/2024<\/td><\/tr>\n<tr><td><b>Curso:<\/b><\/td><td>Programa de P\u00f3s-Gradua\u00e7\u00e3o em Cuidado Prim\u00e1rio em Sa\u00fade \u2013 PPGCPS<\/td><\/tr>\n<tr><td><b>\u00c1rea de Concentra\u00e7\u00e3o:<\/b><\/td><td>Sa\u00fade Coletiva<\/td><\/tr>\n<tr><td><b>Linha de Pesquisa:<\/b><\/td><td><\/td><\/tr>\n<\/table>\n<\/div><\/div>\n<\/div>\n\n<div class=\"kc-elm kc-css-439750 divider_line\">\n\t<div class=\"divider_inner divider_line1\">\n\t\t\t<\/div>\n<\/div>\n<div class=\"kc-elm kc-css-210804\" style=\"height: 40px; clear: both; width:100%;\"><\/div>\n<div class=\"kc-elm kc-css-867907 kc-team kc-team-2\">\n\n\t<figure class=\"content-image\"><img src=\"https:\/\/www.posgraduacao.unimontes.br\/uploads\/sites\/18\/2025\/09\/Captura-de-tela-2025-08-29-095219.png\" alt=\"\"><\/figure><div class=\"box-right\"><div class=\"content-title\">CYNTHIA SANTOS MEIRELES<\/div><div class=\"content-subtitle\">Mestre em Cuidados Prim\u00e1rios em Sa\u00fade <\/div><div class=\"content-desc\"><table>\n<tr><td><b>T\u00edtulo da Disserta\u00e7\u00e3o:<\/b><\/td><td>Preval\u00eancia de suporte familiar e n\u00edveis de ansiedade, depress\u00e3o e estresse em pais ou respons\u00e1veis de indiv\u00edduos com transtorno do espectro autista<\/td><\/tr>\n<tr><td><b>Orientador(a):<\/b><\/td><td>Daniella Reis Barbosa Martelli<\/td><\/tr>\n<tr><td><b>Coorientador(a):<\/b><\/td><td>Ver\u00f4nica Oliveira Dias<\/td><\/tr>\n<tr><td><b>Data da defesa:<\/b><\/td><td>19\/03\/2025<\/td><\/tr>\n<tr><td><b>Curso:<\/b><\/td><td>Programa de P\u00f3s-Gradua\u00e7\u00e3o em Cuidado Prim\u00e1rio em Sa\u00fade \u2013 PPGCPS<\/td><\/tr>\n<tr><td><b>\u00c1rea de Concentra\u00e7\u00e3o:<\/b><\/td><td>Sa\u00fade Coletiva<\/td><\/tr>\n<tr><td><b>Linha de Pesquisa:<\/b><\/td><td>Epidemiologia e Vigil\u00e2ncia em Sa\u00fade<\/td><\/tr>\n<\/table>\n<\/div><\/div>\n<\/div>\n\n<div class=\"kc-elm kc-css-983684 divider_line\">\n\t<div class=\"divider_inner divider_line1\">\n\t\t\t<\/div>\n<\/div>\n\n<div class=\"kc-elm kc-css-571563 kc-title-wrap \">\n\n\t<h1 class=\"kc_title\">TURMA 2022<\/h1>\n<\/div>\n<div class=\"kc-elm kc-css-542609\" style=\"height: 40px; clear: both; width:100%;\"><\/div>\n<div class=\"kc-elm kc-css-724688 kc-team kc-team-2\">\n\n\t<figure class=\"content-image\"><img src=\"https:\/\/www.posgraduacao.unimontes.br\/uploads\/sites\/18\/2025\/09\/Captura-de-tela-2025-08-29-094431-132x150.png\" alt=\"\"><\/figure><div class=\"box-right\"><div class=\"content-title\">Sarah Martins Souza<\/div><div class=\"content-subtitle\">Mestre em Cuidados Prim\u00e1rios em Sa\u00fade <\/div><div class=\"content-desc\"><table>\n<tr><td><b>T\u00edtulo da Disserta\u00e7\u00e3o:<\/b><\/td><td>Adic\u00e7\u00e3o em redes sociais em estudantes dos cursos t\u00e9cnicos integrados ao ensino m\u00e9dio no norte de Minas Gerais<\/td><\/tr>\n<tr><td><b>Orientador(a):<\/b><\/td><td>Prof.\u00aa Dr.\u00aa Maria Fernanda Santos Figueiredo Brito<\/td><\/tr>\n<tr><td><b>Coorientador(a):<\/b><\/td><td>Profa. Dra. Lucin\u00e9ia de Pinho<\/td><\/tr>\n<tr><td><b>Data da defesa:<\/b><\/td><td><\/td><\/tr>\n<tr><td><b>Curso:<\/b><\/td><td>Mestrado Profissional em Cuidado Prim\u00e1rio em Sa\u00fade \u2013 PPGCPS<\/td><\/tr>\n<tr><td><b>\u00c1rea de Concentra\u00e7\u00e3o:<\/b><\/td><td>Sa\u00fade Coletiva<\/td><\/tr>\n<tr><td><b>Linha de Pesquisa:<\/b><\/td><td>Epidemiologia e Vigil\u00e2ncia em Sa\u00fade<\/td><\/tr>\n<\/table>\n<\/div><\/div>\n<\/div>\n\n<div class=\"kc-elm kc-css-74622 divider_line\">\n\t<div class=\"divider_inner divider_line1\">\n\t\t\t<\/div>\n<\/div>\n<div class=\"kc-elm kc-css-243483\" style=\"height: 40px; clear: both; width:100%;\"><\/div>\n<div class=\"kc-elm kc-css-856815 kc-team kc-team-2\">\n\n\t<figure class=\"content-image\"><img src=\"https:\/\/www.posgraduacao.unimontes.br\/uploads\/sites\/18\/2025\/09\/Captura-de-tela-2025-09-01-080618-150x150.png\" alt=\"\"><\/figure><div class=\"box-right\"><div class=\"content-title\">Sara Antunes Rocha<\/div><div class=\"content-subtitle\">Mestre em Cuidados Prim\u00e1rios em Sa\u00fade <\/div><div class=\"content-desc\"><table>\n<tr><td><b>T\u00edtulo da Disserta\u00e7\u00e3o:<\/b><\/td><td>Viol\u00eancia contra a pessoa idosa no Brasil<\/td><\/tr>\n<tr><td><b>Orientador(a):<\/b><\/td><td>Simone de Melo Costa<\/td><\/tr>\n<tr><td><b>Coorientador(a):<\/b><\/td><td>Luciana Colares Maia<\/td><\/tr>\n<tr><td><b>Data da defesa:<\/b><\/td><td>05\/04\/2024<\/td><\/tr>\n<tr><td><b>Curso:<\/b><\/td><td>Mestrado Profissional em Cuidado Prim\u00e1rio em Sa\u00fade \u2013 Unimontes<\/td><\/tr>\n<tr><td><b>\u00c1rea de Concentra\u00e7\u00e3o:<\/b><\/td><td>Sa\u00fade Coletiva<\/td><\/tr>\n<tr><td><b>Linha de Pesquisa:<\/b><\/td><td>Epidemiologia e Vigil\u00e2ncia em Sa\u00fade<\/td><\/tr>\n<tr><td><b>\u00c1rea de Atua\u00e7\u00e3o Atual:<\/b><\/td><td>Sa\u00fade coletiva \/ Aten\u00e7\u00e3o \u00e0 Sa\u00fade \u2013 Tutora e Preceptora do Programa de P\u00f3s-gradua\u00e7\u00e3o em Cuidado Prim\u00e1rio em Sa\u00fade \/ Unimontes<\/td><\/tr>\n<tr><td><b>Atualmente cursando doutorado:<\/b><\/td><td>Doutorado em Cuidado Prim\u00e1rio em Sa\u00fade (PPGCPS\/Unimontes)<\/td><\/tr>\n<\/table>\n<\/div><\/div>\n<\/div>\n\n<div class=\"kc-elm kc-css-86524 divider_line\">\n\t<div class=\"divider_inner divider_line1\">\n\t\t\t<\/div>\n<\/div>\n<div class=\"kc-elm kc-css-714101\" style=\"height: 40px; clear: both; width:100%;\"><\/div>\n<div class=\"kc-elm kc-css-843498 kc-team kc-team-2\">\n\n\t<figure class=\"content-image\"><img src=\"https:\/\/www.posgraduacao.unimontes.br\/uploads\/sites\/18\/2025\/09\/Captura-de-tela-2025-09-01-080426-150x150.png\" alt=\"\"><\/figure><div class=\"box-right\"><div class=\"content-title\">Patricia Oliveira Silva<\/div><div class=\"content-subtitle\">Mestre em Cuidados Prim\u00e1rios em Sa\u00fade <\/div><div class=\"content-desc\"><table>\n<tr><td><b>T\u00edtulo da Disserta\u00e7\u00e3o:<\/b><\/td><td>Avalia\u00e7\u00e3o da qualidade da transi\u00e7\u00e3o do cuidado e fatores associados de indiv\u00edduos com doen\u00e7as cr\u00f4nicas: do servi\u00e7o hospitalar para o domic\u00edlio<\/td><\/tr>\n<tr><td><b>Orientador(a):<\/b><\/td><td>Fernanda Marques Costa<\/td><\/tr>\n<tr><td><b>Coorientador(a):<\/b><\/td><td>Jair Almeida Carneiro<\/td><\/tr>\n<tr><td><b>Data da defesa:<\/b><\/td><td>20\/06\/2024<\/td><\/tr>\n<tr><td><b>Curso:<\/b><\/td><td>Programa de P\u00f3s-Gradua\u00e7\u00e3o em Cuidado Prim\u00e1rio em Sa\u00fade \u2013 PPGCPS<\/td><\/tr>\n<tr><td><b>\u00c1rea de Concentra\u00e7\u00e3o:<\/b><\/td><td>Sa\u00fade Coletiva<\/td><\/tr>\n<tr><td><b>Linha de Pesquisa:<\/b><\/td><td>Cuidado Prim\u00e1rio em Sa\u00fade<\/td><\/tr>\n<tr><td><b>\u00c1rea de Atua\u00e7\u00e3o Atual:<\/b><\/td><td>Enfermeira da Aten\u00e7\u00e3o Prim\u00e1ria \u00e0 Sa\u00fade em uma Estrat\u00e9gia Sa\u00fade da Fam\u00edlia<\/td><\/tr>\n<\/table>\n<\/div><\/div>\n<\/div>\n\n<div class=\"kc-elm kc-css-174522 divider_line\">\n\t<div class=\"divider_inner divider_line1\">\n\t\t\t<\/div>\n<\/div>\n<div class=\"kc-elm kc-css-602494\" style=\"height: 40px; clear: both; width:100%;\"><\/div>\n<div class=\"kc-elm kc-css-256767 kc-team kc-team-2\">\n\n\t<figure class=\"content-image\"><img src=\"https:\/\/www.posgraduacao.unimontes.br\/uploads\/sites\/18\/2025\/09\/M\u00f4nica-300x300-1-150x150.png\" alt=\"\"><\/figure><div class=\"box-right\"><div class=\"content-title\">M\u00f4nica Tha\u00eds Soares Macedo<\/div><div class=\"content-subtitle\">Mestre em Cuidados Prim\u00e1rios em Sa\u00fade <\/div><div class=\"content-desc\"><table>\n<tr><td><b>T\u00edtulo da Disserta\u00e7\u00e3o:<\/b><\/td><td>Comportamento Sedent\u00e1rio: preval\u00eancia e fatores associados em Agentes Comunit\u00e1rios de Sa\u00fade<\/td><\/tr>\n<tr><td><b>Orientador(a):<\/b><\/td><td>Prof.\u00aa Dr.\u00aa Josiane Santos Brant Rocha<\/td><\/tr>\n<tr><td><b>Coorientador(a):<\/b><\/td><td><\/td><\/tr>\n<tr><td><b>Data da defesa:<\/b><\/td><td>22\/06\/2023<\/td><\/tr>\n<tr><td><b>Curso:<\/b><\/td><td>Mestrado Profissional em Cuidado Prim\u00e1rio em Sa\u00fade \u2013 PPGCPS<\/td><\/tr>\n<tr><td><b>\u00c1rea de Concentra\u00e7\u00e3o:<\/b><\/td><td>Sa\u00fade Coletiva<\/td><\/tr>\n<tr><td><b>Linha de Pesquisa:<\/b><\/td><td>Epidemiologia e Vigil\u00e2ncia em Sa\u00fade<\/td><\/tr>\n<\/table>\n<\/div><\/div>\n<\/div>\n\n<div class=\"kc-elm kc-css-61022 divider_line\">\n\t<div class=\"divider_inner divider_line1\">\n\t\t\t<\/div>\n<\/div>\n<div class=\"kc-elm kc-css-324913\" style=\"height: 40px; clear: both; width:100%;\"><\/div>\n<div class=\"kc-elm kc-css-304296 kc-team kc-team-2\">\n\n\t<figure class=\"content-image\"><img src=\"https:\/\/www.posgraduacao.unimontes.br\/uploads\/sites\/18\/2025\/09\/FOTO-MERIELE-150x150.jpg\" alt=\"\"><\/figure><div class=\"box-right\"><div class=\"content-title\">Meriele Santos Souza<\/div><div class=\"content-subtitle\">Mestre em Cuidados Prim\u00e1rios em Sa\u00fade <\/div><div class=\"content-desc\"><table>\n<tr><td><b>T\u00edtulo da Disserta\u00e7\u00e3o:<\/b><\/td><td>Fatores associados ao comprometimento da qualidade de vida dos cuidadores familiares de pessoas idosas com dem\u00eancia<\/td><\/tr>\n<tr><td><b>Orientador(a):<\/b><\/td><td>Prof. Dr. Ant\u00f4nio Prates Caldeira<\/td><\/tr>\n<tr><td><b>Coorientador(a):<\/b><\/td><td><\/td><\/tr>\n<tr><td><b>Data da defesa:<\/b><\/td><td>22\/10\/2024<\/td><\/tr>\n<tr><td><b>Curso:<\/b><\/td><td>Mestrado Profissional em Cuidado Prim\u00e1rio em Sa\u00fade \u2013 Unimontes<\/td><\/tr>\n<tr><td><b>\u00c1rea de Concentra\u00e7\u00e3o:<\/b><\/td><td>Sa\u00fade Coletiva<\/td><\/tr>\n<tr><td><b>Linha de Pesquisa:<\/b><\/td><td><\/td><\/tr>\n<tr><td><b>\u00c1rea de Atua\u00e7\u00e3o Atual:<\/b><\/td><td>Enfermeira apoiadora na Secretaria Municipal de Sa\u00fade de Montes Claros\/ MG<\/td><\/tr>\n<\/table>\n<\/div><\/div>\n<\/div>\n\n<div class=\"kc-elm kc-css-440307 divider_line\">\n\t<div class=\"divider_inner divider_line1\">\n\t\t\t<\/div>\n<\/div>\n<div class=\"kc-elm kc-css-177383\" style=\"height: 40px; clear: both; width:100%;\"><\/div>\n<div class=\"kc-elm kc-css-36960 kc-team kc-team-2\">\n\n\t<figure class=\"content-image\"><img src=\"https:\/\/www.posgraduacao.unimontes.br\/uploads\/sites\/18\/2025\/09\/Captura-de-tela-2025-08-29-093220.png\" alt=\"\"><\/figure><div class=\"box-right\"><div class=\"content-title\">Maria Elizangela Ferreira Santos<\/div><div class=\"content-subtitle\">Mestre em Cuidados Prim\u00e1rios em Sa\u00fade <\/div><div class=\"content-desc\"><table>\n<tr><td><b>T\u00edtulo da Disserta\u00e7\u00e3o:<\/b><\/td><td>S\u00edndrome de Burnout entre Estudantes do Ensino T\u00e9cnico e Superior: Preval\u00eancia e Fatores Associados<\/td><\/tr>\n<tr><td><b>Orientador(a):<\/b><\/td><td>Lucin\u00e9ia de Pinho<\/td><\/tr>\n<tr><td><b>Coorientador(a):<\/b><\/td><td>Maria Fernanda Santos Figueiredo Brito e Marise Fagundes Silveira<\/td><\/tr>\n<tr><td><b>Data da defesa:<\/b><\/td><td>24\/06\/2024<\/td><\/tr>\n<tr><td><b>Curso:<\/b><\/td><td>Mestrado Profissional em Cuidado Prim\u00e1rio em Sa\u00fade \u2013 Unimontes<\/td><\/tr>\n<tr><td><b>\u00c1rea de Concentra\u00e7\u00e3o:<\/b><\/td><td>Sa\u00fade Coletiva<\/td><\/tr>\n<tr><td><b>Linha de Pesquisa:<\/b><\/td><td>Epidemiologia<\/td><\/tr>\n<\/table>\n<\/div><\/div>\n<\/div>\n\n<div class=\"kc-elm kc-css-472937 divider_line\">\n\t<div class=\"divider_inner divider_line1\">\n\t\t\t<\/div>\n<\/div>\n<div class=\"kc-elm kc-css-694211\" style=\"height: 40px; clear: both; width:100%;\"><\/div>\n<div class=\"kc-elm kc-css-536171 kc-team kc-team-2\">\n\n\t<figure class=\"content-image\"><img src=\"https:\/\/www.posgraduacao.unimontes.br\/uploads\/sites\/18\/2025\/09\/Captura-de-tela-2025-08-29-093042.png\" alt=\"\"><\/figure><div class=\"box-right\"><div class=\"content-title\">Maria de F\u00e1tima Fernandes Santos Silva<\/div><div class=\"content-subtitle\">Mestre em Cuidados Prim\u00e1rios em Sa\u00fade <\/div><div class=\"content-desc\"><table>\n<tr><td><b>T\u00edtulo da Disserta\u00e7\u00e3o:<\/b><\/td><td>Adic\u00e7\u00e3o em redes sociais em estudantes universit\u00e1rios no norte de Minas Gerais - Brasil<\/td><\/tr>\n<tr><td><b>Orientador(a):<\/b><\/td><td>Maria Fernanda Santos Figueiredo Brito<\/td><\/tr>\n<tr><td><b>Coorientador(a):<\/b><\/td><td>Lucin\u00e9ia de Pinho<\/td><\/tr>\n<tr><td><b>Data da defesa:<\/b><\/td><td>05\/06\/2024<\/td><\/tr>\n<tr><td><b>Curso:<\/b><\/td><td>Programa de P\u00f3s-Gradua\u00e7\u00e3o em Cuidado Prim\u00e1rio em Sa\u00fade \u2013 PPGCPS<\/td><\/tr>\n<tr><td><b>\u00c1rea de Concentra\u00e7\u00e3o:<\/b><\/td><td>Sa\u00fade Coletiva<\/td><\/tr>\n<tr><td><b>Linha de Pesquisa:<\/b><\/td><td>Epidemiologia<\/td><\/tr>\n<\/table>\n<\/div><\/div>\n<\/div>\n\n<div class=\"kc-elm kc-css-187024 divider_line\">\n\t<div class=\"divider_inner divider_line1\">\n\t\t\t<\/div>\n<\/div>\n<div class=\"kc-elm kc-css-221455\" style=\"height: 40px; clear: both; width:100%;\"><\/div>\n<div class=\"kc-elm kc-css-420208 kc-team kc-team-2\">\n\n\t<figure class=\"content-image\"><img src=\"https:\/\/www.posgraduacao.unimontes.br\/uploads\/sites\/18\/2025\/09\/Captura-de-tela-2025-08-29-092915.png\" alt=\"\"><\/figure><div class=\"box-right\"><div class=\"content-title\">Keyla Marinho de Paiva<\/div><div class=\"content-subtitle\">Mestre em Cuidados Prim\u00e1rios em Sa\u00fade <\/div><div class=\"content-desc\"><table>\n<tr><td><b>T\u00edtulo da Disserta\u00e7\u00e3o:<\/b><\/td><td>Avalia\u00e7\u00e3o da percep\u00e7\u00e3o dos cirurgi\u00f5es-dentistas usu\u00e1rios de um servi\u00e7o de telediagn\u00f3stico em estomatologia durante a pandemia da COVID-19<\/td><\/tr>\n<tr><td><b>Orientador(a):<\/b><\/td><td>Herc\u00edlio Martelli J\u00fanior<\/td><\/tr>\n<tr><td><b>Coorientador(a):<\/b><\/td><td>Daniella Reis Barbosa Martelli<\/td><\/tr>\n<tr><td><b>Data da defesa:<\/b><\/td><td>11\/12\/2023<\/td><\/tr>\n<tr><td><b>Curso:<\/b><\/td><td>Mestrado Profissional em Cuidado Prim\u00e1rio em Sa\u00fade \u2013 Unimontes<\/td><\/tr>\n<tr><td><b>\u00c1rea de Concentra\u00e7\u00e3o:<\/b><\/td><td>Sa\u00fade Coletiva<\/td><\/tr>\n<tr><td><b>Linha de Pesquisa:<\/b><\/td><td>Epidemiologia e Vigil\u00e2ncia em Sa\u00fade<\/td><\/tr>\n<\/table>\n<\/div><\/div>\n<\/div>\n\n<div class=\"kc-elm kc-css-300221 divider_line\">\n\t<div class=\"divider_inner divider_line1\">\n\t\t\t<\/div>\n<\/div>\n<div class=\"kc-elm kc-css-185165\" style=\"height: 40px; clear: both; width:100%;\"><\/div>\n<div class=\"kc-elm kc-css-79590 kc-team kc-team-2\">\n\n\t<figure class=\"content-image\"><img src=\"https:\/\/www.posgraduacao.unimontes.br\/uploads\/sites\/18\/2025\/09\/Captura-de-tela-2025-08-29-092744.png\" alt=\"\"><\/figure><div class=\"box-right\"><div class=\"content-title\">Joyce Micaelle Alves Caldeira<\/div><div class=\"content-subtitle\">Mestre em Cuidados Prim\u00e1rios em Sa\u00fade <\/div><div class=\"content-desc\"><table>\n<tr><td><b>T\u00edtulo da Disserta\u00e7\u00e3o:<\/b><\/td><td>Elabora\u00e7\u00e3o e valida\u00e7\u00e3o de hist\u00f3rico de enfermagem \u00e0 pessoa com p\u00e9 diab\u00e9tico na Aten\u00e7\u00e3o Prim\u00e1ria \u00e0 Sa\u00fade<\/td><\/tr>\n<tr><td><b>Orientador(a):<\/b><\/td><td>Diego Dias Ara\u00fajo<\/td><\/tr>\n<tr><td><b>Coorientador(a):<\/b><\/td><td><\/td><\/tr>\n<tr><td><b>Data da defesa:<\/b><\/td><td>07\/12\/2023<\/td><\/tr>\n<tr><td><b>Curso:<\/b><\/td><td>Mestrado Profissional em Cuidado Prim\u00e1rio em Sa\u00fade \u2013 Unimontes<\/td><\/tr>\n<tr><td><b>\u00c1rea de Concentra\u00e7\u00e3o:<\/b><\/td><td>Sa\u00fade Coletiva<\/td><\/tr>\n<tr><td><b>Linha de Pesquisa:<\/b><\/td><td>Epidemiologia e Vigil\u00e2ncia em Sa\u00fade<\/td><\/tr>\n<\/table>\n<\/div><\/div>\n<\/div>\n\n<div class=\"kc-elm kc-css-11324 divider_line\">\n\t<div class=\"divider_inner divider_line1\">\n\t\t\t<\/div>\n<\/div>\n<div class=\"kc-elm kc-css-534472\" style=\"height: 40px; clear: both; width:100%;\"><\/div>\n<div class=\"kc-elm kc-css-893147 kc-team kc-team-2\">\n\n\t<figure class=\"content-image\"><img src=\"https:\/\/www.posgraduacao.unimontes.br\/uploads\/sites\/18\/2025\/09\/Captura-de-tela-2025-08-29-092419.png\" alt=\"\"><\/figure><div class=\"box-right\"><div class=\"content-title\">Isabella Cardoso Boa Santos<\/div><div class=\"content-subtitle\">Mestre em Cuidados Prim\u00e1rios em Sa\u00fade <\/div><div class=\"content-desc\"><table>\n<tr><td><b>T\u00edtulo da Disserta\u00e7\u00e3o:<\/b><\/td><td>Percep\u00e7\u00e3o de usu\u00e1rias da Estrat\u00e9gia Sa\u00fade da Fam\u00edlia quanto a realiza\u00e7\u00e3o do colpocitol\u00f3gico em tempos de pandemia de COVID-19<\/td><\/tr>\n<tr><td><b>Orientador(a):<\/b><\/td><td>Prof.\u00aa Dra. Orlene Veloso Dias<\/td><\/tr>\n<tr><td><b>Coorientador(a):<\/b><\/td><td>Prof. Dr. Cristiano Leonardo de Oliveira Dias<\/td><\/tr>\n<tr><td><b>Data da defesa:<\/b><\/td><td>28\/03\/2025<\/td><\/tr>\n<tr><td><b>Curso:<\/b><\/td><td>Programa de P\u00f3s-Gradua\u00e7\u00e3o em Cuidado Prim\u00e1rio em Sa\u00fade \u2013 PPGCPS<\/td><\/tr>\n<tr><td><b>\u00c1rea de Concentra\u00e7\u00e3o:<\/b><\/td><td>Sa\u00fade Coletiva<\/td><\/tr>\n<tr><td><b>Linha de Pesquisa:<\/b><\/td><td>Epidemiologia e Vigil\u00e2ncia em Sa\u00fade<\/td><\/tr>\n<\/table>\n<\/div><\/div>\n<\/div>\n\n<div class=\"kc-elm kc-css-279008 divider_line\">\n\t<div class=\"divider_inner divider_line1\">\n\t\t\t<\/div>\n<\/div>\n<div class=\"kc-elm kc-css-488993\" style=\"height: 40px; clear: both; width:100%;\"><\/div>\n<div class=\"kc-elm kc-css-340634 kc-team kc-team-2\">\n\n\t<figure class=\"content-image\"><img src=\"https:\/\/www.posgraduacao.unimontes.br\/uploads\/sites\/18\/2025\/09\/Captura-de-tela-2025-08-29-092221.png\" alt=\"\"><\/figure><div class=\"box-right\"><div class=\"content-title\">Isabel Cristina Alves Pereira<\/div><div class=\"content-subtitle\">Mestre em Cuidados Prim\u00e1rios em Sa\u00fade <\/div><div class=\"content-desc\"><table>\n<tr><td><b>T\u00edtulo da Disserta\u00e7\u00e3o:<\/b><\/td><td>Autopercep\u00e7\u00e3o negativa da sa\u00fade entre os Agentes Comunit\u00e1rios de Sa\u00fade de um munic\u00edpio Norte Mineiro-Brasil<\/td><\/tr>\n<tr><td><b>Orientador(a):<\/b><\/td><td>Lucineia de Pinho<\/td><\/tr>\n<tr><td><b>Coorientador(a):<\/b><\/td><td>Tatiana de Almeida Magalh\u00e3es<\/td><\/tr>\n<tr><td><b>Data da defesa:<\/b><\/td><td>29\/10\/2024<\/td><\/tr>\n<tr><td><b>Curso:<\/b><\/td><td>Programa de P\u00f3s-Gradua\u00e7\u00e3o em Cuidado Prim\u00e1rio em Sa\u00fade \u2013 PPGCPS<\/td><\/tr>\n<tr><td><b>\u00c1rea de Concentra\u00e7\u00e3o:<\/b><\/td><td>Sa\u00fade Coletiva<\/td><\/tr>\n<tr><td><b>Linha de Pesquisa:<\/b><\/td><td>Epidemiologia e Vigil\u00e2ncia em Sa\u00fade<\/td><\/tr>\n<\/table>\n<\/div><\/div>\n<\/div>\n\n<div class=\"kc-elm kc-css-966638 divider_line\">\n\t<div class=\"divider_inner divider_line1\">\n\t\t\t<\/div>\n<\/div>\n<div class=\"kc-elm kc-css-45266\" style=\"height: 40px; clear: both; width:100%;\"><\/div>\n<div class=\"kc-elm kc-css-195676 kc-team kc-team-2\">\n\n\t<figure class=\"content-image\"><img src=\"https:\/\/www.posgraduacao.unimontes.br\/uploads\/sites\/18\/2025\/09\/Captura-de-tela-2025-08-29-091713.png\" alt=\"\"><\/figure><div class=\"box-right\"><div class=\"content-title\">Gustavo Silva Costa<\/div><div class=\"content-subtitle\">Mestre em Cuidados Prim\u00e1rios em Sa\u00fade <\/div><div class=\"content-desc\"><table>\n<tr><td><b>T\u00edtulo da Disserta\u00e7\u00e3o:<\/b><\/td><td>Viol\u00eancia contra adolescentes no Brasil<\/td><\/tr>\n<tr><td><b>Orientador(a):<\/b><\/td><td>Simone de Melo Costa<\/td><\/tr>\n<tr><td><b>Coorientador(a):<\/b><\/td><td>Orlene Veloso Dias<\/td><\/tr>\n<tr><td><b>Data da defesa:<\/b><\/td><td>23\/04\/2024<\/td><\/tr>\n<tr><td><b>Curso:<\/b><\/td><td>Mestrado Profissional em Cuidado Prim\u00e1rio em Sa\u00fade \u2013 Unimontes<\/td><\/tr>\n<tr><td><b>\u00c1rea de Concentra\u00e7\u00e3o:<\/b><\/td><td>Sa\u00fade Coletiva<\/td><\/tr>\n<tr><td><b>Linha de Pesquisa:<\/b><\/td><td>Epidemiologia e Vigil\u00e2ncia em Sa\u00fade<\/td><\/tr>\n<tr><td><b>\u00c1rea de Atua\u00e7\u00e3o Atual:<\/b><\/td><td>Atualmente cursando doutorado no PPGCPS Unimontes<\/td><\/tr>\n<\/table>\n<\/div><\/div>\n<\/div>\n\n<div class=\"kc-elm kc-css-974100 divider_line\">\n\t<div class=\"divider_inner divider_line1\">\n\t\t\t<\/div>\n<\/div>\n<div class=\"kc-elm kc-css-640260\" style=\"height: 40px; clear: both; width:100%;\"><\/div>\n<div class=\"kc-elm kc-css-906283 kc-team kc-team-2\">\n\n\t<figure class=\"content-image\"><img src=\"https:\/\/www.posgraduacao.unimontes.br\/uploads\/sites\/18\/2025\/09\/Captura-de-tela-2025-08-29-091117.png\" alt=\"\"><\/figure><div class=\"box-right\"><div class=\"content-title\">Daniel de Sousa Medeiros<\/div><div class=\"content-subtitle\">Mestre em Cuidados Prim\u00e1rios em Sa\u00fade <\/div><div class=\"content-desc\"><table>\n<tr><td><b>T\u00edtulo da Disserta\u00e7\u00e3o:<\/b><\/td><td>Modelo transte\u00f3rico para pr\u00e1tica de atividade f\u00edsica entre adolescentes: evid\u00eancias cient\u00edficas, desenvolvimento e valida\u00e7\u00e3o de jogo educativo<\/td><\/tr>\n<tr><td><b>Orientador(a):<\/b><\/td><td>Dra. Ros\u00e2ngela Ramos Veloso Silva<\/td><\/tr>\n<tr><td><b>Coorientador(a):<\/b><\/td><td>Dra. Luiza Augusta Rosa Rossi Barbosa<\/td><\/tr>\n<tr><td><b>Data da defesa:<\/b><\/td><td>10\/05\/2024<\/td><\/tr>\n<tr><td><b>Curso:<\/b><\/td><td>Programa de P\u00f3s-gradua\u00e7\u00e3o em Cuidado Prim\u00e1rio em Sa\u00fade \u2013 Unimontes<\/td><\/tr>\n<tr><td><b>\u00c1rea de Concentra\u00e7\u00e3o:<\/b><\/td><td>Sa\u00fade Coletiva<\/td><\/tr>\n<tr><td><b>Linha de Pesquisa:<\/b><\/td><td>Educa\u00e7\u00e3o em Sa\u00fade e Avalia\u00e7\u00e3o de Programas e Servi\u00e7os<\/td><\/tr>\n<tr><td><b>\u00c1rea de Atua\u00e7\u00e3o Atual:<\/b><\/td><td>Atualmente cursando doutorado no PPGCPS Unimontes<\/td><\/tr>\n<\/table>\n<\/div><\/div>\n<\/div>\n\n<div class=\"kc-elm kc-css-440204 divider_line\">\n\t<div class=\"divider_inner divider_line1\">\n\t\t\t<\/div>\n<\/div>\n<div class=\"kc-elm kc-css-330261\" style=\"height: 40px; clear: both; width:100%;\"><\/div>\n<div class=\"kc-elm kc-css-339635 kc-team kc-team-2\">\n\n\t<figure class=\"content-image\"><img src=\"https:\/\/www.posgraduacao.unimontes.br\/uploads\/sites\/18\/2025\/09\/Captura-de-tela-2025-08-29-090732.png\" alt=\"\"><\/figure><div class=\"box-right\"><div class=\"content-title\">Cristiane Vieira da Silva<\/div><div class=\"content-subtitle\">Mestre em Cuidados Prim\u00e1rios em Sa\u00fade <\/div><div class=\"content-desc\"><table>\n<tr><td><b>T\u00edtulo da Disserta\u00e7\u00e3o:<\/b><\/td><td>Aten\u00e7\u00e3o domiciliar no \u00e2mbito da sa\u00fade p\u00fablica no Brasil<\/td><\/tr>\n<tr><td><b>Orientador(a):<\/b><\/td><td>Simone de Melo Costa<\/td><\/tr>\n<tr><td><b>Coorientador(a):<\/b><\/td><td>Luciana Colares Maia<\/td><\/tr>\n<tr><td><b>Data da defesa:<\/b><\/td><td>28\/05\/2025<\/td><\/tr>\n<tr><td><b>Curso:<\/b><\/td><td>Mestrado Profissional em Cuidado Prim\u00e1rio em Sa\u00fade \u2013 Unimontes<\/td><\/tr>\n<tr><td><b>\u00c1rea de Concentra\u00e7\u00e3o:<\/b><\/td><td>Sa\u00fade Coletiva<\/td><\/tr>\n<tr><td><b>Linha de Pesquisa:<\/b><\/td><td>Epidemiologia e Vigil\u00e2ncia em Sa\u00fade<\/td><\/tr>\n<\/table>\n<\/div><\/div>\n<\/div>\n\n<div class=\"kc-elm kc-css-107231 divider_line\">\n\t<div class=\"divider_inner divider_line1\">\n\t\t\t<\/div>\n<\/div>\n<div class=\"kc-elm kc-css-494906\" style=\"height: 40px; clear: both; width:100%;\"><\/div>\n<div class=\"kc-elm kc-css-530569 kc-team kc-team-2\">\n\n\t<figure class=\"content-image\"><img src=\"https:\/\/www.posgraduacao.unimontes.br\/uploads\/sites\/18\/2025\/09\/Captura-de-tela-2025-08-29-090210-97x150.png\" alt=\"\"><\/figure><div class=\"box-right\"><div class=\"content-title\">Clara Braga Pires<\/div><div class=\"content-subtitle\">Mestre em Cuidados Prim\u00e1rios em Sa\u00fade <\/div><div class=\"content-desc\"><table>\n<tr><td><b>T\u00edtulo da Disserta\u00e7\u00e3o:<\/b><\/td><td>Viol\u00eancia contra mulheres adultas com defici\u00eancia\/transtorno no Brasil<\/td><\/tr>\n<tr><td><b>Orientador(a):<\/b><\/td><td>Simone de Melo Costa<\/td><\/tr>\n<tr><td><b>Coorientador(a):<\/b><\/td><td>Luciana Colares Maia<\/td><\/tr>\n<tr><td><b>Data da defesa:<\/b><\/td><td>27\/06\/2024<\/td><\/tr>\n<tr><td><b>Curso:<\/b><\/td><td>Mestrado Profissional em Cuidado Prim\u00e1rio em Sa\u00fade \u2013 Unimontes<\/td><\/tr>\n<tr><td><b>\u00c1rea de Concentra\u00e7\u00e3o:<\/b><\/td><td>Sa\u00fade Coletiva<\/td><\/tr>\n<tr><td><b>Linha de Pesquisa:<\/b><\/td><td>Epidemiologia e Vigil\u00e2ncia em Sa\u00fade<\/td><\/tr>\n<tr><td><b>\u00c1rea de Atua\u00e7\u00e3o Atual:<\/b><\/td><td>Cirurgi\u00e3-Dentista da Aten\u00e7\u00e3o Prim\u00e1ria \u00e0 Sa\u00fade de Montes Claros, Docente do CEPT\/Unimontes e da ABO e preceptora de Est\u00e1gio Supervisionado da Faculdade de Ci\u00eancias Odontol\u00f3gicas<\/td><\/tr>\n<\/table>\n<\/div><\/div>\n<\/div>\n\n<div class=\"kc-elm kc-css-743528 divider_line\">\n\t<div class=\"divider_inner divider_line1\">\n\t\t\t<\/div>\n<\/div>\n<div class=\"kc-elm kc-css-55355\" style=\"height: 40px; clear: both; width:100%;\"><\/div>\n<div class=\"kc-elm kc-css-557199 kc-team kc-team-2\">\n\n\t<figure class=\"content-image\"><img src=\"https:\/\/www.posgraduacao.unimontes.br\/uploads\/sites\/18\/2025\/09\/Captura-de-tela-2025-08-29-085821.png\" alt=\"\"><\/figure><div class=\"box-right\"><div class=\"content-title\">Carla Patr\u00edcia Martins Cardoso<\/div><div class=\"content-subtitle\">Mestre em Cuidados Prim\u00e1rios em Sa\u00fade <\/div><div class=\"content-desc\"><table>\n<tr><td><b>T\u00edtulo da Disserta\u00e7\u00e3o:<\/b><\/td><td>Sa\u00fade Mental de Agentes Comunit\u00e1rios de Sa\u00fade no contexto da pandemia da COVID-19<\/td><\/tr>\n<tr><td><b>Orientador(a):<\/b><\/td><td>Profa. Dra. Luiza Augusta Rosa Rossi Barbosa<\/td><\/tr>\n<tr><td><b>Coorientador(a):<\/b><\/td><td><\/td><\/tr>\n<tr><td><b>Data da defesa:<\/b><\/td><td>17\/06\/2024<\/td><\/tr>\n<tr><td><b>Curso:<\/b><\/td><td>Mestrado Profissional em Cuidado Prim\u00e1rio em Sa\u00fade \u2013 Unimontes<\/td><\/tr>\n<tr><td><b>\u00c1rea de Concentra\u00e7\u00e3o:<\/b><\/td><td>Sa\u00fade Coletiva<\/td><\/tr>\n<tr><td><b>Linha de Pesquisa:<\/b><\/td><td>Epidemiologia e Vigil\u00e2ncia em Sa\u00fade<\/td><\/tr>\n<\/table>\n<\/div><\/div>\n<\/div>\n\n<div class=\"kc-elm kc-css-974441 divider_line\">\n\t<div class=\"divider_inner divider_line1\">\n\t\t\t<\/div>\n<\/div>\n<div class=\"kc-elm kc-css-186422\" style=\"height: 40px; clear: both; width:100%;\"><\/div>\n<div class=\"kc-elm kc-css-265516 kc-team kc-team-2\">\n\n\t<figure class=\"content-image\"><img src=\"https:\/\/www.posgraduacao.unimontes.br\/uploads\/sites\/18\/2025\/09\/Captura-de-tela-2025-08-29-085622.png\" alt=\"\"><\/figure><div class=\"box-right\"><div class=\"content-title\">Andr\u00e9ia Christiane Am\u00e2ncio Martins<\/div><div class=\"content-subtitle\">Mestre em Cuidados Prim\u00e1rios em Sa\u00fade <\/div><div class=\"content-desc\"><table>\n<tr><td><b>T\u00edtulo da Disserta\u00e7\u00e3o:<\/b><\/td><td>Compara\u00e7\u00e3o da fragilidade em idosos comunit\u00e1rios por faixa et\u00e1ria e instrumentos diferentes<\/td><\/tr>\n<tr><td><b>Orientador(a):<\/b><\/td><td>Prof. Dr. Jair Almeida Carneiro<\/td><\/tr>\n<tr><td><b>Coorientador(a):<\/b><\/td><td>Prof.\u00aa Dr.\u00aa Fernanda Marques da Costa<\/td><\/tr>\n<tr><td><b>Data da defesa:<\/b><\/td><td>07\/05\/2024<\/td><\/tr>\n<tr><td><b>Curso:<\/b><\/td><td>Mestrado Profissional em Cuidado Prim\u00e1rio em Sa\u00fade \u2013 Unimontes<\/td><\/tr>\n<tr><td><b>\u00c1rea de Concentra\u00e7\u00e3o:<\/b><\/td><td>Sa\u00fade Coletiva<\/td><\/tr>\n<tr><td><b>Linha de Pesquisa:<\/b><\/td><td>Epidemiologia e Vigil\u00e2ncia \u00e0 Sa\u00fade<\/td><\/tr>\n<tr><td><b>\u00c1rea de Atua\u00e7\u00e3o Atual:<\/b><\/td><td>Cirurgi\u00e3 dentista da Estrat\u00e9gia Sa\u00fade da Fam\u00edlia<\/td><\/tr>\n<\/table>\n<\/div><\/div>\n<\/div>\n\n<div class=\"kc-elm kc-css-152458 divider_line\">\n\t<div class=\"divider_inner divider_line1\">\n\t\t\t<\/div>\n<\/div>\n<div class=\"kc-elm kc-css-447489\" style=\"height: 40px; clear: both; width:100%;\"><\/div>\n<div class=\"kc-elm kc-css-145067 kc-team kc-team-2\">\n\n\t<figure class=\"content-image\"><img src=\"https:\/\/www.posgraduacao.unimontes.br\/uploads\/sites\/18\/2025\/09\/Captura-de-tela-2025-08-29-085042.png\" alt=\"\"><\/figure><div class=\"box-right\"><div class=\"content-title\">Amanda Nayara Silva Siqueira<\/div><div class=\"content-subtitle\">Mestre em Cuidados Prim\u00e1rios em Sa\u00fade <\/div><div class=\"content-desc\"><table>\n<tr><td><b>T\u00edtulo da Disserta\u00e7\u00e3o:<\/b><\/td><td>An\u00e1lise da assist\u00eancia odontol\u00f3gica prestada \u00e0 pessoa com defici\u00eancia na aten\u00e7\u00e3o prim\u00e1ria \u00e0 sa\u00fade, sob a perspectiva de cirurgi\u00f5es-dentistas<\/td><\/tr>\n<tr><td><b>Orientador(a):<\/b><\/td><td>Prof.\u00aa Dr.\u00aa Ros\u00e2ngela Ramos Veloso<\/td><\/tr>\n<tr><td><b>Coorientador(a):<\/b><\/td><td>Aline Soares Figueiredo Santos<\/td><\/tr>\n<tr><td><b>Data da defesa:<\/b><\/td><td>19\/03\/2024<\/td><\/tr>\n<tr><td><b>Curso:<\/b><\/td><td>Mestrado Profissional em Cuidado Prim\u00e1rio em Sa\u00fade \u2013 Unimontes<\/td><\/tr>\n<tr><td><b>\u00c1rea de Concentra\u00e7\u00e3o:<\/b><\/td><td>Sa\u00fade Coletiva<\/td><\/tr>\n<tr><td><b>Linha de Pesquisa:<\/b><\/td><td>Epidemiologia e Vigil\u00e2ncia em Sa\u00fade<\/td><\/tr>\n<\/table>\n<\/div><\/div>\n<\/div>\n\n<div class=\"kc-elm kc-css-308508 divider_line\">\n\t<div class=\"divider_inner divider_line1\">\n\t\t\t<\/div>\n<\/div>\n<div class=\"kc-elm kc-css-54599\" style=\"height: 40px; clear: both; width:100%;\"><\/div>\n<div class=\"kc-elm kc-css-452753 kc-team kc-team-2\">\n\n\t<figure class=\"content-image\"><img src=\"https:\/\/www.posgraduacao.unimontes.br\/uploads\/sites\/18\/2025\/09\/foto-134x150.png\" alt=\"\"><\/figure><div class=\"box-right\"><div class=\"content-title\">Alessandra Vieira Rocha<\/div><div class=\"content-subtitle\">Mestre em Cuidados Prim\u00e1rios em Sa\u00fade <\/div><div class=\"content-desc\"><table>\n<tr><td><b>T\u00edtulo da Disserta\u00e7\u00e3o:<\/b><\/td><td>Autopercep\u00e7\u00e3o da sa\u00fade bucal em idosos atendidos em um centro especializado em geriatria: preval\u00eancia e fatores associados<\/td><\/tr>\n<tr><td><b>Orientador(a):<\/b><\/td><td>Prof.\u00aa Dra. Josiane Santos Brant Rocha<\/td><\/tr>\n<tr><td><b>Coorientador(a):<\/b><\/td><td>Prof.\u00aa Dra. Luciana Colares Maia<\/td><\/tr>\n<tr><td><b>Data da defesa:<\/b><\/td><td>28\/06\/2024<\/td><\/tr>\n<tr><td><b>Curso:<\/b><\/td><td>Mestrado Profissional em Cuidado Prim\u00e1rio em Sa\u00fade \u2013 Unimontes<\/td><\/tr>\n<tr><td><b>\u00c1rea de Concentra\u00e7\u00e3o:<\/b><\/td><td>Aspectos cl\u00ednicos dos cuidados em sa\u00fade<\/td><\/tr>\n<tr><td><b>Linha de Pesquisa:<\/b><\/td><td>Educa\u00e7\u00e3o em sa\u00fade e avalia\u00e7\u00e3o de programas e servi\u00e7os<\/td><\/tr>\n<\/table>\n<\/div><\/div>\n<\/div>\n<\/div><\/div><\/div><\/div><\/section>\n","protected":false},"excerpt":{"rendered":"","protected":false},"author":17,"featured_media":0,"parent":0,"menu_order":0,"comment_status":"closed","ping_status":"closed","template":"","meta":[],"yoast_head":"<!-- This site is optimized with the Yoast SEO plugin v14.7 - https:\/\/yoast.com\/wordpress\/plugins\/seo\/ -->\n<title>Egressos - Programa de P\u00f3s Gradua\u00e7\u00e3o em Cuidado Prim\u00e1rio em Sa\u00fade<\/title>\n<meta name=\"robots\" content=\"index, follow\" \/>\n<meta name=\"googlebot\" content=\"index, follow, max-snippet:-1, max-image-preview:large, max-video-preview:-1\" \/>\n<meta name=\"bingbot\" content=\"index, follow, max-snippet:-1, max-image-preview:large, max-video-preview:-1\" \/>\n<link rel=\"canonical\" href=\"https:\/\/www.posgraduacao.unimontes.br\/ppgcps\/egressos\/\" \/>\n<meta property=\"og:locale\" content=\"pt_BR\" \/>\n<meta property=\"og:type\" content=\"article\" \/>\n<meta property=\"og:title\" content=\"Egressos - Programa de P\u00f3s Gradua\u00e7\u00e3o em Cuidado Prim\u00e1rio em Sa\u00fade\" \/>\n<meta property=\"og:description\" content=\"TURMA 2024 Camila Rabelo Andrade Mestre em Cuidados Prim\u00e1rios em Sa\u00fade T\u00edtulo da Disserta\u00e7\u00e3o: Dist\u00e2ncia no percurso entre a resid\u00eancia e a institui\u00e7\u00e3o de ensino e aspectos biopsicossociais associados ao transporte ativo para a escola em adolescentes Orientador(a): Profa. Dra. Ros\u00e2ngela Ramos Veloso Silva Coorientador(a): Profa. Dra. Nayra Suze Souza e Silva Data da defesa: [&hellip;]\" \/>\n<meta property=\"og:url\" content=\"https:\/\/www.posgraduacao.unimontes.br\/ppgcps\/egressos\/\" \/>\n<meta property=\"og:site_name\" content=\"Programa de P\u00f3s Gradua\u00e7\u00e3o em Cuidado Prim\u00e1rio em Sa\u00fade\" \/>\n<meta property=\"article:modified_time\" content=\"2025-09-01T13:41:32+00:00\" \/>\n<meta property=\"og:image\" content=\"http:\/\/www.posgraduacao.unimontes.br\/uploads\/sites\/18\/2025\/09\/Captura-de-tela-2025-08-29-103047.png\" \/>\n<meta name=\"twitter:card\" content=\"summary_large_image\" \/>\n<script type=\"application\/ld+json\" class=\"yoast-schema-graph\">{\"@context\":\"https:\/\/schema.org\",\"@graph\":[{\"@type\":\"WebSite\",\"@id\":\"https:\/\/www.posgraduacao.unimontes.br\/ppgcps\/#website\",\"url\":\"https:\/\/www.posgraduacao.unimontes.br\/ppgcps\/\",\"name\":\"Programa de P\\u00f3s Gradua\\u00e7\\u00e3o em Cuidado Prim\\u00e1rio em Sa\\u00fade\",\"description\":\"\",\"potentialAction\":[{\"@type\":\"SearchAction\",\"target\":\"https:\/\/www.posgraduacao.unimontes.br\/ppgcps\/?s={search_term_string}\",\"query-input\":\"required name=search_term_string\"}],\"inLanguage\":\"pt-BR\"},{\"@type\":\"ImageObject\",\"@id\":\"https:\/\/www.posgraduacao.unimontes.br\/ppgcps\/egressos\/#primaryimage\",\"inLanguage\":\"pt-BR\",\"url\":\"http:\/\/www.posgraduacao.unimontes.br\/uploads\/sites\/18\/2025\/09\/Captura-de-tela-2025-08-29-103047.png\"},{\"@type\":\"WebPage\",\"@id\":\"https:\/\/www.posgraduacao.unimontes.br\/ppgcps\/egressos\/#webpage\",\"url\":\"https:\/\/www.posgraduacao.unimontes.br\/ppgcps\/egressos\/\",\"name\":\"Egressos - Programa de P\\u00f3s Gradua\\u00e7\\u00e3o em Cuidado Prim\\u00e1rio em Sa\\u00fade\",\"isPartOf\":{\"@id\":\"https:\/\/www.posgraduacao.unimontes.br\/ppgcps\/#website\"},\"primaryImageOfPage\":{\"@id\":\"https:\/\/www.posgraduacao.unimontes.br\/ppgcps\/egressos\/#primaryimage\"},\"datePublished\":\"2023-09-27T12:18:52+00:00\",\"dateModified\":\"2025-09-01T13:41:32+00:00\",\"inLanguage\":\"pt-BR\",\"potentialAction\":[{\"@type\":\"ReadAction\",\"target\":[\"https:\/\/www.posgraduacao.unimontes.br\/ppgcps\/egressos\/\"]}]}]}<\/script>\n<!-- \/ Yoast SEO plugin. -->","_links":{"self":[{"href":"https:\/\/www.posgraduacao.unimontes.br\/ppgcps\/wp-json\/wp\/v2\/pages\/2124"}],"collection":[{"href":"https:\/\/www.posgraduacao.unimontes.br\/ppgcps\/wp-json\/wp\/v2\/pages"}],"about":[{"href":"https:\/\/www.posgraduacao.unimontes.br\/ppgcps\/wp-json\/wp\/v2\/types\/page"}],"author":[{"embeddable":true,"href":"https:\/\/www.posgraduacao.unimontes.br\/ppgcps\/wp-json\/wp\/v2\/users\/17"}],"replies":[{"embeddable":true,"href":"https:\/\/www.posgraduacao.unimontes.br\/ppgcps\/wp-json\/wp\/v2\/comments?post=2124"}],"version-history":[{"count":8,"href":"https:\/\/www.posgraduacao.unimontes.br\/ppgcps\/wp-json\/wp\/v2\/pages\/2124\/revisions"}],"predecessor-version":[{"id":2354,"href":"https:\/\/www.posgraduacao.unimontes.br\/ppgcps\/wp-json\/wp\/v2\/pages\/2124\/revisions\/2354"}],"wp:attachment":[{"href":"https:\/\/www.posgraduacao.unimontes.br\/ppgcps\/wp-json\/wp\/v2\/media?parent=2124"}],"curies":[{"name":"wp","href":"https:\/\/api.w.org\/{rel}","templated":true}]}}