{"id":1944,"date":"2023-07-14T09:09:07","date_gmt":"2023-07-14T12:09:07","guid":{"rendered":"https:\/\/www.posgraduacao.unimontes.br\/ppgcps\/?page_id=1944"},"modified":"2023-07-14T09:09:07","modified_gmt":"2023-07-14T12:09:07","slug":"nupese","status":"publish","type":"page","link":"https:\/\/www.posgraduacao.unimontes.br\/ppgcps\/nupese\/","title":{"rendered":"NuPeSE"},"content":{"rendered":"<section class=\"kc-elm kc_row\"><div class=\"kc-row-container  kc-container\"><div class=\"kc-wrap-columns\"><div class=\"kc-elm kc_column kc_col-sm-12\"><div class=\"kc-col-container\"><div class=\"kc-elm kc-css-224031\" style=\"height: 20px; clear: both; width:100%;\"><\/div><div class=\"kc-elm kc-css-481942 kc_text_block\"><p><strong>A busca do entendimento dos fatores e a\u00e7\u00f5es que afetam, colaboram e promovem \u00e0 sa\u00fade dos estudantes, s\u00e3o as principais repercuss\u00f5es deste grupo de estudo. Entender como a sa\u00fade \u00e9 mantida e como pode ser alterada na trajet\u00f3ria escolar seria outro aspecto a ser observado. Correlacionar avalia\u00e7\u00f5es e abordagens de interven\u00e7\u00e3o em mudan\u00e7as de comportamentos para a promo\u00e7\u00e3o da sa\u00fade poder\u00e1 nortear o delineamento de a\u00e7\u00f5es envolvendo os conceitos e as estrat\u00e9gias operacionais propostas pelo NuPeSE.<\/strong><\/p>\n<\/div><div class=\"kc-elm kc-css-32261\" style=\"height: 20px; clear: both; width:100%;\"><\/div><div class=\"kc-elm kc-css-369675\" style=\"height: 20px; clear: both; width:100%;\"><\/div><div class=\"kc-elm kc-css-53966 kc-animated kc-animate-eff-fadeInLeft kc-feature-boxes kc-fb-layout-1\">\n\n\t<div class=\"content-icon\"><i class=\"fab-instagram\"><\/i><\/div><div class=\"content-desc\">nupesemoc<\/div><div class=\"content-button\"><a href=\"https:\/\/www.instagram.com\/nupesemoc\/\" target=\"_blank\" title=\"\">SAIBA MAIS <\/a><\/div>\n<\/div>\n<\/div><\/div><\/div><\/div><\/section>\n","protected":false},"excerpt":{"rendered":"","protected":false},"author":17,"featured_media":0,"parent":0,"menu_order":0,"comment_status":"closed","ping_status":"closed","template":"","meta":[],"yoast_head":"<!-- This site is optimized with the Yoast SEO plugin v14.7 - https:\/\/yoast.com\/wordpress\/plugins\/seo\/ -->\n<title>NuPeSE - Programa de P\u00f3s Gradua\u00e7\u00e3o em Cuidado Prim\u00e1rio em Sa\u00fade<\/title>\n<meta name=\"robots\" content=\"index, follow\" \/>\n<meta name=\"googlebot\" content=\"index, follow, max-snippet:-1, max-image-preview:large, max-video-preview:-1\" \/>\n<meta name=\"bingbot\" content=\"index, follow, max-snippet:-1, max-image-preview:large, max-video-preview:-1\" \/>\n<link rel=\"canonical\" href=\"https:\/\/www.posgraduacao.unimontes.br\/ppgcps\/nupese\/\" \/>\n<meta property=\"og:locale\" content=\"pt_BR\" \/>\n<meta property=\"og:type\" content=\"article\" \/>\n<meta property=\"og:title\" content=\"NuPeSE - Programa de P\u00f3s Gradua\u00e7\u00e3o em Cuidado Prim\u00e1rio em Sa\u00fade\" \/>\n<meta property=\"og:description\" content=\"A busca do entendimento dos fatores e a\u00e7\u00f5es que afetam, colaboram e promovem \u00e0 sa\u00fade dos estudantes, s\u00e3o as principais repercuss\u00f5es deste grupo de estudo. Entender como a sa\u00fade \u00e9 mantida e como pode ser alterada na trajet\u00f3ria escolar seria outro aspecto a ser observado. Correlacionar avalia\u00e7\u00f5es e abordagens de interven\u00e7\u00e3o em mudan\u00e7as de comportamentos [&hellip;]\" \/>\n<meta property=\"og:url\" content=\"https:\/\/www.posgraduacao.unimontes.br\/ppgcps\/nupese\/\" \/>\n<meta property=\"og:site_name\" content=\"Programa de P\u00f3s Gradua\u00e7\u00e3o em Cuidado Prim\u00e1rio em Sa\u00fade\" \/>\n<meta name=\"twitter:card\" content=\"summary_large_image\" \/>\n<script type=\"application\/ld+json\" class=\"yoast-schema-graph\">{\"@context\":\"https:\/\/schema.org\",\"@graph\":[{\"@type\":\"WebSite\",\"@id\":\"https:\/\/www.posgraduacao.unimontes.br\/ppgcps\/#website\",\"url\":\"https:\/\/www.posgraduacao.unimontes.br\/ppgcps\/\",\"name\":\"Programa de P\\u00f3s Gradua\\u00e7\\u00e3o em Cuidado Prim\\u00e1rio em Sa\\u00fade\",\"description\":\"\",\"potentialAction\":[{\"@type\":\"SearchAction\",\"target\":\"https:\/\/www.posgraduacao.unimontes.br\/ppgcps\/?s={search_term_string}\",\"query-input\":\"required name=search_term_string\"}],\"inLanguage\":\"pt-BR\"},{\"@type\":\"WebPage\",\"@id\":\"https:\/\/www.posgraduacao.unimontes.br\/ppgcps\/nupese\/#webpage\",\"url\":\"https:\/\/www.posgraduacao.unimontes.br\/ppgcps\/nupese\/\",\"name\":\"NuPeSE - Programa de P\\u00f3s Gradua\\u00e7\\u00e3o em Cuidado Prim\\u00e1rio em Sa\\u00fade\",\"isPartOf\":{\"@id\":\"https:\/\/www.posgraduacao.unimontes.br\/ppgcps\/#website\"},\"datePublished\":\"2023-07-14T12:09:07+00:00\",\"dateModified\":\"2023-07-14T12:09:07+00:00\",\"inLanguage\":\"pt-BR\",\"potentialAction\":[{\"@type\":\"ReadAction\",\"target\":[\"https:\/\/www.posgraduacao.unimontes.br\/ppgcps\/nupese\/\"]}]}]}<\/script>\n<!-- \/ Yoast SEO plugin. -->","_links":{"self":[{"href":"https:\/\/www.posgraduacao.unimontes.br\/ppgcps\/wp-json\/wp\/v2\/pages\/1944"}],"collection":[{"href":"https:\/\/www.posgraduacao.unimontes.br\/ppgcps\/wp-json\/wp\/v2\/pages"}],"about":[{"href":"https:\/\/www.posgraduacao.unimontes.br\/ppgcps\/wp-json\/wp\/v2\/types\/page"}],"author":[{"embeddable":true,"href":"https:\/\/www.posgraduacao.unimontes.br\/ppgcps\/wp-json\/wp\/v2\/users\/17"}],"replies":[{"embeddable":true,"href":"https:\/\/www.posgraduacao.unimontes.br\/ppgcps\/wp-json\/wp\/v2\/comments?post=1944"}],"version-history":[{"count":4,"href":"https:\/\/www.posgraduacao.unimontes.br\/ppgcps\/wp-json\/wp\/v2\/pages\/1944\/revisions"}],"predecessor-version":[{"id":1950,"href":"https:\/\/www.posgraduacao.unimontes.br\/ppgcps\/wp-json\/wp\/v2\/pages\/1944\/revisions\/1950"}],"wp:attachment":[{"href":"https:\/\/www.posgraduacao.unimontes.br\/ppgcps\/wp-json\/wp\/v2\/media?parent=1944"}],"curies":[{"name":"wp","href":"https:\/\/api.w.org\/{rel}","templated":true}]}}