{"id":1919,"date":"2023-07-14T08:53:29","date_gmt":"2023-07-14T11:53:29","guid":{"rendered":"https:\/\/www.posgraduacao.unimontes.br\/ppgcps\/?page_id=1919"},"modified":"2023-07-14T08:53:29","modified_gmt":"2023-07-14T11:53:29","slug":"portal-do-acs","status":"publish","type":"page","link":"https:\/\/www.posgraduacao.unimontes.br\/ppgcps\/portal-do-acs\/","title":{"rendered":"Portal do ACS"},"content":{"rendered":"<section class=\"kc-elm kc-css-897954 kc_row\"><div class=\"kc-row-container  kc-container\"><div class=\"kc-wrap-columns\"><div class=\"kc-elm kc-css-163947 kc_column kc_col-sm-12\"><div class=\"kc-col-container\"><div class=\"kc-elm kc-css-984917\" style=\"height: 20px; clear: both; width:100%;\"><\/div><div class=\"kc-elm kc-css-184738 kc_text_block\"><p><strong>O Portal do ACS \u00e9 uma iniciativa do Programa de P\u00f3s-Gradua\u00e7\u00e3o em Cuidado Prim\u00e1rio em Sa\u00fade, da Universidade Estadual de Montes Claros. Representa um espa\u00e7o de troca de informa\u00e7\u00f5es e educa\u00e7\u00e3o permanente para os Agentes Comunit\u00e1rios de Sa\u00fade (ACS). Profissional de primeira necessidade no contexto da Aten\u00e7\u00e3o Prim\u00e1ria em Sa\u00fade, o ACS \u00e9, muitas vezes, esquecido, nas medidas que discutem melhorias das condi\u00e7\u00f5es de trabalho para a \u00e1rea da sa\u00fade e de forma\u00e7\u00e3o continuada para a equipe de sa\u00fade.\u00a0<\/strong><\/p>\n<\/div><\/div><\/div><\/div><\/div><\/section><section class=\"kc-elm kc-css-664663 kc_row\"><div class=\"kc-row-container  kc-container\"><div class=\"kc-wrap-columns\"><div class=\"kc-elm kc-css-540375 kc_col-sm-6 kc_column kc_col-sm-6\"><div class=\"kc-col-container\"><div class=\"kc-elm kc-css-262773\" style=\"height: 20px; clear: both; width:100%;\"><\/div><div class=\"kc-elm kc-css-413009\" style=\"height: 20px; clear: both; width:100%;\"><\/div><div class=\"kc-elm kc-css-298245 kc-feature-boxes kc-fb-layout-1\">\n\n\t<div class=\"content-icon\"><i class=\"fab-instagram\"><\/i><\/div><div class=\"content-desc\">portaldoacs<\/div><div class=\"content-button\"><a href=\"https:\/\/www.instagram.com\/portaldoacs\" target=\"_blank\" title=\"\">SAIBA MAIS <\/a><\/div>\n<\/div>\n<div class=\"kc-elm kc-css-776941\" style=\"height: 20px; clear: both; width:100%;\"><\/div><\/div><\/div><div class=\"kc-elm kc-css-561448 kc_col-sm-6 kc_column kc_col-sm-6\"><div class=\"kc-col-container\"><div class=\"kc-elm kc-css-847846\" style=\"height: 20px; clear: both; width:100%;\"><\/div><div class=\"kc-elm kc-css-47012\" style=\"height: 20px; clear: both; width:100%;\"><\/div><div class=\"kc-elm kc-css-799434 kc-feature-boxes kc-fb-layout-1\">\n\n\t<div class=\"content-icon\"><i class=\"sl-globe\"><\/i><\/div><div class=\"content-desc\">Portal do ACS<\/div><div class=\"content-button\"><a href=\"https:\/\/www.portaldoacs.com.br\/\" target=\"_blank\" title=\"\">SAIBA MAIS <\/a><\/div>\n<\/div>\n<div class=\"kc-elm kc-css-964062\" style=\"height: 20px; clear: both; width:100%;\"><\/div><\/div><\/div><\/div><\/div><\/section>\n","protected":false},"excerpt":{"rendered":"","protected":false},"author":17,"featured_media":0,"parent":0,"menu_order":0,"comment_status":"closed","ping_status":"closed","template":"","meta":[],"yoast_head":"<!-- This site is optimized with the Yoast SEO plugin v14.7 - https:\/\/yoast.com\/wordpress\/plugins\/seo\/ -->\n<title>Portal do ACS - Programa de P\u00f3s Gradua\u00e7\u00e3o em Cuidado Prim\u00e1rio em Sa\u00fade<\/title>\n<meta name=\"robots\" content=\"index, follow\" \/>\n<meta name=\"googlebot\" content=\"index, follow, max-snippet:-1, max-image-preview:large, max-video-preview:-1\" \/>\n<meta name=\"bingbot\" content=\"index, follow, max-snippet:-1, max-image-preview:large, max-video-preview:-1\" \/>\n<link rel=\"canonical\" href=\"https:\/\/www.posgraduacao.unimontes.br\/ppgcps\/portal-do-acs\/\" \/>\n<meta property=\"og:locale\" content=\"pt_BR\" \/>\n<meta property=\"og:type\" content=\"article\" \/>\n<meta property=\"og:title\" content=\"Portal do ACS - Programa de P\u00f3s Gradua\u00e7\u00e3o em Cuidado Prim\u00e1rio em Sa\u00fade\" \/>\n<meta property=\"og:description\" content=\"O Portal do ACS \u00e9 uma iniciativa do Programa de P\u00f3s-Gradua\u00e7\u00e3o em Cuidado Prim\u00e1rio em Sa\u00fade, da Universidade Estadual de Montes Claros. Representa um espa\u00e7o de troca de informa\u00e7\u00f5es e educa\u00e7\u00e3o permanente para os Agentes Comunit\u00e1rios de Sa\u00fade (ACS). Profissional de primeira necessidade no contexto da Aten\u00e7\u00e3o Prim\u00e1ria em Sa\u00fade, o ACS \u00e9, muitas vezes, [&hellip;]\" \/>\n<meta property=\"og:url\" content=\"https:\/\/www.posgraduacao.unimontes.br\/ppgcps\/portal-do-acs\/\" \/>\n<meta property=\"og:site_name\" content=\"Programa de P\u00f3s Gradua\u00e7\u00e3o em Cuidado Prim\u00e1rio em Sa\u00fade\" \/>\n<meta name=\"twitter:card\" content=\"summary_large_image\" \/>\n<script type=\"application\/ld+json\" class=\"yoast-schema-graph\">{\"@context\":\"https:\/\/schema.org\",\"@graph\":[{\"@type\":\"WebSite\",\"@id\":\"https:\/\/www.posgraduacao.unimontes.br\/ppgcps\/#website\",\"url\":\"https:\/\/www.posgraduacao.unimontes.br\/ppgcps\/\",\"name\":\"Programa de P\\u00f3s Gradua\\u00e7\\u00e3o em Cuidado Prim\\u00e1rio em Sa\\u00fade\",\"description\":\"\",\"potentialAction\":[{\"@type\":\"SearchAction\",\"target\":\"https:\/\/www.posgraduacao.unimontes.br\/ppgcps\/?s={search_term_string}\",\"query-input\":\"required name=search_term_string\"}],\"inLanguage\":\"pt-BR\"},{\"@type\":\"WebPage\",\"@id\":\"https:\/\/www.posgraduacao.unimontes.br\/ppgcps\/portal-do-acs\/#webpage\",\"url\":\"https:\/\/www.posgraduacao.unimontes.br\/ppgcps\/portal-do-acs\/\",\"name\":\"Portal do ACS - Programa de P\\u00f3s Gradua\\u00e7\\u00e3o em Cuidado Prim\\u00e1rio em Sa\\u00fade\",\"isPartOf\":{\"@id\":\"https:\/\/www.posgraduacao.unimontes.br\/ppgcps\/#website\"},\"datePublished\":\"2023-07-14T11:53:29+00:00\",\"dateModified\":\"2023-07-14T11:53:29+00:00\",\"inLanguage\":\"pt-BR\",\"potentialAction\":[{\"@type\":\"ReadAction\",\"target\":[\"https:\/\/www.posgraduacao.unimontes.br\/ppgcps\/portal-do-acs\/\"]}]}]}<\/script>\n<!-- \/ Yoast SEO plugin. -->","_links":{"self":[{"href":"https:\/\/www.posgraduacao.unimontes.br\/ppgcps\/wp-json\/wp\/v2\/pages\/1919"}],"collection":[{"href":"https:\/\/www.posgraduacao.unimontes.br\/ppgcps\/wp-json\/wp\/v2\/pages"}],"about":[{"href":"https:\/\/www.posgraduacao.unimontes.br\/ppgcps\/wp-json\/wp\/v2\/types\/page"}],"author":[{"embeddable":true,"href":"https:\/\/www.posgraduacao.unimontes.br\/ppgcps\/wp-json\/wp\/v2\/users\/17"}],"replies":[{"embeddable":true,"href":"https:\/\/www.posgraduacao.unimontes.br\/ppgcps\/wp-json\/wp\/v2\/comments?post=1919"}],"version-history":[{"count":22,"href":"https:\/\/www.posgraduacao.unimontes.br\/ppgcps\/wp-json\/wp\/v2\/pages\/1919\/revisions"}],"predecessor-version":[{"id":2103,"href":"https:\/\/www.posgraduacao.unimontes.br\/ppgcps\/wp-json\/wp\/v2\/pages\/1919\/revisions\/2103"}],"wp:attachment":[{"href":"https:\/\/www.posgraduacao.unimontes.br\/ppgcps\/wp-json\/wp\/v2\/media?parent=1919"}],"curies":[{"name":"wp","href":"https:\/\/api.w.org\/{rel}","templated":true}]}}