{"id":1770,"date":"2023-04-20T09:58:08","date_gmt":"2023-04-20T12:58:08","guid":{"rendered":"https:\/\/www.posgraduacao.unimontes.br\/ppgcps\/?page_id=1770"},"modified":"2023-07-13T10:06:38","modified_gmt":"2023-07-13T13:06:38","slug":"producoes-cientificas-2022","status":"publish","type":"page","link":"https:\/\/www.posgraduacao.unimontes.br\/ppgcps\/producoes-cientificas-2022\/","title":{"rendered":"Produ\u00e7\u00f5es Cient\u00edficas &#8211; 2022"},"content":{"rendered":"<section class=\"kc-elm kc-css-365450 kc_row\"><div class=\"kc-row-container  kc-container\"><div class=\"kc-wrap-columns\"><div class=\"kc-elm kc-css-711795 kc_col-sm-12 kc_column kc_col-sm-12\"><div class=\"kc-col-container\"><div class=\"kc-elm kc-css-980210 kc_box_wrap \"><div><div class=\"one-one\"><p>&nbsp;<\/p><h1 dir=\"ltr\" style=\"line-height: 1.2; background-color: #fafafa; margin-top: 0pt; margin-bottom: 10pt;\">&nbsp;<\/h1><div dir=\"ltr\" style=\"margin-left: 0pt;\" align=\"left\"><table class=\" aligncenter\" style=\"border: none; border-collapse: collapse; table-layout: fixed; width: 451.27559055118115pt;\"><colgroup> <col> <col><\/colgroup><thead><tr style=\"height: 0pt;\"><th style=\"vertical-align: top; background-color: #007abf; padding: 5pt 5pt 5pt 5pt; overflow: hidden; overflow-wrap: break-word; border: solid #ffffff 1pt;\" scope=\"col\"><p dir=\"ltr\" style=\"line-height: 1.2; margin-top: 0pt; margin-bottom: 0pt;\"><span style=\"font-size: 11pt; font-family: Arial; color: #ffffff; background-color: transparent; font-variant-numeric: normal; font-variant-east-asian: normal; font-variant-alternates: normal; vertical-align: baseline; white-space-collapse: preserve;\">T\u00edtulo<\/span><\/p><\/th><th style=\"vertical-align: top; background-color: #007abf; padding: 5pt 5pt 5pt 5pt; overflow: hidden; overflow-wrap: break-word; border: solid #ffffff 1pt;\" scope=\"col\"><p dir=\"ltr\" style=\"line-height: 1.2; margin-top: 0pt; margin-bottom: 0pt;\"><span style=\"font-size: 11pt; font-family: Arial; color: #ffffff; background-color: transparent; font-variant-numeric: normal; font-variant-east-asian: normal; font-variant-alternates: normal; vertical-align: baseline; white-space-collapse: preserve;\">Autores<\/span><\/p><\/th><\/tr><\/thead><tbody><tr style=\"height: 0pt;\"><td style=\"vertical-align: top; background-color: #cfe2f3; padding: 5pt 5pt 5pt 5pt; overflow: hidden; overflow-wrap: break-word; border: solid #ffffff 1pt;\"><p dir=\"ltr\" style=\"line-height: 1.2; margin-top: 0pt; margin-bottom: 0pt;\"><a style=\"text-decoration-line: none;\" href=\"https:\/\/www.posgraduacao.unimontes.br\/uploads\/sites\/18\/2022\/11\/Quality-of-the-diet-of-pregnant.pdf\"><span style=\"font-size: 9pt; font-family: Arial; color: #1155cc; background-color: transparent; font-variant-numeric: normal; font-variant-east-asian: normal; font-variant-alternates: normal; text-decoration-line: underline; text-decoration-skip-ink: none; vertical-align: baseline; white-space-collapse: preserve;\">Qualidade da dieta de gestantes no \u00e2mbito da Aten\u00e7\u00e3o Prim\u00e1ria \u00e0 Sa\u00fade<\/span><\/a><\/p><\/td><td style=\"vertical-align: top; background-color: #cfe2f3; padding: 5pt 5pt 5pt 5pt; overflow: hidden; overflow-wrap: break-word; border: solid #ffffff 1pt;\"><p dir=\"ltr\" style=\"line-height: 1.2; margin-top: 0pt; margin-bottom: 0pt;\"><span style=\"font-size: 9pt; font-family: Arial; color: #000000; background-color: transparent; font-variant-numeric: normal; font-variant-east-asian: normal; font-variant-alternates: normal; vertical-align: baseline; white-space-collapse: preserve;\">Giselle Mara Mendes Silva Le\u00e3o, L\u00edvia Castro Crivellent, Maria Fernanda Santos Figueiredo Brito, Marise Fagundes Silveira, Lucin\u00e9ia de Pinho<\/span><\/p><\/td><\/tr><tr style=\"height: 0pt;\"><td style=\"vertical-align: top; background-color: #f3f3f3; padding: 5pt 5pt 5pt 5pt; overflow: hidden; overflow-wrap: break-word; border: solid #ffffff 1pt;\"><p dir=\"ltr\" style=\"line-height: 1.2; margin-top: 0pt; margin-bottom: 10pt;\"><a style=\"text-decoration-line: none;\" href=\"https:\/\/www.posgraduacao.unimontes.br\/uploads\/sites\/18\/2022\/11\/Vers%C3%A3o-Abreviada-da-Escala-de-Apego-Materno-Fetal-Evid%C3%AAncias-de-Validade-e-Confiabilidade.pdf\"><span style=\"font-size: 9pt; font-family: Arial; color: #1155cc; background-color: transparent; font-variant-numeric: normal; font-variant-east-asian: normal; font-variant-alternates: normal; text-decoration-line: underline; text-decoration-skip-ink: none; vertical-align: baseline; white-space-collapse: preserve;\">Vers\u00e3o Abreviada da Escala de Apego Materno-Fetal: Evid\u00eancias de Validade e Confiabilidade<\/span><\/a><\/p><\/td><td style=\"vertical-align: top; background-color: #f3f3f3; padding: 5pt 5pt 5pt 5pt; overflow: hidden; overflow-wrap: break-word; border: solid #ffffff 1pt;\"><p dir=\"ltr\" style=\"line-height: 1.2; margin-top: 0pt; margin-bottom: 0pt;\"><span style=\"font-size: 9pt; font-family: Arial; color: #000000; background-color: transparent; font-variant-numeric: normal; font-variant-east-asian: normal; font-variant-alternates: normal; vertical-align: baseline; white-space-collapse: preserve;\">C\u00e1ssio de Almeida Lima, Maria Fernanda Santos Figueiredo Brito, Lucin\u00e9ia de Pinho, Giselle Mara Mendes Silva Le\u00e3o, S\u00e9len Jaqueline Souza Ruas, Marise Fagundes Silveira<\/span><\/p><\/td><\/tr><tr style=\"height: 0pt;\"><td style=\"vertical-align: top; background-color: #cfe2f3; padding: 5pt 5pt 5pt 5pt; overflow: hidden; overflow-wrap: break-word; border: solid #ffffff 1pt;\"><p dir=\"ltr\" style=\"line-height: 1.2; margin-top: 0pt; margin-bottom: 10pt;\"><a style=\"text-decoration-line: none;\" href=\"https:\/\/www.posgraduacao.unimontes.br\/uploads\/sites\/18\/2022\/11\/nivel-de-atividade-fisica-gestantes-cesc-pt.pdf\"><span style=\"font-size: 9pt; font-family: Arial; color: #1155cc; background-color: transparent; font-variant-numeric: normal; font-variant-east-asian: normal; font-variant-alternates: normal; text-decoration-line: underline; text-decoration-skip-ink: none; vertical-align: baseline; white-space-collapse: preserve;\">N\u00edvel de atividade f\u00edsica e fatores associados entre gestantes: estudo epidemiol\u00f3gico de base populacional<\/span><\/a><\/p><\/td><td style=\"vertical-align: top; background-color: #cfe2f3; padding: 5pt 5pt 5pt 5pt; overflow: hidden; overflow-wrap: break-word; border: solid #ffffff 1pt;\"><p dir=\"ltr\" style=\"line-height: 1.2; margin-top: 0pt; margin-bottom: 0pt;\"><span style=\"font-size: 9pt; font-family: Arial; color: #000000; background-color: transparent; font-variant-numeric: normal; font-variant-east-asian: normal; font-variant-alternates: normal; vertical-align: baseline; white-space-collapse: preserve;\">Ingred Gimenes Cassimiro de Freitas, C\u00e1ssio de Almeida Lima, Viviane Maia Santos, Francisco Trindade Silva, Josiane Santos Brant Rocha, Orlene Veloso Dias, Ros\u00e2ngela Ramos Veloso Silva, Maria Fernanda Santos Figueiredo Brito&nbsp;<\/span><\/p><\/td><\/tr><tr style=\"height: 0pt;\"><td style=\"vertical-align: top; background-color: #f3f3f3; padding: 5pt 5pt 5pt 5pt; overflow: hidden; overflow-wrap: break-word; border: solid #ffffff 1pt;\"><p dir=\"ltr\" style=\"line-height: 1.2; margin-top: 0pt; margin-bottom: 10pt;\"><a style=\"text-decoration-line: none;\" href=\"https:\/\/doi.org\/10.31744\/einstein_journal\/2022AO6153\"><span style=\"font-size: 9pt; font-family: Arial; color: #1155cc; background-color: transparent; font-variant-numeric: normal; font-variant-east-asian: normal; font-variant-alternates: normal; text-decoration-line: underline; text-decoration-skip-ink: none; vertical-align: baseline; white-space-collapse: preserve;\">Clustering of behavioral risk factors for chronic noncommunicable diseases in climacteric women<\/span><\/a><\/p><\/td><td style=\"vertical-align: top; background-color: #f3f3f3; padding: 5pt 5pt 5pt 5pt; overflow: hidden; overflow-wrap: break-word; border: solid #ffffff 1pt;\"><p dir=\"ltr\" style=\"line-height: 1.2; margin-top: 0pt; margin-bottom: 0pt;\"><span style=\"font-size: 9pt; font-family: Arial; color: #000000; background-color: transparent; font-variant-numeric: normal; font-variant-east-asian: normal; font-variant-alternates: normal; vertical-align: baseline; white-space-collapse: preserve;\">Roberto Rodrigues Leite<\/span> <span style=\"font-size: 9pt; font-family: Arial; color: #000000; background-color: transparent; font-variant-numeric: normal; font-variant-east-asian: normal; font-variant-alternates: normal; vertical-align: baseline; white-space-collapse: preserve;\">, Ant\u00f4nio Prates Caldeira, Josiane Santos Brant Rocha, Luiza Augusta Rosa Rossi-Barbosa&nbsp;<\/span><\/p><\/td><\/tr><tr style=\"height: 0pt;\"><td style=\"vertical-align: top; background-color: #cfe2f3; padding: 5pt 5pt 5pt 5pt; overflow: hidden; overflow-wrap: break-word; border: solid #ffffff 1pt;\"><p dir=\"ltr\" style=\"line-height: 1.2; margin-top: 0pt; margin-bottom: 0pt;\"><a style=\"text-decoration-line: none;\" href=\"https:\/\/doi.org\/10.1590\/1984-0462\/2023\/41\/2021189\"><span style=\"font-size: 9pt; font-family: Arial; color: #1155cc; background-color: transparent; font-variant-numeric: normal; font-variant-east-asian: normal; font-variant-alternates: normal; text-decoration-line: underline; text-decoration-skip-ink: none; vertical-align: baseline; white-space-collapse: preserve;\">Diagnostic performance of anthropometric indicators used to assess excess body fat in adolescence&nbsp;<\/span><\/a><\/p><\/td><td style=\"vertical-align: top; background-color: #cfe2f3; padding: 5pt 5pt 5pt 5pt; overflow: hidden; overflow-wrap: break-word; border: solid #ffffff 1pt;\"><p dir=\"ltr\" style=\"line-height: 1.2; margin-top: 0pt; margin-bottom: 0pt;\"><span style=\"font-size: 9pt; font-family: Arial; color: #000000; background-color: transparent; font-variant-numeric: normal; font-variant-east-asian: normal; font-variant-alternates: normal; vertical-align: baseline; white-space-collapse: preserve;\">Fernanda Piana Santos Lima de Oliveira, Nelma Maria Neves Antunes, Marise Fagundes Silveira, Ros\u00e2ngela Ramos Veloso Silva, Josiane Santos Brant Rocha, S\u00e9len Jaqueline Souza Ruas, Fabiana Aparecida Maia Borborema, Jose Henrique Pinto Duarte, Carolina Amaral Oliveira Rodrigues, Maria Fernanda Santos Figueiredo Brito, Ant\u00f4nio Prates Caldeira, Lucin\u00e9ia de Pinho<\/span><\/p><\/td><\/tr><tr style=\"height: 0pt;\"><td style=\"vertical-align: top; background-color: #f3f3f3; padding: 5pt 5pt 5pt 5pt; overflow: hidden; overflow-wrap: break-word; border: solid #ffffff 1pt;\"><p dir=\"ltr\" style=\"line-height: 1.2; margin-top: 0pt; margin-bottom: 0pt;\"><a style=\"text-decoration-line: none;\" href=\"https:\/\/doi.org\/10.1590\/1806-9304202200030002\"><span style=\"font-size: 9pt; font-family: Arial; color: #1155cc; background-color: transparent; font-variant-numeric: normal; font-variant-east-asian: normal; font-variant-alternates: normal; text-decoration-line: underline; text-decoration-skip-ink: none; vertical-align: baseline; white-space-collapse: preserve;\">Elaboration and analysis of psychometric properties of a questionnaire to assess pregnant women's knowledge about toxoplasmosis<\/span><\/a><\/p><\/td><td style=\"vertical-align: top; background-color: #f3f3f3; padding: 5pt 5pt 5pt 5pt; overflow: hidden; overflow-wrap: break-word; border: solid #ffffff 1pt;\"><p dir=\"ltr\" style=\"line-height: 1.2; margin-top: 0pt; margin-bottom: 0pt;\"><span style=\"font-size: 9pt; font-family: Arial; color: #000000; background-color: transparent; font-variant-numeric: normal; font-variant-east-asian: normal; font-variant-alternates: normal; vertical-align: baseline; white-space-collapse: preserve;\">Janer Aparecida Silveira Soares, Rafael Gomes Sousa, B\u00e1rbara Bispo da Silva Alves, Andr\u00e9 Augusto Dias Silveira, Caio Fagundes Quadros Lima, Ant\u00f4nio Prates Caldeira<\/span><\/p><\/td><\/tr><tr style=\"height: 0pt;\"><td style=\"vertical-align: top; background-color: #cfe2f3; padding: 5pt 5pt 5pt 5pt; overflow: hidden; overflow-wrap: break-word; border: solid #ffffff 1pt;\"><p dir=\"ltr\" style=\"line-height: 1.2; margin-top: 0pt; margin-bottom: 0pt;\"><a style=\"text-decoration-line: none;\" href=\"http:\/\/www.rbone.com.br\/index.php\/rbone\/article\/view\/1542\/1058\"><span style=\"font-size: 9pt; font-family: Arial; color: #1155cc; background-color: transparent; font-variant-numeric: normal; font-variant-east-asian: normal; font-variant-alternates: normal; text-decoration-line: underline; text-decoration-skip-ink: none; vertical-align: baseline; white-space-collapse: preserve;\">Fatores associados ao aumento do consumo de alimentos ultraprocessados em universit\u00e1rios durante o isolamento social - pandemia Covid-19<\/span><\/a><\/p><\/td><td style=\"vertical-align: top; background-color: #cfe2f3; padding: 5pt 5pt 5pt 5pt; overflow: hidden; overflow-wrap: break-word; border: solid #ffffff 1pt;\"><p dir=\"ltr\" style=\"line-height: 1.2; margin-top: 0pt; margin-bottom: 0pt;\"><span style=\"font-size: 9pt; font-family: Arial; color: #000000; background-color: transparent; font-variant-numeric: normal; font-variant-east-asian: normal; font-variant-alternates: normal; vertical-align: baseline; white-space-collapse: preserve;\">Josiane Santos Brant Rocha, Alenice Aliane Fonseca, Ronilson Ferreira Freitas, Maria Clara Brant Rocha, M\u00f4nica Thais Soares Macedo, Fernanda Piana Santos Lima de Oliveira, Doroth\u00e9a Schmidt Fran\u00e7a, Ant\u00f4nio Prates Caldeira, Daniela Ara\u00fajo Veloso Popoff<\/span><\/p><\/td><\/tr><tr style=\"height: 0pt;\"><td style=\"vertical-align: top; background-color: #f3f3f3; padding: 5pt 5pt 5pt 5pt; overflow: hidden; overflow-wrap: break-word; border: solid #ffffff 1pt;\"><p dir=\"ltr\" style=\"line-height: 1.2; margin-top: 0pt; margin-bottom: 0pt;\"><a style=\"text-decoration-line: none;\" href=\"https:\/\/doi.org\/10.37527\/2022.72.4.001\"><span style=\"font-size: 9pt; font-family: Arial; color: #1155cc; background-color: transparent; font-variant-numeric: normal; font-variant-east-asian: normal; font-variant-alternates: normal; text-decoration-line: underline; text-decoration-skip-ink: none; vertical-align: baseline; white-space-collapse: preserve;\">Perfil de morbidade no primeiro ano de vida entre rec\u00e9m-nascidos de alto risco&nbsp;<\/span><\/a><\/p><\/td><td style=\"vertical-align: top; background-color: #f3f3f3; padding: 5pt 5pt 5pt 5pt; overflow: hidden; overflow-wrap: break-word; border: solid #ffffff 1pt;\"><p dir=\"ltr\" style=\"line-height: 1.2; margin-top: 0pt; margin-bottom: 0pt;\"><span style=\"font-size: 9pt; font-family: Arial; color: #000000; background-color: transparent; font-variant-numeric: normal; font-variant-east-asian: normal; font-variant-alternates: normal; vertical-align: baseline; white-space-collapse: preserve;\">Andr\u00e9ia Caroline Ribeiro Ramos, Patr\u00edcia Soares de Castro Xavier, Rafael Gomes Sousa, Jair Almeida Carneiro, Lucin\u00e9ia de Pinho, Ant\u00f4nio Prates Caldeira<\/span><\/p><\/td><\/tr><tr style=\"height: 0pt;\"><td style=\"vertical-align: top; background-color: #cfe2f3; padding: 5pt 5pt 5pt 5pt; overflow: hidden; overflow-wrap: break-word; border: solid #ffffff 1pt;\"><p dir=\"ltr\" style=\"line-height: 1.2; margin-top: 0pt; margin-bottom: 0pt;\"><a style=\"text-decoration-line: none;\" href=\"https:\/\/doi.org\/10.37118\/ijdr.24585.06.2022\"><span style=\"font-size: 9pt; font-family: Arial; color: #1155cc; background-color: transparent; font-variant-numeric: normal; font-variant-east-asian: normal; font-variant-alternates: normal; text-decoration-line: underline; text-decoration-skip-ink: none; vertical-align: baseline; white-space-collapse: preserve;\">Symptoms of anxiety and depression in climacteric women and associated factorsmental health and health conditions&nbsp;<\/span><\/a><\/p><\/td><td style=\"vertical-align: top; background-color: #cfe2f3; padding: 5pt 5pt 5pt 5pt; overflow: hidden; overflow-wrap: break-word; border: solid #ffffff 1pt;\"><p dir=\"ltr\" style=\"line-height: 1.2; margin-top: 0pt; margin-bottom: 0pt;\"><span style=\"font-size: 9pt; font-family: Arial; color: #000000; background-color: transparent; font-variant-numeric: normal; font-variant-east-asian: normal; font-variant-alternates: normal; vertical-align: baseline; white-space-collapse: preserve;\">Viviane Maia Santos, Ronilson Ferreira Freitas, Maria Fernanda Santos Figueiredo Brito, Lucin\u00e9ia de Pinho, Hugo Emanuel Santos Pimenta, Daniela Marcia Rodrigues Caldeira, Wiviane da Costa Pimenta, Luiza Augusta Rosa Rossi- Barbosa, Ant\u00f4nio Prates Caldeira, Josiane Santos Brant Rocha<\/span><\/p><\/td><\/tr><tr style=\"height: 0pt;\"><td style=\"vertical-align: top; background-color: #f3f3f3; padding: 5pt 5pt 5pt 5pt; overflow: hidden; overflow-wrap: break-word; border: solid #ffffff 1pt;\"><p dir=\"ltr\" style=\"line-height: 1.2; margin-top: 0pt; margin-bottom: 0pt;\"><a style=\"text-decoration-line: none;\" href=\"https:\/\/dx.doi.org\/10.36416\/1806-3756\/e20220082\"><span style=\"font-size: 9pt; font-family: Arial; color: #1155cc; background-color: transparent; font-variant-numeric: normal; font-variant-east-asian: normal; font-variant-alternates: normal; text-decoration-line: underline; text-decoration-skip-ink: none; vertical-align: baseline; white-space-collapse: preserve;\">Tuberculosis in Brazil: the impact of the covid-19 pandemic&nbsp;<\/span><\/a><\/p><\/td><td style=\"vertical-align: top; background-color: #f3f3f3; padding: 5pt 5pt 5pt 5pt; overflow: hidden; overflow-wrap: break-word; border: solid #ffffff 1pt;\"><p dir=\"ltr\" style=\"line-height: 1.2; margin-top: 0pt; margin-bottom: 0pt;\"><span style=\"font-size: 9pt; font-family: Arial; color: #000000; background-color: transparent; font-variant-numeric: normal; font-variant-east-asian: normal; font-variant-alternates: normal; vertical-align: baseline; white-space-collapse: preserve;\">C\u00e9lia M\u00e1rcia Fernandes Maia, Daniella R. Barbosa Martelli, Denise Maria Mendes L. da Silveira, Eduardo Ara\u00fajo Oliveira, Herc\u00edlio Martelli J\u00fanior<\/span><\/p><\/td><\/tr><tr style=\"height: 0pt;\"><td style=\"vertical-align: top; background-color: #cfe2f3; padding: 5pt 5pt 5pt 5pt; overflow: hidden; overflow-wrap: break-word; border: solid #ffffff 1pt;\"><p dir=\"ltr\" style=\"line-height: 1.2; margin-top: 0pt; margin-bottom: 0pt;\"><a style=\"text-decoration-line: none;\" href=\"https:\/\/doi.org\/10.1016\/j.bjorl.2022.05.008\"><span style=\"font-size: 9pt; font-family: Arial; color: #1155cc; background-color: transparent; font-variant-numeric: normal; font-variant-east-asian: normal; font-variant-alternates: normal; text-decoration-line: underline; text-decoration-skip-ink: none; vertical-align: baseline; white-space-collapse: preserve;\">Surgical rehabilitation of cleft lip and\/or palate: evaluation of the Brazilian public health system&nbsp;<\/span><\/a><\/p><\/td><td style=\"vertical-align: top; background-color: #cfe2f3; padding: 5pt 5pt 5pt 5pt; overflow: hidden; overflow-wrap: break-word; border: solid #ffffff 1pt;\"><p dir=\"ltr\" style=\"line-height: 1.2; margin-top: 0pt; margin-bottom: 0pt;\"><span style=\"font-size: 9pt; font-family: Arial; color: #000000; background-color: transparent; font-variant-numeric: normal; font-variant-east-asian: normal; font-variant-alternates: normal; vertical-align: baseline; white-space-collapse: preserve;\">Denise Maria M. L. da Silveira, , Daniella Reis B. Martelli, Ver\u00f4nica Oliveira Dias, M\u00e1rio S\u00e9rgio Costa da Silveira, Iann\u00e1 Luana Freitas Almeida, Herc\u00edlio Martelli J\u00fanior&nbsp;<\/span><\/p><\/td><\/tr><\/tbody><\/table><\/div><p>&nbsp;<\/p><\/div><\/div><\/div><\/div><\/div><\/div><\/div><\/section>\n","protected":false},"excerpt":{"rendered":"","protected":false},"author":17,"featured_media":0,"parent":0,"menu_order":0,"comment_status":"closed","ping_status":"closed","template":"","meta":[],"yoast_head":"<!-- This site is optimized with the Yoast SEO plugin v14.7 - https:\/\/yoast.com\/wordpress\/plugins\/seo\/ -->\n<title>Produ\u00e7\u00f5es Cient\u00edficas - 2022 - Programa de P\u00f3s Gradua\u00e7\u00e3o em Cuidado Prim\u00e1rio em Sa\u00fade<\/title>\n<meta name=\"robots\" content=\"index, follow\" \/>\n<meta name=\"googlebot\" content=\"index, follow, max-snippet:-1, max-image-preview:large, max-video-preview:-1\" \/>\n<meta name=\"bingbot\" content=\"index, follow, max-snippet:-1, max-image-preview:large, max-video-preview:-1\" \/>\n<link rel=\"canonical\" href=\"https:\/\/www.posgraduacao.unimontes.br\/ppgcps\/producoes-cientificas-2022\/\" \/>\n<meta property=\"og:locale\" content=\"pt_BR\" \/>\n<meta property=\"og:type\" content=\"article\" \/>\n<meta property=\"og:title\" content=\"Produ\u00e7\u00f5es Cient\u00edficas - 2022 - Programa de P\u00f3s Gradua\u00e7\u00e3o em Cuidado Prim\u00e1rio em Sa\u00fade\" \/>\n<meta property=\"og:description\" content=\"&nbsp; &nbsp; T\u00edtulo Autores Qualidade da dieta de gestantes no \u00e2mbito da Aten\u00e7\u00e3o Prim\u00e1ria \u00e0 Sa\u00fade Giselle Mara Mendes Silva Le\u00e3o, L\u00edvia Castro Crivellent, Maria Fernanda Santos Figueiredo Brito, Marise Fagundes Silveira, Lucin\u00e9ia de Pinho Vers\u00e3o Abreviada da Escala de Apego Materno-Fetal: Evid\u00eancias de Validade e Confiabilidade C\u00e1ssio de Almeida Lima, Maria Fernanda Santos Figueiredo [&hellip;]\" \/>\n<meta property=\"og:url\" content=\"https:\/\/www.posgraduacao.unimontes.br\/ppgcps\/producoes-cientificas-2022\/\" \/>\n<meta property=\"og:site_name\" content=\"Programa de P\u00f3s Gradua\u00e7\u00e3o em Cuidado Prim\u00e1rio em Sa\u00fade\" \/>\n<meta property=\"article:modified_time\" content=\"2023-07-13T13:06:38+00:00\" \/>\n<meta name=\"twitter:card\" content=\"summary_large_image\" \/>\n<script type=\"application\/ld+json\" class=\"yoast-schema-graph\">{\"@context\":\"https:\/\/schema.org\",\"@graph\":[{\"@type\":\"WebSite\",\"@id\":\"https:\/\/www.posgraduacao.unimontes.br\/ppgcps\/#website\",\"url\":\"https:\/\/www.posgraduacao.unimontes.br\/ppgcps\/\",\"name\":\"Programa de P\\u00f3s Gradua\\u00e7\\u00e3o em Cuidado Prim\\u00e1rio em Sa\\u00fade\",\"description\":\"\",\"potentialAction\":[{\"@type\":\"SearchAction\",\"target\":\"https:\/\/www.posgraduacao.unimontes.br\/ppgcps\/?s={search_term_string}\",\"query-input\":\"required name=search_term_string\"}],\"inLanguage\":\"pt-BR\"},{\"@type\":\"WebPage\",\"@id\":\"https:\/\/www.posgraduacao.unimontes.br\/ppgcps\/producoes-cientificas-2022\/#webpage\",\"url\":\"https:\/\/www.posgraduacao.unimontes.br\/ppgcps\/producoes-cientificas-2022\/\",\"name\":\"Produ\\u00e7\\u00f5es Cient\\u00edficas - 2022 - Programa de P\\u00f3s Gradua\\u00e7\\u00e3o em Cuidado Prim\\u00e1rio em Sa\\u00fade\",\"isPartOf\":{\"@id\":\"https:\/\/www.posgraduacao.unimontes.br\/ppgcps\/#website\"},\"datePublished\":\"2023-04-20T12:58:08+00:00\",\"dateModified\":\"2023-07-13T13:06:38+00:00\",\"inLanguage\":\"pt-BR\",\"potentialAction\":[{\"@type\":\"ReadAction\",\"target\":[\"https:\/\/www.posgraduacao.unimontes.br\/ppgcps\/producoes-cientificas-2022\/\"]}]}]}<\/script>\n<!-- \/ Yoast SEO plugin. -->","_links":{"self":[{"href":"https:\/\/www.posgraduacao.unimontes.br\/ppgcps\/wp-json\/wp\/v2\/pages\/1770"}],"collection":[{"href":"https:\/\/www.posgraduacao.unimontes.br\/ppgcps\/wp-json\/wp\/v2\/pages"}],"about":[{"href":"https:\/\/www.posgraduacao.unimontes.br\/ppgcps\/wp-json\/wp\/v2\/types\/page"}],"author":[{"embeddable":true,"href":"https:\/\/www.posgraduacao.unimontes.br\/ppgcps\/wp-json\/wp\/v2\/users\/17"}],"replies":[{"embeddable":true,"href":"https:\/\/www.posgraduacao.unimontes.br\/ppgcps\/wp-json\/wp\/v2\/comments?post=1770"}],"version-history":[{"count":7,"href":"https:\/\/www.posgraduacao.unimontes.br\/ppgcps\/wp-json\/wp\/v2\/pages\/1770\/revisions"}],"predecessor-version":[{"id":1893,"href":"https:\/\/www.posgraduacao.unimontes.br\/ppgcps\/wp-json\/wp\/v2\/pages\/1770\/revisions\/1893"}],"wp:attachment":[{"href":"https:\/\/www.posgraduacao.unimontes.br\/ppgcps\/wp-json\/wp\/v2\/media?parent=1770"}],"curies":[{"name":"wp","href":"https:\/\/api.w.org\/{rel}","templated":true}]}}